{"id":20,"date":"2019-07-11T14:26:51","date_gmt":"2019-07-11T14:26:51","guid":{"rendered":"http:\/\/fw-wbl.feuerwehr-weinboehla.de\/?page_id=20"},"modified":"2026-02-05T16:53:35","modified_gmt":"2026-02-05T16:53:35","slug":"jugendfeuerwehr","status":"publish","type":"page","link":"https:\/\/feuerwehr-weinboehla.de\/?page_id=20","title":{"rendered":"Jugendfeuerwehr"},"content":{"rendered":"\n<figure class=\"wp-block-video\"><video height=\"720\" style=\"aspect-ratio: 1280 \/ 720;\" width=\"1280\" autoplay controls loop muted src=\"https:\/\/feuerwehr-weinboehla.de\/wp-content\/uploads\/2024\/05\/Jugendfeuerwehr-\u2013-Mit-Clipchamp-erstellt-2.mp4\"><\/video><\/figure>\n\n\n\n<hr class=\"wp-block-separator has-alpha-channel-opacity is-style-dots\"\/>\n\n\n\n<p style=\"font-size:30px\">Die Jugendlichen der Jugendfeuerwehr Weinb\u00f6hla<\/p>\n\n\n\n<p>Die Jugendfeuerwehr \u00fcbt realistische Einsatzszenarien, wie sie auch im reellen Alltag vorkommen k\u00f6nnten. Daf\u00fcr wird regelm\u00e4\u00dfig die sogenannte Gruppe im L\u00f6scheinsatz trainiert, aber auch eine ausf\u00fchrliche Fahrzeugkunde ist sehr wichtig. Von den zahlreichen Ausbildern, welche jederzeit w\u00e4hrend der Dienste Ihnen zur Verf\u00fcgung stehen, bekommen die Kinder der Jugendfeuerwehr hilfreiche Tipps. Au\u00dferdem finden regelm\u00e4\u00dfig im Jahr verschiedene Veranstaltungen im Landkreis f\u00fcr die Jugendfeuerwehren aller Wehren statt. Darunter finden sich unter anderem L\u00f6schangriffe und Gruppenstafetten. Aber auch Bowlingturniere und vieles mehr begeistern die Kinder und st\u00e4rken den Teamgeist. Ein besonderes Highlight ist der j\u00e4hrlich stattfindende p\u00e4dagogisch wertvolle Erlebnistag (Tag der Berufsfeuerwehr), bei dem die Kinder 24 Stunden lang sich in der Feuerwehr aufhalten und von den Ausbildern simulierte und begleitete Eins\u00e4tze selbst hautnah erleben d\u00fcrfen.<\/p>\n\n\n\n<p>Die Jugendlichen treffen sich einmal die Woche nach Dienstplan f\u00fcr 2h zu ihren Diensten.<\/p>\n\n\n\n<p>Du hast auch Lust ein Teil der Jugendfeuerwehr zu werden, dann sollen sich deine Eltern bei uns melden unter der E-Mail Adresse:<\/p>\n\n\n\n<div class=\"wp-block-jetpack-contact-info\">\n<div class=\"wp-block-jetpack-email\"><a href=\"mailto:jugendfeuerwehr@feuerwehr-weinboehla.de\">jugendfeuerwehr@feuerwehr-weinboehla.de<\/a><\/div>\n<\/div>\n\n\n\n<hr class=\"wp-block-separator has-alpha-channel-opacity is-style-dots\"\/>\n\n\n\n<div class=\"wp-block-columns is-layout-flex wp-container-core-columns-is-layout-9d6595d7 wp-block-columns-is-layout-flex\">\n<div class=\"wp-block-column is-layout-flow wp-block-column-is-layout-flow\">\n<figure class=\"wp-block-image size-large is-resized is-style-rounded\"><img loading=\"lazy\" decoding=\"async\" width=\"1934\" height=\"1934\" src=\"https:\/\/feuerwehr-weinboehla.de\/wp-content\/uploads\/2024\/05\/D56_2595-edited.jpg\" alt=\"\" class=\"wp-image-5842\" style=\"width:201px;height:auto\" srcset=\"https:\/\/feuerwehr-weinboehla.de\/wp-content\/uploads\/2024\/05\/D56_2595-edited.jpg 1934w, https:\/\/feuerwehr-weinboehla.de\/wp-content\/uploads\/2024\/05\/D56_2595-edited-300x300.jpg 300w, https:\/\/feuerwehr-weinboehla.de\/wp-content\/uploads\/2024\/05\/D56_2595-edited-1024x1024.jpg 1024w, https:\/\/feuerwehr-weinboehla.de\/wp-content\/uploads\/2024\/05\/D56_2595-edited-150x150.jpg 150w, https:\/\/feuerwehr-weinboehla.de\/wp-content\/uploads\/2024\/05\/D56_2595-edited-768x768.jpg 768w, https:\/\/feuerwehr-weinboehla.de\/wp-content\/uploads\/2024\/05\/D56_2595-edited-1536x1536.jpg 1536w, https:\/\/feuerwehr-weinboehla.de\/wp-content\/uploads\/2024\/05\/D56_2595-edited-100x100.jpg 100w\" sizes=\"auto, (max-width: 767px) 89vw, (max-width: 1000px) 54vw, (max-width: 1071px) 543px, 580px\" \/><figcaption class=\"wp-element-caption\">Jugendwartin <br>Lea Kr\u00fcger<\/figcaption><\/figure>\n<\/div>\n\n\n\n<div class=\"wp-block-column is-layout-flow wp-block-column-is-layout-flow\">\n<figure class=\"wp-block-image size-full\"><img loading=\"lazy\" decoding=\"async\" width=\"945\" height=\"945\" src=\"https:\/\/feuerwehr-weinboehla.de\/wp-content\/uploads\/2022\/01\/Wappen-JF-Wbl-ORIGINAL.jpg\" alt=\"\" class=\"wp-image-4258\" srcset=\"https:\/\/feuerwehr-weinboehla.de\/wp-content\/uploads\/2022\/01\/Wappen-JF-Wbl-ORIGINAL.jpg 945w, https:\/\/feuerwehr-weinboehla.de\/wp-content\/uploads\/2022\/01\/Wappen-JF-Wbl-ORIGINAL-300x300.jpg 300w, https:\/\/feuerwehr-weinboehla.de\/wp-content\/uploads\/2022\/01\/Wappen-JF-Wbl-ORIGINAL-150x150.jpg 150w, https:\/\/feuerwehr-weinboehla.de\/wp-content\/uploads\/2022\/01\/Wappen-JF-Wbl-ORIGINAL-768x768.jpg 768w\" sizes=\"auto, (max-width: 767px) 89vw, (max-width: 1000px) 54vw, (max-width: 1071px) 543px, 580px\" \/><\/figure>\n<\/div>\n\n\n\n<div class=\"wp-block-column is-layout-flow wp-block-column-is-layout-flow\">\n<figure class=\"wp-block-image size-large is-resized is-style-rounded\"><img loading=\"lazy\" decoding=\"async\" width=\"1024\" height=\"1024\" src=\"https:\/\/feuerwehr-weinboehla.de\/wp-content\/uploads\/2023\/02\/D56_2614-edited-1-1024x1024.jpg\" alt=\"\" class=\"wp-image-5172\" style=\"width:204px;height:auto\" srcset=\"https:\/\/feuerwehr-weinboehla.de\/wp-content\/uploads\/2023\/02\/D56_2614-edited-1-1024x1024.jpg 1024w, https:\/\/feuerwehr-weinboehla.de\/wp-content\/uploads\/2023\/02\/D56_2614-edited-1-300x300.jpg 300w, https:\/\/feuerwehr-weinboehla.de\/wp-content\/uploads\/2023\/02\/D56_2614-edited-1-150x150.jpg 150w, https:\/\/feuerwehr-weinboehla.de\/wp-content\/uploads\/2023\/02\/D56_2614-edited-1-768x768.jpg 768w, https:\/\/feuerwehr-weinboehla.de\/wp-content\/uploads\/2023\/02\/D56_2614-edited-1-1536x1536.jpg 1536w, https:\/\/feuerwehr-weinboehla.de\/wp-content\/uploads\/2023\/02\/D56_2614-edited-1-2048x2048.jpg 2048w\" sizes=\"auto, (max-width: 767px) 89vw, (max-width: 1000px) 54vw, (max-width: 1071px) 543px, 580px\" \/><figcaption class=\"wp-element-caption\">stellvertretender Jugendwart <br>Kevin Ricklin<\/figcaption><\/figure>\n<\/div>\n<\/div>\n\n\n\n<hr class=\"wp-block-separator has-text-color has-black-color has-alpha-channel-opacity has-black-background-color has-background is-style-wide\"\/>\n\n\n\n<p style=\"font-size:25px\">Anf\u00e4nge der Jugendfeuerwehr<\/p>\n\n\n\n<details class=\"wp-block-details is-layout-flow wp-block-details-is-layout-flow\"><summary>Am 3. Oktober 1992 wurde die Jugendfeuerwehr Weinb\u00f6hla von den Kameraden<br>Helmut Irmer und Peter Schuch gegr\u00fcndet. Dabei wurden Sie von dem<br>Kameraden Frank Fischer unterst\u00fctzt. Die Gr\u00fcnder hatten sich zur Aufgabe gemacht, den Kindern und Jugendlichen die Arbeit und die Wichtigkeit der Feuerwehrfrauen und -m\u00e4nner nahe zu bringen. <\/summary>\n<p>Nat\u00fcrlich hat man sich auch Gedanke dar\u00fcber gemacht, um einmal aus diesen Reihen den Nachwuchs f\u00fcr die eigene Wehr zu gewinnen. Es sollte f\u00fcr die jungen Leute eine  sinnvolle Freizeitbesch\u00e4ftigung geboten werden. Mit 10 Jahren durfte man bei der Jugendfeuerwehr mitmachen. In k\u00fcrzester Zeit fanden sich 14 Mitglieder, welche gro\u00dfes Interesse an der Feuerwehr hatten und noch heute haben.<br>Der erste Dienst f\u00fcr die Jugendlichen wurde am 07.01.1993 durchgef\u00fchrt. Es wurde damit begonnen den Kindern und Jugendlichen erst einmal mit dem Kameradschaftssinn und der Disziplin bei der Feuerwehr vertraut zu machen. Gro\u00dfes Interesse zeigten alle Jugendfeuerwehrmitglieder beim Kennenlernen unserer Technik. <br>Die Leitung der Freiwilligen Feuerwehr entschloss sich den S4000, welcher zu unserer historischen Feuerwehrflotte geh\u00f6rt, der Jugend zur Nutzung f\u00fcr die Ausbildung zu \u00fcbergeben. Damit war auch erforderlich die Jugend mit einen erfahrenen Maschinisten zu unterst\u00fctzen. Seit den Jahren des Bestehens wurde die Jugendfeuerwehr immer von den Kameradinnen und Kameraden der aktiven Wehr unterst\u00fctzt. Im Gegenzug unterst\u00fctzen die Jugendlichen die Kameraden der Wehr bei Arbeitseins\u00e4tzen, wie die j\u00e4hrliche Winterfestmachung. Daneben bereiteten sie sich mit viel Einsatzbereitschaft auf Wettk\u00e4mpfe vor. So zeigten sie bei Festen und Tag der offenen T\u00fcr das bereits Gelernte. Und immer wieder Stand dabei im Vordergrund, das erlernen des Feuerwehrhandwerks. 1993 erhielten alle Mitglieder der Jugendfeuerwehr ihre neu und langersehnte Dienstkleidung. Gro\u00dfe Begeisterung herrschte auch immer bei den allj\u00e4hrlichen<br>Abschluss\u00fcbungen, die gemeinsam mit anderen Jugendfeuerwehren gestaltet<br>wurden. Es wurden viele Exkursionen durchgef\u00fchrt, zum Beispiel zur Berufsfeuerwehr Dresden, Flughafenfeuerwehr, Feuerwehrmuseum Zeithain, Landesfeuerwehrschule Nardt Rettungsleitstelle Mei\u00dfen, Polizeirevier Mei\u00dfen und viele mehr.<br>Die JF Weinb\u00f6hla nahm regelm\u00e4\u00dfig an Schie\u00dfwettk\u00e4mpfen in G\u00f6rna teil und k\u00e4mpfte bei den j\u00e4hrlichen Fu\u00dfballturnieren gegen die anderen JF. <br>Ab 1998 wurde im Waldbad Oberau ein gemeinsames Zeltlager der JF Mei\u00dfen, Niederau und Weinb\u00f6hla durchgef\u00fchrt. Dieses gemeinsame Wochenende im Jahr erfuhr so viel Freude und Spa\u00df bei den Jugendlichen und Betreuern, dass ab dem Jahr 2000 das<br>Zeltlager auf eine ganze Woche ausgedehnt wurde. Vom 28.06.-04.07.2009 fand bereits das zw\u00f6lfte gemeinsame Zeltlager statt.<br>Die Mitglieder der JF trugen auch ma\u00dfgeblich zum Gelingen vieler Feste in der Gemeinde<br>Weinb\u00f6hla bei. Traditionell beteiligten sie sich zum Leiterwagenrennen anl\u00e4sslich des Stra\u00dfenwinzerfestes, beim Maibaumstellen und halfen bei Schul- und Kindergartenfesten.<\/p>\n<\/details>\n\n\n\n<hr class=\"wp-block-separator has-text-color has-black-color has-alpha-channel-opacity has-black-background-color has-background is-style-wide\"\/>\n\n\n\n<p style=\"font-size:25px\">Neues von der Jugend<\/p>\n\n\n\n<hr class=\"wp-block-separator has-text-color has-black-color has-alpha-channel-opacity has-black-background-color has-background is-style-wide\"\/>\n\n\n\n<details class=\"wp-block-details is-layout-flow wp-block-details-is-layout-flow\"><summary>Berichte von 2022<\/summary>\n<details class=\"wp-block-details is-layout-flow wp-block-details-is-layout-flow\"><summary><strong>Endlich geht es wieder f\u00fcr den Nachwuchs weiter<\/strong><br>Seit dieser Woche (28.02.22-06.03.22) d\u00fcrfen sowohl die Bambinifeuerwehr als auch die Jugendfeuerwehr wieder Dienste durchf\u00fchren. Etwa ein viertel Jahr mussten die kleinsten Abteilungen aufgrund der Pandemie ihre Dienste einstellen. Umso erfreuter waren die Kinder, Jugendlichen und Ausbilder als sie erfuhren, dass sie ab M\u00e4rz wieder mit den Diensten beginnen k\u00f6nnten.<\/summary>\n<p>Am Dienstag, den 01.03.22, hatten die Bambinis ihren ersten Dienst nach der langen Pause. Zu Beginn folgte wie jedes Jahr, zum ersten Dienst, die Belehrung. Im Anschluss daran wurden Gruppenspiele gespielt. Den Notruf abzusetzen und zu \u00fcben war ein weiterer wichtiger Bestandteil dieses Dienstes. Dabei kam es auf die Notrufnummer 112 an als auch auf die f\u00fcnf W-Fragen die da lauten Wer?, Wo?, Was?, Wieviel? und Warten?.<\/p>\n\n\n\n<p>Die Jugendfeuerwehr startete am 03.03.22 wieder mit ihren Diensten. Bei ihnen ging es Haupts\u00e4chlich um die Fahrzeugkunde, aber auch die dazugeh\u00f6rige Feuerwehrdienstvorschrift 3, welche sich mit dem L\u00f6schen von Br\u00e4nden besch\u00e4ftigt. Die Fahrzeugkunde wurde sowohl an unserm LF16 als auch an unserm TLF3000 durchgef\u00fchrt, dabei konnten die Kinder unter Beweis stellen was sie nach so langer Zeit noch konnten, aber auch neu Informationen gewinnen.<\/p>\n\n\n\n<p>Bei beiden Abteilungen kann man sagen, dass die Freude der wieder anlaufenden Dienste riesig war und die Freude Freunde wieder zutreffen.<\/p>\n<\/details>\n\n\n\n<details class=\"wp-block-details is-layout-flow wp-block-details-is-layout-flow\"><summary><strong>\u00dcbergabe des Mini-Maibaums<\/strong><\/summary>\n<p>Zum Maibaumstellen am 30.04.22 hat Herr Liebschner den kleinen Maibaum f\u00fcr 990\u20ac ersteigern k\u00f6nnen. Am Dienstag, den 07.06.22, war es dann endlich soweit, dass er auf dem Gel\u00e4nde der Firmer \u201eLET- Liebschner Energietechnik\u201c gestellt werden konnte. Daf\u00fcr haben sich ein paar Kameraden aus der Aktiven und Jugend sowie der Bambinis in der Feuerwehr getroffen um den Maibaum nach Gr\u00f6bern zu schaffen und auf zu stellen. Nachdem wir den Maibaum gestellt hatten, richtete sich Herr Liebschner noch mit einigen Worten des Dankes an uns. Diese galten aber nicht nur uns, sondern allen Mitgliedern der Feuerwehren. Im Anschluss bekamen alle noch ein Getr\u00e4nk und eine Kleinlichkeit zu essen. Als alle satt und zufrieden waren, war es auch schon wieder Zeit in die Wache zur\u00fcckzukehren.<\/p>\n<\/details>\n\n\n\n<details class=\"wp-block-details is-layout-flow wp-block-details-is-layout-flow\"><summary><strong>In der Weihnachtsb\u00e4ckerei \u2026Gibt&#8217;s so manche Leckerei \u2026<\/strong><br>\u2026 So auch in der B\u00e4ckerei &amp; Konditorei Liebscher die es uns wieder erm\u00f6glicht hat, mit unseren Kindern Pl\u00e4tzchen f\u00fcr die <strong>Kalender T\u00fcrchen \u00d6ffnung am 08.12.2022<\/strong> zu backen.<\/summary>\n<p>ier zu laden wir Sie, liebe B\u00fcrger von Weinb\u00f6hla und Umgebung in das Ger\u00e4tehaus der Freiwilligen Feuerwehr <strong>um 18:<\/strong><strong>00 Uhr<\/strong> ein.<\/p>\n\n\n\n<p>Diesmal durften wir an 2 Tagen die Backstube von Karsten Liebscher besuchen, da an einem Tag gar nicht so viel Platz war, dass alle Kinder h\u00e4tten mitmachen k\u00f6nnen. Nach einer kleinen Lehrstunde, was den alles so in einen Pl\u00e4tzchenteig hineingeh\u00f6rt, hie\u00df es auch schon \u201can die Ausstecher fertig los\u2018\u2018<\/p>\n\n\n\n<p>Mit viel Freude bei der Sache stachen die Kinder die Pl\u00e4tzchen aus und so f\u00fcllte sich ein Blech nach dem anderen.<\/p>\n\n\n\n<p>Eine zweite Gruppe begann parallel die Pl\u00e4tzchen mit Verschiedensten Sachen zu garnieren, bevor die Bleche in den Ofen wanderten.<\/p>\n\n\n\n<p>Daf\u00fcr m\u00f6chten sich die Kinder als auch die Ausbilder der Bambini \u2013 und Jugendfeuerwehr recht herzlich bei dem Team der B\u00e4ckerei &amp; Konditorei Liebscher bedanken<\/p>\n\n\n\n<figure class=\"wp-block-image size-large is-resized is-style-rounded\"><img loading=\"lazy\" decoding=\"async\" width=\"1024\" height=\"768\" src=\"https:\/\/feuerwehr-weinboehla.de\/wp-content\/uploads\/2022\/11\/e1b97db1-99a7-4e86-ba71-fbbb92aea311-1024x768.jpg\" alt=\"\" class=\"wp-image-5076\" style=\"width:337px;height:auto\" srcset=\"https:\/\/feuerwehr-weinboehla.de\/wp-content\/uploads\/2022\/11\/e1b97db1-99a7-4e86-ba71-fbbb92aea311-1024x768.jpg 1024w, https:\/\/feuerwehr-weinboehla.de\/wp-content\/uploads\/2022\/11\/e1b97db1-99a7-4e86-ba71-fbbb92aea311-300x225.jpg 300w, https:\/\/feuerwehr-weinboehla.de\/wp-content\/uploads\/2022\/11\/e1b97db1-99a7-4e86-ba71-fbbb92aea311-768x576.jpg 768w, https:\/\/feuerwehr-weinboehla.de\/wp-content\/uploads\/2022\/11\/e1b97db1-99a7-4e86-ba71-fbbb92aea311-1536x1152.jpg 1536w, https:\/\/feuerwehr-weinboehla.de\/wp-content\/uploads\/2022\/11\/e1b97db1-99a7-4e86-ba71-fbbb92aea311.jpg 1600w\" sizes=\"auto, (max-width: 767px) 89vw, (max-width: 1000px) 54vw, (max-width: 1071px) 543px, 580px\" \/><\/figure>\n<\/details>\n<\/details>\n\n\n\n<details class=\"wp-block-details is-layout-flow wp-block-details-is-layout-flow\"><summary>Berichte von 2023<\/summary>\n<details class=\"wp-block-details is-layout-flow wp-block-details-is-layout-flow\"><summary><strong>Fu\u00dfball Turnier bei der Jugendfeuerwehr<\/strong><\/summary>\n<p>Nach drei Jahren Corona bedingter Pause konnte das j\u00e4hrliche Fu\u00dfballturnier endlich wieder stattfinden.&nbsp; An diesem Samstag trafen sich die Kinder und Jugendlichen in der Wache um 7.30 Uhr und fuhren nach Boxdorf. Neben unserer Mannschaft aus Weinb\u00f6hla wahren auch noch Mannschaften aus Radebeul-Warnsdorf, Radeburg, B\u00e4rnsdorf, Reichenberg, Moritzburg sowie Niederau vertreten. In zwei Gruppen traten die acht Teams gegeneinander an. Wir mussten uns gegen B\u00e4rnsdorf 1, Radeburg und Moritzburg behaupten. Trotz unseres Trainings am12.02. waren wir den anderen Mannschaften gegen\u00fcber unterlegen.<\/p>\n\n\n\n<p>Doch trotz dessen hatten die Kinder viel Spa\u00df und einen sch\u00f6nen Vormittag.<\/p>\n<\/details>\n\n\n\n<details class=\"wp-block-details is-layout-flow wp-block-details-is-layout-flow\"><summary><strong>Einsatzstichwort: Erlebnisp\u00e4dagogisches Wochenende<\/strong><br>Viel Tat\u00fctata und Blaulicht gab es vom 02.06.23 bis zum 04.06.23 in Weinb\u00f6hla zu h\u00f6ren und zu sehen. Der Grund? Das Erlebnisp\u00e4dagogische Wochenende der Jugendfeuerwehr. W\u00e4hrend dieses Wochenendes sind die Kinder und Jugendlichen in der Feuerwehr und erleben den Alltag von echten Feuerwehrleuten, dazu z\u00e4hlt nat\u00fcrlich auch das bew\u00e4ltigen von Eins\u00e4tzen.<br><\/summary>\n<p>Dieses Jahr haben 20 Kinder\/ Jugendliche und 8 Ausbilder der Jugendfeuerwehr bei diesem Ereignis teilgenommen. Dazu kommen noch 5 M\u00e4dels und ein Ausbilder vom Jugendrot Kreuz und einige Kameraden aus der Aktiven Abteilung.<\/p>\n\n\n\n<p>17 Uhr wurden die Kinder und Jugendlichen der Jugendfeuerwehr und des Jugendrot Kreuz von dem Jugendwart und einem Mitglied der Wehrleitung begr\u00fc\u00dft. Es folgten Belehrungen (Verhalten w\u00e4hrenddes Wochenendes, bei Tats\u00e4chlichen Eins\u00e4tzen usw.), die Fahrzeugeinteilung und die jeweiligen Tagesabl\u00e4ufe. Sobald das geschafft war \u00fcbernahmen die einzelnen Gruppenf\u00fchrer ihre Fahrzeuge und machten nochmal eine kleine Fahrzeugkunde.<\/p>\n\n\n\n<p>Wer sein Bett vor dem Dienstbeginn noch nicht aufgebaut hat tat dies im Anschluss.<\/p>\n\n\n\n<p>17.50 Uhr war es dann soweit, erstmals Klingelte es in der Feuerwehr. Einsatzstichwort: Hilfeleistung mittel, Hilflose Person im Wasser und mehrere Personen am Lagerfeuerwehr. Gerufen wurden das LF16, HLF (S4000), TLF und RTW. Nach kurzer Fahrt erreichten wir den Einsatzort: Elbgaubad. Sobald die Einsatzleiterin sich einen \u00dcberblick verschafft hatte verteilte sie die Aufgaben auf die einzelnen Fahrzeuge.<\/p>\n\n\n\n<p>So k\u00fcmmerte sich das LF 16 um die Bek\u00e4mpfung des Lagerfeuers und das HLF beruhigte den \u201eBademeister\u201c und die zog zwei Personen vom Lagerfeuer. W\u00e4hrenddessen rettete die Besatzung des TLF die hilflose Person aus dem Wasser. Die Kameraden des JRK untersuchten zun\u00e4chst die zwei Personen vom Lagerfeuer und sobald die Person aus dem Wasser gerettet wurde k\u00fcmmerten sie sich um diese.<\/p>\n\n\n\n<p>Nach Beendigung des Einsatzes und einer kleinen Auswertung ging es auch schon wieder zur\u00fcck in die Wache. Dort spielten die Kinder Fu\u00dfball, Wikingerschach oder quatschten einfach ein bisschen.<\/p>\n\n\n\n<p>Gegen 19 Uhr war es das auch schon Zeit f\u00fcr\u00b4s Abendbrot, es gab Pizza und als Nachtisch Obst.<\/p>\n\n\n\n<p>Und dann passierte es pl\u00f6tzlich, w\u00e4hrend alle spielten und besch\u00e4ftigt waren, gingen die Piepser der Ausbilder das hei\u00dft, ein richtiger Einsatz. Alle Jugendlichen haben sich vorbildlich verhalten und sind wie Abgesprochen hinter zu unserm Carport gegangen, damit die Aktiven ausr\u00fccken konnten. Etwa f\u00fcnfzehn Minuten nachdem das TLF ausger\u00fcckt waren klingelte es bei uns, die Aktiven brauchten unsere Unterst\u00fctzung. Am Einsatzort, Spedition Pforte, eingetroffen sahen wir nur den Staffelf\u00fchrer und den Wassertrupp des TLF. Der Staffelf\u00fchrer berichtete uns das der Wind pl\u00f6tzlich gedreht h\u00e4tte was dazu f\u00fchrte, dass der Maschinist benommen an seinem Fahrzeug sahs und der Angriffstrupp bewusstlos vor dem Feuer lag. Die Besatzung des LF16 k\u00fcmmerte sich um die Rettung der Kameraden und baute die ersten Wasserleitungen auf, unterst\u00fctzt wurden sie von der Jugendfeuerwehr Besatzung des TLF. Das HLF \u00fcbernahm das TLF und begann mit der Brandbek\u00e4mpfung. Da weile k\u00fcmmerte sich der Rettungsdienst um die verletzten Kameraden. Nachdem das Feuer gel\u00f6scht war r\u00e4umten alle gemeinsam die Schl\u00e4uche und Ger\u00e4te auf die Fahrzeuge und fuhren zur\u00fcck in die Wache. Bei der Auswertung sagte Chris (Jugendwart) \u201eJedes Jahr belehren wir euch, wo ihr hingehen sollt, wenn es zu einem richtigen Einsatz kommt und seit 15 Jahren Erlebnisp\u00e4dagogisches Wochenende gab es noch nie einen richtigen Einsatz.\u201c Es war zwar auch ein inszenierter Einsatz, doch das konnten die Kinder ja nicht wissen, bis wir an der Einsatzstelle waren.<\/p>\n\n\n\n<p>Bevor es schlafen ging, sind alle nochmal unter die Dusche gesprungen. Und dann hie\u00df es auch schon: Gute Nacht!<\/p>\n\n\n\n<p>Gegen 7Uhr r\u00fcckte das LF16 und der RTW zu einem verunfallten Fahrradfahrer auf einem Feldweg bei der Cliebner Stra\u00dfe aus, w\u00e4hrend das TLF und HLF zu einer \u00d6lspur auf der Berliner Stra\u00dfe fuhren. Bei der Einsatzstelle Cliebner Stra\u00dfe fanden die Kameraden einen verunfallten Fahrradfahre an, welcher einen Hang runtergefallen war und unter seinem Fahrrad feststeckte. Ander anderen Einsatzstelle lief ein Motorrad aus, weshalb die Kameraden hier die \u00d6lspur mittels \u00d6lbindemittel beseitigten.<\/p>\n\n\n\n<p>Nach diesen Eins\u00e4tzen haben sich alle auf das Fr\u00fchst\u00fcck gefreut und es sich auch verdient. Neben Br\u00f6tchen, verschiedenen Aufstrichen und Bel\u00e4gen hat unsere K\u00fcchenfee auch R\u00fchrei gezaubert. Gest\u00e4rkt vom Fr\u00fchst\u00fcck ging es los mit der Ausbildung am Vormittag. Hier zeigten uns die M\u00e4dels vom JRK ihr Fahrzeug, Ausbildungsinhalte von ihnen und Ger\u00e4tschafften welche sie ben\u00f6tigten. Nach dieser Ausbildung klingelte es mal wieder in der Feuerwehr.<\/p>\n\n\n\n<p>Es wurden das HLF und der RTW zur K\u00f6hlerstra\u00dfe gerufen, wo eine Hilflose Person in einem Schacht fest sahs. Die Frau hat sich beim hineinfallen in den Schacht leicht am Fu\u00df verletzt und wurde mittels einer Leiter aus diesem Befreit und dem Rettungsdienst \u00fcbergeben, dieser behandelte die Patientin und \u00fcberf\u00fchrte sie ins \u201eKrankenhaus\u201c.<\/p>\n\n\n\n<p>Die Besatzung des LF16 und Tankl\u00f6schfahrzeug wurde unterdessen auf den Ehrlichweg gerufen wo eine Person auf dem Dach seines Transporters fest sahs. Der Besitzer des Transporters wollte sein Fahrzeugdach s\u00e4ubern, hat sich daf\u00fcr mit einem Seil festgeknotet und ist anschlie\u00dfend allerdings mit diesem h\u00e4ngengeblieben. Nachdem sie die Kameraden Zugang zum Dach verschlaft hatten befreiten sie den Herrn von dem Seil und brachten ihn sich auf festen Boden zur\u00fcck.<\/p>\n\n\n\n<p>In der Wache haben wir dem Rettungsdienst dann unsere TLK vorgestellt. Hierbei haben wir die verschiedenen M\u00f6glichkeiten ausprobiert, wie wir die Trage des Rettungsdienstes im Korb befestigen k\u00f6nnen um Patienten aus einem Stockwerk (beispielsweise) retten zu k\u00f6nnen. Nach dieser Ausbildungseinheit hie\u00df es nach dem Mittagessen Spiel und Spa\u00df. In dieser Zeit ging auch wieder der Piepser und diesmal aber wirklich. Die Kameraden r\u00fcckten zu einer brennenden M\u00fclltonne aus.<\/p>\n\n\n\n<p>14.30 Uhr, es klingelt. Einsatzstichwort: Hilfeleistung gro\u00df, Unfall mit Pferdekutsche, Pferdekutsche in Gruppe Rahfahrer gefahren. Es r\u00fcckten aus der KdoW, LF16, HLF; MTW (als TLF), RTW.<\/p>\n\n\n\n<p>Als erstes traf der KdoW an der Unfallstelle ein und erkundete die Lage, damit die nachfolgenden Fahrzeuge schnell handeln konnten. Konnte der Einsatzleiter sieben verletzte ausmachen. Als alle Fahrzeuge eingetroffen waren wurden die Aufgaben verteilt. Das hie\u00df, der Rettungsdienst f\u00fchrte eine Sichtung der Patienten und dessen Verletztheits-Zustandes klar. Das HLF sperrte die Unfallstelle ab und die Kameraden vom LF16 und TLF unterst\u00fctzten den Rettungsdienst bei der Betreuung und Rettung der Patienten. Es handelte sich um 2 Patienten im gr\u00fcnen Bereich, 3 im gelben Bereich und 2 zwei im roten Bereich. Bei diesem Einsatz fanden die Aktiven Mitglieder besonders bewundernswert welche ruhe die Kinder trotz der angespannten Situation ausgestrahlt haben. Nach etwa anderthalb Stunden waren alle Patienten gerettet und vom Rettungsdienst versorgt. Noch an der Einsatzstelle fand eine Auswertung statt. Hier wurde nochmal kurz die Lage wiedergegeben und die einzelnen Vorgehensweisen. Au\u00dferdem wurde ausgewertet was alles gut gelaufen ist, denn das war das Fazit, dass die Kinder und Jugendlichen gut gehnadelt und reagiert haben bei den einzelnen Situationen. Der Ausbilder des JRK hat erkl\u00e4rt was der Rettungsdienst gemacht hat und auch hier ein Lob f\u00fcr die gute Zusammenarbeit ausgesprochen. Zuletzt haben sich noch die \u201eVerletzten\u201c zu Wort gemeldet. Sie f\u00fchlten sich die ganze Zeit \u00fcber super betreut und bestens versorgt.<\/p>\n\n\n\n<p>In der Wache angekommen wartete auf die Kinder und Ausbilder eine k\u00fchle Belohnung, in der Form runder Eiskugeln.<\/p>\n\n\n\n<p>Gegen 17 Uhr begannen wir alles f\u00fcr, dass gemeinsame Grillen mit den Eltern vorzubereiten. Ab 18 Uhr trafen die ersten Eltern ein. Nach ein paar Worten unseres Wehrleiters und des B\u00fcrgermeisters ging es auch schon zumessen und zum gem\u00fctlichen Teil des Abends.<\/p>\n\n\n\n<p>Der Sonntag begann ganz entspannt um 8 Uhr mit dem Fr\u00fchst\u00fcck. Vormittags \u00fcbten wir mit den Kindern f\u00fcr einen bevorstehenden Wettkampf. Nach dem Mittagessen fingen alle gemeinsam an ihre Betten wegzur\u00e4umen und die Fahrzeuge wieder auf Vordermann zu bringe. Es gab zwar an diesem Tag keinen Einsatz, doch auch das kommt bei der Feuerwehr vor. Gegen 15 Uhr wurden die Kinder dann von ihren Eltern abgeholt.<\/p>\n\n\n\n<p>Abschlie\u00dfend k\u00f6nnen wir nur noch sagen, dass es ein sehr gelungenes und lehrreiches Wochenende war. Wir, die Ausbilder, sind stolz auf alle Kinder und Jugendlichen f\u00fcr die geleistete \u201earbeitet\u201c. Wir bedanken uns beim JRK f\u00fcr die tolle Zusammenarbeit und freuen uns euch auch n\u00e4chstes Jahr wieder zum Erlebnisp\u00e4dagogischen Wochenende begr\u00fc\u00dfen zu d\u00fcrfen. Nat\u00fcrlich danken wir auch den Kameraden, welche sich um die Planung und Umsetzung der Eins\u00e4tze gek\u00fcmmert haben. Und zum Schluss danken wir noch dem Einscafe Weidmann f\u00fcr das leckere Eis zum Samstagnachmittag.<\/p>\n<\/details>\n\n\n\n<details class=\"wp-block-details is-layout-flow wp-block-details-is-layout-flow\"><summary><strong>Unglaubliche Spendensumme f\u00fcr das Jugendfeuerwehrfahrzeug<\/strong><br>Am Samstag, den 23.09.2023, organisierte Herr Rastig in seinem Garten eine Spendenaktion f\u00fcr das Fahrzeug der Jugendfeuerweher (S4000). Dabei konnten die Besucher ab 13 Uhr die Gartenbahn bestaunen und den Nachmittag mit etwas Essen und Trinken genie\u00dfen. Auf der etwa 600 m langen Gartenbahn konnten Gro\u00df und Klein die 10 Z\u00fcge bestaunen. Die Kinder konnten au\u00dferdem selbst in Aktion treten und am Spritzenhaus, wie echte Feuerwehrleute l\u00f6schen<\/summary>\n<p>Alle Spenden die an diesem Tag in die Spendenbox gelandet sind sowie die Einnahmen durch Essen- und Getr\u00e4nkeverkauf und die Spenden die in das Spende Konto flossen werden f\u00fcr die Aufarbeitung des S4000 genutzt. Dazu z\u00e4hlt unter andrem die Erneuerung der Elektrik, die Aufbereitung der Karoserie und die Dichtheit des Daches bei Regen wiederherzustellen.<\/p>\n\n\n\n<p>Am 26.10.2023 lud die Feuerwehr Weinb\u00f6hla, zu Speis und Trank, die zahlreichen Spender ein um Danke zu sagen. Robert Schlapp (Wehrleiter) richtete sich mit diesem Dank, im Namen der Jugend- und Bambinifeuerwehr, an alle Spender, aber vor allem auch an Andreas Rastig. Doch nicht nur wir \u00e4u\u00dferten Worte des Dankes, sondern auch Andreas Rastig selbst. Er bedanke sich f\u00fcr die Arbeit der Feuerwehr und die Nachwuchsarbeit. Bereits vor einem Jahr sammelte Herr Rastig mit seiner Gartenbahn Spenden f\u00fcr die Jugendfeuerwehr. Nach dieser Spenden Aktion entstand die Idee einen Tag zu veranstalten an dem Spenden gesammelt werden. Gesagt, getan&#8230;<\/p>\n\n\n\n<p>Und so kam es dazu das Herr Rastig uns einen unglaublichen Spendenscheck mit 6.000\u20ac \u00fcberreichte. Die Freude und \u00dcberw\u00e4ltigung, \u00fcber diese Summe, stand allen Beteiligten ins Gesicht geschrieben.<\/p>\n\n\n\n<p>Wir k\u00f6nnen uns nur noch einmal Wiederholen und Danke sagen. Wir bedanken uns bei allen, die diese unglaubliche Summe erm\u00f6glicht haben.<\/p>\n\n\n\n<p>Dazu geh\u00f6ren unter anderem:<\/p>\n\n\n\n<p>Tobias Prometall GmbH &amp; Co. KG (Gro\u00dfenhain)<\/p>\n\n\n\n<p>STARKE Fahrzeugteile-Maik Starke e.K.<\/p>\n\n\n\n<p>BR\u00dcCKNER Entsorgung GmbH &amp; Co. KG<\/p>\n\n\n\n<p>Allianz Vertretung Mike Schumann<\/p>\n\n\n\n<p>Bodenbel\u00e4ge Dietmar Eisenbl\u00e4tter<\/p>\n\n\n\n<p>Sindy Eisenbl\u00e4tter<\/p>\n\n\n\n<p>Gitta Gl\u00f6\u00df<\/p>\n\n\n\n<p>Petra Butz<\/p>\n\n\n\n<p>Andreas Rastig<\/p>\n\n\n\n<p>K\u00e4sler-Falk Krist<\/p>\n\n\n\n<p>Heinz J\u00fcrgen Lesche<\/p>\n\n\n\n<p>Felix Hiekel<\/p>\n\n\n\n<p>Ralf Schnabel<\/p>\n\n\n\n<p>Monika Krumm<\/p>\n\n\n\n<p>Volksbank Raiffeisenbank Mei\u00dfen Gro\u00dfenhain eG (Gewinnsparen)<\/p>\n\n\n\n<p>Lions-Club Weinb\u00f6hla<\/p>\n\n\n\n<p>Geithe&amp;U\u00dfner e.K.<\/p>\n\n\n\n<p>B\u00e4ckerei Karsten Liebscher<\/p>\n<\/details>\n\n\n\n<details class=\"wp-block-details is-layout-flow wp-block-details-is-layout-flow\"><summary><strong>Gruppenstafette der Jugendfeuerwehr<\/strong><\/summary>\n<p>Am 24.06.23 fand in Kreinitz die Kreismeisterschaft der Gruppenstafette satt. Bei der Gruppenstafette kommt es neben dem schnellen Kuppeln von Schl\u00e4uchen und dem richtigen binden von Knoten auch auf flinke F\u00fc\u00dfe an, denn nur die schnellste Mannschaft kann am Ende siegen.<\/p>\n\n\n\n<p>Hier nahmen wir mit einer Mannschaft in der Altersklasse 4 teil. Beginn war 9 Uhr in Kreinitz. Nach einer kleinen Er\u00f6ffnung startenten auch schon die ersten Mannschaften und dann auch wir. Unsere beste Zeit lag bei 2:17 Minuten. Damit sicherten sich die Kinder einen guten 7. Platz was uns sehr stolz macht.<\/p>\n\n\n\n<p>Insgesamt traten bei dieser Veranstaltung 36 Mannschaften in 5 verschiedenen Altersklassen an. In unserer Altersklasse gewann Kleinnauendorf, gefolgt von Sch\u00f6nfeld und Zehren.<\/p>\n\n\n\n<p>Der Tag endete gegen 14.30Uhr mit einer gl\u00fccklichen Jugendfeuerwehr \u00fcber diese tolle Platzierung<\/p>\n<\/details>\n\n\n\n<details class=\"wp-block-details is-layout-flow wp-block-details-is-layout-flow\"><summary><strong>24. Jugendfeuerwehr Zeltlager<\/strong><br>Vom 09.07. bis zum 15.07.2023 fand im Oberauer Waldbad wieder das j\u00e4hrliche Zeltlager statt.<\/summary>\n<p>Dieses Jahr nahmen 47 Kinder und 17 Betreuer aus den Feuerwehren von Mei\u00dfen, Niederau und Weinb\u00f6hla teil.<\/p>\n\n\n\n<p>Die Woche hielt f\u00fcr die Kinder viele Ausfl\u00fcge, Erlebnisse und viel Ausbildung bereit.<\/p>\n\n\n\n<p>Am Sonntag war die Anreise und die Aufteilung der Kinder in die einzelnen Gruppen. Sie bezogen ihre Zelte und lernten die Kinder und Jugendlichen aus den anderen Feuerwehren kennen.<\/p>\n\n\n\n<p>Bereits am Montag fanden die ersten Ausbildungen statt. Zum einen wurde uns von der Rettungshundestaffel erkl\u00e4rt, was sie f\u00fcr Aufgaben haben und wie sie mit den Hunden vorgehen, was uns auch an einer kleinen \u00dcbung gezeigt werden konnte. Zum anderen lernten wir etwas \u00fcber das Deutsche Rote Kreuz und dessen Krankentarnsportwagens. Au\u00dferdem wurde den Jugendlichen das TLF aus Weinb\u00f6hla vorgestellt. Zum Schluss mussten die Kinder mit Holbrettern, F\u00e4ssern und Seilen ein Flo\u00df bauen, welches die ganze Gruppe (12 Leute) halten musste. Hier musste im Team zusammengearbeitet werden, um nicht gemeinsam unterzugehen. Als alle diese Stationen durchlaufen waren, hie\u00df es dann endlich \u201eBaden gehen!\u201c und das bis zum Abendessen.<\/p>\n\n\n\n<p>Am Montag waren die B\u00fcrgermeister sowie die Wehrleiter Weinb\u00f6hla\/Mei\u00dfen\/Niederau eingeladen, um sich das Camp anzusehen und die Arbeit mit den Jugendlichen zu beobachten.<\/p>\n\n\n\n<p>Am Dienstagvormittag gab es vier Stationen, welche nur in kleinen Gruppen erfolgreich beendet werden konnten. Sowohl beim Eierlauf und Stiefelweitwurf, dem \u00dcberqueren einer Strecke auf kleinen Teppichteilchen oder dem Transportieren von Wasser mithilfe von Bechern, hier war Teamgeist gefragt.<\/p>\n\n\n\n<p>Teamgeist und Kameradschaft sind wichtige S\u00e4ulen im Feuerwehrleben! Umso sch\u00f6ner war es zu sehen, wie die Kinder, welche sich erst wenige Tage kannten, schon so gut zusammengearbeitet haben.<\/p>\n\n\n\n<p>Gegen Mittag wurden wir mit den MTWs nach Niederau zum Bahnhof gefahren, von wo aus es \u00fcber Coswig in die S\u00e4chsische Schweiz ging. Hier schauten wir uns auf der Felsenb\u00fchne in Rathen das St\u00fcck \u201ePerson und Findus\u201c an. Im Anschluss durften wir auch einmal hinter die Kulissen schauen, was sehr interessant war. Nach so einem anstrengenden Tag waren wir aber alle froh, wieder in Oberau zu sein und konnten das Abendbrotes kaum abwarten. Total m\u00fcde von diesem aufregenden Tag sind dann auch alle ins Bett gefallen.<\/p>\n\n\n\n<p>Die Abnahme der Jugendflamme stand auch dieses Jahr wieder am Mittwoch auf dem Programm. Vormittags wurde alles N\u00f6tige ge\u00fcbt, ob Knotenbinden, Erste Hilfe leisten, Standrohrsetzen, Unterflurhydranten-Schild erkl\u00e4ren, Verteiler erl\u00e4utern, einen Wasserwerfer bauen, Ger\u00e4te aus einem Feuerwehrfahrzeug zeigen und erkl\u00e4ren, den Notrufabsetzen oder Weitsprung. Alles sollte sitzen, damit am Nachmittag alle erfolgreich ihre Jugendflamme bestehen konnten. Nat\u00fcrlich durfte nach getaner \u201eArbeit\u201c das Baden nicht fehlen.<\/p>\n\n\n\n<p>Am Donnerstag stand unser Ausflug zum THW auf dem Programm. Dort wurde uns die Arbeit des Technischen Hilfswerks n\u00e4hergebracht und die Fahrzeuge gezeigt. Au\u00dferdem durften wir uns das Bongoland anschauen, wo Einsatzszenarien unter realit\u00e4tsnahen Situationen ge\u00fcbt werden. Nach dem Mittagessen haben wir uns dann auch schon wieder auf den Weg ins Zeltlager begeben. Den Rest des Tages nutzen die Kinder zum Tischtennis- oder Volleyballspielen, Baden und Chillen.<\/p>\n\n\n\n<p>Freitag war der nun vorletzte Tag. Da dieser Tag ziemlich entspannt f\u00fcr die Kinder werden sollte, durften sie auch etwas l\u00e4nger schlafen als die Tage davor. Denn neben einem Tischkicker-Turnier am Vormittag und der \u201eAbschlussdisco\u201c am Abend stand die Kameradschaftspflege hier gro\u00df auf dem Plan.<\/p>\n\n\n\n<p>Gegen 17 Uhr sind die Ausbilder gemeinsam mit den Jugendlichen in die Feuerwehr nach Niederau gelaufen, wo bereits das Abendbrot vorbereitet wurde. Zuerst erwartete uns dort ein kleiner Vortrag von einigen Kindern zum Thema \u201eKameradschaft\u201c. Des Weiteren bekamen wir ein Video mit vielen Eindr\u00fccken aus der vergangenen Woche zu sehen. Zum kr\u00f6nenden Abschluss wurde uns noch eine Feuer- und Laser-Show gezeigt, bei welcher alle durch Spezialbrillen nur noch Herzchen gesehen haben.<\/p>\n\n\n\n<p>Und schwuppdiwupp war es auch schon Samstag. Noch vor dem Fr\u00fchst\u00fcck wurden alle Sachen gepackt und verstaut, die Zelte wurden abgebaut und wieder in ihre Kisten gepackt. Bei diesen T\u00e4tigkeiten haben alle tatkr\u00e4ftig mitgeholfen, wodurch wir schnell mit allem fertig waren und fr\u00fchst\u00fccken konnten.<\/p>\n\n\n\n<p>Der letzte Punk der Woche stand nun auf dem Plan, die Vergabe der Jugendflammen und Auswertung der Lagerolympiade. Kaum war das Zeltlager aufgebaut, alle haben zusammen eine aktive Zeit verbracht und schon war eine Woche vergangen. Die Kinder und auch die Ausbilder verabschiedeten sich mit einem lachenden und einem weinenden Auge. Das Lachende schaute auf die gewonnenen Erlebnisse und die neu gewonnenen Bekanntschaften, dass Traurige auf das Ende des Zeltlagers 2023.<\/p>\n<\/details>\n<\/details>\n\n\n\n<p><\/p>\n","protected":false},"excerpt":{"rendered":"<p>Die Jugendlichen der Jugendfeuerwehr Weinb\u00f6hla Die Jugendfeuerwehr \u00fcbt realistische Einsatzszenarien, wie sie auch im reellen Alltag vorkommen k\u00f6nnten. Daf\u00fcr wird regelm\u00e4\u00dfig die sogenannte Gruppe im L\u00f6scheinsatz trainiert, aber auch eine ausf\u00fchrliche Fahrzeugkunde ist sehr wichtig. Von den zahlreichen Ausbildern, welche jederzeit w\u00e4hrend der Dienste Ihnen zur Verf\u00fcgung stehen, bekommen die Kinder der Jugendfeuerwehr hilfreiche Tipps. &hellip; <\/p>\n<p class=\"link-more\"><a href=\"https:\/\/feuerwehr-weinboehla.de\/?page_id=20\" class=\"more-link\"><span class=\"screen-reader-text\">\u201eJugendfeuerwehr\u201c <\/span>weiterlesen<\/a><\/p>\n","protected":false},"author":1,"featured_media":0,"parent":0,"menu_order":0,"comment_status":"closed","ping_status":"closed","template":"","meta":{"footnotes":""},"class_list":["post-20","page","type-page","status-publish","hentry"],"_links":{"self":[{"href":"https:\/\/feuerwehr-weinboehla.de\/index.php?rest_route=\/wp\/v2\/pages\/20","targetHints":{"allow":["GET"]}}],"collection":[{"href":"https:\/\/feuerwehr-weinboehla.de\/index.php?rest_route=\/wp\/v2\/pages"}],"about":[{"href":"https:\/\/feuerwehr-weinboehla.de\/index.php?rest_route=\/wp\/v2\/types\/page"}],"author":[{"embeddable":true,"href":"https:\/\/feuerwehr-weinboehla.de\/index.php?rest_route=\/wp\/v2\/users\/1"}],"replies":[{"embeddable":true,"href":"https:\/\/feuerwehr-weinboehla.de\/index.php?rest_route=%2Fwp%2Fv2%2Fcomments&post=20"}],"version-history":[{"count":109,"href":"https:\/\/feuerwehr-weinboehla.de\/index.php?rest_route=\/wp\/v2\/pages\/20\/revisions"}],"predecessor-version":[{"id":6281,"href":"https:\/\/feuerwehr-weinboehla.de\/index.php?rest_route=\/wp\/v2\/pages\/20\/revisions\/6281"}],"wp:attachment":[{"href":"https:\/\/feuerwehr-weinboehla.de\/index.php?rest_route=%2Fwp%2Fv2%2Fmedia&parent=20"}],"curies":[{"name":"wp","href":"https:\/\/api.w.org\/{rel}","templated":true}]}}