{"id":301,"date":"2019-07-18T08:02:01","date_gmt":"2019-07-18T08:02:01","guid":{"rendered":"http:\/\/fw-wbl.feuerwehr-weinboehla.de\/?page_id=301"},"modified":"2020-02-11T19:16:34","modified_gmt":"2020-02-11T19:16:34","slug":"einsaetze-2017","status":"publish","type":"page","link":"https:\/\/feuerwehr-weinboehla.de\/?page_id=301","title":{"rendered":"Eins\u00e4tze 2017"},"content":{"rendered":"\n<figure class=\"wp-block-table alignwide is-style-stripes\"><table class=\"\"><tbody><tr><td>86<\/td><td>26.12<\/td><td>05:02<\/td><td><strong>Brand<\/strong><\/td><td>Geb\u00e4ude<\/td><td>Coswig, Dresdnerstr.<\/td><\/tr><tr><td>85<\/td><td>22.12.<\/td><td>00:24<\/td><td><strong>Brand<\/strong><\/td><td>Lagerhalle<\/td><td>Ehrlichtweg<\/td><\/tr><tr><td>84<\/td><td>11.12.<\/td><td>11:27<\/td><td><strong>Hilfe<\/strong><\/td><td>\u00d6lspur<\/td><td>Florian-Geyer-Weg<\/td><\/tr><tr><td>83<\/td><td>05.12.<\/td><td>20:29<\/td><td><strong>Brand<\/strong><\/td><td>Wachsfackel<\/td><td>Kirchplatz<\/td><\/tr><tr><td>82<\/td><td>30.11.<\/td><td>06:21<\/td><td><strong>Hilfe<\/strong><\/td><td>Wasserrohrbruch<\/td><td>Saxoniastra\u00dfe (Kintergarten)<\/td><\/tr><tr><td>81<\/td><td>29.11.<\/td><td>13:20<\/td><td><strong>Hilfe<\/strong><\/td><td>Verkehrsunfall Klemm<\/td><td>Moritzburger- # Forststra\u00dfe<\/td><\/tr><tr><td>80<\/td><td>05.11.<\/td><td>23:29<\/td><td><strong>Brand<\/strong><\/td><td>Lagerhalle<\/td><td>Coswig, Auerstra\u00dfe<\/td><\/tr><tr><td>79<\/td><td>05.11.<\/td><td>03:18<\/td><td><strong>BMA<\/strong><\/td><td>Brandmeldeanlage<\/td><td>Mei\u00dfen, Ossietzkystra\u00dfe<\/td><\/tr><tr><td>78<\/td><td>03.11.<\/td><td>12:14<\/td><td><strong>Hilfe<\/strong><\/td><td>Sturmschaden<\/td><td>B\u00e4ckersche Hofstra\u00dfe<\/td><\/tr><tr><td>77<\/td><td>03.11.<\/td><td>10:24<\/td><td><strong>BMA<\/strong><\/td><td>Brandmeldeanlage<\/td><td>Mei\u00dfen, Amtsgericht<\/td><\/tr><tr><td>76<\/td><td>02.11.<\/td><td>01:50<\/td><td><strong>Brand<\/strong><\/td><td>Wohnungsbrand<\/td><td>Mei\u00dfen, Leipzigerstra\u00dfe<\/td><\/tr><tr><td>61-75<\/td><td>29.10.<\/td><td>06:55<\/td><td><strong>Hilfe<\/strong><\/td><td>Sturmsch\u00e4den<\/td><td>Weinb\u00f6hla, Mei\u00dfen, Niederjahna<\/td><\/tr><tr><td>60<\/td><td>27.10.<\/td><td>03:09<\/td><td><strong>BMA<\/strong><\/td><td>Brandmeldeanlage<\/td><td>Krankenhaus Mei\u00dfen<\/td><\/tr><tr><td>59<\/td><td>25.10.<\/td><td>15:53<\/td><td><strong>Hilfe<\/strong><\/td><td>Verkehrsunfall<\/td><td>Hauptstra\u00dfe# Dresdnerstr.<\/td><\/tr><tr><td>58<\/td><td>17.10.<\/td><td>16:30<\/td><td><strong>Brand<\/strong><\/td><td>Rauch auch Fenster<\/td><td>S\u00f6rnewitzer Stra\u00dfe<\/td><\/tr><tr><td>57<\/td><td>17.10.<\/td><td>13:59<\/td><td><strong>Brand<\/strong><\/td><td>Balkon<\/td><td>Coswig, Joliot Curie Stra\u00dfe<\/td><\/tr><tr><td>56<\/td><td>05.10.<\/td><td>19:04<\/td><td><strong>Hilfe<\/strong><\/td><td>Sturmschaden<\/td><td>Lutherstra\u00dfe<\/td><\/tr><tr><td>55<\/td><td>28.09.<\/td><td>17:08<\/td><td><strong>\u00dcbung<\/strong><\/td><td>Verkehrsunfall<\/td><td>Auerweg<\/td><\/tr><tr><td>54<\/td><td>21.09.<\/td><td>06:58<\/td><td><strong>Brand<\/strong><\/td><td>Balkon<\/td><td>Radebeul, Uferstra\u00dfe<\/td><\/tr><tr><td>53<\/td><td>19.09.<\/td><td>08:54<\/td><td><strong>Hilfe<\/strong><\/td><td>Person in Notlage<\/td><td>Lindenstra\u00dfe<\/td><\/tr><tr><td>52<\/td><td>14.09.<\/td><td>02:11<\/td><td><strong>BMA<\/strong><\/td><td>Brandmeldeanlage<\/td><td>Coswig, Radebeuler Stra\u00dfe<\/td><\/tr><tr><td>51<\/td><td>31.08.<\/td><td>06:39<\/td><td><strong>Brand<\/strong><\/td><td>Elektrobrand in Kita<\/td><td>Hauptstra\u00dfe<\/td><\/tr><tr><td>50<\/td><td>29.08.<\/td><td>13:30<\/td><td><strong>Hilfe<\/strong><\/td><td>Verunreinigung<\/td><td>Moritzburger Ecke Forststra\u00dfe<\/td><\/tr><tr><td>49<\/td><td>28.08.<\/td><td>13:50<\/td><td><strong>Brand<\/strong><\/td><td>Unrat<\/td><td>Grenzweg<\/td><\/tr><tr><td>48<\/td><td>27.08.<\/td><td>18:28<\/td><td><strong>Brand<\/strong><\/td><td>Wohnung<\/td><td>Coswig\/ Robert-Blumstra\u00dfe<\/td><\/tr><tr><td>47<\/td><td>27.08.<\/td><td>10:33<\/td><td><strong>Hilfe<\/strong><\/td><td>Person in Notlage<\/td><td>Nizzastra\u00dfe<\/td><\/tr><tr><td>46<\/td><td>21.08.<\/td><td>02:04<\/td><td><strong>Hilfe<\/strong><\/td><td>Person in Notlage<\/td><td>Steinbacher Stra\u00dfe<\/td><\/tr><tr><td>45<\/td><td>12.08.<\/td><td>06:24<\/td><td><strong>Brand<\/strong><\/td><td>explosion Einfamilienhaus<\/td><td>Rathausstra\u00dfe<\/td><\/tr><tr><td>44<\/td><td>30.07.<\/td><td>03:30<\/td><td><strong>Hilfe<\/strong><\/td><td>Wohnungs\u00f6ffnung<\/td><td>Forststra\u00dfe<\/td><\/tr><tr><td>43<\/td><td>20.07.<\/td><td>01:12<\/td><td><strong>Brand<\/strong><\/td><td>Lagerhalle<\/td><td>Coswig, Industriestra\u00dfe<\/td><\/tr><tr><td>42<\/td><td>19.07.<\/td><td>19:24<\/td><td><strong>Hilfe<\/strong><\/td><td>Verkehrsunfall<\/td><td>Mei\u00dfner Stra\u00dfe<\/td><\/tr><tr><td>41<\/td><td>19.07.<\/td><td>14:32<\/td><td><strong>Hilfe<\/strong><\/td><td>Person in Notlage<\/td><td>An den Obstwiesen<\/td><\/tr><tr><td>40<\/td><td>13.07.<\/td><td>06:03<\/td><td><strong>Hilfe<\/strong><\/td><td>Sturmschaden<\/td><td>Grenzweg<\/td><\/tr><tr><td>39<\/td><td>24.06.<\/td><td>13:45<\/td><td><strong>Brand<\/strong><\/td><td>Hecke<\/td><td>Heinrichstra\u00dfe<\/td><\/tr><tr><td>38<\/td><td>23.06.<\/td><td>08:46<\/td><td><strong>Hilfe<\/strong><\/td><td>Sturmschaden<\/td><td>Spitzgrundstra\u00dfe<\/td><\/tr><tr><td>37<\/td><td>23.06.<\/td><td>05:46<\/td><td><strong>Hilfe<\/strong><\/td><td>Verkehrsunfall<\/td><td>Gro\u00dfenhainerstr.#Lutherstr.<\/td><\/tr><tr><td>36<\/td><td>22.06.<\/td><td>20:04<\/td><td><strong>Hilfe<\/strong><\/td><td>Sturmschaden<\/td><td>Querweg<\/td><\/tr><tr><td>35<\/td><td>22.06.<\/td><td>17:50<\/td><td><strong>Hilfe<\/strong><\/td><td>Sturmschaden<\/td><td>Beehovenstra\u00dfe<\/td><\/tr><tr><td>34<\/td><td>19.06.<\/td><td>17:14<\/td><td><strong>Hilfe<\/strong><\/td><td>Verunreinigung<\/td><td>K\u00f6hlerstra\u00dfe<\/td><\/tr><tr><td>33<\/td><td>15.06.<\/td><td>10:23<\/td><td><strong>Hilfe<\/strong><\/td><td>Tragehilfe<\/td><td>Mei\u00dfner Stra\u00dfe<\/td><\/tr><tr><td>32<\/td><td>13.06.<\/td><td>01:35<\/td><td><strong>Hilfe<\/strong><\/td><td>Wohnungs\u00f6ffnung<\/td><td>Gutenbergsstra\u00dfe<\/td><\/tr><tr><td>31<\/td><td>10.06.<\/td><td>00:07<\/td><td><strong>Brand<\/strong><\/td><td>M\u00fclltonne<\/td><td>Goethestra\u00dfe<\/td><\/tr><tr><td>30<\/td><td>06.06.<\/td><td>14:52<\/td><td><strong>Brand<\/strong><\/td><td>Dachstuhl<\/td><td>Coswig\/ Brockwitz Dresdnerstr.<\/td><\/tr><tr><td>29<\/td><td>06.06.<\/td><td>14:34<\/td><td><strong>Brand<\/strong><\/td><td>LKW-Kran<\/td><td>Autobahn A4, Siebenlehn<\/td><\/tr><tr><td>28<\/td><td>31.05.<\/td><td>10:24<\/td><td><strong>Brand<\/strong><\/td><td>Wald<\/td><td>Spitzberg<\/td><\/tr><tr><td>27<\/td><td>30.05.<\/td><td>20:59<\/td><td><strong>Hilfe<\/strong><\/td><td>Sturmschaden<\/td><td>Forststra\u00dfe<\/td><\/tr><tr><td>26<\/td><td>28.05.<\/td><td>14:22<\/td><td><strong>Hilfe<\/strong><\/td><td>Unterst\u00fctzung Rettungsdienst<\/td><td>An der Nassau<\/td><\/tr><tr><td>25<\/td><td>28.05.<\/td><td>14:13<\/td><td><strong>Hilfe<\/strong><\/td><td>Verunreinigung<\/td><td>Hauptsrta\u00dfe<\/td><\/tr><tr><td>24<\/td><td>20.05.<\/td><td>11:15<\/td><td><strong>Hilfe<\/strong><\/td><td>Unterst\u00fctzung Rettungsdienst<\/td><td>Friedensstra\u00dfe<\/td><\/tr><tr><td>23<\/td><td>20.05.<\/td><td>09:29<\/td><td><strong>Brand<\/strong><\/td><td>Holzhaufen<\/td><td>Laubenstra\u00dfe<\/td><\/tr><tr><td>22<\/td><td>17.05.<\/td><td>09:59<\/td><td><strong>Brand<\/strong><\/td><td>Hecke<\/td><td>D\u00f6ringstra\u00dfe<\/td><\/tr><tr><td>21<\/td><td>12.05.<\/td><td>18:46<\/td><td><strong>Hilfe<\/strong><\/td><td>Blitzeinschlag<\/td><td>Nordstra\u00dfe<\/td><\/tr><tr><td>20<\/td><td>28.04.<\/td><td>04:12<\/td><td><strong>ABC<\/strong><\/td><td>Gefahrguteinsatz<\/td><td>Radeburg, Gottfried-Schenker-Str<\/td><\/tr><tr><td>19<\/td><td>27.04.<\/td><td>03:58<\/td><td><strong>Hilfe<\/strong><\/td><td>Wasser in Wohnung<\/td><td>Gutenbergstra\u00dfe<\/td><\/tr><tr><td>18<\/td><td>26.04.<\/td><td>07:54<\/td><td><strong>Hilfe<\/strong><\/td><td>Verkehrsunfall<\/td><td>Forststra\u00dfe \/ K\u00f6hlerstra\u00dfe<\/td><\/tr><tr><td>17<\/td><td>14.04.<\/td><td>16:45<\/td><td><strong>Sonstiges<\/strong><\/td><td>Brandsicherheitswache<\/td><td>Moritzburger Stra\u00dfe<\/td><\/tr><tr><td>16<\/td><td>09.04.<\/td><td>14:59<\/td><td><strong>Brand<\/strong><\/td><td>Bahndamm<\/td><td>Bahndammweg<\/td><\/tr><tr><td>15<\/td><td>16.03.<\/td><td>11:33<\/td><td><strong>Hilfe<\/strong><\/td><td>Verunreinigung<\/td><td>Sachsenplatz<\/td><\/tr><tr><td>14<\/td><td>13.03.<\/td><td>11:00<\/td><td><strong>BMA<\/strong><\/td><td>Brandmeldeanlage<\/td><td>Sachsenstra\u00dfe<\/td><\/tr><tr><td>13<\/td><td>05.03.<\/td><td>14:55<\/td><td><strong>Brand<\/strong><\/td><td>PKW<\/td><td>Humboldstra\u00dfe<\/td><\/tr><tr><td>12<\/td><td>03.03.<\/td><td>22:35<\/td><td><strong>Hilfe<\/strong><\/td><td>Wohnungs\u00f6ffnung<\/td><td>Coswigerstra\u00dfe<\/td><\/tr><tr><td>11<\/td><td>24.02.<\/td><td>02:18<\/td><td><strong>Brand<\/strong><\/td><td>Vereinsheim<\/td><td>Coswig, Kahlh\u00fcgelweg<\/td><\/tr><tr><td>10<\/td><td>15.02.<\/td><td>17:34<\/td><td><strong>Brand<\/strong><\/td><td>Feld<\/td><td>Zaschendorfer Weg<\/td><\/tr><tr><td>9<\/td><td>09.02.<\/td><td>16:18<\/td><td><strong>BMA<\/strong><\/td><td>Brandmeldeanlage<\/td><td>Coswig, Friedewaldstra\u00dfe<\/td><\/tr><tr><td>8<\/td><td>31.01.<\/td><td>03:45<\/td><td><strong>Hilfe<\/strong><\/td><td>Wohnungs\u00f6ffnung<\/td><td>Coswiger Stra\u00dfe<\/td><\/tr><tr><td>7<\/td><td>30.01.<\/td><td>15:45<\/td><td><strong>Brand<\/strong><\/td><td>Wohnhaus<\/td><td>Gauernitz, Winzerweg<\/td><\/tr><tr><td>6<\/td><td>19.01.<\/td><td>10:40<\/td><td><strong>Brand<\/strong><\/td><td>Geb\u00e4ude<\/td><td>Radebeul, Mei\u00dfner Stra\u00dfe<\/td><\/tr><tr><td>5<\/td><td>13.01.<\/td><td>10:42<\/td><td><strong>Brand<\/strong><\/td><td>Pavillion aus Holz<\/td><td>Maxstra\u00dfe<\/td><\/tr><tr><td>4<\/td><td>11.01.<\/td><td>20:52<\/td><td><strong>Hilfe<\/strong><\/td><td>VKU eingeklemmte Person<\/td><td>Mistsch\u00e4nkenweg<\/td><\/tr><tr><td>3<\/td><td>11.01.<\/td><td>13:31<\/td><td><strong>Brand<\/strong><\/td><td>M\u00fclltonnen<\/td><td>Steinbach, Dorfstra\u00dfe<\/td><\/tr><tr><td>2<\/td><td>10.01.<\/td><td>06:50<\/td><td><strong>Hilfe<\/strong><\/td><td>Schneelast<\/td><td>Auerweg<\/td><\/tr><tr><td>1<\/td><td>04.01.<\/td><td>10:45<\/td><td><strong>Hilfe<\/strong><\/td><td>Verunreinigung<\/td><td>Forststra\u00dfe<\/td><\/tr><\/tbody><\/table><\/figure>\n","protected":false},"excerpt":{"rendered":"<p>86 26.12 05:02 Brand Geb\u00e4ude Coswig, Dresdnerstr. 85 22.12. 00:24 Brand Lagerhalle Ehrlichtweg 84 11.12. 11:27 Hilfe \u00d6lspur Florian-Geyer-Weg 83 05.12. 20:29 Brand Wachsfackel Kirchplatz 82 30.11. 06:21 Hilfe Wasserrohrbruch Saxoniastra\u00dfe (Kintergarten) 81 29.11. 13:20 Hilfe Verkehrsunfall Klemm Moritzburger- # Forststra\u00dfe 80 05.11. 23:29 Brand Lagerhalle Coswig, Auerstra\u00dfe 79 05.11. 03:18 BMA Brandmeldeanlage Mei\u00dfen, Ossietzkystra\u00dfe &hellip; <\/p>\n<p class=\"link-more\"><a href=\"https:\/\/feuerwehr-weinboehla.de\/?page_id=301\" class=\"more-link\"><span class=\"screen-reader-text\">\u201eEins\u00e4tze 2017\u201c <\/span>weiterlesen<\/a><\/p>\n","protected":false},"author":1,"featured_media":0,"parent":0,"menu_order":0,"comment_status":"closed","ping_status":"closed","template":"","meta":{"footnotes":""},"class_list":["post-301","page","type-page","status-publish","hentry"],"_links":{"self":[{"href":"https:\/\/feuerwehr-weinboehla.de\/index.php?rest_route=\/wp\/v2\/pages\/301","targetHints":{"allow":["GET"]}}],"collection":[{"href":"https:\/\/feuerwehr-weinboehla.de\/index.php?rest_route=\/wp\/v2\/pages"}],"about":[{"href":"https:\/\/feuerwehr-weinboehla.de\/index.php?rest_route=\/wp\/v2\/types\/page"}],"author":[{"embeddable":true,"href":"https:\/\/feuerwehr-weinboehla.de\/index.php?rest_route=\/wp\/v2\/users\/1"}],"replies":[{"embeddable":true,"href":"https:\/\/feuerwehr-weinboehla.de\/index.php?rest_route=%2Fwp%2Fv2%2Fcomments&post=301"}],"version-history":[{"count":8,"href":"https:\/\/feuerwehr-weinboehla.de\/index.php?rest_route=\/wp\/v2\/pages\/301\/revisions"}],"predecessor-version":[{"id":1114,"href":"https:\/\/feuerwehr-weinboehla.de\/index.php?rest_route=\/wp\/v2\/pages\/301\/revisions\/1114"}],"wp:attachment":[{"href":"https:\/\/feuerwehr-weinboehla.de\/index.php?rest_route=%2Fwp%2Fv2%2Fmedia&parent=301"}],"curies":[{"name":"wp","href":"https:\/\/api.w.org\/{rel}","templated":true}]}}