{"id":302,"date":"2019-07-18T08:06:22","date_gmt":"2019-07-18T08:06:22","guid":{"rendered":"http:\/\/fw-wbl.feuerwehr-weinboehla.de\/?page_id=302"},"modified":"2020-02-11T19:38:52","modified_gmt":"2020-02-11T19:38:52","slug":"einsaetze-2016","status":"publish","type":"page","link":"https:\/\/feuerwehr-weinboehla.de\/?page_id=302","title":{"rendered":"Eins\u00e4tze 2016"},"content":{"rendered":"\n<figure class=\"wp-block-table alignwide is-style-stripes\"><table class=\"\"><tbody><tr><td>100<\/td><td>30.12.<\/td><td>13:30<\/td><td><strong>Hilfe<\/strong><\/td><td>Verkehrsunfall<\/td><td>Dresdner Stra\u00dfe<\/td><\/tr><tr><td>99<\/td><td>27.12.<\/td><td>12:29<\/td><td><strong>Brand<\/strong><\/td><td>Kunststoffbetrieb<\/td><td>Radeburg, Bahnhofstra\u00dfe<\/td><\/tr><tr><td>98<\/td><td>18.12.<\/td><td>03:48<\/td><td><strong>Brand<\/strong><\/td><td>Lagerhalle<\/td><td>Neus\u00f6rnewitz, Cliebener Stra\u00dfe<\/td><\/tr><tr><td>97<\/td><td>12.12.<\/td><td>13:20<\/td><td><strong>Hilfe<\/strong><\/td><td>Verunreinigung<\/td><td>Auer, S81<\/td><\/tr><tr><td>96<\/td><td>09.12.<\/td><td>13:54<\/td><td><strong>Brand<\/strong><\/td><td>Nebengeb\u00e4ude<\/td><td>Gr\u00f6ditz, Gro\u00dfenhainer Stra\u00dfe<\/td><\/tr><tr><td>95<\/td><td>09.12.<\/td><td>01:39<\/td><td><strong>Brand<\/strong><\/td><td>M\u00fclltonne<\/td><td>Lutherstra\u00dfe<\/td><\/tr><tr><td>94<\/td><td>09.12.<\/td><td>01:24<\/td><td><strong>Brand<\/strong><\/td><td>M\u00fclltonne<\/td><td>S\u00fcdstra\u00dfe<\/td><\/tr><tr><td>93<\/td><td>08.12.<\/td><td>23:47<\/td><td><strong>Brand<\/strong><\/td><td>Papierkorb<\/td><td>Rathausstra\u00dfe<\/td><\/tr><tr><td>92<\/td><td>08.12.<\/td><td>23:42<\/td><td><strong>Brand<\/strong><\/td><td>M\u00fclltonne<\/td><td>D\u00f6ringstra\u00dfe<\/td><\/tr><tr><td>91<\/td><td>08.12.<\/td><td>23:17<\/td><td><strong>Brand<\/strong><\/td><td>M\u00fclltonne<\/td><td>Humboldtstra\u00dfe<\/td><\/tr><tr><td>90<\/td><td>08.12.<\/td><td>23:17<\/td><td><strong>Brand<\/strong><\/td><td>M\u00fclltonne<\/td><td>Kirchplatz<\/td><\/tr><tr><td>89<\/td><td>08.12.<\/td><td>17:16<\/td><td><strong>Brand<\/strong><\/td><td>Brandmeldeanlage<\/td><td>Zentralgasthof<\/td><\/tr><tr><td>88<\/td><td>07.12.<\/td><td>17:15<\/td><td><strong>Brand<\/strong><\/td><td>Geb\u00e4ude<\/td><td>Radeburg, Hofwall<\/td><\/tr><tr><td>87<\/td><td>01.12.<\/td><td>18:21<\/td><td><strong>Hilfe<\/strong><\/td><td>Gefahrgut<\/td><td>Nossen, A14<\/td><\/tr><tr><td>86<\/td><td>30.11.<\/td><td>19:25<\/td><td><strong>Brand<\/strong><\/td><td>Brand B\u00e4ckerei<\/td><td>Gr\u00f6ditz, Gewerbering<\/td><\/tr><tr><td>85<\/td><td>24.11.<\/td><td>23:21<\/td><td><strong>Brand<\/strong><\/td><td>mehrere M\u00fclltonnen<\/td><td>Wettinstra\u00dfe \/ Hauptstra\u00dfe<\/td><\/tr><tr><td>84<\/td><td>24.11.<\/td><td>12:59<\/td><td><strong>Brand<\/strong><\/td><td>Brandmeldeanlage<\/td><td>Mei\u00dfen, Brauhausstra\u00dfe<\/td><\/tr><tr><td>83<\/td><td>24.11.<\/td><td>07:18<\/td><td><strong>Brand<\/strong><\/td><td>Wohnhaus<\/td><td>Coswig, Berlinerstra\u00dfe<\/td><\/tr><tr><td>82<\/td><td>21.11.<\/td><td>18:26<\/td><td><strong>\u00dcbung<\/strong><\/td><td>explosion mit Brandfolge<\/td><td>Coswig, Am Spitzberg<\/td><\/tr><tr><td>81<\/td><td>20.11.<\/td><td>17:45<\/td><td><strong>Hilfe<\/strong><\/td><td>Wohnungs\u00f6ffnung<\/td><td>Badeweg<\/td><\/tr><tr><td>80<\/td><td>18.11.<\/td><td>17:12<\/td><td><strong>Hilfe<\/strong><\/td><td>Wohnungs\u00f6ffnung<\/td><td>B\u00e4ckersche Hofstra\u00dfe<\/td><\/tr><tr><td>79<\/td><td>16.11.<\/td><td>22:55<\/td><td><strong>Brand<\/strong><\/td><td>M\u00fclltonne<\/td><td>Kirchplatz<\/td><\/tr><tr><td>78<\/td><td>15.11.<\/td><td>14:51<\/td><td><strong>Brand<\/strong><\/td><td>Nachl\u00f6scharbeiten<\/td><td>Neus\u00f6rnewitz, F\u00f6rsterstra\u00dfe<\/td><\/tr><tr><td>77<\/td><td>15.11.<\/td><td>02:09<\/td><td><strong>Brand<\/strong><\/td><td>Rohbau<\/td><td>Neus\u00f6rnewitz, F\u00f6rsterstra\u00dfe<\/td><\/tr><tr><td>76<\/td><td>13.11.<\/td><td>18:28<\/td><td><strong>Brand<\/strong><\/td><td>Seminarzentrum<\/td><td>K\u00e4bsch\u00fctztal, Sch\u00f6nnewitz<\/td><\/tr><tr><td>75<\/td><td>09.11.<\/td><td>18:00<\/td><td><strong>\u00dcbung<\/strong><\/td><td>Mehrfamilienhausbrand<\/td><td>Coswig, Friedewaldstra\u00dfe<\/td><\/tr><tr><td>74<\/td><td>05.11.<\/td><td>09:55<\/td><td><strong>Brand<\/strong><\/td><td>Wohnhaus<\/td><td>Starbach, Am Anger<\/td><\/tr><tr><td>73<\/td><td>02.11.<\/td><td>21:36<\/td><td><strong>Brand<\/strong><\/td><td>M\u00fclleimer<\/td><td>Gellertstra\u00dfe<\/td><\/tr><tr><td>72<\/td><td>01.11.<\/td><td>11:54<\/td><td><strong>Brand<\/strong><\/td><td>M\u00fclltonne<\/td><td>Humboldtstra\u00dfe<\/td><\/tr><tr><td>71<\/td><td>21.10.<\/td><td>16:27<\/td><td><strong>Brand<\/strong><\/td><td>Wohnung<\/td><td>Coswig, Moritzburger Stra\u00dfe<\/td><\/tr><tr><td>70<\/td><td>21.10.<\/td><td>15:54<\/td><td><strong>Hilfe<\/strong><\/td><td>\u00d6lspur<\/td><td>Dresdnerstra\u00dfe<\/td><\/tr><tr><td>69<\/td><td>01.10.<\/td><td>12:20<\/td><td><strong>Brand<\/strong><\/td><td>PKW<\/td><td>Heidehof<\/td><\/tr><tr><td>68<\/td><td>26.09.<\/td><td>19:41<\/td><td><strong>Brand<\/strong><\/td><td>Wohnhaus<\/td><td>Coswig, Am Mittelfeld<\/td><\/tr><tr><td>67<\/td><td>25.09.<\/td><td>04:39<\/td><td><strong>Brand<\/strong><\/td><td>Nebengeb\u00e4ude<\/td><td>Sachsenstra\u00dfe<\/td><\/tr><tr><td>66<\/td><td>23.09.<\/td><td>14:45<\/td><td><strong>Hilfe<\/strong><\/td><td>T\u00fcr\u00f6ffnung<\/td><td>An den obstwiesen<\/td><\/tr><tr><td>65<\/td><td>16.09.<\/td><td>14:41<\/td><td><strong>Brand<\/strong><\/td><td>Brandmeldeanlage<\/td><td>Coswig, Grundschule West<\/td><\/tr><tr><td>64<\/td><td>14.09.<\/td><td>19:14<\/td><td><strong>Brand<\/strong><\/td><td>Brandmeldeanlage<\/td><td>Sparkasse Mei\u00dfen<\/td><\/tr><tr><td>63<\/td><td>12.09.<\/td><td>13:45<\/td><td><strong>Brand<\/strong><\/td><td>Wald<\/td><td>Folgenweg, Moritzburg<\/td><\/tr><tr><td>62<\/td><td>08.09.<\/td><td>13:06<\/td><td><strong>Brand<\/strong><\/td><td>Holzhaufen<\/td><td>Auerstra\u00dfe<\/td><\/tr><tr><td>61<\/td><td>02.09.<\/td><td>19:16<\/td><td><strong>Brand<\/strong><\/td><td>Triebwagen Zug<\/td><td>Oberau in H\u00f6he Gellertberg<\/td><\/tr><tr><td>60<\/td><td>02.09.<\/td><td>04:23<\/td><td><strong>Hilfe<\/strong><\/td><td>T\u00fcr\u00f6ffnung<\/td><td>Maxstra\u00dfe<\/td><\/tr><tr><td>59<\/td><td>01.09.<\/td><td>11:57<\/td><td><strong>Brand<\/strong><\/td><td>Nachl\u00f6scharbeiten<\/td><td>O-Weg<\/td><\/tr><tr><td>58<\/td><td>31.08.<\/td><td>20:07<\/td><td><strong>Brand<\/strong><\/td><td>Wald<\/td><td>O-Weg<\/td><\/tr><tr><td>57<\/td><td>29.08.<\/td><td>16:57<\/td><td><strong>Brand<\/strong><\/td><td>\u00d6dland<\/td><td>Ehrlichtweg<\/td><\/tr><tr><td>56<\/td><td>29.08.<\/td><td>07:45<\/td><td><strong>Brand<\/strong><\/td><td>Wald<\/td><td>Grenzweg<\/td><\/tr><tr><td>55<\/td><td>28.08.<\/td><td>13:26<\/td><td><strong>Brand<\/strong><\/td><td>Wald<\/td><td>Fuchsweg<\/td><\/tr><tr><td>54<\/td><td>28.08.<\/td><td>11:38<\/td><td><strong>Brand<\/strong><\/td><td>Wald<\/td><td>O-Weg<\/td><\/tr><tr><td>53<\/td><td>26.08.<\/td><td>08:53<\/td><td><strong>\u00dcbung<\/strong><\/td><td>Brandmeldeanlage<\/td><td>Oberschule Weinb\u00f6hla<\/td><\/tr><tr><td>52<\/td><td>22.08.<\/td><td>08:03<\/td><td><strong>Hilfe<\/strong><\/td><td>Tragehilfe<\/td><td>Bergsiedlung<\/td><\/tr><tr><td>51<\/td><td>20.08.<\/td><td>18:07<\/td><td><strong>Brand<\/strong><\/td><td>Geschirrsp\u00fcler<\/td><td>Gutenbergstra\u00dfe<\/td><\/tr><tr><td>50<\/td><td>20.08.<\/td><td>17:24<\/td><td><strong>Brand<\/strong><\/td><td>Wohnung<\/td><td>Coswig, Kahlh\u00fcgelweg<\/td><\/tr><tr><td>49<\/td><td>18.08.<\/td><td>12:55<\/td><td><strong>Brand<\/strong><\/td><td>Wohnhaus<\/td><td>Friedensstra\u00dfe<\/td><\/tr><tr><td>48<\/td><td>12.08.<\/td><td>15:55<\/td><td><strong>Brand<\/strong><\/td><td>Stoppelfeld<\/td><td>Alter Mei\u00dfner Weg<\/td><\/tr><tr><td>47<\/td><td>10.08.<\/td><td>22:42<\/td><td><strong>Hilfe<\/strong><\/td><td>Verkehrsunfall<\/td><td>K\u00f6hlerstra\u00dfe, Dresdener Stra\u00dfe<\/td><\/tr><tr><td>46<\/td><td>10.08.<\/td><td>08:35<\/td><td><strong>Hilfe<\/strong><\/td><td>Verkehrsunfall<\/td><td>Hauptstra\u00dfe<\/td><\/tr><tr><td>45<\/td><td>10.08.<\/td><td>05:16<\/td><td><strong>Brand<\/strong><\/td><td>Lagerhalle<\/td><td>Coswig, K\u00f6hlerstra\u00dfe<\/td><\/tr><tr><td>44<\/td><td>08.08.<\/td><td>17:39<\/td><td><strong>Brand<\/strong><\/td><td>Wohnung<\/td><td>Coswig, Hauptstra\u00dfe<\/td><\/tr><tr><td>43<\/td><td>08.08.<\/td><td>01:45<\/td><td><strong>Brand<\/strong><\/td><td>Lagerhalle<\/td><td>Coswig, Gleisdreieck<\/td><\/tr><tr><td>42<\/td><td>28.07.<\/td><td>09:07<\/td><td><strong>Brand<\/strong><\/td><td>Brandmeldeanlage<\/td><td>Forsthaus Kreyern<\/td><\/tr><tr><td>41<\/td><td>27.07.<\/td><td>14:39<\/td><td><strong>Brand<\/strong><\/td><td>Interne Brandmeldeanlage<\/td><td>S\u00f6rnewitz, Boselweg<\/td><\/tr><tr><td>40<\/td><td>26.07.<\/td><td>13:35<\/td><td><strong>Brand<\/strong><\/td><td>Brandmeldeanlage<\/td><td>Advita, Dresdner Stra\u00dfe<\/td><\/tr><tr><td>39<\/td><td>20.07.<\/td><td>10:27<\/td><td><strong>Hilfe<\/strong><\/td><td>T\u00fcr\u00f6ffnung<\/td><td>Hauptstra\u00dfe<\/td><\/tr><tr><td>38<\/td><td>20.07.<\/td><td>09:11<\/td><td><strong>Brand<\/strong><\/td><td>unklare Rauchentwicklung<\/td><td>Coswig, &nbsp;Siedlerstra\u00dfe<\/td><\/tr><tr><td>37<\/td><td>15.07.<\/td><td>12:02<\/td><td><strong>Brand<\/strong><\/td><td>Scheune<\/td><td>Ebersbach<\/td><\/tr><tr><td>36<\/td><td>10.07.<\/td><td>07:33<\/td><td><strong>Brand<\/strong><\/td><td>Brandmeldeanlage<\/td><td>Heidehof<\/td><\/tr><tr><td>35<\/td><td>08.07.<\/td><td>20:13<\/td><td><strong>Hilfe<\/strong><\/td><td>Sturmschaden<\/td><td>Grenzstra\u00dfe<\/td><\/tr><tr><td>34<\/td><td>08.07.<\/td><td>19:42<\/td><td><strong>Hilfe<\/strong><\/td><td>Sturmschaden<\/td><td>Br\u00fcckenstra\u00dfe<\/td><\/tr><tr><td>33<\/td><td>01.07.<\/td><td>18:41<\/td><td><strong>Brand<\/strong><\/td><td>Brandmeldeanlage<\/td><td>Coswig, Industriestra\u00dfe<\/td><\/tr><tr><td>32<\/td><td>26.06.<\/td><td>02:27<\/td><td><strong>Brand<\/strong><\/td><td>Brandmeldeanlage<\/td><td>Amtsgericht Mei\u00dfen<\/td><\/tr><tr><td>31<\/td><td>25.06.<\/td><td>15:37<\/td><td><strong>Brand<\/strong><\/td><td>Dachstuhl<\/td><td>B\u00e4rnsdorf, Gro\u00dfteich<\/td><\/tr><tr><td>30<\/td><td>24.06.<\/td><td>21:45<\/td><td><strong>Brand<\/strong><\/td><td>unklare Rauchentwicklung<\/td><td>Ehrlichtweg<\/td><\/tr><tr><td>29<\/td><td>17.06.<\/td><td>13:25<\/td><td><strong>Brand<\/strong><\/td><td>Industriehalle<\/td><td>Coswig, Industriestra\u00dfe<\/td><\/tr><tr><td>28<\/td><td>16.06.<\/td><td>09:09<\/td><td><strong>Brand<\/strong><\/td><td>Brandmeldeanlage<\/td><td>Waldhotel<\/td><\/tr><tr><td>27<\/td><td>08.06.<\/td><td>13:14<\/td><td><strong>Hilfe<\/strong><\/td><td>Tragehilfe<\/td><td>Rosenstra\u00dfe<\/td><\/tr><tr><td>26<\/td><td>08.06.<\/td><td>10:00<\/td><td><strong>Brand<\/strong><\/td><td>Brandmeldeanalge<\/td><td>Coswig, Friedewaldstra\u00dfe<\/td><\/tr><tr><td>25<\/td><td>03.06.<\/td><td>14:52<\/td><td><strong>Hilfe<\/strong><\/td><td>Gefahrgut<\/td><td>BAB 14 Nossen<\/td><\/tr><tr><td>24<\/td><td>23.05.<\/td><td>21:48<\/td><td><strong>Brand<\/strong><\/td><td>Dachstuhl<\/td><td>Wendischbora\/ Nossen<\/td><\/tr><tr><td>23<\/td><td>22.05.<\/td><td>09:54<\/td><td><strong>Hilfe<\/strong><\/td><td>T\u00fcr\u00f6ffnung<\/td><td>Oststra\u00dfe<\/td><\/tr><tr><td>22<\/td><td>18.05.<\/td><td>10:25<\/td><td><strong>Brand<\/strong><\/td><td>Wiese<\/td><td>Schindlerstra\u00dfe<\/td><\/tr><tr><td>21<\/td><td>12.05.<\/td><td>19:33<\/td><td><strong>Hilfe<\/strong><\/td><td>VKU<\/td><td>Hauptstra\u00dfe<\/td><\/tr><tr><td>20<\/td><td>10.05.<\/td><td>16:58<\/td><td><strong>Hilfe<\/strong><\/td><td>VKU<\/td><td>Kirchplatz<\/td><\/tr><tr><td>19<\/td><td>10.05.<\/td><td>09:15<\/td><td><strong>Brand<\/strong><\/td><td>Hecke<\/td><td>Gellertstra\u00dfe<\/td><\/tr><tr><td>18<\/td><td>08.05.<\/td><td>12:45<\/td><td><strong>Hilfe<\/strong><\/td><td>Baum<\/td><td>Auerweg<\/td><\/tr><tr><td>17<\/td><td>05.05.<\/td><td>18:49<\/td><td><strong>Hilfe<\/strong><\/td><td>VKU<\/td><td>Tieferweg<\/td><\/tr><tr><td>16<\/td><td>04.05.<\/td><td>09:06<\/td><td><strong>Brand<\/strong><\/td><td>Brandmeldeanlage<\/td><td>Forsthaus Kreyern<\/td><\/tr><tr><td>15<\/td><td>01.05.<\/td><td>12:35<\/td><td><strong>Brand<\/strong><\/td><td>Bahndamm<\/td><td>Coswig, Industriestra\u00dfe<\/td><\/tr><tr><td>14<\/td><td>01.05.<\/td><td>10:23<\/td><td><strong>Brand<\/strong><\/td><td>Wohnungsbrand<\/td><td>Coswig, Pappelstra\u00dfe<\/td><\/tr><tr><td>13<\/td><td>26.04.<\/td><td>08:00<\/td><td><strong>Brand<\/strong><\/td><td>Brandmeldeanlage<\/td><td>Coswig, Friedewaldstra\u00dfe<\/td><\/tr><tr><td>12<\/td><td>08.04<\/td><td>13:20<\/td><td><strong>Brand<\/strong><\/td><td>Geb\u00e4ude<\/td><td>Radebeul, Friedrich List Str.<\/td><\/tr><tr><td>11<\/td><td>24.03.<\/td><td>20:27<\/td><td><strong>Hilfe<\/strong><\/td><td>auslaufende Betriebsmittel<\/td><td>Gellertstra\u00dfe<\/td><\/tr><tr><td>10<\/td><td>17.03.<\/td><td>19:47<\/td><td><strong>Brand<\/strong><\/td><td>unklare Rauchentwicklung<\/td><td>K\u00f6hlerstra\u00dfe<\/td><\/tr><tr><td>9<\/td><td>10.03.<\/td><td>13:28<\/td><td><strong>Brand<\/strong><\/td><td>Wohnungsbrand<\/td><td>Mei\u00dfen, Wettinstra\u00dfe<\/td><\/tr><tr><td>8<\/td><td>03.03.<\/td><td>00:50<\/td><td><strong>Brand<\/strong><\/td><td>Asylunterkunft<\/td><td>Radebeul, K\u00f6tizer Stra\u00dfe<\/td><\/tr><tr><td>7<\/td><td>29.02.<\/td><td>13:54<\/td><td><strong>Brand<\/strong><\/td><td>Brandmeldeanlage<\/td><td>Zentralgasthof<\/td><\/tr><tr><td>6<\/td><td>17.02.<\/td><td>04:09<\/td><td><strong>Brand<\/strong><\/td><td>M\u00fclltonnen und Carport<\/td><td>Hauptstra\u00dfe<\/td><\/tr><tr><td>5<\/td><td>16.02.<\/td><td>05:13<\/td><td><strong>Brand<\/strong><\/td><td>Laube und Garagen<\/td><td>Mohrenstra\u00dfe Radebeul<\/td><\/tr><tr><td>4<\/td><td>07.02.<\/td><td>10:00<\/td><td><strong>Hilfe<\/strong><\/td><td>Absicherung<\/td><td>Karnevalumzug Radeburg<\/td><\/tr><tr><td>3<\/td><td>02.02.<\/td><td>10:47<\/td><td><strong>Brand<\/strong><\/td><td>Brandmeldeanlage<\/td><td>Stift Wilhelma<\/td><\/tr><tr><td>2<\/td><td>24.01.<\/td><td>16:02<\/td><td><strong>Hilfe<\/strong><\/td><td>T\u00fcr\u00f6ffnung<\/td><td>Rote Kreuz Stra\u00dfe<\/td><\/tr><tr><td>1<\/td><td>13.01.<\/td><td>00:35<\/td><td><strong>Brand<\/strong><\/td><td>M\u00fclltonne<\/td><td>Beethovenstra\u00dfe<\/td><\/tr><\/tbody><\/table><\/figure>\n","protected":false},"excerpt":{"rendered":"<p>100 30.12. 13:30 Hilfe Verkehrsunfall Dresdner Stra\u00dfe 99 27.12. 12:29 Brand Kunststoffbetrieb Radeburg, Bahnhofstra\u00dfe 98 18.12. 03:48 Brand Lagerhalle Neus\u00f6rnewitz, Cliebener Stra\u00dfe 97 12.12. 13:20 Hilfe Verunreinigung Auer, S81 96 09.12. 13:54 Brand Nebengeb\u00e4ude Gr\u00f6ditz, Gro\u00dfenhainer Stra\u00dfe 95 09.12. 01:39 Brand M\u00fclltonne Lutherstra\u00dfe 94 09.12. 01:24 Brand M\u00fclltonne S\u00fcdstra\u00dfe 93 08.12. 23:47 Brand Papierkorb Rathausstra\u00dfe &hellip; <\/p>\n<p class=\"link-more\"><a href=\"https:\/\/feuerwehr-weinboehla.de\/?page_id=302\" class=\"more-link\"><span class=\"screen-reader-text\">\u201eEins\u00e4tze 2016\u201c <\/span>weiterlesen<\/a><\/p>\n","protected":false},"author":1,"featured_media":0,"parent":0,"menu_order":0,"comment_status":"closed","ping_status":"closed","template":"","meta":{"footnotes":""},"class_list":["post-302","page","type-page","status-publish","hentry"],"_links":{"self":[{"href":"https:\/\/feuerwehr-weinboehla.de\/index.php?rest_route=\/wp\/v2\/pages\/302","targetHints":{"allow":["GET"]}}],"collection":[{"href":"https:\/\/feuerwehr-weinboehla.de\/index.php?rest_route=\/wp\/v2\/pages"}],"about":[{"href":"https:\/\/feuerwehr-weinboehla.de\/index.php?rest_route=\/wp\/v2\/types\/page"}],"author":[{"embeddable":true,"href":"https:\/\/feuerwehr-weinboehla.de\/index.php?rest_route=\/wp\/v2\/users\/1"}],"replies":[{"embeddable":true,"href":"https:\/\/feuerwehr-weinboehla.de\/index.php?rest_route=%2Fwp%2Fv2%2Fcomments&post=302"}],"version-history":[{"count":4,"href":"https:\/\/feuerwehr-weinboehla.de\/index.php?rest_route=\/wp\/v2\/pages\/302\/revisions"}],"predecessor-version":[{"id":1118,"href":"https:\/\/feuerwehr-weinboehla.de\/index.php?rest_route=\/wp\/v2\/pages\/302\/revisions\/1118"}],"wp:attachment":[{"href":"https:\/\/feuerwehr-weinboehla.de\/index.php?rest_route=%2Fwp%2Fv2%2Fmedia&parent=302"}],"curies":[{"name":"wp","href":"https:\/\/api.w.org\/{rel}","templated":true}]}}