{"id":308,"date":"2019-07-18T08:07:40","date_gmt":"2019-07-18T08:07:40","guid":{"rendered":"http:\/\/fw-wbl.feuerwehr-weinboehla.de\/?page_id=308"},"modified":"2020-02-11T19:21:38","modified_gmt":"2020-02-11T19:21:38","slug":"einsaetze-2013-15","status":"publish","type":"page","link":"https:\/\/feuerwehr-weinboehla.de\/?page_id=308","title":{"rendered":"Eins\u00e4tze 2013-15"},"content":{"rendered":"\n<p class=\"has-text-align-center\"><strong>20<em>15<\/em><\/strong><br><\/p>\n\n\n\n<figure class=\"wp-block-table alignwide is-style-stripes\"><table class=\"\"><tbody><tr><td>103<\/td><td>15.10.<\/td><td>22:55<\/td><td><strong>Hilfe<\/strong><\/td><td>Verkehrsunfall<\/td><td>Steinbach, Gro\u00dfenhainer Stra\u00dfe<\/td><\/tr><tr><td>55<\/td><td>13.08.<\/td><td>23:55<\/td><td><strong>Brand<\/strong><\/td><td>Bahndamm<\/td><td>Br\u00fcckenstra\u00dfe<\/td><\/tr><tr><td>48<\/td><td>06.08.<\/td><td>00:59<\/td><td><strong>Brand<\/strong><\/td><td>M\u00fcllplatz<\/td><td>Mei\u00dfner Stra\u00dfe<\/td><\/tr><tr><td>46<\/td><td>25.07.<\/td><td>18:58<\/td><td><strong>Hilfe<\/strong><\/td><td>Sturmschaden<\/td><td>Forststra\u00dfe<\/td><\/tr><tr><td>38<\/td><td>30.06.<\/td><td>17:26<\/td><td><strong>Brand<\/strong><\/td><td>Batterieschrank<\/td><td>Zentralgasthof<\/td><\/tr><tr><td>33<\/td><td>30.05.<\/td><td>03:50<\/td><td><strong>Brand<\/strong><\/td><td>Gartenlaube<\/td><td>Annenstra\u00dfe<\/td><\/tr><tr><td>31<\/td><td>23.05.<\/td><td>14:33<\/td><td><strong>Brand<\/strong><\/td><td>Holzstapel<\/td><td>Barthsh\u00fcgelstra\u00dfe<\/td><\/tr><tr><td>28<\/td><td>07.05.<\/td><td>15:28<\/td><td><strong>Brand<\/strong><\/td><td>Gartenlaube<\/td><td>Coswig, Oberer Steinbacher weg<\/td><\/tr><tr><td>27<\/td><td>01.05.<\/td><td>05:52<\/td><td><strong>Hilfe<\/strong><\/td><td>Verkehrsunfall<\/td><td>Hauptstra\u00dfe<\/td><\/tr><tr><td>17<\/td><td>31.03.<\/td><td>17:30<\/td><td><strong>Hilfe<\/strong><\/td><td>Sturmschaden<\/td><td>Neuer Anbau<\/td><\/tr><tr><td>16<\/td><td>31.03.<\/td><td>17:21<\/td><td><strong>Hilfe<\/strong><\/td><td>Sturmschaden<\/td><td>Mistsch\u00e4nkenweg<\/td><\/tr><tr><td>13<\/td><td>23.03.<\/td><td>07:10<\/td><td><strong>Hilfe<\/strong><\/td><td>auslaufender Diesel<\/td><td>Br\u00fcckenstra\u00dfe<\/td><\/tr><tr><td>7<\/td><td>24.02.<\/td><td>10:00<\/td><td><strong>Hilfe<\/strong><\/td><td>Verkehrsunfall<\/td><td>S80<\/td><\/tr><\/tbody><\/table><\/figure>\n\n\n\n<p class=\"has-text-align-center\"><strong><br><em>2014<\/em><\/strong><br><\/p>\n\n\n\n<figure class=\"wp-block-table alignwide is-style-stripes\"><table class=\"\"><tbody><tr><td>34<\/td><td>22.06.<\/td><td>19:36<\/td><td><strong>Brand<\/strong><\/td><td>Dachstuhl<\/td><td>Mei\u00dfen, Fabrikstra\u00dfe<\/td><\/tr><tr><td>31<\/td><td>19.06.<\/td><td>14:59<\/td><td><strong>Brand<\/strong><\/td><td>Dachstuhl<\/td><td>Coswig, Romerstra\u00dfe<\/td><\/tr><tr><td>25<\/td><td>28.05.<\/td><td>10:16<\/td><td><strong>Hilfe<\/strong><\/td><td>Aufr\u00e4umen nach Unwetterlage<\/td><td>Mei\u00dfen, Angerweg<\/td><\/tr><tr><td>18<\/td><td>14.04.<\/td><td>17:39<\/td><td><strong>Hilfe<\/strong><\/td><td>Sturmschaden<\/td><td>Waldweg<\/td><\/tr><tr><td>17<\/td><td>14.04.<\/td><td>13:42<\/td><td><strong>Hilfe<\/strong><\/td><td>Sturmschaden<\/td><td>Sachsenstra\u00dfe<\/td><\/tr><\/tbody><\/table><\/figure>\n\n\n\n<p class=\"has-text-align-center\"><strong><br>2013<\/strong><br><\/p>\n\n\n\n<figure class=\"wp-block-table alignwide is-style-stripes\"><table class=\"\"><tbody><tr><td>32<\/td><td>12.06.<\/td><td>17:22<\/td><td><strong>Brand<\/strong><\/td><td>Handwerk<\/td><td>D\u00f6ringstra\u00dfe<\/td><\/tr><tr><td>21<\/td><td>02.06.<\/td><td>13:38<\/td><td><strong>Hilfe<\/strong><\/td><td>Sturmschaden<\/td><td>Mei\u00dfen, Talstra\u00dfe<\/td><\/tr><\/tbody><\/table><\/figure>\n","protected":false},"excerpt":{"rendered":"<p>2015 103 15.10. 22:55 Hilfe Verkehrsunfall Steinbach, Gro\u00dfenhainer Stra\u00dfe 55 13.08. 23:55 Brand Bahndamm Br\u00fcckenstra\u00dfe 48 06.08. 00:59 Brand M\u00fcllplatz Mei\u00dfner Stra\u00dfe 46 25.07. 18:58 Hilfe Sturmschaden Forststra\u00dfe 38 30.06. 17:26 Brand Batterieschrank Zentralgasthof 33 30.05. 03:50 Brand Gartenlaube Annenstra\u00dfe 31 23.05. 14:33 Brand Holzstapel Barthsh\u00fcgelstra\u00dfe 28 07.05. 15:28 Brand Gartenlaube Coswig, Oberer Steinbacher weg &hellip; <\/p>\n<p class=\"link-more\"><a href=\"https:\/\/feuerwehr-weinboehla.de\/?page_id=308\" class=\"more-link\"><span class=\"screen-reader-text\">\u201eEins\u00e4tze 2013-15\u201c <\/span>weiterlesen<\/a><\/p>\n","protected":false},"author":1,"featured_media":0,"parent":0,"menu_order":0,"comment_status":"closed","ping_status":"closed","template":"","meta":{"footnotes":""},"class_list":["post-308","page","type-page","status-publish","hentry"],"_links":{"self":[{"href":"https:\/\/feuerwehr-weinboehla.de\/index.php?rest_route=\/wp\/v2\/pages\/308","targetHints":{"allow":["GET"]}}],"collection":[{"href":"https:\/\/feuerwehr-weinboehla.de\/index.php?rest_route=\/wp\/v2\/pages"}],"about":[{"href":"https:\/\/feuerwehr-weinboehla.de\/index.php?rest_route=\/wp\/v2\/types\/page"}],"author":[{"embeddable":true,"href":"https:\/\/feuerwehr-weinboehla.de\/index.php?rest_route=\/wp\/v2\/users\/1"}],"replies":[{"embeddable":true,"href":"https:\/\/feuerwehr-weinboehla.de\/index.php?rest_route=%2Fwp%2Fv2%2Fcomments&post=308"}],"version-history":[{"count":3,"href":"https:\/\/feuerwehr-weinboehla.de\/index.php?rest_route=\/wp\/v2\/pages\/308\/revisions"}],"predecessor-version":[{"id":1115,"href":"https:\/\/feuerwehr-weinboehla.de\/index.php?rest_route=\/wp\/v2\/pages\/308\/revisions\/1115"}],"wp:attachment":[{"href":"https:\/\/feuerwehr-weinboehla.de\/index.php?rest_route=%2Fwp%2Fv2%2Fmedia&parent=308"}],"curies":[{"name":"wp","href":"https:\/\/api.w.org\/{rel}","templated":true}]}}