{"id":3687,"date":"2021-12-12T08:00:00","date_gmt":"2021-12-12T08:00:00","guid":{"rendered":"https:\/\/feuerwehr-weinboehla.de\/?page_id=3687"},"modified":"2022-11-05T11:38:13","modified_gmt":"2022-11-05T11:38:13","slug":"elementor-3687","status":"publish","type":"page","link":"https:\/\/feuerwehr-weinboehla.de\/?page_id=3687","title":{"rendered":"News aus der Feuerwehr"},"content":{"rendered":"\n<p><u><strong>Winterfestmachung bei der Feuerwehr<\/strong><\/u><\/p>\n\n\n\n<p>Am Samstag, den 29.10.2022, trafen sich die Kameraden der Jugendfeuerwehr, der aktiven Abteilung und der Alters- und Ehrenabteilung zur Winterfestmachung. Um acht Uhr hie\u00df es f\u00fcr alle Kameraden und Kameradinnen antreten und verteilen der Aufgaben. Ein Gro\u00dfteil der Kameraden hat sich um das ausr\u00e4umen, putzen und waschen der Fahrzeuge gek\u00fcmmert. Zudem haben zwei Kameradinnen die Fahrzeughalle geputzt und zwei weitere Kameraden haben die Scheiben der Hallen ges\u00e4ubert. Au\u00dferdem k\u00fcmmerten sich die Kameraden um die Gr\u00fcnanlagen und Gartenpflege. Andere r\u00e4umten Regale und Staur\u00e4ume der Feuerwehr auf und sortierten diese auch gleichzeitig aus. Gegen zehn Uhr hie\u00df es dann erst mal Pause, wobei sich zwei Kameraden um die Verpflegung und das leibliche Wohl k\u00fcmmerten. Nach dieser kurzen Pause haben alle die Arbeit wieder aufgenommen. Damit jegliche Aufgaben m\u00f6glichst schnell und ordentlich beendet werden konnten, haben sich alle Kameraden gegenseitig unterst\u00fctzt. Kurz vor 13 Uhr wurden die Kameraden zum Mittag gerufen, damit es dann gest\u00e4rkt in den Endspurt gehen konnte. Circa 13.30 Uhr waren alle Aufgaben erledigt. Alle Fahrzeuge standen wieder Sauber und ordentlich in ihren Hallen, die Gartenfl\u00e4chen sahen wieder gepflegt aus und es wurde wieder Platz geschaffen in einigen Bereichen des Ger\u00e4tehauses und den Hallen.<\/p>\n\n\n\n<hr class=\"wp-block-separator has-alpha-channel-opacity is-style-wide\"\/>\n\n\n\n<p><strong><span style=\"text-decoration: underline;\">Wahlen der Wehrleitung, des Feuerwehrausschusses und der Jugendfeuerwehrleitung<\/span><\/strong><\/p>\n\n\n\n<p>Am 06.10.22 hatten wir eine Hauptversammlung, da die neue Wehrleitung sowie ein neuer Ausschuss und Jugendwarte gew\u00e4hlt wurden. Daf\u00fcr trafen sich die Mitglieder der Aktiven sowie der Alters- und Ehrenabteilung 19:30 Uhr, in Tuchuniform, im Schulungsraum der Feuerwehr. Um die Wahl auch durchf\u00fchren zu k\u00f6nnen musste die H\u00e4lfte der Aktiven und der Alters- und Ehrenabteilung vertreten sein, mit 51 beteiligten Kameraden war dies auch gew\u00e4hrleistet. Er\u00f6ffnet wurde dieser Dienst wie viele andere auch von unserm Wehrleiter Eckhard H\u00e4\u00dfler. Dieser stellte zun\u00e4chst die Ordnungsamt Chefin Frau Sch\u00fctt vor, welche daf\u00fcr sorgte, dass die Wahl ordnungsgem\u00e4\u00df durchgef\u00fchrt wurde. Anschlie\u00dfend wurden Eckhard H\u00e4\u00dfler und Sebastian Rabis als Beisitzer der Wahl durch die Mehrheit best\u00e4tigt.<\/p>\n\n\n\n<p>Bevor es zu den Wahlen geht, gibt es zu wissen, dass sowohl bei der Jugendfeuerwehrleitung als auch bei der Wehrleitung die M\u00f6glichkeit bestand einen Namen auf den Stimmzettel dazu zu schreiben, wenn ein anderer Kamerad oder Kameradin f\u00fcr passender f\u00fcr den jeweiligen Posten gehalten wurde.<\/p>\n\n\n\n<p>Zuerst wurde die Leitung der Jugendfeuerwehr gew\u00e4hlt. Hier hatte jeder zwei Stimmen. Damit wurde Kamerad Chris Wolf mit 45 Stimmen erneut zum Jugendfeuerwehrwart gew\u00e4hlt. Stellvertreterin wurde Kameradin Lea Kr\u00fcger mit 33 Stimmen. Au\u00dferdem gab es noch 2 ung\u00fcltige Wahlzettel.<\/p>\n\n\n\n<p>Danach wurde der Feuerwehrausschuss gew\u00e4hlt. Da dieser aus vier Kamerad*innen besteht hatte hier jeder vier Stimmen. Von den elf Kameraden welche sich gestellt hatten wurden Ren\u00e9 Tamme, Kevin Ricklin, Peter J\u00e4ger und Uwe Eisenbl\u00e4tter, welcher wiedergew\u00e4hlt wurde, in den Ausschuss gew\u00e4hlt.<\/p>\n\n\n\n<p>Zu guter Letzt wurde die Wehrleitung gew\u00e4hlt. Hier wurde Kamerad Robert Schlapp mit 50 Stimmen zum neuen Wehrleiter gew\u00e4hlt. Wiedergew\u00e4hlt zum ersten Stellvertreter f\u00fcr Einsatz und Ausbildung wurde Kamerad Kai Walther mit 42 Stimmen und zum zweiten Stellvertreter f\u00fcr Technik, Kamerad Heiko Irmer mit 46 Stimmen.<\/p>\n\n\n\n<p>Alle gew\u00e4hlten Kameraden und die gew\u00e4hlte Kameradin nahmen die Wahl an.<\/p>\n\n\n\n<p>Zum Schluss dieses Dienstes wurden die gew\u00e4hlten zur Gratulation nach vorne gebeten. Auch die Kameraden des alten Ausschusses sowie Eckhard H\u00e4\u00dfler bekamen ein kleines Dankesch\u00f6n f\u00fcr ihre Arbeit.<\/p>\n\n\n\n<p>Die neue Wehrleitung sowie der neue Ausschuss m\u00fcssen nun noch von dem Gemeinderat bei der n\u00e4chsten Gemeinderatsitzung im Dezember best\u00e4tigt werden.<\/p>\n\n\n\n<hr class=\"wp-block-separator has-alpha-channel-opacity is-style-wide\"\/>\n\n\n\n<div class=\"wp-block-columns is-layout-flex wp-container-core-columns-is-layout-9d6595d7 wp-block-columns-is-layout-flex\">\n<div class=\"wp-block-column is-vertically-aligned-center is-layout-flow wp-block-column-is-layout-flow\" style=\"flex-basis:66.66%\">\n<h2 class=\"wp-block-heading\">Falsche Information stiftet Verwirrung!<\/h2>\n\n\n\n<p class=\"has-text-align-left\">Liebe B\u00fcrgerinnen und B\u00fcrger,<br>wir verweisen immer wieder gern auf die Website mais.de &#8211; Dies werden wir nun nicht mehr machen. Eine Seite vom Sachsenforst und dem Deutschen Wetterdienst unterst\u00fctzt bringt nicht korrekte Waldbrandstufen heraus.<br>Sie haben Sicherlich von der aktuellen Lage im LK Mei\u00dfen und der S\u00e4chsischen Schweiz geh\u00f6rt. Nun ist f\u00fcr heute Regen angesagt. Bisher kamen nur wenige Tropfen vom Himmel. Weder f\u00fcr Pflanzen noch dem Erdboden ist diese Menge ausreichend. Eh wir von der Waldbrandstufe 4 und 5 runter gehen k\u00f6nnen bedarf es mindestens einer Woche andauernden Regen.&nbsp;Bitte versuchen Sie weiterhin Waldwege zu vermeiden und vor allem das Rauchen und \u00f6ffentliches Feuer in der N\u00e4he von Vegetationen sein zu lassen. Sie helfen damit der Natur, der Bev\u00f6lkerung und vor allem den Einsatzkr\u00e4ften.<br>Informationen rund um die aktuelle Waldbrandstufe erhalten Sie an unserem Schaukasten neben der Feuerwehr und unserer Internetseite.<br>Vielen Dank und ein sch\u00f6nes Wochenende<\/p>\n<\/div>\n\n\n\n<div class=\"wp-block-column is-vertically-aligned-center is-layout-flow wp-block-column-is-layout-flow\" style=\"flex-basis:33.33%\"><div class=\"wp-block-image\">\n<figure class=\"aligncenter size-full\"><img loading=\"lazy\" decoding=\"async\" width=\"828\" height=\"647\" src=\"https:\/\/feuerwehr-weinboehla.de\/wp-content\/uploads\/2022\/07\/b21e8ea3-f2b6-4319-898a-36934b0f80eb.jpg\" alt=\"\" class=\"wp-image-4873\" srcset=\"https:\/\/feuerwehr-weinboehla.de\/wp-content\/uploads\/2022\/07\/b21e8ea3-f2b6-4319-898a-36934b0f80eb.jpg 828w, https:\/\/feuerwehr-weinboehla.de\/wp-content\/uploads\/2022\/07\/b21e8ea3-f2b6-4319-898a-36934b0f80eb-300x234.jpg 300w, https:\/\/feuerwehr-weinboehla.de\/wp-content\/uploads\/2022\/07\/b21e8ea3-f2b6-4319-898a-36934b0f80eb-768x600.jpg 768w\" sizes=\"auto, (max-width: 767px) 89vw, (max-width: 1000px) 54vw, (max-width: 1071px) 543px, 580px\" \/><\/figure>\n<\/div><\/div>\n<\/div>\n\n\n\n<hr class=\"wp-block-separator has-alpha-channel-opacity is-style-wide\"\/>\n\n\n\n<div class=\"wp-block-columns is-layout-flex wp-container-core-columns-is-layout-9d6595d7 wp-block-columns-is-layout-flex\">\n<div class=\"wp-block-column is-layout-flow wp-block-column-is-layout-flow\" style=\"flex-basis:33.33%\"><\/div>\n\n\n\n<div class=\"wp-block-column is-layout-flow wp-block-column-is-layout-flow\" style=\"flex-basis:66.66%\">\n<h2 class=\"wp-block-heading\">Rastigs Gartenbahn<\/h2>\n\n\n\n<p>10 Z\u00fcge auf insgesamt 600 Meter Strecke bescherten der Jugend und der Bambinifeuerwehr eine erhebliche Spende. Ein stolzer Wert von 830\u20ac wurde am 14. Juli 2022 an C. Wolf und S. Rabis \u00fcberreicht. Hierzu beigesteuert haben ebenfalls die Volksbank Raiffeisenbank Mei\u00dfen Gro\u00dfenhain eG, die Alianz Generalverwaltung Ines Hertzsch, sowie die Alianz Hauptverwaltung Mike Schumann. Im Namen der Freiwilligen Feuerwehr m\u00f6chten wir uns noch einmal rechtherzlich f\u00fcr diese \u00fcberraschende Aktion bedanken. Das Geld wird der gemeinsamen Arbeit der Jugendfeuerwehr und Bambini zu Gute kommen.<\/p>\n<\/div>\n<\/div>\n\n\n\n<hr class=\"wp-block-separator has-alpha-channel-opacity is-style-wide\"\/>\n\n\n\n<div class=\"wp-block-columns is-layout-flex wp-container-core-columns-is-layout-9d6595d7 wp-block-columns-is-layout-flex\">\n<div class=\"wp-block-column is-layout-flow wp-block-column-is-layout-flow\" style=\"flex-basis:66.66%\">\n<h2 class=\"wp-block-heading\">Waldbrand in Dobra<\/h2>\n\n\n\n<p>Eine anstregende Woche neigt sich dem Ende zu. Als w\u00e4re es nicht bereits warm genug, l\u00e4uft ein Brandstifter durch die W\u00e4lder und h\u00e4lt die Feuerwehren in Atem. Am Dienstag zur Mittagszeit ging es los, als ca. 2ha Wald brannten. Gl\u00fccklicher Weise hatten wir dort eine gro\u00dfe Hauptwasserleitung anliegen. Mittwoch unterst\u00fctzten unsere Kameraden die Gemeindefeuerwehr Niederau in Gro\u00dfdobritz beim Feldbrand. Am Anschluss folgte direkt ein Folgeeinsatz in Weinb\u00f6hla zu 1,5ha brennenden Wald. Die hohen, drohenden Flammen zogen rasch in Richtung eines Kleingartenvereins am Querweg. Durch eine fr\u00fchzeitige Riegelstellung konnte dessen Ausbreitung verhindert werden. Durch die enorme Hitze des Feuers wurden wir am Folgetag erneut an die Einsatzstelle des vorherigen Tages alarmiert. Es kam erneut zur Glutbildung und ein kleinerem Aufflammen. Am gestrigen Donnerstag, dem 22. Juli 2022, fuhr das Tankl\u00f6schfahrzeug mit sechs Kameraden voll besetzt von 10-18 Uhr zur Unterst\u00fctzung nach Dobra (N\u00e4he Radeburg). Der Waldbrand dort ist um einiges gr\u00f6\u00dfer und bietet den Einsatzkr\u00e4ften bereits seit mehreren Tagen Arbeit. Der ersehnte Regen bleibt aus und wir hoffen nun auf ein ruhiges Wochenende. W\u00e4hrend wir die W\u00e4lder unsicher machten, genie\u00dft die Jugendfeuerwehr ihr Zeltlager im Waldbad Oberau. Heute m\u00fcssen sie, die Kinder und Jugendlichen aus Mei\u00dfen, Niederau und Weinb\u00f6hla wieder verabschieden. Die eine Woche geht heute zu Ende. Sie wurden hier auf Facebook bestens \u00fcber die Tage informiert. Als w\u00e4re die Jugendarbeit im Zeltlager nicht schon kr\u00e4ftezehrend genug, unterst\u00fctzen sechs Kameraden beim Waldbrand am Dienstag die Einsatzkr\u00e4fte vor Ort. Auch daf\u00fcr von meiner Seite ein herzlichstes Dankesch\u00f6n. F\u00fcr die Kinder waren selbstverst\u00e4ndlich durchgehend Betreuer vor Ort.<\/p>\n\n\n\n<p>(Kai Walther)<\/p>\n<\/div>\n\n\n\n<div class=\"wp-block-column is-layout-flow wp-block-column-is-layout-flow\" style=\"flex-basis:33.33%\">\n<figure class=\"wp-block-image size-large\"><img loading=\"lazy\" decoding=\"async\" width=\"768\" height=\"1024\" src=\"https:\/\/feuerwehr-weinboehla.de\/wp-content\/uploads\/2022\/07\/295278959_2126562627522278_6144267281303860107_n-768x1024.jpg\" alt=\"\" class=\"wp-image-4884\" srcset=\"https:\/\/feuerwehr-weinboehla.de\/wp-content\/uploads\/2022\/07\/295278959_2126562627522278_6144267281303860107_n-768x1024.jpg 768w, https:\/\/feuerwehr-weinboehla.de\/wp-content\/uploads\/2022\/07\/295278959_2126562627522278_6144267281303860107_n-225x300.jpg 225w, https:\/\/feuerwehr-weinboehla.de\/wp-content\/uploads\/2022\/07\/295278959_2126562627522278_6144267281303860107_n-1152x1536.jpg 1152w, https:\/\/feuerwehr-weinboehla.de\/wp-content\/uploads\/2022\/07\/295278959_2126562627522278_6144267281303860107_n.jpg 1200w\" sizes=\"auto, (max-width: 767px) 89vw, (max-width: 1000px) 54vw, (max-width: 1071px) 543px, 580px\" \/><\/figure>\n<\/div>\n<\/div>\n\n\n\n<hr class=\"wp-block-separator has-alpha-channel-opacity is-style-wide\"\/>\n\n\n\n<div class=\"wp-block-columns is-layout-flex wp-container-core-columns-is-layout-9d6595d7 wp-block-columns-is-layout-flex\">\n<div class=\"wp-block-column is-layout-flow wp-block-column-is-layout-flow\" style=\"flex-basis:33.33%\">\n<figure class=\"wp-block-image size-large\"><img loading=\"lazy\" decoding=\"async\" width=\"683\" height=\"1024\" src=\"https:\/\/feuerwehr-weinboehla.de\/wp-content\/uploads\/2022\/08\/DSC_0060-683x1024.jpg\" alt=\"\" class=\"wp-image-4971\" srcset=\"https:\/\/feuerwehr-weinboehla.de\/wp-content\/uploads\/2022\/08\/DSC_0060-683x1024.jpg 683w, https:\/\/feuerwehr-weinboehla.de\/wp-content\/uploads\/2022\/08\/DSC_0060-200x300.jpg 200w, https:\/\/feuerwehr-weinboehla.de\/wp-content\/uploads\/2022\/08\/DSC_0060-768x1152.jpg 768w, https:\/\/feuerwehr-weinboehla.de\/wp-content\/uploads\/2022\/08\/DSC_0060-1024x1536.jpg 1024w, https:\/\/feuerwehr-weinboehla.de\/wp-content\/uploads\/2022\/08\/DSC_0060-1365x2048.jpg 1365w, https:\/\/feuerwehr-weinboehla.de\/wp-content\/uploads\/2022\/08\/DSC_0060-scaled.jpg 1707w\" sizes=\"auto, (max-width: 683px) 100vw, 683px\" \/><\/figure>\n<\/div>\n\n\n\n<div class=\"wp-block-column is-layout-flow wp-block-column-is-layout-flow\" style=\"flex-basis:66.66%\">\n<h2 class=\"wp-block-heading\">Zeltlager Tag 7<\/h2>\n\n\n\n<p>So schnell kann eine Woche vor\u00fcber sein.. Da die Kinder gestern l\u00e4nger wach waren, durften sie heute etwas l\u00e4nger schlafen. Nach dem Aufstehen, Sachen packen und Fr\u00fchst\u00fccken sollten alle Zelte geleert und wieder abgebaut werden. Bei dem gesamten Abbau halfen alle Kinder so gut sie konnten tatkr\u00e4ftig mit. Nachdem alles verstaut war, wurden die absolvierten Jugendflammen \u00fcbergeben. Au\u00dferdem wurde die Lagerolympiade ausgewertet. Zum Abschluss wurde noch ein Foto gemacht und sowohl die Kinder als auch die Ausbilder verabschiedeten sich voneinander. Auch wenn es schade ist, dass diese sch\u00f6ne Woche mit so vielen tollen Ereignissen schon vorbei ist sind die meisten doch froh heute wieder in ihrem Bett schlafen zu k\u00f6nnen und wieder zuhause zu sein.<\/p>\n<\/div>\n<\/div>\n\n\n\n<div class=\"wp-block-columns is-layout-flex wp-container-core-columns-is-layout-9d6595d7 wp-block-columns-is-layout-flex\">\n<div class=\"wp-block-column is-layout-flow wp-block-column-is-layout-flow\" style=\"flex-basis:66.66%\">\n<h2 class=\"wp-block-heading\">Zeltlager Tag 6<\/h2>\n\n\n\n<p>Gestern hatten die Kinder ihren letzten Tag im Zeltlager. Da hie\u00df es ein letztes Mal 7.30 Uhr aufstehen und danach Fr\u00fchst\u00fcck. F\u00fcr die Kinder gab es nochmal die M\u00f6glichkeit in einem Orientierungslauf durch den Wald Punkte f\u00fcr die Lagerolympiade zu sammeln. Etwa eine Stunde liefen die einzelnen Gruppen mit ihren Ausbildern durch den Wald und bew\u00e4ltigten verschiedenste Teamaufgaben. Nachdem Orientierungslauf hatten die Kinder wieder Freizeit zum spielen, baden und entspannen. Da es der letzte Tag war mussten die Kinder schon 17 Uhr duschen gehen, damit alle rechtzeitig zur Abschluss Disco fertig waren. Zu Gast an diesem Abend waren auch Helfer, welche die Ausbilder beim Aufbau, Abbau und Ablauf der gesamten Woche unterst\u00fctzten. Die Kinder konnten an diesem Abend die Woche revue passieren lassen und zusammen nochmal Spa\u00df haben. Gegen 23 Uhr hie\u00df es dann f\u00fcr alle Kinder Z\u00e4hne putzen und ab ins Bett.<\/p>\n<\/div>\n\n\n\n<div class=\"wp-block-column is-layout-flow wp-block-column-is-layout-flow\" style=\"flex-basis:33.33%\">\n<figure class=\"wp-block-image size-large\"><img loading=\"lazy\" decoding=\"async\" width=\"683\" height=\"1024\" src=\"https:\/\/feuerwehr-weinboehla.de\/wp-content\/uploads\/2022\/08\/DSC_9794-683x1024.jpg\" alt=\"\" class=\"wp-image-4972\" srcset=\"https:\/\/feuerwehr-weinboehla.de\/wp-content\/uploads\/2022\/08\/DSC_9794-683x1024.jpg 683w, https:\/\/feuerwehr-weinboehla.de\/wp-content\/uploads\/2022\/08\/DSC_9794-200x300.jpg 200w, https:\/\/feuerwehr-weinboehla.de\/wp-content\/uploads\/2022\/08\/DSC_9794-768x1152.jpg 768w, https:\/\/feuerwehr-weinboehla.de\/wp-content\/uploads\/2022\/08\/DSC_9794-1024x1536.jpg 1024w, https:\/\/feuerwehr-weinboehla.de\/wp-content\/uploads\/2022\/08\/DSC_9794-1365x2048.jpg 1365w, https:\/\/feuerwehr-weinboehla.de\/wp-content\/uploads\/2022\/08\/DSC_9794-scaled.jpg 1707w\" sizes=\"auto, (max-width: 683px) 100vw, 683px\" \/><\/figure>\n<\/div>\n<\/div>\n\n\n\n<div class=\"wp-block-columns is-layout-flex wp-container-core-columns-is-layout-9d6595d7 wp-block-columns-is-layout-flex\">\n<div class=\"wp-block-column is-layout-flow wp-block-column-is-layout-flow\" style=\"flex-basis:33.33%\">\n<figure class=\"wp-block-image size-large\"><img loading=\"lazy\" decoding=\"async\" width=\"683\" height=\"1024\" src=\"https:\/\/feuerwehr-weinboehla.de\/wp-content\/uploads\/2022\/08\/DSC_9956-683x1024.jpg\" alt=\"\" class=\"wp-image-4973\" srcset=\"https:\/\/feuerwehr-weinboehla.de\/wp-content\/uploads\/2022\/08\/DSC_9956-683x1024.jpg 683w, https:\/\/feuerwehr-weinboehla.de\/wp-content\/uploads\/2022\/08\/DSC_9956-200x300.jpg 200w, https:\/\/feuerwehr-weinboehla.de\/wp-content\/uploads\/2022\/08\/DSC_9956-768x1152.jpg 768w, https:\/\/feuerwehr-weinboehla.de\/wp-content\/uploads\/2022\/08\/DSC_9956-1024x1536.jpg 1024w, https:\/\/feuerwehr-weinboehla.de\/wp-content\/uploads\/2022\/08\/DSC_9956-1365x2048.jpg 1365w, https:\/\/feuerwehr-weinboehla.de\/wp-content\/uploads\/2022\/08\/DSC_9956-scaled.jpg 1707w\" sizes=\"auto, (max-width: 683px) 100vw, 683px\" \/><\/figure>\n<\/div>\n\n\n\n<div class=\"wp-block-column is-layout-flow wp-block-column-is-layout-flow\" style=\"flex-basis:66.66%\">\n<h2 class=\"wp-block-heading\">Zeltlager Tag 5<\/h2>\n\n\n\n<p>Auch heute erwartete die Kinder und Jugendlichen ein tolles Erlebnis. Wie an fast jedem Tag mussten die Kinder auch heute 7.30Uhr aufstehen und danach ging es direkt fr\u00fchst\u00fccken. Nach dem Fr\u00fchst\u00fcck sollten die Kinder ihre Rucks\u00e4cke mit Trinken f\u00fcllen, da es heute erneut sehr hei\u00df war. Heute ging es f\u00fcr alle Draisine fahren. Kurz nach 14 Uhr kamen die ersten Kinder und Ausbilder wieder in Oberau an. Nachmittags konnten die Kinder dann wieder spielen. Kurz nach 19 Uhr gab es f\u00fcr alle Abendessen. Danach gingen die einzelnen Gruppen duschen und um 22 Uhr hie\u00df es f\u00fcr alle Kinder &#8222;Gute Nacht&#8220;.<\/p>\n<\/div>\n<\/div>\n\n\n\n<div class=\"wp-block-columns is-layout-flex wp-container-core-columns-is-layout-9d6595d7 wp-block-columns-is-layout-flex\">\n<div class=\"wp-block-column is-layout-flow wp-block-column-is-layout-flow\" style=\"flex-basis:66.66%\">\n<h2 class=\"wp-block-heading\">Zeltlager Tag 4<\/h2>\n\n\n\n<p>Heute stand die Abnahme der Jugendflamme auf dem Programm. Vormittags wurde f\u00fcr die Jugendflamme ge\u00fcbt und sp\u00e4ter wurde diese dann auch abgenommen. Nach dem Mittag konnten sich die Kinder und Jugendlichen endlich erfrischen. Zum Nachmittag gab es heute Kuchen und Eis. Nach dem Abendessen gingen die Kinder wieder duschen. Kurz bevor die Kinder 22 Uhr ins Bett mussten, haben sie sich noch eine Einsatz\u00fcbung angeschaut. Diese war ein Teil der dritten Jugendflamme. Mit dieser \u00dcbung ging ein sehr anstrengender und warmer, aber sch\u00f6ner Tag zu Ende.<\/p>\n<\/div>\n\n\n\n<div class=\"wp-block-column is-layout-flow wp-block-column-is-layout-flow\" style=\"flex-basis:33.33%\">\n<figure class=\"wp-block-image size-large\"><img loading=\"lazy\" decoding=\"async\" width=\"1024\" height=\"683\" src=\"https:\/\/feuerwehr-weinboehla.de\/wp-content\/uploads\/2022\/08\/DSC_9735-1024x683.jpg\" alt=\"\" class=\"wp-image-4974\" srcset=\"https:\/\/feuerwehr-weinboehla.de\/wp-content\/uploads\/2022\/08\/DSC_9735-1024x683.jpg 1024w, https:\/\/feuerwehr-weinboehla.de\/wp-content\/uploads\/2022\/08\/DSC_9735-300x200.jpg 300w, https:\/\/feuerwehr-weinboehla.de\/wp-content\/uploads\/2022\/08\/DSC_9735-768x512.jpg 768w, https:\/\/feuerwehr-weinboehla.de\/wp-content\/uploads\/2022\/08\/DSC_9735-1536x1024.jpg 1536w, https:\/\/feuerwehr-weinboehla.de\/wp-content\/uploads\/2022\/08\/DSC_9735-2048x1365.jpg 2048w, https:\/\/feuerwehr-weinboehla.de\/wp-content\/uploads\/2022\/08\/DSC_9735-306x205.jpg 306w\" sizes=\"auto, (max-width: 767px) 89vw, (max-width: 1000px) 54vw, (max-width: 1071px) 543px, 580px\" \/><\/figure>\n<\/div>\n<\/div>\n\n\n\n<div class=\"wp-block-columns is-layout-flex wp-container-core-columns-is-layout-9d6595d7 wp-block-columns-is-layout-flex\">\n<div class=\"wp-block-column is-layout-flow wp-block-column-is-layout-flow\" style=\"flex-basis:33.33%\">\n<figure class=\"wp-block-image size-large\"><img loading=\"lazy\" decoding=\"async\" width=\"683\" height=\"1024\" src=\"https:\/\/feuerwehr-weinboehla.de\/wp-content\/uploads\/2022\/08\/DSC_9564-683x1024.jpg\" alt=\"\" class=\"wp-image-4975\" srcset=\"https:\/\/feuerwehr-weinboehla.de\/wp-content\/uploads\/2022\/08\/DSC_9564-683x1024.jpg 683w, https:\/\/feuerwehr-weinboehla.de\/wp-content\/uploads\/2022\/08\/DSC_9564-200x300.jpg 200w, https:\/\/feuerwehr-weinboehla.de\/wp-content\/uploads\/2022\/08\/DSC_9564-768x1152.jpg 768w, https:\/\/feuerwehr-weinboehla.de\/wp-content\/uploads\/2022\/08\/DSC_9564-1024x1536.jpg 1024w, https:\/\/feuerwehr-weinboehla.de\/wp-content\/uploads\/2022\/08\/DSC_9564-1365x2048.jpg 1365w, https:\/\/feuerwehr-weinboehla.de\/wp-content\/uploads\/2022\/08\/DSC_9564-scaled.jpg 1707w\" sizes=\"auto, (max-width: 683px) 100vw, 683px\" \/><\/figure>\n<\/div>\n\n\n\n<div class=\"wp-block-column is-layout-flow wp-block-column-is-layout-flow\" style=\"flex-basis:66.66%\">\n<h2 class=\"wp-block-heading\">Zeltlager Tag 3<\/h2>\n\n\n\n<p>Gestern hatten wir den dritten Tag des Jugendfeuerwehr Zeltlagers in Oberau. 6.30Uhr hie\u00df es Wecken und danach fr\u00fchst\u00fccken. An diesem Tag ging es schon so zeitig los, da wir gegen 9 bei der Wache 4 in Dresden L\u00f6btau erwartet wurden. In Dresden wurden uns die Wache sowie die Fahrzeuge gezeigt und vorgestellt.Kurz vor dem Mittag waren wir dann auch schon wieder in Oberau angekommen und ab da hie\u00df es f\u00fcr den Rest des Tages: Freizeit und ab ins Wasser. Abends wurde dann nur noch zum Abendbrot gepfiffen. Dann ging es nur noch Duschen und gegen 22 Uhr wieder ins Bett.<\/p>\n<\/div>\n<\/div>\n\n\n\n<div class=\"wp-block-columns is-layout-flex wp-container-core-columns-is-layout-9d6595d7 wp-block-columns-is-layout-flex\">\n<div class=\"wp-block-column is-layout-flow wp-block-column-is-layout-flow\" style=\"flex-basis:66.66%\">\n<h2 class=\"wp-block-heading\">Zeltlager Tag 2<\/h2>\n\n\n\n<p>Am zweiten Tag unseres Zeltlagers hie\u00df es um 7.30 Uhr aufstehen und gegen 8 Uhr Fr\u00fchst\u00fcck. 8.30 Uhr sind die Kinder in Feuerwehrsachen angetreten und die Gruppen wurden den verschiedenen Stationen zugeteilt. Heute war das DRK da. Dieses leitete drei Stationen. Die Stationen waren \u00fcben der Stabilen Seitenlage, Verb\u00e4nde anzulegen und vorstellen bzw. zeigen des KTW (Krankentransportwagen) . Die vierte Station besch\u00e4ftigte sich mit der Fahrzeugkunde des HLF (Hilfeleistungsl\u00f6schgruppenfahrzeug). Nach dem Mittagessen ging es auch schon mit vier neuen Stationen weiter. Erst mussten die Kinder einen sogenannten Kupplungsbaum bauen und Schl\u00e4uche ausrollen. An Stationen zwei sollte die Gruppen dann ein Standrohr setzen und mithilfe von Bechern einen Eimer f\u00fcllen, danach wurde uns die Erkundundungsdrohne aus B\u00e4rnsdorf erkl\u00e4rt und zum Schluss haben uns die Kameraden aus Radebeul K\u00f6tzschenbroda ihr Dekon-Fahrzeug vorgestellt.W\u00e4hrend alle noch an ihren Stationen waren begr\u00fc\u00dfte die Lagerleitung die Wehrleiter und B\u00fcrgermeister von Mei\u00dfen und Weinb\u00f6hla, sowie die Hauptamtsleiterin von Weinb\u00f6hla. Nach dem ereignisreichen Vormittag und Mittag hatten die Kinder dann Freizeit bis zum Abendessen.19 Uhr gab es dann endlich Abendbrot. Im Anschluss ging es duschen, bis es dann 22 Uhr wieder Bettruhe hie\u00df.<\/p>\n<\/div>\n\n\n\n<div class=\"wp-block-column is-layout-flow wp-block-column-is-layout-flow\" style=\"flex-basis:33.33%\">\n<figure class=\"wp-block-image size-large\"><img loading=\"lazy\" decoding=\"async\" width=\"683\" height=\"1024\" src=\"https:\/\/feuerwehr-weinboehla.de\/wp-content\/uploads\/2022\/08\/DSC_9267-683x1024.jpg\" alt=\"\" class=\"wp-image-4976\" srcset=\"https:\/\/feuerwehr-weinboehla.de\/wp-content\/uploads\/2022\/08\/DSC_9267-683x1024.jpg 683w, https:\/\/feuerwehr-weinboehla.de\/wp-content\/uploads\/2022\/08\/DSC_9267-200x300.jpg 200w, https:\/\/feuerwehr-weinboehla.de\/wp-content\/uploads\/2022\/08\/DSC_9267-768x1152.jpg 768w, https:\/\/feuerwehr-weinboehla.de\/wp-content\/uploads\/2022\/08\/DSC_9267-1024x1536.jpg 1024w, https:\/\/feuerwehr-weinboehla.de\/wp-content\/uploads\/2022\/08\/DSC_9267-1365x2048.jpg 1365w, https:\/\/feuerwehr-weinboehla.de\/wp-content\/uploads\/2022\/08\/DSC_9267-scaled.jpg 1707w\" sizes=\"auto, (max-width: 683px) 100vw, 683px\" \/><\/figure>\n<\/div>\n<\/div>\n\n\n\n<div class=\"wp-block-columns is-layout-flex wp-container-core-columns-is-layout-9d6595d7 wp-block-columns-is-layout-flex\">\n<div class=\"wp-block-column is-layout-flow wp-block-column-is-layout-flow\" style=\"flex-basis:33.33%\">\n<figure class=\"wp-block-image size-large\"><img loading=\"lazy\" decoding=\"async\" width=\"683\" height=\"1024\" src=\"https:\/\/feuerwehr-weinboehla.de\/wp-content\/uploads\/2022\/07\/DSC_8981-683x1024.jpg\" alt=\"\" class=\"wp-image-4810\" srcset=\"https:\/\/feuerwehr-weinboehla.de\/wp-content\/uploads\/2022\/07\/DSC_8981-683x1024.jpg 683w, https:\/\/feuerwehr-weinboehla.de\/wp-content\/uploads\/2022\/07\/DSC_8981-200x300.jpg 200w, https:\/\/feuerwehr-weinboehla.de\/wp-content\/uploads\/2022\/07\/DSC_8981-768x1152.jpg 768w, https:\/\/feuerwehr-weinboehla.de\/wp-content\/uploads\/2022\/07\/DSC_8981-1024x1536.jpg 1024w, https:\/\/feuerwehr-weinboehla.de\/wp-content\/uploads\/2022\/07\/DSC_8981-1365x2048.jpg 1365w, https:\/\/feuerwehr-weinboehla.de\/wp-content\/uploads\/2022\/07\/DSC_8981-scaled.jpg 1707w\" sizes=\"auto, (max-width: 683px) 100vw, 683px\" \/><\/figure>\n<\/div>\n\n\n\n<div class=\"wp-block-column is-layout-flow wp-block-column-is-layout-flow\" style=\"flex-basis:66.66%\">\n<h2 class=\"wp-block-heading\">Zeltlager Tag 1<\/h2>\n\n\n\n<p>Tag eins des Jugendfeuerwehr ZeltlagersNach zwei Jahren Corona bedingter Pause ging es nun endlich wieder ins Jugendfeuerwehr Zeltlager im Waldbad Oberau. Heute haben sich die Wehren von Weinb\u00f6hla, Mei\u00dfen und Niederau gegen 14 Uhr im Waldbad getroffen. Nachdem alle eingetroffen waren sollten sich alle in der Tenne versammeln. Dort wurden die Kinder und Jugendlichen begr\u00fc\u00dft, belehrt und in vier Gruppen geteilt. Als alle Gruppen ihre Zelte bezogen hatten, konnten sich die Kinder und Jugendlichen kennenlernen, Baden gehen und Spielen. Bevor es zum Abendbrot ging hie\u00df es f\u00fcr alle Kinder erstmal: &#8222;Antreten&#8220;. Dort bekammen sie nochmal ein paar Hinweise und konnten sich dann schlie\u00dflich ihr Abendbrot holen.Vor und nach dem Duschen konnten die Kinder noch Spielen und sich auf die kommende Woche vorbereiten. Gegen 22 Uhr ging es dann f\u00fcr die Kinder und Jugendlichen ins Bett.Hier finden Sie in den n\u00e4chsten Tagen immer die neusten Informationen zu unserem Zeltlager.<\/p>\n<\/div>\n<\/div>\n\n\n\n<div class=\"wp-block-columns is-layout-flex wp-container-core-columns-is-layout-9d6595d7 wp-block-columns-is-layout-flex\">\n<div class=\"wp-block-column is-layout-flow wp-block-column-is-layout-flow\" style=\"flex-basis:66.66%\">\n<h2 class=\"wp-block-heading\"><strong>120 Jahre Freiwillige Feuerwehr Weinb\u00f6hla<\/strong><\/h2>\n\n\n\n<p>Seit 120 Jahren sind wir 24 Stunden, sieben Tage die Woche f\u00fcr Ihre Sicherheit da.<\/p>\n\n\n\n<p><br>Dieses freudige Ereignis wollten wir mit Ihnen in einem Festwochenende feiern. Zwei Jahre wurde bis ins kleinste Detail geplant und vorbereitet. Bereits am 17. Juni 2022 haben sich die Kameraden getroffen um den Zentralgasthof und den Festplatz vorzubereiten. Am Samstag den 18. Juni war der Tag des gro\u00dfen Festumzuges gekommen. Bis 10.45 Uhr kamen viele Feuerwehrfahrzeuge, unterschiedlichen Alters aus verschiedenen Orten. Elf Uhr setzte sich der Zug schlie\u00dflich in Bewegung. Am Rathausplatz wurden die Bilder von einem Kameraden erkl\u00e4rt und der Coswiger Infokanal K3 filmte den gesamten Umzug. Bestaunt von zahlreichen Zuschauern ging der Umzug die Hauptstra\u00dfe hoch, an der Bahnhofsstra\u00dfe lang, die Sachsenstra\u00dfe runter bis zum Festgel\u00e4nde an der Nausauhalle. Dort konnten die Besucher sich die Fahrzeuge n\u00e4her anschauen und sich auch in die Fahrzeuge setzen. Beim Brandschutzerziehungsanh\u00e4nger konnten sich die Kinder ein Feuerwehrauto zusammen basteln, ausmalen und am Spritzenhaus ein Feuer l\u00f6schen. F\u00fcr das leibliche Wohl war nat\u00fcrlich auch gesorgt, es gab nicht nur leckere Sachen vom Grill, sondern auch Zuckerwatte, Kuchen und Eis. Mit dem L\u00f6schen eines inszenierten Geb\u00e4udebrandes hat die Jugendfeuerwehr ihr K\u00f6nnen unter Beweis gestellt. Diese war nach wenigen Minuten vor Ort und l\u00f6schten den Brand in Windeseile.<br>Am Abend des 18. Juni fand im Zentralgasthof die Festveranstaltung mit 280 eingeladenen G\u00e4sten statt. Hierbei wurde die Festrede von unserem Wehrleiter Eckhard H\u00e4\u00dfler gehalten. Gru\u00dfworte \u00fcberbrachten unser B\u00fcrgermeister Siegfried Zenker, der B\u00fcrgermeister der Partnergemeinde aus Oftersheim Jens Gei\u00df sowie unser stellvertretender Landrat Andreas Herr. Im Anschluss wurden Kameraden und Kameradinen f\u00fcr 50 bzw. 60 Jahre treue Dienste bei der Feuerwehr ausgezeichnet.<\/p>\n\n\n\n<p>Danach bekamen wir von benachbarten und befreundeten Feuerwehren und Vereinen aus dem Ort kreative Geschenke. Ein gro\u00dfes Dankesch\u00f6n noch einmal f\u00fcr die tollen Geschenke. Nachdem der festliche Teil der Veranstaltung beendet war, ging es erst zum Essen und anschlie\u00dfend zum Feiern \u00fcber. Den gesamten Abend sorgte die Gruppe Retroskop f\u00fcr die musikalische Unterhaltung.<br>Am 19. Juni konnten Besucher bei einem Fr\u00fchschoppen unsere Fahrzeuge anschauen. Auch an diesem Tag gab es am Brandschutzerziehungsanh\u00e4nger verschiedene Angebote f\u00fcr die Kinder, dazu z\u00e4hlte auch eine H\u00fcpfburg. Bei Musik von den Jahnataler Blasmusikanten, Getr\u00e4nken und Essen konnten die G\u00e4ste einen sch\u00f6nen, wenn auch hei\u00dfen Sommertag genie\u00dfen. Gegen 14 Uhr wurden alle Fahrzeuge und Ger\u00e4te wieder in das Ger\u00e4tehaus gebracht, auch das Festgel\u00e4nde und der Zentralgasthof wurden wieder aufger\u00e4umt. Bei einem gem\u00fctlichen Beisammensein in der Wache lie\u00dfen die Kameradinnen und Kameraden das aufregende Wochenende ausklingen.<br>Abschlie\u00dfend gilt es nicht nur einen gro\u00dfen Dank an die Mitglieder des Festkomitees und der gesamten Kameradschaft der Freiwilligen Feuerwehr Weinb\u00f6hla auszurichten, sondern auch den Sponsoren und Helfern. Ohne diese h\u00e4tte das Wochenende nicht in diesem Ma\u00dfe stattfinden k\u00f6nnen.<\/p>\n\n\n\n<p>Spenderliste und Dankesch\u00f6n 120 Jahre FF<\/p>\n\n\n\n<p>Geld<br>06.04.21 Volksbank Raiffeisenbank Mei\u00dfen Gro\u00dfenhain eG<br>29.04.21 Sparkasse Mei\u00dfen<br>27.10.21 Ger\u00fcstbau Siwon &amp; Arnold<br>29.10.21 Bodenbelege Dietmar Eisenbl\u00e4tter<br>08.11.21 Friseursalon Magie, Tina Vetter<br>18.11.21 Auto-Service Frank Sperling<br>22.11.21 B\u00e4ckerei Reiner Hohnstein<br>10.12.21 Helena Friseur u. Kosmetik GmbH<br>12.01.22 Fachhandel f\u00fcr Heizung und Sanit\u00e4r, Petra H\u00e4berlein<br>20.01.22 Metall Kriesch, Daniel Kriesch<br>31.01.22 Friseursalon A. Berger, Annett Kovacs<br>10.03.22 Autohaus Kuntzsch GmbH<br>31.03.22 Autohaus Herklotz GmbH<br>27.05.22 Stahl- und Maschinenbau Graf GmbH<\/p>\n\n\n\n<p>Sachwerte<br>B\u00e4ckerei &amp; Konditorei Liebscher, Karsten Liebscher<br>Zeltverleih Uwe Punte<br>Lackiererei H\u00e4berlein<br>Eiscafe Weidmann<\/p>\n\n\n\n<p>Dankesch\u00f6n f\u00fcr Unterst\u00fctzung<\/p>\n\n\n\n<p>Rathaus Weinb\u00f6hla<br>Bauhof der Gemeinde<br>Zentralgasthof Weinb\u00f6hla GmbH, Frau Wiedemann und ihr Team<br>Veranstaltungstechnik Jens Kascherus<br>Gruppe Retroskop<br>Mediengestalter Ren\u00e9 Obst<br>Coswiger Infokanal K3<br>Johanniter Mei\u00dfen<br>MICHALKE Sicherheits- &amp; Service GmbH<br>Getr\u00e4nkehandel Gr\u00fcn- Weiss, Michael B\u00f6hm<br>Catering Service, Fleischerei M\u00fcnch,<br>Getr\u00e4nkehandel K\u00f6hler und Poitzsch<br>Dorfsch\u00e4nke, Silvio Paar<br>Pension KALINDE<br>Hotel Laubenschl\u00f6\u00dfchen<br>Ferienhaus Schulze<br>VGM (Verkehrsgesellschaft Mei\u00dfen)<br>S&amp;B Elektrotechnik<\/p>\n\n\n\n<p>Ihre Feuerwehr hilft zu allen Tages- und Nachtzeiten ohne Ansehen<br>der Person und das alles kostenlos f\u00fcr den Gesch\u00e4digten.<\/p>\n\n\n\n<p class=\"has-small-font-size\">(Quelle: Weinb\u00f6hla-Information)<\/p>\n<\/div>\n\n\n\n<div class=\"wp-block-column is-vertically-aligned-center is-layout-flow wp-block-column-is-layout-flow\" style=\"flex-basis:33.33%\">\n<div class=\"wp-block-jetpack-slideshow aligncenter\" data-effect=\"slide\"><div class=\"wp-block-jetpack-slideshow_container swiper-container\"><ul class=\"wp-block-jetpack-slideshow_swiper-wrapper swiper-wrapper\"><li class=\"wp-block-jetpack-slideshow_slide swiper-slide\"><figure><img loading=\"lazy\" decoding=\"async\" width=\"1024\" height=\"683\" alt=\"\" class=\"wp-block-jetpack-slideshow_image wp-image-4802\" data-id=\"4802\" src=\"https:\/\/feuerwehr-weinboehla.de\/wp-content\/uploads\/2022\/07\/SOR14297-1024x683.jpg\" srcset=\"https:\/\/feuerwehr-weinboehla.de\/wp-content\/uploads\/2022\/07\/SOR14297-1024x683.jpg 1024w, https:\/\/feuerwehr-weinboehla.de\/wp-content\/uploads\/2022\/07\/SOR14297-300x200.jpg 300w, https:\/\/feuerwehr-weinboehla.de\/wp-content\/uploads\/2022\/07\/SOR14297-768x512.jpg 768w, https:\/\/feuerwehr-weinboehla.de\/wp-content\/uploads\/2022\/07\/SOR14297-1536x1024.jpg 1536w, https:\/\/feuerwehr-weinboehla.de\/wp-content\/uploads\/2022\/07\/SOR14297-2048x1365.jpg 2048w, https:\/\/feuerwehr-weinboehla.de\/wp-content\/uploads\/2022\/07\/SOR14297-306x205.jpg 306w\" sizes=\"auto, (max-width: 767px) 89vw, (max-width: 1000px) 54vw, (max-width: 1071px) 543px, 580px\" \/><\/figure><\/li><li class=\"wp-block-jetpack-slideshow_slide swiper-slide\"><figure><img loading=\"lazy\" decoding=\"async\" width=\"1024\" height=\"683\" alt=\"\" class=\"wp-block-jetpack-slideshow_image wp-image-4803\" data-id=\"4803\" src=\"https:\/\/feuerwehr-weinboehla.de\/wp-content\/uploads\/2022\/07\/SOR14358-1024x683.jpg\" srcset=\"https:\/\/feuerwehr-weinboehla.de\/wp-content\/uploads\/2022\/07\/SOR14358-1024x683.jpg 1024w, https:\/\/feuerwehr-weinboehla.de\/wp-content\/uploads\/2022\/07\/SOR14358-300x200.jpg 300w, https:\/\/feuerwehr-weinboehla.de\/wp-content\/uploads\/2022\/07\/SOR14358-768x512.jpg 768w, https:\/\/feuerwehr-weinboehla.de\/wp-content\/uploads\/2022\/07\/SOR14358-1536x1024.jpg 1536w, https:\/\/feuerwehr-weinboehla.de\/wp-content\/uploads\/2022\/07\/SOR14358-2048x1365.jpg 2048w, https:\/\/feuerwehr-weinboehla.de\/wp-content\/uploads\/2022\/07\/SOR14358-306x205.jpg 306w\" sizes=\"auto, (max-width: 767px) 89vw, (max-width: 1000px) 54vw, (max-width: 1071px) 543px, 580px\" \/><\/figure><\/li><li class=\"wp-block-jetpack-slideshow_slide swiper-slide\"><figure><img loading=\"lazy\" decoding=\"async\" width=\"1024\" height=\"683\" alt=\"\" class=\"wp-block-jetpack-slideshow_image wp-image-4800\" data-id=\"4800\" src=\"https:\/\/feuerwehr-weinboehla.de\/wp-content\/uploads\/2022\/07\/DSC_5122-1024x683.jpg\" srcset=\"https:\/\/feuerwehr-weinboehla.de\/wp-content\/uploads\/2022\/07\/DSC_5122-1024x683.jpg 1024w, https:\/\/feuerwehr-weinboehla.de\/wp-content\/uploads\/2022\/07\/DSC_5122-300x200.jpg 300w, https:\/\/feuerwehr-weinboehla.de\/wp-content\/uploads\/2022\/07\/DSC_5122-768x512.jpg 768w, https:\/\/feuerwehr-weinboehla.de\/wp-content\/uploads\/2022\/07\/DSC_5122-1536x1024.jpg 1536w, https:\/\/feuerwehr-weinboehla.de\/wp-content\/uploads\/2022\/07\/DSC_5122-2048x1365.jpg 2048w, https:\/\/feuerwehr-weinboehla.de\/wp-content\/uploads\/2022\/07\/DSC_5122-306x205.jpg 306w\" sizes=\"auto, (max-width: 767px) 89vw, (max-width: 1000px) 54vw, (max-width: 1071px) 543px, 580px\" \/><\/figure><\/li><li class=\"wp-block-jetpack-slideshow_slide swiper-slide\"><figure><img loading=\"lazy\" decoding=\"async\" width=\"683\" height=\"1024\" alt=\"\" class=\"wp-block-jetpack-slideshow_image wp-image-4799\" data-id=\"4799\" src=\"https:\/\/feuerwehr-weinboehla.de\/wp-content\/uploads\/2022\/07\/DSC_4835-683x1024.jpg\" srcset=\"https:\/\/feuerwehr-weinboehla.de\/wp-content\/uploads\/2022\/07\/DSC_4835-683x1024.jpg 683w, https:\/\/feuerwehr-weinboehla.de\/wp-content\/uploads\/2022\/07\/DSC_4835-200x300.jpg 200w, https:\/\/feuerwehr-weinboehla.de\/wp-content\/uploads\/2022\/07\/DSC_4835-768x1152.jpg 768w, https:\/\/feuerwehr-weinboehla.de\/wp-content\/uploads\/2022\/07\/DSC_4835-1024x1536.jpg 1024w, https:\/\/feuerwehr-weinboehla.de\/wp-content\/uploads\/2022\/07\/DSC_4835-1365x2048.jpg 1365w, https:\/\/feuerwehr-weinboehla.de\/wp-content\/uploads\/2022\/07\/DSC_4835-scaled.jpg 1707w\" sizes=\"auto, (max-width: 683px) 100vw, 683px\" \/><\/figure><\/li><li class=\"wp-block-jetpack-slideshow_slide swiper-slide\"><figure><img loading=\"lazy\" decoding=\"async\" width=\"1024\" height=\"683\" alt=\"\" class=\"wp-block-jetpack-slideshow_image wp-image-4798\" data-id=\"4798\" src=\"https:\/\/feuerwehr-weinboehla.de\/wp-content\/uploads\/2022\/07\/DSC_4646-1024x683.jpg\" srcset=\"https:\/\/feuerwehr-weinboehla.de\/wp-content\/uploads\/2022\/07\/DSC_4646-1024x683.jpg 1024w, https:\/\/feuerwehr-weinboehla.de\/wp-content\/uploads\/2022\/07\/DSC_4646-300x200.jpg 300w, https:\/\/feuerwehr-weinboehla.de\/wp-content\/uploads\/2022\/07\/DSC_4646-768x512.jpg 768w, https:\/\/feuerwehr-weinboehla.de\/wp-content\/uploads\/2022\/07\/DSC_4646-1536x1024.jpg 1536w, https:\/\/feuerwehr-weinboehla.de\/wp-content\/uploads\/2022\/07\/DSC_4646-2048x1365.jpg 2048w, https:\/\/feuerwehr-weinboehla.de\/wp-content\/uploads\/2022\/07\/DSC_4646-306x205.jpg 306w\" sizes=\"auto, (max-width: 767px) 89vw, (max-width: 1000px) 54vw, (max-width: 1071px) 543px, 580px\" \/><\/figure><\/li><li class=\"wp-block-jetpack-slideshow_slide swiper-slide\"><figure><img loading=\"lazy\" decoding=\"async\" width=\"1024\" height=\"683\" alt=\"\" class=\"wp-block-jetpack-slideshow_image wp-image-4797\" data-id=\"4797\" src=\"https:\/\/feuerwehr-weinboehla.de\/wp-content\/uploads\/2022\/07\/DSC_4525-1024x683.jpg\" srcset=\"https:\/\/feuerwehr-weinboehla.de\/wp-content\/uploads\/2022\/07\/DSC_4525-1024x683.jpg 1024w, https:\/\/feuerwehr-weinboehla.de\/wp-content\/uploads\/2022\/07\/DSC_4525-300x200.jpg 300w, https:\/\/feuerwehr-weinboehla.de\/wp-content\/uploads\/2022\/07\/DSC_4525-768x512.jpg 768w, https:\/\/feuerwehr-weinboehla.de\/wp-content\/uploads\/2022\/07\/DSC_4525-1536x1024.jpg 1536w, https:\/\/feuerwehr-weinboehla.de\/wp-content\/uploads\/2022\/07\/DSC_4525-2048x1365.jpg 2048w, https:\/\/feuerwehr-weinboehla.de\/wp-content\/uploads\/2022\/07\/DSC_4525-306x205.jpg 306w\" sizes=\"auto, (max-width: 767px) 89vw, (max-width: 1000px) 54vw, (max-width: 1071px) 543px, 580px\" \/><\/figure><\/li><li class=\"wp-block-jetpack-slideshow_slide swiper-slide\"><figure><img loading=\"lazy\" decoding=\"async\" width=\"1024\" height=\"683\" alt=\"\" class=\"wp-block-jetpack-slideshow_image wp-image-4796\" data-id=\"4796\" src=\"https:\/\/feuerwehr-weinboehla.de\/wp-content\/uploads\/2022\/07\/DSC_4262-1024x683.jpg\" srcset=\"https:\/\/feuerwehr-weinboehla.de\/wp-content\/uploads\/2022\/07\/DSC_4262-1024x683.jpg 1024w, https:\/\/feuerwehr-weinboehla.de\/wp-content\/uploads\/2022\/07\/DSC_4262-300x200.jpg 300w, https:\/\/feuerwehr-weinboehla.de\/wp-content\/uploads\/2022\/07\/DSC_4262-768x512.jpg 768w, https:\/\/feuerwehr-weinboehla.de\/wp-content\/uploads\/2022\/07\/DSC_4262-1536x1024.jpg 1536w, https:\/\/feuerwehr-weinboehla.de\/wp-content\/uploads\/2022\/07\/DSC_4262-2048x1365.jpg 2048w, https:\/\/feuerwehr-weinboehla.de\/wp-content\/uploads\/2022\/07\/DSC_4262-306x205.jpg 306w\" sizes=\"auto, (max-width: 767px) 89vw, (max-width: 1000px) 54vw, (max-width: 1071px) 543px, 580px\" \/><\/figure><\/li><li class=\"wp-block-jetpack-slideshow_slide swiper-slide\"><figure><img loading=\"lazy\" decoding=\"async\" width=\"1024\" height=\"683\" alt=\"\" class=\"wp-block-jetpack-slideshow_image wp-image-4801\" data-id=\"4801\" src=\"https:\/\/feuerwehr-weinboehla.de\/wp-content\/uploads\/2022\/07\/SOR14208-1024x683.jpg\" srcset=\"https:\/\/feuerwehr-weinboehla.de\/wp-content\/uploads\/2022\/07\/SOR14208-1024x683.jpg 1024w, https:\/\/feuerwehr-weinboehla.de\/wp-content\/uploads\/2022\/07\/SOR14208-300x200.jpg 300w, https:\/\/feuerwehr-weinboehla.de\/wp-content\/uploads\/2022\/07\/SOR14208-768x512.jpg 768w, https:\/\/feuerwehr-weinboehla.de\/wp-content\/uploads\/2022\/07\/SOR14208-1536x1024.jpg 1536w, https:\/\/feuerwehr-weinboehla.de\/wp-content\/uploads\/2022\/07\/SOR14208-2048x1365.jpg 2048w, https:\/\/feuerwehr-weinboehla.de\/wp-content\/uploads\/2022\/07\/SOR14208-306x205.jpg 306w\" sizes=\"auto, (max-width: 767px) 89vw, (max-width: 1000px) 54vw, (max-width: 1071px) 543px, 580px\" \/><\/figure><\/li><\/ul><a class=\"wp-block-jetpack-slideshow_button-prev swiper-button-prev swiper-button-white\" role=\"button\"><\/a><a class=\"wp-block-jetpack-slideshow_button-next swiper-button-next swiper-button-white\" role=\"button\"><\/a><a aria-label=\"Pause Slideshow\" class=\"wp-block-jetpack-slideshow_button-pause\" role=\"button\"><\/a><div class=\"wp-block-jetpack-slideshow_pagination swiper-pagination swiper-pagination-white\"><\/div><\/div><\/div>\n<\/div>\n<\/div>\n\n\n\n<div class=\"wp-block-columns is-layout-flex wp-container-core-columns-is-layout-9d6595d7 wp-block-columns-is-layout-flex\">\n<div class=\"wp-block-column is-layout-flow wp-block-column-is-layout-flow\" style=\"flex-basis:33.33%\">\n<figure class=\"wp-block-image size-full\"><img loading=\"lazy\" decoding=\"async\" width=\"589\" height=\"543\" src=\"https:\/\/feuerwehr-weinboehla.de\/wp-content\/uploads\/2022\/06\/grafik-1.png\" alt=\"\" class=\"wp-image-4696\" srcset=\"https:\/\/feuerwehr-weinboehla.de\/wp-content\/uploads\/2022\/06\/grafik-1.png 589w, https:\/\/feuerwehr-weinboehla.de\/wp-content\/uploads\/2022\/06\/grafik-1-300x277.png 300w\" sizes=\"auto, (max-width: 589px) 100vw, 589px\" \/><\/figure>\n<\/div>\n\n\n\n<div class=\"wp-block-column is-layout-flow wp-block-column-is-layout-flow\" style=\"flex-basis:66.66%\">\n<h2 class=\"wp-block-heading\"><strong>\u00dcbergabe des Minimaibaumes<\/strong><\/h2>\n\n\n\n<p>Zum Maibaumstellen am 30.04.22 hat Herr Liebschner den kleinen Maibaum f\u00fcr 990\u20ac ersteigern k\u00f6nnen. Am Dienstag, den 07.06.22, war es dann endlich soweit, dass er auf dem Gel\u00e4nde der Firmer \u201eLET- Liebschner Energietechnik\u201c gestellt werden konnte. Daf\u00fcr haben sich ein paar Kameraden aus der Aktiven und Jugend sowie der Bambinis in der Feuerwehr getroffen um den Maibaum nach Gr\u00f6bern zu schaffen und auf zu stellen. Nachdem wir den Maibaum gestellt hatten, richtete sich Herr Liebschner noch mit einigen Worten des Dankes an uns. Diese galten aber nicht nur uns, sondern allen Mitgliedern der Feuerwehren. Im Anschluss bekamen alle noch ein Getr\u00e4nk und eine Kleinlichkeit zu essen. Als alle satt und zufrieden waren, war es auch schon wieder Zeit in die Wache zur\u00fcckzukehren.<\/p>\n<\/div>\n<\/div>\n\n\n\n<div class=\"wp-block-columns is-layout-flex wp-container-core-columns-is-layout-9d6595d7 wp-block-columns-is-layout-flex\">\n<div class=\"wp-block-column is-layout-flow wp-block-column-is-layout-flow\" style=\"flex-basis:66.66%\">\n<h2 class=\"wp-block-heading\"><strong>Wimpel Weihe der Bambinifeuerwehr<\/strong><\/h2>\n\n\n\n<p>Am 13.01.2011 wurde unsere Bambinifeuerwehr gegr\u00fcndet. Aufgrund des 10-j\u00e4hrigen Jubil\u00e4ums im letzten Jahr hat sich die Bambinifeuerwehr dazu entschieden einen eigenen Wimpel anschaffen zu wollen. Der Wimpel soll ein Symbol f\u00fcr Zusammengeh\u00f6rigkeit sein. Gleichzeitig steht er aber auch f\u00fcr die Verpflichtung und Ehre der Bambinifeuerwehr. Wegen der Pandemie musste dieses Ereignis leider um ein Jahr verschoben werden, weshalb es nun am 13.05.22 stattfand.<\/p>\n\n\n\n<p>Bei diesem Ereignis sind zahlreiche G\u00e4ste erschienen. Darunter unser B\u00fcrgermeister, Herr Zenker, der Vorsitzende des Kreisfeuerwehrverbandes Mei\u00dfen, Kamerad Frank Ricklin und der Landesjugendfeuerwehrwart, Kamerad Frank Pfeiffer mit Kameradin Kathleen Klotsche. Au\u00dferdem waren auch Vertreter von den Bambinifeuerwehr aus Niederau, Mei\u00dfen sowie von befreundeten Bambini-Wehren aus K\u00f6nigsstein (S\u00e4chsische Schweiz) und K\u00f6nigswartha (Oberlausitz) da. Aufgrund von Erkrankung musste sich Pfarrer, Rei\u00dfmann leider entschuldigen und konnte bei diesem Ereignis nicht dabei sein.<\/p>\n\n\n\n<p>Er\u00f6ffnet wurde die Weihe durch den Spielmannszug. Nach der Begr\u00fc\u00dfung durch den Kameraden Detlef Arnold richtete sich zuerst Herr Zenker, im Anschluss unser Wehrleiter, Kamerad H\u00e4\u00dfler und zum Schluss der Landesjugendfeuerwehrwart an die Bambinis.<\/p>\n\n\n\n<p>Kamerad Detlef Arnold hat noch einmal ein Dank an alle diejenigen gerichtet, welche zur Anschaffung des Wimpels, welcher immerhin 1200\u20ac kostete, beigetragen haben. Dabei wurden 440\u20ac von den Eltern und 320\u20ac von der Kameradschaft beigetragen. Die noch \u00fcbriggebliebenen kosten wurden von dem F\u00f6rderverein der Freiwilligen Feuerwehr Weinb\u00f6hla \u00fcbernommen.<\/p>\n\n\n\n<p>Zum eigentlichen Weihe-Akt wurde der Leiter der Bambini-Feuerwehr, Kamerad Sebastian Rabis, ans Rednerpult gebeten. Mit einem Lied des Spielmannszugs und dem Kommando \u201eWimpel holen!\u201c wurde der Bambini Wimpel von den Bambini-Ausbildern zum Rednerpult gebracht. Mit dem Kommando \u201eWimpel enth\u00fcllen\u201c wurde der neue Wimpel unserer Feuerwehr enth\u00fcllt. Und mit dem letzten Kommando \u201eWimpel auf!\u201c wurde der Bambiniwimpel erhoben. Der Wimpel hat eine Orts- und eine Feuerwehrseite. Die erste Seite hat einen weinroten Untergrund und ist mit dem Bambinifeuerwehr Logo sowie dem Gr\u00fcndungsjahr unserer Bambinifeuerwehr versehen. Die andere Seite ist die Ortsseite und hat einen blauen Untergrund und spiegelt mit der Weintraube das offizielle Wappen unserer Gemeinde wider. Durch die Wimpel Farben ist der Wimpel identisch zu der gro\u00dfen Fahne der Feuerwehr und dem Wimpel der Jugendfeuerwehr, welcher nun der Partnerwimpel ist. Mit dem Weihespruch, welcher eigentlich von Pfarrer, Rei\u00dfmann verlesen werden sollte, war der Wimpel endg\u00fcltig eingeweiht.<\/p>\n\n\n\n<p><em>\u201eWir weihen die Fahne und tragen sie stolz, die Liebe zu unserer Kinderfeuerwehr ist ihr Symbol.<\/em><\/p>\n\n\n\n<p><em>M\u00f6ge sie unser Bambinis in eine gute Zukunft tragen.\u201c<\/em><\/p>\n\n\n\n<p>Im Anschluss ergriffen noch die G\u00e4ste aus den Nachbar- und befreundeten Wehren das Wort und begl\u00fcckw\u00fcnschten die Bambinis zu ihrem tollen Wimpel und w\u00fcnschten ihnen viel Spa\u00df damit. Damit ist die Bambinifeuerwehr von Weinb\u00f6hla die erste in ganz Sachsen mit einem eigenen Wimpel.<\/p>\n<\/div>\n\n\n\n<div class=\"wp-block-column is-layout-flow wp-block-column-is-layout-flow\" style=\"flex-basis:33.33%\">\n<div class=\"wp-block-jetpack-slideshow aligncenter\" data-autoplay=\"true\" data-delay=\"5\" data-effect=\"fade\"><div class=\"wp-block-jetpack-slideshow_container swiper-container\"><ul class=\"wp-block-jetpack-slideshow_swiper-wrapper swiper-wrapper\"><li class=\"wp-block-jetpack-slideshow_slide swiper-slide\"><figure><img loading=\"lazy\" decoding=\"async\" width=\"718\" height=\"1024\" alt=\"\" class=\"wp-block-jetpack-slideshow_image wp-image-4657\" data-id=\"4657\" src=\"https:\/\/feuerwehr-weinboehla.de\/wp-content\/uploads\/2022\/05\/CCI17052022-718x1024.jpg\" srcset=\"https:\/\/feuerwehr-weinboehla.de\/wp-content\/uploads\/2022\/05\/CCI17052022-718x1024.jpg 718w, https:\/\/feuerwehr-weinboehla.de\/wp-content\/uploads\/2022\/05\/CCI17052022-210x300.jpg 210w, https:\/\/feuerwehr-weinboehla.de\/wp-content\/uploads\/2022\/05\/CCI17052022-768x1096.jpg 768w, https:\/\/feuerwehr-weinboehla.de\/wp-content\/uploads\/2022\/05\/CCI17052022-1077x1536.jpg 1077w, https:\/\/feuerwehr-weinboehla.de\/wp-content\/uploads\/2022\/05\/CCI17052022-1436x2048.jpg 1436w, https:\/\/feuerwehr-weinboehla.de\/wp-content\/uploads\/2022\/05\/CCI17052022-scaled.jpg 1795w\" sizes=\"auto, (max-width: 718px) 100vw, 718px\" \/><\/figure><\/li><li class=\"wp-block-jetpack-slideshow_slide swiper-slide\"><figure><img loading=\"lazy\" decoding=\"async\" width=\"1024\" height=\"683\" alt=\"\" class=\"wp-block-jetpack-slideshow_image wp-image-4658\" data-id=\"4658\" src=\"https:\/\/feuerwehr-weinboehla.de\/wp-content\/uploads\/2022\/05\/Wimpel-1024x683.jpg\" srcset=\"https:\/\/feuerwehr-weinboehla.de\/wp-content\/uploads\/2022\/05\/Wimpel-1024x683.jpg 1024w, https:\/\/feuerwehr-weinboehla.de\/wp-content\/uploads\/2022\/05\/Wimpel-300x200.jpg 300w, https:\/\/feuerwehr-weinboehla.de\/wp-content\/uploads\/2022\/05\/Wimpel-768x512.jpg 768w, https:\/\/feuerwehr-weinboehla.de\/wp-content\/uploads\/2022\/05\/Wimpel-306x205.jpg 306w, https:\/\/feuerwehr-weinboehla.de\/wp-content\/uploads\/2022\/05\/Wimpel.jpg 1467w\" sizes=\"auto, (max-width: 767px) 89vw, (max-width: 1000px) 54vw, (max-width: 1071px) 543px, 580px\" \/><\/figure><\/li><\/ul><a class=\"wp-block-jetpack-slideshow_button-prev swiper-button-prev swiper-button-white\" role=\"button\"><\/a><a class=\"wp-block-jetpack-slideshow_button-next swiper-button-next swiper-button-white\" role=\"button\"><\/a><a aria-label=\"Pause Slideshow\" class=\"wp-block-jetpack-slideshow_button-pause\" role=\"button\"><\/a><div class=\"wp-block-jetpack-slideshow_pagination swiper-pagination swiper-pagination-white\"><\/div><\/div><\/div>\n<\/div>\n<\/div>\n\n\n\n<div class=\"wp-block-columns is-layout-flex wp-container-core-columns-is-layout-9d6595d7 wp-block-columns-is-layout-flex\">\n<div class=\"wp-block-column is-layout-flow wp-block-column-is-layout-flow\">\n<div class=\"wp-block-columns is-layout-flex wp-container-core-columns-is-layout-9d6595d7 wp-block-columns-is-layout-flex\">\n<div class=\"wp-block-column is-layout-flow wp-block-column-is-layout-flow\">\n<div class=\"wp-block-columns is-layout-flex wp-container-core-columns-is-layout-9d6595d7 wp-block-columns-is-layout-flex\">\n<div class=\"wp-block-column is-layout-flow wp-block-column-is-layout-flow\">\n<div class=\"wp-block-columns is-layout-flex wp-container-core-columns-is-layout-9d6595d7 wp-block-columns-is-layout-flex\">\n<div class=\"wp-block-column is-layout-flow wp-block-column-is-layout-flow\" style=\"flex-basis:66.66%\">\n<h2 class=\"wp-block-heading\">Am Samstag, dem 07.05.2022 war es wieder soweit&#8230;<\/h2>\n\n\n\n<p>\u2026die Bambinifeuerwehren Mei\u00dfen und Weinb\u00f6hla konnten endlich wieder einen gemeinsamen Dienst durchf\u00fchren. (Dieser musste aufgrund der Coronasituation bereits zweimal verschoben werden.) Dazu trafen wir uns 9 Uhr im Ger\u00e4tehaus der Freiwilligen Feuerwehr Weinb\u00f6hla. Insgesamt 4 Stationen: eine F\u00fchrung durch die R\u00e4umlichkeiten der FFw Weinb\u00f6hla, Erste Hilfe, Notruf &amp; W-Fragen und Knotenkunde warteten auf uns. Wir teilten die Kinder in gemischte Gruppen auf und arbeiteten im Rotationsprinzip die Stationen ab. Zum Schluss hin durften sich die Kinder noch gemeinsam mit der Teambuildingspiel Box &#8222;Eins&#8220; ausprobieren. Das Ziel war es, Walzen von einer Seite auf die andere Seite zu stapeln ohne anzufassen. Gefragt waren Teamgeist, Konzentration und Ideenreichtum. Die Kinder lernen dabei aktiv zuzuh\u00f6ren, zu kommunizieren, miteinander zu kooperieren und Verantwortung zu \u00fcbernehmen. Letztendlich haben es die Kinder, wenn auch mit etwas Schummelei geschafft. Als Belohnung gab es zum Schluss Nudeln mit Tomatenso\u00dfe, Wurst und K\u00e4se f\u00fcr alle.<br>Wir hoffen, dass wir nun jedes Jahr einen gemeinsamen Dienst durchf\u00fchren k\u00f6nnen und freuen uns schon auf das n\u00e4chste Mal. Es war ein toller Dienst.<\/p>\n<\/div>\n\n\n\n<div class=\"wp-block-column is-layout-flow wp-block-column-is-layout-flow\" style=\"flex-basis:33.33%\">\n<div class=\"wp-block-jetpack-slideshow aligncenter\" data-autoplay=\"true\" data-delay=\"3\" data-effect=\"slide\"><div class=\"wp-block-jetpack-slideshow_container swiper-container\"><ul class=\"wp-block-jetpack-slideshow_swiper-wrapper swiper-wrapper\"><li class=\"wp-block-jetpack-slideshow_slide swiper-slide\"><figure><img loading=\"lazy\" decoding=\"async\" width=\"1024\" height=\"802\" alt=\"\" class=\"wp-block-jetpack-slideshow_image wp-image-4618\" data-id=\"4618\" src=\"https:\/\/feuerwehr-weinboehla.de\/wp-content\/uploads\/2022\/05\/IMG-20220507-WA0016-1024x802.jpg\" srcset=\"https:\/\/feuerwehr-weinboehla.de\/wp-content\/uploads\/2022\/05\/IMG-20220507-WA0016-1024x802.jpg 1024w, https:\/\/feuerwehr-weinboehla.de\/wp-content\/uploads\/2022\/05\/IMG-20220507-WA0016-300x235.jpg 300w, https:\/\/feuerwehr-weinboehla.de\/wp-content\/uploads\/2022\/05\/IMG-20220507-WA0016-768x601.jpg 768w, https:\/\/feuerwehr-weinboehla.de\/wp-content\/uploads\/2022\/05\/IMG-20220507-WA0016.jpg 1414w\" sizes=\"auto, (max-width: 767px) 89vw, (max-width: 1000px) 54vw, (max-width: 1071px) 543px, 580px\" \/><\/figure><\/li><li class=\"wp-block-jetpack-slideshow_slide swiper-slide\"><figure><img loading=\"lazy\" decoding=\"async\" width=\"768\" height=\"1024\" alt=\"\" class=\"wp-block-jetpack-slideshow_image wp-image-4619\" data-id=\"4619\" src=\"https:\/\/feuerwehr-weinboehla.de\/wp-content\/uploads\/2022\/05\/IMG-20220507-WA0017-768x1024.jpg\" srcset=\"https:\/\/feuerwehr-weinboehla.de\/wp-content\/uploads\/2022\/05\/IMG-20220507-WA0017-768x1023.jpg 768w, https:\/\/feuerwehr-weinboehla.de\/wp-content\/uploads\/2022\/05\/IMG-20220507-WA0017-225x300.jpg 225w, https:\/\/feuerwehr-weinboehla.de\/wp-content\/uploads\/2022\/05\/IMG-20220507-WA0017-1153x1536.jpg 1153w, https:\/\/feuerwehr-weinboehla.de\/wp-content\/uploads\/2022\/05\/IMG-20220507-WA0017.jpg 1200w\" sizes=\"auto, (max-width: 767px) 89vw, (max-width: 1000px) 54vw, (max-width: 1071px) 543px, 580px\" \/><\/figure><\/li><li class=\"wp-block-jetpack-slideshow_slide swiper-slide\"><figure><img loading=\"lazy\" decoding=\"async\" width=\"768\" height=\"1024\" alt=\"\" class=\"wp-block-jetpack-slideshow_image wp-image-4620\" data-id=\"4620\" src=\"https:\/\/feuerwehr-weinboehla.de\/wp-content\/uploads\/2022\/05\/IMG-20220507-WA0014-768x1024.jpg\" srcset=\"https:\/\/feuerwehr-weinboehla.de\/wp-content\/uploads\/2022\/05\/IMG-20220507-WA0014-768x1023.jpg 768w, https:\/\/feuerwehr-weinboehla.de\/wp-content\/uploads\/2022\/05\/IMG-20220507-WA0014-225x300.jpg 225w, https:\/\/feuerwehr-weinboehla.de\/wp-content\/uploads\/2022\/05\/IMG-20220507-WA0014-1153x1536.jpg 1153w, https:\/\/feuerwehr-weinboehla.de\/wp-content\/uploads\/2022\/05\/IMG-20220507-WA0014.jpg 1200w\" sizes=\"auto, (max-width: 767px) 89vw, (max-width: 1000px) 54vw, (max-width: 1071px) 543px, 580px\" \/><\/figure><\/li><li class=\"wp-block-jetpack-slideshow_slide swiper-slide\"><figure><img loading=\"lazy\" decoding=\"async\" width=\"1024\" height=\"768\" alt=\"\" class=\"wp-block-jetpack-slideshow_image wp-image-4617\" data-id=\"4617\" src=\"https:\/\/feuerwehr-weinboehla.de\/wp-content\/uploads\/2022\/05\/IMG-20220507-WA0015-1024x768.jpg\" srcset=\"https:\/\/feuerwehr-weinboehla.de\/wp-content\/uploads\/2022\/05\/IMG-20220507-WA0015-1024x768.jpg 1024w, https:\/\/feuerwehr-weinboehla.de\/wp-content\/uploads\/2022\/05\/IMG-20220507-WA0015-300x225.jpg 300w, https:\/\/feuerwehr-weinboehla.de\/wp-content\/uploads\/2022\/05\/IMG-20220507-WA0015-768x576.jpg 768w, https:\/\/feuerwehr-weinboehla.de\/wp-content\/uploads\/2022\/05\/IMG-20220507-WA0015-1536x1152.jpg 1536w, https:\/\/feuerwehr-weinboehla.de\/wp-content\/uploads\/2022\/05\/IMG-20220507-WA0015.jpg 1600w\" sizes=\"auto, (max-width: 767px) 89vw, (max-width: 1000px) 54vw, (max-width: 1071px) 543px, 580px\" \/><\/figure><\/li><\/ul><a class=\"wp-block-jetpack-slideshow_button-prev swiper-button-prev swiper-button-white\" role=\"button\"><\/a><a class=\"wp-block-jetpack-slideshow_button-next swiper-button-next swiper-button-white\" role=\"button\"><\/a><a aria-label=\"Pause Slideshow\" class=\"wp-block-jetpack-slideshow_button-pause\" role=\"button\"><\/a><div class=\"wp-block-jetpack-slideshow_pagination swiper-pagination swiper-pagination-white\"><\/div><\/div><\/div>\n<\/div>\n<\/div>\n<\/div>\n<\/div>\n<\/div>\n<\/div>\n<\/div>\n<\/div>\n\n\n\n<div class=\"wp-block-columns is-layout-flex wp-container-core-columns-is-layout-9d6595d7 wp-block-columns-is-layout-flex\">\n<div class=\"wp-block-column is-layout-flow wp-block-column-is-layout-flow\" style=\"flex-basis:33.33%\">\n<div class=\"wp-block-jetpack-slideshow aligncenter\" data-autoplay=\"true\" data-delay=\"5\" data-effect=\"slide\"><div class=\"wp-block-jetpack-slideshow_container swiper-container\"><ul class=\"wp-block-jetpack-slideshow_swiper-wrapper swiper-wrapper\"><li class=\"wp-block-jetpack-slideshow_slide swiper-slide\"><figure><img loading=\"lazy\" decoding=\"async\" width=\"828\" height=\"620\" alt=\"\" class=\"wp-block-jetpack-slideshow_image wp-image-4600\" data-id=\"4600\" src=\"https:\/\/feuerwehr-weinboehla.de\/wp-content\/uploads\/2022\/05\/279771170_2066514486860426_1738299549721194677_n-1.jpg\" srcset=\"https:\/\/feuerwehr-weinboehla.de\/wp-content\/uploads\/2022\/05\/279771170_2066514486860426_1738299549721194677_n-1.jpg 828w, https:\/\/feuerwehr-weinboehla.de\/wp-content\/uploads\/2022\/05\/279771170_2066514486860426_1738299549721194677_n-1-300x225.jpg 300w, https:\/\/feuerwehr-weinboehla.de\/wp-content\/uploads\/2022\/05\/279771170_2066514486860426_1738299549721194677_n-1-768x575.jpg 768w\" sizes=\"auto, (max-width: 767px) 89vw, (max-width: 1000px) 54vw, (max-width: 1071px) 543px, 580px\" \/><\/figure><\/li><li class=\"wp-block-jetpack-slideshow_slide swiper-slide\"><figure><img loading=\"lazy\" decoding=\"async\" width=\"1024\" height=\"768\" alt=\"\" class=\"wp-block-jetpack-slideshow_image wp-image-4601\" data-id=\"4601\" src=\"https:\/\/feuerwehr-weinboehla.de\/wp-content\/uploads\/2022\/05\/280107364_2066514653527076_1116184354599188291_n-1024x768.jpg\" srcset=\"https:\/\/feuerwehr-weinboehla.de\/wp-content\/uploads\/2022\/05\/280107364_2066514653527076_1116184354599188291_n-1024x768.jpg 1024w, https:\/\/feuerwehr-weinboehla.de\/wp-content\/uploads\/2022\/05\/280107364_2066514653527076_1116184354599188291_n-300x225.jpg 300w, https:\/\/feuerwehr-weinboehla.de\/wp-content\/uploads\/2022\/05\/280107364_2066514653527076_1116184354599188291_n-768x576.jpg 768w, https:\/\/feuerwehr-weinboehla.de\/wp-content\/uploads\/2022\/05\/280107364_2066514653527076_1116184354599188291_n-1536x1152.jpg 1536w, https:\/\/feuerwehr-weinboehla.de\/wp-content\/uploads\/2022\/05\/280107364_2066514653527076_1116184354599188291_n.jpg 2048w\" sizes=\"auto, (max-width: 767px) 89vw, (max-width: 1000px) 54vw, (max-width: 1071px) 543px, 580px\" \/><\/figure><\/li><li class=\"wp-block-jetpack-slideshow_slide swiper-slide\"><figure><img loading=\"lazy\" decoding=\"async\" width=\"1024\" height=\"768\" alt=\"\" class=\"wp-block-jetpack-slideshow_image wp-image-4602\" data-id=\"4602\" src=\"https:\/\/feuerwehr-weinboehla.de\/wp-content\/uploads\/2022\/05\/280132487_2066514676860407_969706506385179255_n-1024x768.jpg\" srcset=\"https:\/\/feuerwehr-weinboehla.de\/wp-content\/uploads\/2022\/05\/280132487_2066514676860407_969706506385179255_n-1024x768.jpg 1024w, https:\/\/feuerwehr-weinboehla.de\/wp-content\/uploads\/2022\/05\/280132487_2066514676860407_969706506385179255_n-300x225.jpg 300w, https:\/\/feuerwehr-weinboehla.de\/wp-content\/uploads\/2022\/05\/280132487_2066514676860407_969706506385179255_n-768x576.jpg 768w, https:\/\/feuerwehr-weinboehla.de\/wp-content\/uploads\/2022\/05\/280132487_2066514676860407_969706506385179255_n-1536x1152.jpg 1536w, https:\/\/feuerwehr-weinboehla.de\/wp-content\/uploads\/2022\/05\/280132487_2066514676860407_969706506385179255_n.jpg 2048w\" sizes=\"auto, (max-width: 767px) 89vw, (max-width: 1000px) 54vw, (max-width: 1071px) 543px, 580px\" \/><\/figure><\/li><\/ul><a class=\"wp-block-jetpack-slideshow_button-prev swiper-button-prev swiper-button-white\" role=\"button\"><\/a><a class=\"wp-block-jetpack-slideshow_button-next swiper-button-next swiper-button-white\" role=\"button\"><\/a><a aria-label=\"Pause Slideshow\" class=\"wp-block-jetpack-slideshow_button-pause\" role=\"button\"><\/a><div class=\"wp-block-jetpack-slideshow_pagination swiper-pagination swiper-pagination-white\"><\/div><\/div><\/div>\n<\/div>\n\n\n\n<div class=\"wp-block-column is-layout-flow wp-block-column-is-layout-flow\" style=\"flex-basis:66.66%\">\n<h2 class=\"wp-block-heading\">schwerer Verkehrsunfall<\/h2>\n\n\n\n<p>15:41 Uhr wurden wir zu einem Verkehrsunfall mit eingeklemmter Person alarmiert. Die Lage best\u00e4tigte sich vor Ort. Vermutlich kam die Fahrerin von der befestigten Fahrbahn ab, verzog das Lenkrad und dann ging es in den tiefen Stra\u00dfengraben. Gl\u00fccklicher Weise blieb das Fahrzeug auf allen Vieren ohne sich zu \u00dcberschlagen.Die Fahrerin war ansprechbar und im Fahrzeug eingeklemmt. Nach Absprache mit dem Rettungsdienst und der Not\u00e4rztin haben wir uns f\u00fcr eine schonende Rettung entschieden. Das hei\u00dft wir m\u00fcssen nicht auf \u201eBiegen und Brechen\u201c die Person aus dem Fahrzeug befreien. Die Entscheidung vom Abschnittsleiter war eine gro\u00dfe Seiten\u00f6ffnung des Fahrzeugs um an die F\u00fc\u00dfe zu gelangen. Im Anschluss wurde das Dach abgenommen und die Patientin in ein sogenanntes KED-System eingepackt. KED oder HED ist ein Stabiliesierungssystem im Rettungsdienst um die Wirbels\u00e4ule zu sch\u00fctzen. Dort dran verlastet ein Hacken um den Patient nach oben herauszuziehen. Diese seltene Ma\u00dfnahme wurde heute mittels des Hubsteigers angewandt. Diese Ma\u00dfnahme ist f\u00fcr den Rettungsdienst und der Feuerwehr eher selten. Diesbez\u00fcglich auch f\u00fcr alle mal wieder eine gute M\u00f6glichkeit um erlerntes Wissen wieder zu festigen.Die Person wurde in den Rettungswagen zur weiteren Behandlung verbracht. Im Anschluss ging es nach Dresden ins Krankenhaus. Wir habe die Unfallstelle noch gereinigt und dann an die Polizei \u00fcbergeben. Ein seltenes Einsatzszenario wo alle Bereiche (Polizei, Rettungsdienst und Feuerwehr) sehr gut miteinander harmoniert haben um der Patientin bestm\u00f6glich zu helfen. In diesen Sinn w\u00fcnschen wir der jungen Fahrerin schnelle Genesung.<\/p>\n<\/div>\n<\/div>\n\n\n\n<div class=\"wp-block-columns is-layout-flex wp-container-core-columns-is-layout-9d6595d7 wp-block-columns-is-layout-flex\">\n<div class=\"wp-block-column is-layout-flow wp-block-column-is-layout-flow\" style=\"flex-basis:66.66%\">\n<h2 class=\"wp-block-heading\">Maibaumstellen 2022<\/h2>\n\n\n\n<p>Am 30.04.22 um 18.30Uhr war es nach Zwei Jahren endlich wieder soweit. Die Sirene zum Maibaum stellen ert\u00f6nte. Begleitet vom Spielmannszug lief die Jugendfeuerwehr mit dem Mini-Maibaum und die Aktive Abteilung mit dem gro\u00dfen Maibaum von der Feuerwehr aus Richtung Rathausplatz, wo breits viele Menschen auf den 20. Maibaum warteten. Am Rathausplatz angekommen, wurden noch die Fahnen und der Kranz angebarcht. Das stellen des Baumes wurde von einem Kameraden und von &#8222;Andr\u00e9 und die Morgenm\u00e4dels&#8220; kommentiert. Nachdem der Baum stand wurde noch von Zwei Kameradinnen die Ranke herum gewickelt und die Wappen wurden an den Baum geschraubt.<\/p>\n\n\n\n<p>Nachdem das geschafft war, wurde der Mini-Maibaum der Bambini- und Jugendfeuerwehr, f\u00fcr 990\u20ac versteigert. Dieses Geld kommt der Bambin- und Jugendarbeit zu gute.<\/p>\n\n\n\n<p>Im Anschluss hatten alle bei Musik, Essen und Trinken noch einen sch\u00f6nen Abend.<\/p>\n\n\n\n<p>Am n\u00e4chsten Morgen haben sich die Kameraden wieder 10 Uhr in der Wache getroffen um den Rathausplatz wieder aufzur\u00e4umen.<\/p>\n<\/div>\n\n\n\n<div class=\"wp-block-column is-vertically-aligned-center is-layout-flow wp-block-column-is-layout-flow\" style=\"flex-basis:33.33%\">\n<figure class=\"wp-block-image size-large\"><img loading=\"lazy\" decoding=\"async\" width=\"1024\" height=\"683\" src=\"https:\/\/feuerwehr-weinboehla.de\/wp-content\/uploads\/2022\/05\/DSC_1561-1024x683.jpg\" alt=\"\" class=\"wp-image-4586\" srcset=\"https:\/\/feuerwehr-weinboehla.de\/wp-content\/uploads\/2022\/05\/DSC_1561-1024x683.jpg 1024w, https:\/\/feuerwehr-weinboehla.de\/wp-content\/uploads\/2022\/05\/DSC_1561-300x200.jpg 300w, https:\/\/feuerwehr-weinboehla.de\/wp-content\/uploads\/2022\/05\/DSC_1561-768x512.jpg 768w, https:\/\/feuerwehr-weinboehla.de\/wp-content\/uploads\/2022\/05\/DSC_1561-1536x1024.jpg 1536w, https:\/\/feuerwehr-weinboehla.de\/wp-content\/uploads\/2022\/05\/DSC_1561-2048x1365.jpg 2048w, https:\/\/feuerwehr-weinboehla.de\/wp-content\/uploads\/2022\/05\/DSC_1561-306x205.jpg 306w\" sizes=\"auto, (max-width: 767px) 89vw, (max-width: 1000px) 54vw, (max-width: 1071px) 543px, 580px\" \/><\/figure>\n<\/div>\n<\/div>\n\n\n\n<div class=\"wp-block-columns is-layout-flex wp-container-core-columns-is-layout-9d6595d7 wp-block-columns-is-layout-flex\">\n<div class=\"wp-block-column is-layout-flow wp-block-column-is-layout-flow\" style=\"flex-basis:33.33%\">\n<figure class=\"wp-block-image size-large\"><img loading=\"lazy\" decoding=\"async\" width=\"768\" height=\"1024\" src=\"https:\/\/feuerwehr-weinboehla.de\/wp-content\/uploads\/2022\/04\/IMG-20220426-WA0040-768x1024.jpg\" alt=\"\" class=\"wp-image-4554\" srcset=\"https:\/\/feuerwehr-weinboehla.de\/wp-content\/uploads\/2022\/04\/IMG-20220426-WA0040-768x1024.jpg 768w, https:\/\/feuerwehr-weinboehla.de\/wp-content\/uploads\/2022\/04\/IMG-20220426-WA0040-225x300.jpg 225w, https:\/\/feuerwehr-weinboehla.de\/wp-content\/uploads\/2022\/04\/IMG-20220426-WA0040-1152x1536.jpg 1152w, https:\/\/feuerwehr-weinboehla.de\/wp-content\/uploads\/2022\/04\/IMG-20220426-WA0040.jpg 1536w\" sizes=\"auto, (max-width: 767px) 89vw, (max-width: 1000px) 54vw, (max-width: 1071px) 543px, 580px\" \/><\/figure>\n<\/div>\n\n\n\n<div class=\"wp-block-column is-layout-flow wp-block-column-is-layout-flow\" style=\"flex-basis:66.66%\">\n<h2 class=\"wp-block-heading\">Eine unerfreuliche Nachricht wurde uns heute von der Feuerwehr Coswig \u00fcberbracht.<\/h2>\n\n\n\n<p>Der ehemalige Coswiger Wehrleiter, Andreas Schorbogen, ist heute tot aufgefunden wurden. Letzte Woche war eine Abordnung in Coswig um bei seiner Verabschiedung aus seinem Amt als Wehrleiter dabei zu sein.<\/p>\n\n\n\n<p>Viele Eins\u00e4tze und auch private Stunden haben wir mit Andreas geniessen k\u00f6nnen. Ein tragischer Abschied in der Nachbarwehr.<\/p>\n\n\n\n<p>Wir w\u00fcnschen der Familie und auch den Kameraden der Freiwillige Feuerwehr Coswig f\u00fcr die kommenden Zeit viel Kraft und unser Aufrichtiges Beileid.<\/p>\n\n\n\n<p>Aus diesen Grund haben wir unsere Fahrzeuge mit Trauerflor ausgestattet.<\/p>\n\n\n\n<p>~Mai\/2022~<\/p>\n<\/div>\n<\/div>\n\n\n\n<div class=\"wp-block-columns is-layout-flex wp-container-core-columns-is-layout-9d6595d7 wp-block-columns-is-layout-flex\">\n<div class=\"wp-block-column is-layout-flow wp-block-column-is-layout-flow\" style=\"flex-basis:66.66%\">\n<h2 class=\"has-text-align-center wp-block-heading\">Einsatz\u00fcbung in der Porzelanmanufaktur Mei\u00dfen<\/h2>\n\n\n\n<p>Am Samstag, den 23.April um 8:46 Uhr wurden die Feuerwehren Mei\u00dfen, Niederau, Weinb\u00f6hla und die Betriebsfeuerwehr der staatlichen Porzellanmanufaktur mit der Meldung \u201eBrand Dachgeschoss \u2013 mehrere Personen eingeschlossen\u201c alarmiert.<\/p>\n\n\n\n<p>Dabei handelte es sich um eine Gro\u00df\u00fcbung auf dem Gel\u00e4nde der Manufaktur. Insgesamt waren 21 Personen im Dachgeschoss der Abteilung Staffagemaler durch Rauch eingeschlossen. Ziel der \u00dcbung war das Zusammenspiel der Kr\u00e4fte zu \u00fcben, die Personen \u00fcber Hubrettungsger\u00e4te der Feuerwehren zu retten und den fiktiven Brand zu l\u00f6schen.<\/p>\n\n\n\n<p>Die Kameraden der Betriebsfeuerwehr waren zuerst vor Ort und erkundeten bereits die Lage. Gemeindewehrleiter Frank Fischer \u00fcbernahm die Einsatzleitung. Die Kr\u00e4fte der Feuerwehren wurden in zwei Einsatzabschnitte gegliedert, um parallel an der Vorderseite im Schmuckhof der Porzellanmanufaktur und auf der R\u00fcckseite die Personenrettung durchzuf\u00fchren. Zuvor waren bereits einzelne Trupps unter schwerem Atemschutz ins Geb\u00e4ude vorgegangen und haben die Personen in Zimmern zusammengef\u00fchrt. Dort erfolgte dann die Betreuung bis die Rettung \u00fcber die Mei\u00dfner Drehleiter und den Hubsteiger der Feuerwehr Weinb\u00f6hla erfolgte.<\/p>\n\n\n\n<p>F\u00fcr die Betreuung der geretteten Personen, und der fiktiven \u00dcbergabe an den Rettungsdienst, wurden im Schmuckhof eine Verletztensammelstelle eingerichtet. Nach ca. 1 Stunde waren alle Personen aus dem Geb\u00e4ude gerettet, sodass sich die Einsatzkr\u00e4fte auf die Brandbek\u00e4mpfung konzentrieren konnten. Gegen 10:10 Uhr wurde die Einsatz\u00fcbung beendet. Insgesamt waren 45 Kameradinnen und Kameraden im Einsatz. Nach einer Auswertung vor Ort und einer St\u00e4rkung konnten alle Einsatzkr\u00e4fte zur\u00fcck zu ihren Familien.<\/p>\n\n\n\n<p>Die Feuerwehr Mei\u00dfen bedankt sich bei der Gesch\u00e4ftsleitung der Porzellanmanufaktur Mei\u00dfen f\u00fcr die M\u00f6glichkeit der \u00dcbung. Gemeinsame \u00dcbungen und eine reibungslose Zusammenarbeit aller Kr\u00e4fte ist wichtig. Ebenso unterst\u00fctzen uns die Kameraden der Betriebsfeuerwehr in der Tageseinsatzbereitschaft der Stadt Mei\u00dfen.<\/p>\n<\/div>\n\n\n\n<div class=\"wp-block-column is-layout-flow wp-block-column-is-layout-flow\" style=\"flex-basis:33.33%\">\n<figure class=\"wp-block-image size-large\"><img loading=\"lazy\" decoding=\"async\" width=\"1024\" height=\"1024\" src=\"https:\/\/feuerwehr-weinboehla.de\/wp-content\/uploads\/2022\/04\/IMG-20220425-WA0001-1024x1024.jpg\" alt=\"\" class=\"wp-image-4552\" srcset=\"https:\/\/feuerwehr-weinboehla.de\/wp-content\/uploads\/2022\/04\/IMG-20220425-WA0001-1024x1024.jpg 1024w, https:\/\/feuerwehr-weinboehla.de\/wp-content\/uploads\/2022\/04\/IMG-20220425-WA0001-300x300.jpg 300w, https:\/\/feuerwehr-weinboehla.de\/wp-content\/uploads\/2022\/04\/IMG-20220425-WA0001-150x150.jpg 150w, https:\/\/feuerwehr-weinboehla.de\/wp-content\/uploads\/2022\/04\/IMG-20220425-WA0001-768x768.jpg 768w, https:\/\/feuerwehr-weinboehla.de\/wp-content\/uploads\/2022\/04\/IMG-20220425-WA0001-1536x1536.jpg 1536w, https:\/\/feuerwehr-weinboehla.de\/wp-content\/uploads\/2022\/04\/IMG-20220425-WA0001.jpg 1599w\" sizes=\"auto, (max-width: 767px) 89vw, (max-width: 1000px) 54vw, (max-width: 1071px) 543px, 580px\" \/><\/figure>\n\n\n\n<p><\/p>\n<\/div>\n<\/div>\n\n\n\n<div class=\"wp-block-columns is-layout-flex wp-container-core-columns-is-layout-9d6595d7 wp-block-columns-is-layout-flex\">\n<div class=\"wp-block-column is-layout-flow wp-block-column-is-layout-flow\" style=\"flex-basis:33.33%\">\n<div class=\"wp-block-jetpack-slideshow aligncenter\" data-autoplay=\"true\" data-delay=\"5\" data-effect=\"slide\"><div class=\"wp-block-jetpack-slideshow_container swiper-container\"><ul class=\"wp-block-jetpack-slideshow_swiper-wrapper swiper-wrapper\"><li class=\"wp-block-jetpack-slideshow_slide swiper-slide\"><figure><img loading=\"lazy\" decoding=\"async\" width=\"768\" height=\"1024\" alt=\"\" class=\"wp-block-jetpack-slideshow_image wp-image-4516\" data-id=\"4516\" src=\"https:\/\/feuerwehr-weinboehla.de\/wp-content\/uploads\/2022\/04\/IMG-20220406-WA0023-768x1024.jpg\" srcset=\"https:\/\/feuerwehr-weinboehla.de\/wp-content\/uploads\/2022\/04\/IMG-20220406-WA0023-768x1024.jpg 768w, https:\/\/feuerwehr-weinboehla.de\/wp-content\/uploads\/2022\/04\/IMG-20220406-WA0023-225x300.jpg 225w, https:\/\/feuerwehr-weinboehla.de\/wp-content\/uploads\/2022\/04\/IMG-20220406-WA0023.jpg 828w\" sizes=\"auto, (max-width: 767px) 89vw, (max-width: 1000px) 54vw, (max-width: 1071px) 543px, 580px\" \/><\/figure><\/li><li class=\"wp-block-jetpack-slideshow_slide swiper-slide\"><figure><img loading=\"lazy\" decoding=\"async\" width=\"1024\" height=\"474\" alt=\"\" class=\"wp-block-jetpack-slideshow_image wp-image-4521\" data-id=\"4521\" src=\"https:\/\/feuerwehr-weinboehla.de\/wp-content\/uploads\/2022\/04\/IMG-20220406-WA0011-1024x474.jpg\" srcset=\"https:\/\/feuerwehr-weinboehla.de\/wp-content\/uploads\/2022\/04\/IMG-20220406-WA0011-1024x474.jpg 1024w, https:\/\/feuerwehr-weinboehla.de\/wp-content\/uploads\/2022\/04\/IMG-20220406-WA0011-300x139.jpg 300w, https:\/\/feuerwehr-weinboehla.de\/wp-content\/uploads\/2022\/04\/IMG-20220406-WA0011-768x355.jpg 768w, https:\/\/feuerwehr-weinboehla.de\/wp-content\/uploads\/2022\/04\/IMG-20220406-WA0011-1536x710.jpg 1536w, https:\/\/feuerwehr-weinboehla.de\/wp-content\/uploads\/2022\/04\/IMG-20220406-WA0011.jpg 2048w\" sizes=\"auto, (max-width: 767px) 89vw, (max-width: 1000px) 54vw, (max-width: 1071px) 543px, 580px\" \/><\/figure><\/li><li class=\"wp-block-jetpack-slideshow_slide swiper-slide\"><figure><img loading=\"lazy\" decoding=\"async\" width=\"1024\" height=\"472\" alt=\"\" class=\"wp-block-jetpack-slideshow_image wp-image-4523\" data-id=\"4523\" src=\"https:\/\/feuerwehr-weinboehla.de\/wp-content\/uploads\/2022\/04\/IMG-20220406-WA0014-1024x472.jpg\" srcset=\"https:\/\/feuerwehr-weinboehla.de\/wp-content\/uploads\/2022\/04\/IMG-20220406-WA0014-1024x472.jpg 1024w, https:\/\/feuerwehr-weinboehla.de\/wp-content\/uploads\/2022\/04\/IMG-20220406-WA0014-300x138.jpg 300w, https:\/\/feuerwehr-weinboehla.de\/wp-content\/uploads\/2022\/04\/IMG-20220406-WA0014-768x354.jpg 768w, https:\/\/feuerwehr-weinboehla.de\/wp-content\/uploads\/2022\/04\/IMG-20220406-WA0014-1536x707.jpg 1536w, https:\/\/feuerwehr-weinboehla.de\/wp-content\/uploads\/2022\/04\/IMG-20220406-WA0014.jpg 1824w\" sizes=\"auto, (max-width: 767px) 89vw, (max-width: 1000px) 54vw, (max-width: 1071px) 543px, 580px\" \/><\/figure><\/li><li class=\"wp-block-jetpack-slideshow_slide swiper-slide\"><figure><img loading=\"lazy\" decoding=\"async\" width=\"1024\" height=\"472\" alt=\"\" class=\"wp-block-jetpack-slideshow_image wp-image-4517\" data-id=\"4517\" src=\"https:\/\/feuerwehr-weinboehla.de\/wp-content\/uploads\/2022\/04\/IMG-20220406-WA0004-1024x472.jpg\" srcset=\"https:\/\/feuerwehr-weinboehla.de\/wp-content\/uploads\/2022\/04\/IMG-20220406-WA0004-1024x472.jpg 1024w, https:\/\/feuerwehr-weinboehla.de\/wp-content\/uploads\/2022\/04\/IMG-20220406-WA0004-300x138.jpg 300w, https:\/\/feuerwehr-weinboehla.de\/wp-content\/uploads\/2022\/04\/IMG-20220406-WA0004-768x354.jpg 768w, https:\/\/feuerwehr-weinboehla.de\/wp-content\/uploads\/2022\/04\/IMG-20220406-WA0004-1536x707.jpg 1536w, https:\/\/feuerwehr-weinboehla.de\/wp-content\/uploads\/2022\/04\/IMG-20220406-WA0004.jpg 1824w\" sizes=\"auto, (max-width: 767px) 89vw, (max-width: 1000px) 54vw, (max-width: 1071px) 543px, 580px\" \/><\/figure><\/li><li class=\"wp-block-jetpack-slideshow_slide swiper-slide\"><figure><img loading=\"lazy\" decoding=\"async\" width=\"768\" height=\"1024\" alt=\"\" class=\"wp-block-jetpack-slideshow_image wp-image-4515\" data-id=\"4515\" src=\"https:\/\/feuerwehr-weinboehla.de\/wp-content\/uploads\/2022\/04\/IMG-20220406-WA0020-768x1024.jpg\" srcset=\"https:\/\/feuerwehr-weinboehla.de\/wp-content\/uploads\/2022\/04\/IMG-20220406-WA0020-768x1024.jpg 768w, https:\/\/feuerwehr-weinboehla.de\/wp-content\/uploads\/2022\/04\/IMG-20220406-WA0020-225x300.jpg 225w, https:\/\/feuerwehr-weinboehla.de\/wp-content\/uploads\/2022\/04\/IMG-20220406-WA0020-1152x1536.jpg 1152w, https:\/\/feuerwehr-weinboehla.de\/wp-content\/uploads\/2022\/04\/IMG-20220406-WA0020.jpg 1500w\" sizes=\"auto, (max-width: 767px) 89vw, (max-width: 1000px) 54vw, (max-width: 1071px) 543px, 580px\" \/><\/figure><\/li><\/ul><a class=\"wp-block-jetpack-slideshow_button-prev swiper-button-prev swiper-button-white\" role=\"button\"><\/a><a class=\"wp-block-jetpack-slideshow_button-next swiper-button-next swiper-button-white\" role=\"button\"><\/a><a aria-label=\"Pause Slideshow\" class=\"wp-block-jetpack-slideshow_button-pause\" role=\"button\"><\/a><div class=\"wp-block-jetpack-slideshow_pagination swiper-pagination swiper-pagination-white\"><\/div><\/div><\/div>\n<\/div>\n\n\n\n<div class=\"wp-block-column is-layout-flow wp-block-column-is-layout-flow\" style=\"flex-basis:66.66%\">\n<h2 class=\"has-text-align-center wp-block-heading\">Anfahrt auf Sicht am 06.04.2022<\/h2>\n\n\n\n<p>Anfahrt auf Sicht, hie\u00df es f\u00fcr die Kameraden am Mittwoch dem 6.4.22.<br>Um 15.39 Alarmierte die Leitstelle Dresden uns zum Brand b-mittel-u auf die<br>Maxstra\u00dfe \/ Alte G\u00e4rtnerei.<br>Beim Eintreffen stand ein Wohnmobil in Vollbrand, welches z\u00fcgig von zwei Trupps unter Atemschutz mit zwei Strahlrohren abgel\u00f6scht wurde. Zur Restabl\u00f6schung wurden die \u00dcberreste des Wohnmobils mit Schaum \u00fcberdeckt.<br>Der Eigent\u00fcmer hatte noch eigene L\u00f6schversuche vor Eintreffen der Feuerwehr unternommen, sich dabei jedoch verletzt. Er wurde dem Rettungsdienst \u00fcbergeben und in ein Krankenhaus gerbracht.<br>Wir w\u00fcnschen auf diesem Wege dem Eigent\u00fcmer eine schnelle Genesung und alles Gute.<br>Durch das Feuer wurde ein PKW leicht besch\u00e4digt, sowie die angrenzende Trafostation, wof\u00fcr der zust\u00e4ndige Energieversorger zur Kontrolle der Trafostation hinzugezogen wurde.<br>Nach ca. 2 Stunden konnte die Einsatzstelle der Polizei, sowie dem Eigent\u00fcmern \u00fcbergeben werden und die Kameraden konnten wieder das Ger\u00e4tehaus anfahren und die Einsatzbereitschaft herstellen.<\/p>\n\n\n\n<p>Mit im Einsatz Wahr die Feuerwehr Niederau sowie die Polizei.<\/p>\n<\/div>\n<\/div>\n\n\n\n<div class=\"wp-block-columns is-layout-flex wp-container-core-columns-is-layout-9d6595d7 wp-block-columns-is-layout-flex\">\n<div class=\"wp-block-column is-layout-flow wp-block-column-is-layout-flow\">\n<h2 class=\"has-text-align-center wp-block-heading\">Jahreshauptversammlung 2022<\/h2>\n\n\n\n<p class=\"has-text-align-center\"> Am Freitag, den 25.03., fand unsere J\u00e4hrliche Jahreshauptversammlung statt. Dabei waren unteranderem die Jahresabschlussberichte der Bambini- und Jugendfeuerwehr, sowie der Aktiven Abteilung zu h\u00f6ren, diese k\u00f6nnen Sie hier finden. Zu Gast waren dabei der B\u00fcrgermeister und ein Vertreter des Kreisfeuerwehrverbandes. Au\u00dferdem gab es wieder einige Bef\u00f6rderungen. Dabei wurden 2 Kameradinnen zur Feuerwehrfrau bef\u00f6rdert, 1 Kamerad zum Oberfeuerwehrmann, ein weiterer Kamerad wurde zum Hauptfeuerwehrmann und ein Kamerad wurde auch zum L\u00f6schmeister. Drei Kameraden wurden zum Gruppenf\u00fchrer bestellt und einer zum Zugf\u00fchrer. Au\u00dferdem wurde eine Kameradin f\u00fcr den 10-J\u00e4hrigen aktiven Dienst ausgezeichnet. <\/p>\n<\/div>\n<\/div>\n\n\n\n<div class=\"wp-block-columns is-layout-flex wp-container-core-columns-is-layout-9d6595d7 wp-block-columns-is-layout-flex\">\n<div class=\"wp-block-column is-layout-flow wp-block-column-is-layout-flow\">\n<h2 class=\"has-text-align-center wp-block-heading\">Erste Fortbildung 2022<\/h2>\n\n\n\n<p class=\"has-text-align-center\">Am 05.03.2022 haben sich die Atemschutzger\u00e4tetr\u00e4ger (ASGT) um 8 Uhr in der Feuerwehr getroffen um dort einen spezifischen Dienst durchzuf\u00fchren. Es gab nach 2 Jahren Pandemiebedingter Pause endlich wieder eine Fortbildung f\u00fcr unsere Atemschutzger\u00e4tetr\u00e4ger. Das richtige Vorgehen im Innenangriff ist wichtig zu trainieren. Da wir alle wieder gemeinsam von den Eins\u00e4tzen zur\u00fcckkommen wollen, m\u00fcssen gewisse Handlungsabl\u00e4ufe sitzen. Einige neue Atemschutzger\u00e4tetr\u00e4ger sind dazu gekommen aber auch die \u00e4lteren brauchten diese Auffrischung.<br>Zuerst sollten sich alle Kameraden zu einem Trupp zusammenfinden und sich anschlie\u00dfend mit allem ausr\u00fcsten, was sie als ASGT ben\u00f6tigen. Als n\u00e4chstes mussten die Trupps nacheinander durch einen \u201eParcour\u201c welcher in den Hallen des VRWs, GWAs und MTWs aufgebaut war. Hier wurde praktisch das \u00f6ffnen von T\u00fcren und bewegen in R\u00e4umen ge\u00fcbt.<br>Der zweite Abschnitt dieses Tages war mit sehr viel Theorie verbunden. Es wurden Einsatzgrunds\u00e4tze besprochen, Vorgehensweisen sowie das Erkennen von Gef\u00e4hrdungen anhand der Rauchfarbe. Au\u00dferdem wurde dar\u00fcber gesprochen wie die Ger\u00e4te \u00fcberpr\u00fcft werden und wie R\u00e4ume am effektivsten angesucht werden.<br>Gegen 13:30 Uhr wurde Dienst erfolgreich beenden.<\/p>\n<\/div>\n<\/div>\n\n\n\n<div class=\"wp-block-columns is-layout-flex wp-container-core-columns-is-layout-9d6595d7 wp-block-columns-is-layout-flex\">\n<div class=\"wp-block-column is-layout-flow wp-block-column-is-layout-flow\" style=\"flex-basis:33.33%\">\n<div class=\"wp-block-jetpack-slideshow aligncenter\" data-autoplay=\"true\" data-delay=\"5\" data-effect=\"slide\"><div class=\"wp-block-jetpack-slideshow_container swiper-container\"><ul class=\"wp-block-jetpack-slideshow_swiper-wrapper swiper-wrapper\"><li class=\"wp-block-jetpack-slideshow_slide swiper-slide\"><figure><img loading=\"lazy\" decoding=\"async\" width=\"683\" height=\"1024\" alt=\"\" class=\"wp-block-jetpack-slideshow_image wp-image-4465\" data-id=\"4465\" src=\"https:\/\/feuerwehr-weinboehla.de\/wp-content\/uploads\/2022\/03\/DSC_7345-683x1024.jpg\" srcset=\"https:\/\/feuerwehr-weinboehla.de\/wp-content\/uploads\/2022\/03\/DSC_7345-683x1024.jpg 683w, https:\/\/feuerwehr-weinboehla.de\/wp-content\/uploads\/2022\/03\/DSC_7345-200x300.jpg 200w, https:\/\/feuerwehr-weinboehla.de\/wp-content\/uploads\/2022\/03\/DSC_7345-768x1152.jpg 768w, https:\/\/feuerwehr-weinboehla.de\/wp-content\/uploads\/2022\/03\/DSC_7345-1024x1536.jpg 1024w, https:\/\/feuerwehr-weinboehla.de\/wp-content\/uploads\/2022\/03\/DSC_7345-1365x2048.jpg 1365w, https:\/\/feuerwehr-weinboehla.de\/wp-content\/uploads\/2022\/03\/DSC_7345-scaled.jpg 1707w\" sizes=\"auto, (max-width: 683px) 100vw, 683px\" \/><\/figure><\/li><li class=\"wp-block-jetpack-slideshow_slide swiper-slide\"><figure><img loading=\"lazy\" decoding=\"async\" width=\"1600\" height=\"1200\" alt=\"\" class=\"wp-block-jetpack-slideshow_image wp-image-4480\" data-id=\"4480\" src=\"https:\/\/feuerwehr-weinboehla.de\/wp-content\/uploads\/2022\/03\/WhatsApp-Image-2022-03-13-at-12.45.47.jpeg\" srcset=\"https:\/\/feuerwehr-weinboehla.de\/wp-content\/uploads\/2022\/03\/WhatsApp-Image-2022-03-13-at-12.45.47.jpeg 1600w, https:\/\/feuerwehr-weinboehla.de\/wp-content\/uploads\/2022\/03\/WhatsApp-Image-2022-03-13-at-12.45.47-300x225.jpeg 300w, https:\/\/feuerwehr-weinboehla.de\/wp-content\/uploads\/2022\/03\/WhatsApp-Image-2022-03-13-at-12.45.47-1024x768.jpeg 1024w, https:\/\/feuerwehr-weinboehla.de\/wp-content\/uploads\/2022\/03\/WhatsApp-Image-2022-03-13-at-12.45.47-768x576.jpeg 768w, https:\/\/feuerwehr-weinboehla.de\/wp-content\/uploads\/2022\/03\/WhatsApp-Image-2022-03-13-at-12.45.47-1536x1152.jpeg 1536w\" sizes=\"auto, (max-width: 767px) 89vw, (max-width: 1000px) 54vw, (max-width: 1071px) 543px, 580px\" \/><\/figure><\/li><\/ul><a class=\"wp-block-jetpack-slideshow_button-prev swiper-button-prev swiper-button-white\" role=\"button\"><\/a><a class=\"wp-block-jetpack-slideshow_button-next swiper-button-next swiper-button-white\" role=\"button\"><\/a><a aria-label=\"Pause Slideshow\" class=\"wp-block-jetpack-slideshow_button-pause\" role=\"button\"><\/a><div class=\"wp-block-jetpack-slideshow_pagination swiper-pagination swiper-pagination-white\"><\/div><\/div><\/div>\n<\/div>\n\n\n\n<div class=\"wp-block-column is-layout-flow wp-block-column-is-layout-flow\" style=\"flex-basis:66.66%\">\n<h2 class=\"has-text-align-center wp-block-heading\">Action am vergangenen Sonntag<\/h2>\n\n\n\n<p>Am vergangenen Sonntag, dem 6. M\u00e4rz ging es f\u00fcr die Jugend- und Bambinifeuerwehren des Landkreises Mei\u00dfen in die Kinos. Im Kino Mei\u00dfen, als auch im Kino Riesa durften die kleinen Feuerwehrer sich zwischen vier verschiedenen Filmen aus dem akutellen Spielplan einen aussuchen und gemeinsam diesen schauen. Zum Abschluss spendierte das Kino in Mei\u00dfen f\u00fcr alle noch ein Eis. Als wiedereinklang nach der Coronapause war dieser Ausflug eine sch\u00f6ne Idee.<\/p>\n<\/div>\n<\/div>\n\n\n\n<div class=\"wp-block-columns is-layout-flex wp-container-core-columns-is-layout-9d6595d7 wp-block-columns-is-layout-flex\">\n<div class=\"wp-block-column is-layout-flow wp-block-column-is-layout-flow\" style=\"flex-basis:66.66%\">\n<h2 class=\"has-text-align-center wp-block-heading\">Endlich geht es wieder f\u00fcr den Nachwuchs weiter<\/h2>\n\n\n\n<p>Seit dieser Woche (28.02.22-06.03.22) d\u00fcrfen sowohl die Bambinifeuerwehr als auch die Jugendfeuerwehr wieder Dienste durchf\u00fchren. Etwa ein viertel Jahr mussten die kleinsten Abteilungen aufgrund der Pandemie ihre Dienste einstellen. Umso erfreuter waren die Kinder, Jugendlichen und Ausbilder als sie erfuhren, dass sie ab M\u00e4rz wieder mit den Diensten beginnen k\u00f6nnten. Am Dienstag, den 01.03.22, hatten die Bambinis ihren ersten Dienst nach der langen Pause. Zu Beginn folgte wie jedes Jahr, zum ersten Dienst, die Belehrung. Im Anschluss daran wurden Gruppenspiele gespielt. Den Notruf abzusetzen und zu \u00fcben war ein weiterer wichtiger Bestandteil dieses Dienstes. Dabei kam es auf die Notrufnummer 112 an als auch auf die f\u00fcnf W-Fragen die da lauten Wer?, Wo?, Was?, Wieviel? und Warten?. Die Jugendfeuerwehr startete am 03.03.22 wieder mit ihren Diensten. Bei ihnen ging es Haupts\u00e4chlich um die Fahrzeugkunde, aber auch die dazugeh\u00f6rige Feuerwehrdienstvorschrift 3, welche sich mit dem L\u00f6schen von Br\u00e4nden besch\u00e4ftigt. Die Fahrzeugkunde wurde sowohl an unserm LF16 als auch an unserm TLF3000 durchgef\u00fchrt, dabei konnten die Kinder unter Beweis stellen was sie nach so langer Zeit noch konnten, aber auch neu Informationen gewinnen.<\/p>\n<\/div>\n\n\n\n<div class=\"wp-block-column is-layout-flow wp-block-column-is-layout-flow\" style=\"flex-basis:33.33%\">\n<figure class=\"wp-block-image size-large\"><img loading=\"lazy\" decoding=\"async\" width=\"1024\" height=\"683\" src=\"https:\/\/feuerwehr-weinboehla.de\/wp-content\/uploads\/2022\/03\/DSC_7164-1024x683.jpg\" alt=\"\" class=\"wp-image-4389\" srcset=\"https:\/\/feuerwehr-weinboehla.de\/wp-content\/uploads\/2022\/03\/DSC_7164-1024x683.jpg 1024w, https:\/\/feuerwehr-weinboehla.de\/wp-content\/uploads\/2022\/03\/DSC_7164-300x200.jpg 300w, https:\/\/feuerwehr-weinboehla.de\/wp-content\/uploads\/2022\/03\/DSC_7164-768x512.jpg 768w, https:\/\/feuerwehr-weinboehla.de\/wp-content\/uploads\/2022\/03\/DSC_7164-1536x1024.jpg 1536w, https:\/\/feuerwehr-weinboehla.de\/wp-content\/uploads\/2022\/03\/DSC_7164-2048x1365.jpg 2048w, https:\/\/feuerwehr-weinboehla.de\/wp-content\/uploads\/2022\/03\/DSC_7164-306x205.jpg 306w\" sizes=\"auto, (max-width: 767px) 89vw, (max-width: 1000px) 54vw, (max-width: 1071px) 543px, 580px\" \/><\/figure>\n<\/div>\n<\/div>\n\n\n\n<div class=\"wp-block-columns is-layout-flex wp-container-core-columns-is-layout-9d6595d7 wp-block-columns-is-layout-flex\">\n<div class=\"wp-block-column is-layout-flow wp-block-column-is-layout-flow\" style=\"flex-basis:33.33%\">\n<div class=\"wp-block-jetpack-slideshow aligncenter\" data-autoplay=\"true\" data-delay=\"5\" data-effect=\"fade\"><div class=\"wp-block-jetpack-slideshow_container swiper-container\"><ul class=\"wp-block-jetpack-slideshow_swiper-wrapper swiper-wrapper\"><li class=\"wp-block-jetpack-slideshow_slide swiper-slide\"><figure><img loading=\"lazy\" decoding=\"async\" width=\"1024\" height=\"683\" alt=\"\" class=\"wp-block-jetpack-slideshow_image wp-image-4374\" data-id=\"4374\" src=\"https:\/\/feuerwehr-weinboehla.de\/wp-content\/uploads\/2022\/03\/DSC_7084-1024x683.jpg\" srcset=\"https:\/\/feuerwehr-weinboehla.de\/wp-content\/uploads\/2022\/03\/DSC_7084-1024x683.jpg 1024w, https:\/\/feuerwehr-weinboehla.de\/wp-content\/uploads\/2022\/03\/DSC_7084-300x200.jpg 300w, https:\/\/feuerwehr-weinboehla.de\/wp-content\/uploads\/2022\/03\/DSC_7084-768x512.jpg 768w, https:\/\/feuerwehr-weinboehla.de\/wp-content\/uploads\/2022\/03\/DSC_7084-1536x1024.jpg 1536w, https:\/\/feuerwehr-weinboehla.de\/wp-content\/uploads\/2022\/03\/DSC_7084-2048x1365.jpg 2048w, https:\/\/feuerwehr-weinboehla.de\/wp-content\/uploads\/2022\/03\/DSC_7084-306x205.jpg 306w\" sizes=\"auto, (max-width: 767px) 89vw, (max-width: 1000px) 54vw, (max-width: 1071px) 543px, 580px\" \/><\/figure><\/li><li class=\"wp-block-jetpack-slideshow_slide swiper-slide\"><figure><img loading=\"lazy\" decoding=\"async\" width=\"1024\" height=\"683\" alt=\"\" class=\"wp-block-jetpack-slideshow_image wp-image-4373\" data-id=\"4373\" src=\"https:\/\/feuerwehr-weinboehla.de\/wp-content\/uploads\/2022\/03\/DSC_7101-1024x683.jpg\" srcset=\"https:\/\/feuerwehr-weinboehla.de\/wp-content\/uploads\/2022\/03\/DSC_7101-1024x683.jpg 1024w, https:\/\/feuerwehr-weinboehla.de\/wp-content\/uploads\/2022\/03\/DSC_7101-300x200.jpg 300w, https:\/\/feuerwehr-weinboehla.de\/wp-content\/uploads\/2022\/03\/DSC_7101-768x512.jpg 768w, https:\/\/feuerwehr-weinboehla.de\/wp-content\/uploads\/2022\/03\/DSC_7101-1536x1024.jpg 1536w, https:\/\/feuerwehr-weinboehla.de\/wp-content\/uploads\/2022\/03\/DSC_7101-2048x1365.jpg 2048w, https:\/\/feuerwehr-weinboehla.de\/wp-content\/uploads\/2022\/03\/DSC_7101-306x205.jpg 306w\" sizes=\"auto, (max-width: 767px) 89vw, (max-width: 1000px) 54vw, (max-width: 1071px) 543px, 580px\" \/><\/figure><\/li><li class=\"wp-block-jetpack-slideshow_slide swiper-slide\"><figure><img loading=\"lazy\" decoding=\"async\" width=\"1024\" height=\"683\" alt=\"\" class=\"wp-block-jetpack-slideshow_image wp-image-4371\" data-id=\"4371\" src=\"https:\/\/feuerwehr-weinboehla.de\/wp-content\/uploads\/2022\/03\/DSC_7117-1024x683.jpg\" srcset=\"https:\/\/feuerwehr-weinboehla.de\/wp-content\/uploads\/2022\/03\/DSC_7117-1024x683.jpg 1024w, https:\/\/feuerwehr-weinboehla.de\/wp-content\/uploads\/2022\/03\/DSC_7117-300x200.jpg 300w, https:\/\/feuerwehr-weinboehla.de\/wp-content\/uploads\/2022\/03\/DSC_7117-768x512.jpg 768w, https:\/\/feuerwehr-weinboehla.de\/wp-content\/uploads\/2022\/03\/DSC_7117-1536x1024.jpg 1536w, https:\/\/feuerwehr-weinboehla.de\/wp-content\/uploads\/2022\/03\/DSC_7117-2048x1365.jpg 2048w, https:\/\/feuerwehr-weinboehla.de\/wp-content\/uploads\/2022\/03\/DSC_7117-306x205.jpg 306w\" sizes=\"auto, (max-width: 767px) 89vw, (max-width: 1000px) 54vw, (max-width: 1071px) 543px, 580px\" \/><\/figure><\/li><\/ul><a class=\"wp-block-jetpack-slideshow_button-prev swiper-button-prev swiper-button-white\" role=\"button\"><\/a><a class=\"wp-block-jetpack-slideshow_button-next swiper-button-next swiper-button-white\" role=\"button\"><\/a><a aria-label=\"Pause Slideshow\" class=\"wp-block-jetpack-slideshow_button-pause\" role=\"button\"><\/a><div class=\"wp-block-jetpack-slideshow_pagination swiper-pagination swiper-pagination-white\"><\/div><\/div><\/div>\n<\/div>\n\n\n\n<div class=\"wp-block-column is-layout-flow wp-block-column-is-layout-flow\" style=\"flex-basis:66.66%\">\n<h2 class=\"has-text-align-center wp-block-heading\">Wir haben neue Technik<\/h2>\n\n\n\n<p>Nach \u00fcber 20 Jahren haben wir unsere alten Hebekissen durch neue ersetzt. Der neue Hebekissensatz besteht aus zwei Kissen, dem MaxiForce und MultiForce. Diese Kissen sind Hochdruckkissen welche mit einem Arbeitsdruck von 10 bar arbeiten. Das kleinere Kissen, MaxiForce, ist 50cm mal 50cm gro\u00df und wiegt 7,2 kg. Es kann bis zu 23,2 t heben und hat eine maximale Hubh\u00f6he von 27,5 cm. Der MultiForce ist 78cm mal 71cm gro\u00df und ist etwa 20kg schwerer als das MaxiForce. Dieses Kissen kann 28,1 t heben und auf eine H\u00f6he von 66cm aufgepumpt werden. Hebekissen werden benutz um Lasten zu bewegen, aber auch um diese anzuheben. Im Einsatz k\u00f6nnen wir so eingeklemmte Personen unter Lasten befreien.<\/p>\n<\/div>\n<\/div>\n\n\n\n<div class=\"wp-block-columns is-layout-flex wp-container-core-columns-is-layout-9d6595d7 wp-block-columns-is-layout-flex\">\n<div class=\"wp-block-column is-layout-flow wp-block-column-is-layout-flow\" style=\"flex-basis:66.66%\">\n<h2 class=\"has-text-align-center wp-block-heading\">Das Jahr neigt sich dem Ende zu<\/h2>\n\n\n\n<p>Sehr geehrte B\u00fcrger\/innen von Nah und Fern. Das Jahr 2021 endet in wenigen Stunden.<br>Das Jahr 2021 hat auch uns wieder vor gro\u00dfe Herausforderungen gestellt. Dies waren zum einen die Veranstaltungen, die nicht alle wie geplant durchgef\u00fchrt werden konnten, zum anderen die zahlreichen Eins\u00e4tze. Insgesamt wurden wir zu 90 Eins\u00e4tzen gerufen.<br>Ab April sind wir wieder in den regul\u00e4ren \u00dcbungs- und Ausbildungsdienst \u00fcbergegangen. Alles jedoch unter den allgemein bekannten Regeln und in kleinen Gruppen. Auch f\u00fcr unsere Nachwuchsabteilungen war es enorm wichtig, sich endlich wieder im Jugenddienst treffen zu k\u00f6nnen.<br>Ein gro\u00dfes Dankesch\u00f6n m\u00f6chten wir all unseren Aktiven und unseren Mitgliedern der Nachwuchsabteilungen aussprechen, die trotz aller Umst\u00e4nde weiterhin mit gro\u00dfem Engagement an den Eins\u00e4tzen und den angebotenen Diensten und \u00dcbungen teilgenommen haben.<br>Ein gro\u00dfer Dank geht aber auch an alle B\u00fcrger und der Gemeindeverwaltung Weinb\u00f6hla, die uns in diesem Jahr auf unterschiedliche Weise unterst\u00fctzt haben.<br>Danke auch an die Nachbarwehren und das gute Zusammenarbeiten und Wirken an den Einsatzstellen. Gemeinsam verfolgen wir schlie\u00dflich das selbe Ziel: Dem B\u00fcrger schnelle, unkomplizierte und fachm\u00e4nnische Hilfe zu bieten.<br>Der gr\u00f6\u00dfte Dank gilt aber unseren Angeh\u00f6rigen. Sie sind diejenigen, welche bei Eins\u00e4tzen und Ausbildungsdiensten auf ihre M\u00e4nner und Frauen verzichten m\u00fcssen. VIELEN DANK<br>Kommen Sie unfallfrei und gesund ins neue Jahr. F\u00fcr 2022 w\u00fcnschen wir Ihnen Erfolg, immer die richtige Entscheidung und vor allem Gesundheit.<br>Wir sind weiterhin 24 Stunden an 365 Tagen f\u00fcr Sie da.<br>Im Namen der Feuerwehr Weinb\u00f6hla<br>Die Wehrleitung<\/p>\n<\/div>\n\n\n\n<div class=\"wp-block-column is-layout-flow wp-block-column-is-layout-flow\" style=\"flex-basis:33.33%\">\n<figure class=\"wp-block-image size-large is-resized\"><img loading=\"lazy\" decoding=\"async\" src=\"https:\/\/feuerwehr-weinboehla.de\/wp-content\/uploads\/2021\/12\/WhatsApp-Image-2021-12-31-at-10.32.52-1024x768.jpeg\" alt=\"\" class=\"wp-image-4134\" width=\"369\" height=\"276\" srcset=\"https:\/\/feuerwehr-weinboehla.de\/wp-content\/uploads\/2021\/12\/WhatsApp-Image-2021-12-31-at-10.32.52-1024x768.jpeg 1024w, https:\/\/feuerwehr-weinboehla.de\/wp-content\/uploads\/2021\/12\/WhatsApp-Image-2021-12-31-at-10.32.52-300x225.jpeg 300w, https:\/\/feuerwehr-weinboehla.de\/wp-content\/uploads\/2021\/12\/WhatsApp-Image-2021-12-31-at-10.32.52-768x576.jpeg 768w, https:\/\/feuerwehr-weinboehla.de\/wp-content\/uploads\/2021\/12\/WhatsApp-Image-2021-12-31-at-10.32.52-1536x1152.jpeg 1536w, https:\/\/feuerwehr-weinboehla.de\/wp-content\/uploads\/2021\/12\/WhatsApp-Image-2021-12-31-at-10.32.52.jpeg 1600w\" sizes=\"auto, (max-width: 369px) 100vw, 369px\" \/><\/figure>\n<\/div>\n<\/div>\n\n\n\n<div class=\"wp-block-columns is-layout-flex wp-container-core-columns-is-layout-9d6595d7 wp-block-columns-is-layout-flex\">\n<div class=\"wp-block-column is-layout-flow wp-block-column-is-layout-flow\" style=\"flex-basis:33.33%\">\n<figure class=\"wp-block-embed is-type-video is-provider-youtube wp-block-embed-youtube wp-embed-aspect-16-9 wp-has-aspect-ratio\"><div class=\"wp-block-embed__wrapper\">\n<iframe loading=\"lazy\" hcb-fetch-image-from=\"https:\/\/youtu.be\/yUYR7yLsX78\" title=\"Posaunenchor Coswig- Weinb\u00f6hla spielt Weihnachtslieder \u00fcber den D\u00e4chern\" width=\"525\" height=\"295\" src=\"https:\/\/www.youtube.com\/embed\/yUYR7yLsX78?feature=oembed\" frameborder=\"0\" allow=\"accelerometer; autoplay; clipboard-write; encrypted-media; gyroscope; picture-in-picture; web-share\" referrerpolicy=\"strict-origin-when-cross-origin\" allowfullscreen><\/iframe>\n<\/div><\/figure>\n<\/div>\n\n\n\n<div class=\"wp-block-column is-layout-flow wp-block-column-is-layout-flow\" style=\"flex-basis:66.66%\">\n<h2 class=\"has-text-align-center wp-block-heading\">Posaunenchor Coswig- Weinb\u00f6hla spielt Weihnachtslieder \u00fcber den D\u00e4chern<\/h2>\n\n\n\n<p>Am Mittwoch dem 22.12.2021 begr\u00fc\u00dfte der Posaunenchor Coswig- Weinb\u00f6hla die Mitmenschen mit Weihnachtsliedern \u00fcber den D\u00e4chern von Weinb\u00f6hla. Mit der Drehleiter fuhren sie hoch hinaus und liesen die B\u00fcrger an ihren Musikst\u00fccken Teil haben.<\/p>\n<\/div>\n<\/div>\n\n\n\n<div class=\"wp-block-columns is-layout-flex wp-container-core-columns-is-layout-9d6595d7 wp-block-columns-is-layout-flex\">\n<div class=\"wp-block-column is-layout-flow wp-block-column-is-layout-flow\" style=\"flex-basis:66.66%\">\n<h2 class=\"wp-block-heading\">Fr\u00f6hliche Weihnachten!<\/h2>\n\n\n\n<p>Heute ist es soweit. Der 24. Dezember 2021 ist eingetroffen, die Tafeln sind gedeckt, die B\u00e4ume geschm\u00fcckt und der Weihnachtsmann ist unterwegs. Wir, die Feuerwehr Weinb\u00f6hla w\u00fcnschen Ihnen und Ihren Lieben fr\u00f6hliche und besinnliche Weihnachtsfeiertage und einen flei\u00dfigen Weihnachtsmann!<\/p>\n<\/div>\n\n\n\n<div class=\"wp-block-column is-layout-flow wp-block-column-is-layout-flow\" style=\"flex-basis:33.33%\">\n<figure class=\"wp-block-image size-large\"><img loading=\"lazy\" decoding=\"async\" width=\"1024\" height=\"576\" src=\"https:\/\/feuerwehr-weinboehla.de\/wp-content\/uploads\/2021\/12\/IMG_3437-1-1024x576.jpg\" alt=\"\" class=\"wp-image-3970\" srcset=\"https:\/\/feuerwehr-weinboehla.de\/wp-content\/uploads\/2021\/12\/IMG_3437-1-1024x576.jpg 1024w, https:\/\/feuerwehr-weinboehla.de\/wp-content\/uploads\/2021\/12\/IMG_3437-1-300x169.jpg 300w, https:\/\/feuerwehr-weinboehla.de\/wp-content\/uploads\/2021\/12\/IMG_3437-1-768x432.jpg 768w, https:\/\/feuerwehr-weinboehla.de\/wp-content\/uploads\/2021\/12\/IMG_3437-1-1536x864.jpg 1536w, https:\/\/feuerwehr-weinboehla.de\/wp-content\/uploads\/2021\/12\/IMG_3437-1-2048x1152.jpg 2048w\" sizes=\"auto, (max-width: 767px) 89vw, (max-width: 1000px) 54vw, (max-width: 1071px) 543px, 580px\" \/><\/figure>\n<\/div>\n<\/div>\n\n\n\n<div class=\"wp-block-columns is-layout-flex wp-container-core-columns-is-layout-9d6595d7 wp-block-columns-is-layout-flex\">\n<div class=\"wp-block-column is-layout-flow wp-block-column-is-layout-flow\" style=\"flex-basis:33.33%\">\n<figure class=\"wp-block-image size-large is-resized\"><img loading=\"lazy\" decoding=\"async\" src=\"https:\/\/feuerwehr-weinboehla.de\/wp-content\/uploads\/2021\/12\/WhatsApp-Image-2021-11-28-at-11.47.57-AM2-768x1024.jpeg\" alt=\"\" class=\"wp-image-3927\" width=\"234\" height=\"324\"\/><\/figure>\n<\/div>\n\n\n\n<div class=\"wp-block-column is-layout-flow wp-block-column-is-layout-flow\">\n<h2 class=\"wp-block-heading\">Der vierte Advent<\/h2>\n\n\n\n<p>Nun ist auch schon der 4. Advent angebrochen. Haben Sie schon den Weihnachtsbaum geschm\u00fcckt? Deutschland weit werden pro Jahr ca. 29,8 Millionen Weihnachtsb\u00e4ume verkauft und somit steht in jedem zweiten Haushalt ein Weihnachtsbaum. Der Schmuck ist von Haus zu Haus unterschiedlich. Christbaumkugeln, Lametta, manchmal Schokoladenringe, kleine Figuren und noch vieles mehr h\u00e4ngen an unseren B\u00e4umen. Damit der Baum noch richtig zur Geltung kommt d\u00fcrfen in der Regel nat\u00fcrlich nicht die Wiehnachtskerzen auf dem Brachtst\u00fcck fehlen. LED, Gl\u00fchbirne, Kerze? Am besten ist nat\u00fcrlich die inzwischen sehr beliebte LED Kerze, aber auch die Gl\u00fchbirnen k\u00f6nnen verwendet werden. Auf echte Wachskerzen sollten Sie lieber verzichten, da logischer Weise sehr schnell gro\u00dfe Brandgefahr bestehen kann. M\u00f6chten Sie dennoch auf Wachskerzen nicht verzichten wollen, stellen Sie auf jeden Fall den Brandschutz durch einen Feuerl\u00f6scher, oder einer L\u00f6schdecke sicher. Im Namen der Freiwilligen Feuerwehr Weinb\u00f6hla w\u00fcnschen wir Ihnen einen sch\u00f6nen 4. Advent und ein fr\u00f6hliches Baum schm\u00fccken.<\/p>\n<\/div>\n<\/div>\n\n\n\n<div class=\"wp-block-columns is-layout-flex wp-container-core-columns-is-layout-9d6595d7 wp-block-columns-is-layout-flex\">\n<div class=\"wp-block-column is-layout-flow wp-block-column-is-layout-flow\">\n<h2 class=\"wp-block-heading\">Der letzte Dienst f\u00fcr dieses Jahr<\/h2>\n\n\n\n<p>Am gestrigen Freitag dem 17.12.2021, fand der Abschlussdienst f\u00fcr dieses Jahr statt. W\u00e4hrend alle noch h\u00e4ngenden Schl\u00e4uche vom Schlauchturm rungeholt und gerollt wurden, machten einige Ger\u00e4tetr\u00e4ger einen Fu\u00dfmarsch durch Weinb\u00f6hla unter voller Belastung mit Gewichten, wie Schlauchtragek\u00f6rben. Nun sind auch wir f\u00fcr die kommenden Weihnachtsfeiertage ausger\u00fcstet und k\u00f6nnen in Ruhe die Tage auf uns zukommen lassen.<\/p>\n<\/div>\n\n\n\n<div class=\"wp-block-column is-layout-flow wp-block-column-is-layout-flow\" style=\"flex-basis:33.33%\">\n<figure class=\"wp-block-image size-large\"><img loading=\"lazy\" decoding=\"async\" width=\"1024\" height=\"768\" src=\"https:\/\/feuerwehr-weinboehla.de\/wp-content\/uploads\/2021\/12\/IMG-20211217-WA0023-1024x768.jpg\" alt=\"\" class=\"wp-image-3919\" srcset=\"https:\/\/feuerwehr-weinboehla.de\/wp-content\/uploads\/2021\/12\/IMG-20211217-WA0023-1024x768.jpg 1024w, https:\/\/feuerwehr-weinboehla.de\/wp-content\/uploads\/2021\/12\/IMG-20211217-WA0023-300x225.jpg 300w, https:\/\/feuerwehr-weinboehla.de\/wp-content\/uploads\/2021\/12\/IMG-20211217-WA0023-768x576.jpg 768w, https:\/\/feuerwehr-weinboehla.de\/wp-content\/uploads\/2021\/12\/IMG-20211217-WA0023-1536x1153.jpg 1536w, https:\/\/feuerwehr-weinboehla.de\/wp-content\/uploads\/2021\/12\/IMG-20211217-WA0023.jpg 1599w\" sizes=\"auto, (max-width: 767px) 89vw, (max-width: 1000px) 54vw, (max-width: 1071px) 543px, 580px\" \/><\/figure>\n<\/div>\n<\/div>\n\n\n\n<div class=\"wp-block-columns is-layout-flex wp-container-core-columns-is-layout-9d6595d7 wp-block-columns-is-layout-flex\">\n<div class=\"wp-block-column is-layout-flow wp-block-column-is-layout-flow\" style=\"flex-basis:33.33%\">\n<div class=\"wp-block-jetpack-slideshow aligncenter\" data-autoplay=\"true\" data-delay=\"4\" data-effect=\"fade\"><div class=\"wp-block-jetpack-slideshow_container swiper-container\"><ul class=\"wp-block-jetpack-slideshow_swiper-wrapper swiper-wrapper\"><li class=\"wp-block-jetpack-slideshow_slide swiper-slide\"><figure><img loading=\"lazy\" decoding=\"async\" width=\"1024\" height=\"683\" alt=\"\" class=\"wp-block-jetpack-slideshow_image wp-image-3876\" data-id=\"3876\" src=\"https:\/\/feuerwehr-weinboehla.de\/wp-content\/uploads\/2021\/12\/DSC_4346-1024x683.jpg\" srcset=\"https:\/\/feuerwehr-weinboehla.de\/wp-content\/uploads\/2021\/12\/DSC_4346-1024x683.jpg 1024w, https:\/\/feuerwehr-weinboehla.de\/wp-content\/uploads\/2021\/12\/DSC_4346-300x200.jpg 300w, https:\/\/feuerwehr-weinboehla.de\/wp-content\/uploads\/2021\/12\/DSC_4346-768x512.jpg 768w, https:\/\/feuerwehr-weinboehla.de\/wp-content\/uploads\/2021\/12\/DSC_4346-1536x1024.jpg 1536w, https:\/\/feuerwehr-weinboehla.de\/wp-content\/uploads\/2021\/12\/DSC_4346-2048x1365.jpg 2048w, https:\/\/feuerwehr-weinboehla.de\/wp-content\/uploads\/2021\/12\/DSC_4346-306x205.jpg 306w\" sizes=\"auto, (max-width: 767px) 89vw, (max-width: 1000px) 54vw, (max-width: 1071px) 543px, 580px\" \/><\/figure><\/li><li class=\"wp-block-jetpack-slideshow_slide swiper-slide\"><figure><img loading=\"lazy\" decoding=\"async\" width=\"1024\" height=\"683\" alt=\"\" class=\"wp-block-jetpack-slideshow_image wp-image-3880\" data-id=\"3880\" src=\"https:\/\/feuerwehr-weinboehla.de\/wp-content\/uploads\/2021\/12\/DSC_4151-1024x683.jpg\" srcset=\"https:\/\/feuerwehr-weinboehla.de\/wp-content\/uploads\/2021\/12\/DSC_4151-1024x683.jpg 1024w, https:\/\/feuerwehr-weinboehla.de\/wp-content\/uploads\/2021\/12\/DSC_4151-300x200.jpg 300w, https:\/\/feuerwehr-weinboehla.de\/wp-content\/uploads\/2021\/12\/DSC_4151-768x512.jpg 768w, https:\/\/feuerwehr-weinboehla.de\/wp-content\/uploads\/2021\/12\/DSC_4151-1536x1024.jpg 1536w, https:\/\/feuerwehr-weinboehla.de\/wp-content\/uploads\/2021\/12\/DSC_4151-2048x1365.jpg 2048w, https:\/\/feuerwehr-weinboehla.de\/wp-content\/uploads\/2021\/12\/DSC_4151-306x205.jpg 306w\" sizes=\"auto, (max-width: 767px) 89vw, (max-width: 1000px) 54vw, (max-width: 1071px) 543px, 580px\" \/><\/figure><\/li><li class=\"wp-block-jetpack-slideshow_slide swiper-slide\"><figure><img loading=\"lazy\" decoding=\"async\" width=\"683\" height=\"1024\" alt=\"\" class=\"wp-block-jetpack-slideshow_image wp-image-3885\" data-id=\"3885\" src=\"https:\/\/feuerwehr-weinboehla.de\/wp-content\/uploads\/2021\/12\/DSC_4298-1-683x1024.jpg\" srcset=\"https:\/\/feuerwehr-weinboehla.de\/wp-content\/uploads\/2021\/12\/DSC_4298-1-683x1024.jpg 683w, https:\/\/feuerwehr-weinboehla.de\/wp-content\/uploads\/2021\/12\/DSC_4298-1-200x300.jpg 200w, https:\/\/feuerwehr-weinboehla.de\/wp-content\/uploads\/2021\/12\/DSC_4298-1-768x1152.jpg 768w, https:\/\/feuerwehr-weinboehla.de\/wp-content\/uploads\/2021\/12\/DSC_4298-1-1024x1536.jpg 1024w, https:\/\/feuerwehr-weinboehla.de\/wp-content\/uploads\/2021\/12\/DSC_4298-1-1365x2048.jpg 1365w, https:\/\/feuerwehr-weinboehla.de\/wp-content\/uploads\/2021\/12\/DSC_4298-1-scaled.jpg 1707w\" sizes=\"auto, (max-width: 683px) 100vw, 683px\" \/><\/figure><\/li><li class=\"wp-block-jetpack-slideshow_slide swiper-slide\"><figure><img loading=\"lazy\" decoding=\"async\" width=\"683\" height=\"1024\" alt=\"\" class=\"wp-block-jetpack-slideshow_image wp-image-3886\" data-id=\"3886\" src=\"https:\/\/feuerwehr-weinboehla.de\/wp-content\/uploads\/2021\/12\/DSC_4148-1-683x1024.jpg\" srcset=\"https:\/\/feuerwehr-weinboehla.de\/wp-content\/uploads\/2021\/12\/DSC_4148-1-683x1024.jpg 683w, https:\/\/feuerwehr-weinboehla.de\/wp-content\/uploads\/2021\/12\/DSC_4148-1-200x300.jpg 200w, https:\/\/feuerwehr-weinboehla.de\/wp-content\/uploads\/2021\/12\/DSC_4148-1-768x1152.jpg 768w, https:\/\/feuerwehr-weinboehla.de\/wp-content\/uploads\/2021\/12\/DSC_4148-1-1024x1536.jpg 1024w, https:\/\/feuerwehr-weinboehla.de\/wp-content\/uploads\/2021\/12\/DSC_4148-1-1365x2048.jpg 1365w, https:\/\/feuerwehr-weinboehla.de\/wp-content\/uploads\/2021\/12\/DSC_4148-1-scaled.jpg 1707w\" sizes=\"auto, (max-width: 683px) 100vw, 683px\" \/><\/figure><\/li><\/ul><a class=\"wp-block-jetpack-slideshow_button-prev swiper-button-prev swiper-button-white\" role=\"button\"><\/a><a class=\"wp-block-jetpack-slideshow_button-next swiper-button-next swiper-button-white\" role=\"button\"><\/a><a aria-label=\"Pause Slideshow\" class=\"wp-block-jetpack-slideshow_button-pause\" role=\"button\"><\/a><div class=\"wp-block-jetpack-slideshow_pagination swiper-pagination swiper-pagination-white\"><\/div><\/div><\/div>\n<\/div>\n\n\n\n<div class=\"wp-block-column is-layout-flow wp-block-column-is-layout-flow\">\n<h2 class=\"wp-block-heading\">Weihnachtsgeschenke f\u00fcr die Bambini- und Jugendfeuerwehr Mitglieder<\/h2>\n\n\n\n<p>Am Dienstag, den 15.12.2021, hat der Weihnachtsmann mal auf andere Art und Weise Geschenke gebracht. Nicht mit dem Schlitten und den fliegenden Rentieren, sondern mit der Feuerwehr. Zusammen mit einigen Kameraden hat der Weihnachtsmann an die Mitglieder der Bambini- und Jugendfeuerwehr ein kleines Geschenk ausgeliefert. F\u00fcr jedes Kind gab es den Feuerwehrkalender f\u00fcr 2022, in diesem k\u00f6nnen sie nachschauen wann wir unsere Dienste haben und wann wir uns hoffentlich im neuen Jahr wiedersehen k\u00f6nnen. Au\u00dferdem gab es noch ein Brettchen auf dem das Logo der Bambini- bzw. Jugendfeuerwehr und der Name des jeweiligen Kindes gebrannt war. Was zu Weihnachten nat\u00fcrlich auch nicht fehlen darf, ist ein gro\u00dfer Schokoweihnachtsmann. Diese \u00dcberraschung hat den Kindern sehr gefallen, da wir aufgrund der Pandemie keine Dienste mehr durchf\u00fchren konnten und somit hatten sie auch die Chance ihre Ausbilder mal wieder zu sehen.<\/p>\n<\/div>\n<\/div>\n\n\n\n<div class=\"wp-block-columns is-layout-flex wp-container-core-columns-is-layout-9d6595d7 wp-block-columns-is-layout-flex\">\n<div class=\"wp-block-column is-layout-flow wp-block-column-is-layout-flow\">\n<h2 class=\"wp-block-heading\">Ein Dank an Baumschule Tamme<\/h2>\n\n\n\n<p>Was w\u00e4re Weihnachten ohne Weihnachtsb\u00e4ume? Dank der Baumschule Tamme m\u00fcssen wir uns diese Frage gl\u00fccklicherweise nicht stellen. Dieses Jahr hat die Baumschule Tamme aus Mei\u00dfen sich dazu bereiterkl\u00e4rt, der Freiwilligen Feuerwehr Weinb\u00f6hla zwei wundersch\u00f6ne Weihnachtsb\u00e4ume zu spenden. Den einen kann man seit ca. 3 Wochen neben der TLK Halle (vorne rechts) finden und den anderen Baum findet man in unserer Fahrzeughalle. Die Feuerwehr Weinb\u00f6hla bedankt sich rechtherzlich bei der Baumschule Tamme f\u00fcr diese Weihnachtsbaum Spende.<\/p>\n<\/div>\n\n\n\n<div class=\"wp-block-column is-layout-flow wp-block-column-is-layout-flow\" style=\"flex-basis:33.33%\">\n<figure class=\"wp-block-image size-large\"><img loading=\"lazy\" decoding=\"async\" width=\"1024\" height=\"683\" src=\"https:\/\/feuerwehr-weinboehla.de\/wp-content\/uploads\/2021\/12\/DSC_4346-1024x683.jpg\" alt=\"\" class=\"wp-image-3876\" srcset=\"https:\/\/feuerwehr-weinboehla.de\/wp-content\/uploads\/2021\/12\/DSC_4346-1024x683.jpg 1024w, https:\/\/feuerwehr-weinboehla.de\/wp-content\/uploads\/2021\/12\/DSC_4346-300x200.jpg 300w, https:\/\/feuerwehr-weinboehla.de\/wp-content\/uploads\/2021\/12\/DSC_4346-768x512.jpg 768w, https:\/\/feuerwehr-weinboehla.de\/wp-content\/uploads\/2021\/12\/DSC_4346-1536x1024.jpg 1536w, https:\/\/feuerwehr-weinboehla.de\/wp-content\/uploads\/2021\/12\/DSC_4346-2048x1365.jpg 2048w, https:\/\/feuerwehr-weinboehla.de\/wp-content\/uploads\/2021\/12\/DSC_4346-306x205.jpg 306w\" sizes=\"auto, (max-width: 767px) 89vw, (max-width: 1000px) 54vw, (max-width: 1071px) 543px, 580px\" \/><\/figure>\n<\/div>\n<\/div>\n\n\n\n<div class=\"wp-block-columns is-layout-flex wp-container-core-columns-is-layout-9d6595d7 wp-block-columns-is-layout-flex\">\n<div class=\"wp-block-column is-layout-flow wp-block-column-is-layout-flow\" style=\"flex-basis:33.33%\">\n<figure class=\"wp-block-image size-large is-resized\"><img loading=\"lazy\" decoding=\"async\" src=\"https:\/\/feuerwehr-weinboehla.de\/wp-content\/uploads\/2021\/12\/WhatsApp-Image-2021-11-28-at-11.47.57-AM1-768x1024.jpeg\" alt=\"\" class=\"wp-image-3870\" width=\"234\" height=\"324\"\/><\/figure>\n<\/div>\n\n\n\n<div class=\"wp-block-column is-layout-flow wp-block-column-is-layout-flow\">\n<h2 class=\"wp-block-heading\">Der dritte Advent<\/h2>\n\n\n\n<p>Wie w\u00e4re es heute bei so einem wunderbaren Wetter mit einem sch\u00f6nen Spaziergang durch Weinb\u00f6hla? Ein kleiner Spaziergang vielleicht entlang am Dorfteich, bis zum Rathausplatz und weiter an der Feuerwehr vorbei. Denn linker Hand unserer Feuerwehr steht seit einigen Monaten unser roter, weihnachtlich geschm\u00fcckter Schaukasten. In unserem Schaukasten k\u00f6nnen Sie ebenfalls alles interessante und wissenswerte \u00fcber unsere Feuerwehr und die Kameraden erfahren. Haben wir Ihr Interesse geweckt? Dann w\u00fcnschen wir Ihnen und Ihren Lieben einen sch\u00f6nen 3. Advent.<\/p>\n<\/div>\n<\/div>\n\n\n\n<div class=\"wp-block-columns is-layout-flex wp-container-core-columns-is-layout-9d6595d7 wp-block-columns-is-layout-flex\">\n<div class=\"wp-block-column is-layout-flow wp-block-column-is-layout-flow\">\n<h2 class=\"wp-block-heading\">Der zweite Advent<\/h2>\n\n\n\n<p>Der zweite Advent. Zwei Lampen brennen. Doch wissen Sie wo der Adventskalender eigentlich her kommt? Johann Hinrich Wichern, ein Mann aus einem Waisenhaus h\u00e4ngte einen Weihnachtskranz mit 23 Kerzen auf. Der Kranz hatte vier gro\u00dfe rote Kerzen f\u00fcr die Wochenendtage und 19 kleine wei\u00dfe Kerzen f\u00fcr die Werktage. Jeden Tag z\u00fcndete er eine Kerze an um den Kindern zu zeigen, wie lange es noch bis Weihnachten dauerte. Nun sind es noch zwei Wochen bis Weihnachten f\u00fcr der T\u00fcr steht. Wir, die Freiwillige Feuerwehr w\u00fcnschen Ihnen und Ihren Lieben einen sch\u00f6nen 2. Advent.<\/p>\n<\/div>\n\n\n\n<div class=\"wp-block-column is-layout-flow wp-block-column-is-layout-flow\" style=\"flex-basis:33.33%\">\n<figure class=\"wp-block-image size-large\"><img loading=\"lazy\" decoding=\"async\" width=\"768\" height=\"1024\" src=\"https:\/\/feuerwehr-weinboehla.de\/wp-content\/uploads\/2021\/12\/WhatsApp-Image-2021-11-28-at-11.47.57-AM-768x1024.jpeg\" alt=\"\" class=\"wp-image-3845\" srcset=\"https:\/\/feuerwehr-weinboehla.de\/wp-content\/uploads\/2021\/12\/WhatsApp-Image-2021-11-28-at-11.47.57-AM-768x1024.jpeg 768w, https:\/\/feuerwehr-weinboehla.de\/wp-content\/uploads\/2021\/12\/WhatsApp-Image-2021-11-28-at-11.47.57-AM-225x300.jpeg 225w, https:\/\/feuerwehr-weinboehla.de\/wp-content\/uploads\/2021\/12\/WhatsApp-Image-2021-11-28-at-11.47.57-AM-1152x1536.jpeg 1152w, https:\/\/feuerwehr-weinboehla.de\/wp-content\/uploads\/2021\/12\/WhatsApp-Image-2021-11-28-at-11.47.57-AM.jpeg 1200w\" sizes=\"auto, (max-width: 767px) 89vw, (max-width: 1000px) 54vw, (max-width: 1071px) 543px, 580px\" \/><\/figure>\n<\/div>\n<\/div>\n\n\n\n<div class=\"wp-block-columns is-layout-flex wp-container-core-columns-is-layout-9d6595d7 wp-block-columns-is-layout-flex\">\n<div class=\"wp-block-column is-layout-flow wp-block-column-is-layout-flow\" style=\"flex-basis:33.33%\">\n<figure class=\"wp-block-image size-large is-resized\"><img loading=\"lazy\" decoding=\"async\" src=\"https:\/\/feuerwehr-weinboehla.de\/wp-content\/uploads\/2021\/12\/IMG-20211128-WA0006-2-768x1024.jpg\" alt=\"\" class=\"wp-image-3851\" width=\"243\" height=\"324\" srcset=\"https:\/\/feuerwehr-weinboehla.de\/wp-content\/uploads\/2021\/12\/IMG-20211128-WA0006-2-768x1024.jpg 768w, https:\/\/feuerwehr-weinboehla.de\/wp-content\/uploads\/2021\/12\/IMG-20211128-WA0006-2-225x300.jpg 225w, https:\/\/feuerwehr-weinboehla.de\/wp-content\/uploads\/2021\/12\/IMG-20211128-WA0006-2-1152x1536.jpg 1152w, https:\/\/feuerwehr-weinboehla.de\/wp-content\/uploads\/2021\/12\/IMG-20211128-WA0006-2.jpg 1200w\" sizes=\"auto, (max-width: 243px) 100vw, 243px\" \/><\/figure>\n<\/div>\n\n\n\n<div class=\"wp-block-column is-layout-flow wp-block-column-is-layout-flow\">\n<h2 class=\"wp-block-heading\">Der erste Advent<\/h2>\n\n\n\n<p>Auch die Freiwillige Feuerwehr Weinb\u00f6hla w\u00fcnscht allen Menschen einen sch\u00f6nen ersten Advent. In der besinnlichsten Zeit des Jahres gilt es immer ein Auge auf den Brandschutz zu werfen. Lassen Sie keine Kerzen unbeaufsichtigt auf dem Adventskranz brennen und vermeiden Sie, wo es m\u00f6glich ist offenes Feuer. Denn so haben Sie eine sch\u00f6ne Adventszeit mit ihrer Familie und wir ebenfalls. \u00dcberpr\u00fcfen Sie auch unbedingt noch mal, ob in R\u00e4umen wie zum Beispiel Kinderzimmer, Schlafzimmer, sowie Wohnzimmer Rauchmelder angebracht sind und funktionieren. Denn Rauchmelder k\u00f6nnen Leben retten!<\/p>\n<\/div>\n<\/div>\n\n\n\n<div class=\"wp-block-columns is-layout-flex wp-container-core-columns-is-layout-9d6595d7 wp-block-columns-is-layout-flex\">\n<div class=\"wp-block-column is-layout-flow wp-block-column-is-layout-flow\">\n<h2 class=\"wp-block-heading\">Bowlingtournier der Kreisjugendfeuerwehr<\/h2>\n\n\n\n<p>Am 06.11.2021 fand im Olympia Coswig das 13. Bowlingturnier der Kreisjugendfeuerwehr statt. Unsere Jugendfeuerwehr ging mit zwei Mannschaften je 6 Kindern und Jugendlichen an den Start. Diese trafen sich um 8.30 Uhr in der Feuerwehr und fuhren zusammen mit zwei Ausbildern ins Olympia. Jede Mannschaft hatte zwei Spielrunden. Nach etwa zwei spa\u00dfigen Stunden waren dies Fertig gespielt und die Jugendlichen konnten in der Feuerwehr von ihren Eltern abgeholt werden.<br>In der Gruppenwertung Belegte die Mannschaft &#8211; Weinb\u00f6hla 2 \u2013 den 7. Platz und die andere Mannschaft \u2013 Weinb\u00f6hla 1 \u2013 den 23. Platz von 36 Mannschaften.<br>In der Einzelwertung, landete der beste Junge auf Platz 6 von 78 und das beste M\u00e4dchen auf Platz 12 von 35.<br>Im Gro\u00dfen und Ganzen war es ein sehr erfolgreicher Wettkampf, bei dem alle Kinder und Jugendlichen viel Spa\u00df hatten.<\/p>\n<\/div>\n<\/div>\n\n\n\n<div class=\"wp-block-columns is-layout-flex wp-container-core-columns-is-layout-9d6595d7 wp-block-columns-is-layout-flex\">\n<div class=\"wp-block-column is-layout-flow wp-block-column-is-layout-flow\">\n<h2 class=\"wp-block-heading\">Arbeitseinsatz in der Feuerwehr zur Pflege der Garten- und Gr\u00fcnfl\u00e4chen<\/h2>\n\n\n\n<p>Am 30.10.2021 haben sich um 8 Uhr einige Kammeraden zur Pflege und Aufbereitung unserer Gr\u00fcnfl\u00e4chen in der Feuerwehr getroffen. Zu Beginn haben wir uns vom Bauhof Gartenger\u00e4te und zwei Multicars ausgeliehen.<br>Danach suchte sich jeder eine Aufgabe. Ein Teil war f\u00fcr den Gartenbereich im hinteren Abschnitt des Feuerwehrgrundst\u00fcckes zust\u00e4ndig und der anderer Teil f\u00fcr das Unkraut und die Pflanzen der anderen Gr\u00fcnfl\u00e4chen.<br>In dem sich im hinteren Abschnitt befindenden Gartens wurde zur Abgrenzung ein Bordstein gesetzt. Daf\u00fcr wurden mit einem Bagger entsprechende L\u00f6cher ausgehoben. Danach konnten wir anfangen den Bord zu setzen.<br>Zum Mittag wurden zu St\u00e4rkung Bratw\u00fcrste und Getr\u00e4nke verteilt.<br>Danach sind alle wieder ihren Aufgaben nachgegangen. Nachdem der eine Teil mit dem Unkraut fertig war, haben diese beim setzen des Bordsteines geholfen.<br>Somit sehen die Gr\u00fcnfl\u00e4chen entlang des Schaukastens, hinter dem Carport, neben der TLK und der ELW Halle wieder gepflegt aus. Entlang unseres Gartengrundst\u00fcckes haben wir einen sch\u00f6nen Bordestein setzen k\u00f6nnen.<br>Der Anfang ist gemacht\u2026<\/p>\n<\/div>\n\n\n\n<div class=\"wp-block-column is-layout-flow wp-block-column-is-layout-flow\">\n<div class=\"wp-block-jetpack-slideshow aligncenter\" data-autoplay=\"true\" data-delay=\"3\" data-effect=\"slide\"><div class=\"wp-block-jetpack-slideshow_container swiper-container\"><ul class=\"wp-block-jetpack-slideshow_swiper-wrapper swiper-wrapper\"><li class=\"wp-block-jetpack-slideshow_slide swiper-slide\"><figure><img loading=\"lazy\" decoding=\"async\" width=\"1024\" height=\"768\" alt=\"\" class=\"wp-block-jetpack-slideshow_image wp-image-3796\" data-id=\"3796\" src=\"https:\/\/feuerwehr-weinboehla.de\/wp-content\/uploads\/2021\/11\/1-1024x768.jpg\" srcset=\"https:\/\/feuerwehr-weinboehla.de\/wp-content\/uploads\/2021\/11\/1-1024x768.jpg 1024w, https:\/\/feuerwehr-weinboehla.de\/wp-content\/uploads\/2021\/11\/1-300x225.jpg 300w, https:\/\/feuerwehr-weinboehla.de\/wp-content\/uploads\/2021\/11\/1-768x576.jpg 768w, https:\/\/feuerwehr-weinboehla.de\/wp-content\/uploads\/2021\/11\/1-1536x1152.jpg 1536w, https:\/\/feuerwehr-weinboehla.de\/wp-content\/uploads\/2021\/11\/1.jpg 1600w\" sizes=\"auto, (max-width: 767px) 89vw, (max-width: 1000px) 54vw, (max-width: 1071px) 543px, 580px\" \/><\/figure><\/li><li class=\"wp-block-jetpack-slideshow_slide swiper-slide\"><figure><img loading=\"lazy\" decoding=\"async\" width=\"1024\" height=\"768\" alt=\"\" class=\"wp-block-jetpack-slideshow_image wp-image-3795\" data-id=\"3795\" src=\"https:\/\/feuerwehr-weinboehla.de\/wp-content\/uploads\/2021\/11\/4-1024x768.jpg\" srcset=\"https:\/\/feuerwehr-weinboehla.de\/wp-content\/uploads\/2021\/11\/4-1024x768.jpg 1024w, https:\/\/feuerwehr-weinboehla.de\/wp-content\/uploads\/2021\/11\/4-300x225.jpg 300w, https:\/\/feuerwehr-weinboehla.de\/wp-content\/uploads\/2021\/11\/4-768x576.jpg 768w, https:\/\/feuerwehr-weinboehla.de\/wp-content\/uploads\/2021\/11\/4-1536x1152.jpg 1536w, https:\/\/feuerwehr-weinboehla.de\/wp-content\/uploads\/2021\/11\/4.jpg 1600w\" sizes=\"auto, (max-width: 767px) 89vw, (max-width: 1000px) 54vw, (max-width: 1071px) 543px, 580px\" \/><\/figure><\/li><li class=\"wp-block-jetpack-slideshow_slide swiper-slide\"><figure><img loading=\"lazy\" decoding=\"async\" width=\"471\" height=\"1024\" alt=\"\" class=\"wp-block-jetpack-slideshow_image wp-image-3794\" data-id=\"3794\" src=\"https:\/\/feuerwehr-weinboehla.de\/wp-content\/uploads\/2021\/11\/2-471x1024.jpg\" srcset=\"https:\/\/feuerwehr-weinboehla.de\/wp-content\/uploads\/2021\/11\/2-471x1024.jpg 471w, https:\/\/feuerwehr-weinboehla.de\/wp-content\/uploads\/2021\/11\/2-138x300.jpg 138w, https:\/\/feuerwehr-weinboehla.de\/wp-content\/uploads\/2021\/11\/2-707x1536.jpg 707w, https:\/\/feuerwehr-weinboehla.de\/wp-content\/uploads\/2021\/11\/2.jpg 736w\" sizes=\"auto, (max-width: 471px) 100vw, 471px\" \/><\/figure><\/li><li class=\"wp-block-jetpack-slideshow_slide swiper-slide\"><figure><img loading=\"lazy\" decoding=\"async\" width=\"768\" height=\"1024\" alt=\"\" class=\"wp-block-jetpack-slideshow_image wp-image-3793\" data-id=\"3793\" src=\"https:\/\/feuerwehr-weinboehla.de\/wp-content\/uploads\/2021\/11\/3-768x1024.jpg\" srcset=\"https:\/\/feuerwehr-weinboehla.de\/wp-content\/uploads\/2021\/11\/3-768x1025.jpg 768w, https:\/\/feuerwehr-weinboehla.de\/wp-content\/uploads\/2021\/11\/3-225x300.jpg 225w, https:\/\/feuerwehr-weinboehla.de\/wp-content\/uploads\/2021\/11\/3.jpg 781w\" sizes=\"auto, (max-width: 767px) 89vw, (max-width: 1000px) 54vw, (max-width: 1071px) 543px, 580px\" \/><\/figure><\/li><\/ul><a class=\"wp-block-jetpack-slideshow_button-prev swiper-button-prev swiper-button-white\" role=\"button\"><\/a><a class=\"wp-block-jetpack-slideshow_button-next swiper-button-next swiper-button-white\" role=\"button\"><\/a><a aria-label=\"Pause Slideshow\" class=\"wp-block-jetpack-slideshow_button-pause\" role=\"button\"><\/a><div class=\"wp-block-jetpack-slideshow_pagination swiper-pagination swiper-pagination-white\"><\/div><\/div><\/div>\n<\/div>\n<\/div>\n\n\n\n<div class=\"wp-block-columns is-layout-flex wp-container-core-columns-is-layout-9d6595d7 wp-block-columns-is-layout-flex\">\n<div class=\"wp-block-column is-layout-flow wp-block-column-is-layout-flow\">\n<figure class=\"wp-block-embed is-type-video is-provider-youtube wp-block-embed-youtube wp-embed-aspect-16-9 wp-has-aspect-ratio\"><div class=\"wp-block-embed__wrapper\">\n<iframe loading=\"lazy\" hcb-fetch-image-from=\"https:\/\/youtu.be\/MfGWhXjGJTE\" title=\"Tag der Berufsfeuerwehr\" width=\"525\" height=\"295\" src=\"https:\/\/www.youtube.com\/embed\/MfGWhXjGJTE?feature=oembed\" frameborder=\"0\" allow=\"accelerometer; autoplay; clipboard-write; encrypted-media; gyroscope; picture-in-picture; web-share\" referrerpolicy=\"strict-origin-when-cross-origin\" allowfullscreen><\/iframe>\n<\/div><\/figure>\n<\/div>\n\n\n\n<div class=\"wp-block-column is-layout-flow wp-block-column-is-layout-flow\">\n<h2 class=\"wp-block-heading\">Die Jugendfeuerwehr r\u00fcckt aus!<\/h2>\n\n\n\n<p>Vom 01.10-03.10.2021 hat die Jugendfeuerwehr Weinb\u00f6hla ihr Erlebnisp\u00e4dagogische Wochenende durchgef\u00fchrt. Bei welchem die Ausbilder und Helfer aus der Aktiven Abteilung Eins\u00e4tze f\u00fcr die Kinder und Jugendliche inszenieren. Die Kinder k\u00f6nnen nicht nur das gelernte aus den Diensten anwenden, sondern k\u00f6nnen sie sich auch mal ein gesamtes Wochenende wie echte Feuerwehrleute f\u00fchlen.<\/p>\n\n\n\n<p>Als am Freitag alle Kinder p\u00fcnktlich 17 Uhr in Feuerwehrsachen bereitstanden wurde sie auf ihre Fahrzeuge eingeteilt. Danach haben die Kinder ihre Betten aufgebaut und ihre Einsatzsachen zu ihren Fahrzeugen geschafft. Anschlie\u00dfend haben die Jugendlichen bei ihrem Fahrzeug, zusammen mit den jeweiligen Gruppenf\u00fchrern eine Fahrzeugkunde gemacht. Nachdem das geschafft wurde haben die Kinder noch kurz gespielt bevor es dann endlich Abendbrot gab, Pizza.<\/p>\n\n\n\n<p>Als die Kinder nach dem Abendbrot wieder gespielt haben erklang das Einsatzsignal und das Einsatzstichwort: Geb\u00e4udebrand. Sofort begaben sich alle Kinder zu ihren Fahrzeugen und schon ging es mit Blaulicht und Tat\u00fctata in Richtung Nassau Halle. Am Einsatzort angekommen stand ein Haus auf dem Parkplatz hinter der Nassau Halle in Vollbrand. Den Kindern wurden die Aufgaben zugeteilt und schon ging es los. W\u00e4hrend das eine Fahrzeug f\u00fcr die Wasserversorgung und das sch\u00fctzen des Nebengeb\u00e4udes zust\u00e4ndig war musste ein anderes schon mit der Brandbek\u00e4mpfung beginnen und wieder ein anderes Auto hat sich um verletzte gek\u00fcmmert. Nach kurzer Zeit war der Brand unter Kontrolle und konnte letztendlich gel\u00f6scht werden. Nachdem das Feuer aus war wurde alles wieder zur\u00fcck gebaut und die Kinder bekamen ein sehr positives Feedback.<\/p>\n\n\n\n<p>Wieder in der Feuerwehr angekommen wurden die Autos wieder best\u00fcckt und die Kinder konnten sich nach und nach duschen gehen. Gegen 22 Uhr hie\u00df es dann \u201eGute Nacht!\u201c und die Kinder gingen in ihre Betten um sich von dem ersten aufregenden Tag zu erholen.<\/p>\n\n\n\n<p>Am n\u00e4chsten morgen riss der Einsatzton und die Meldung Rauchentwicklung in Waldst\u00fcck die Kinder aus dem Schlaf. In Windes Eile standen die Kinder in der Fahrzeughalle um die Einsatzklamotten anzuziehen und sich aufs Fahrzeug zu setzen. Kurz vor Ankunft am Einsatzort wurde der Einsatz abgebrochen, da es sich nur um eine Fehlmeldung handelte.<\/p>\n\n\n\n<p>Als wir wieder im Ger\u00e4tehaus ankamen deckten alle zusammen den Fr\u00fchst\u00fcckstisch und hatten ein leckeres Fr\u00fchst\u00fcck. Nach dem Fr\u00fchst\u00fcck haben alle wieder mit abger\u00e4umt.<\/p>\n\n\n\n<p>Zusammen mit allen Fahrzeugen und allen Abteilungen hatten wir dann ein Fotoshooting.<\/p>\n\n\n\n<p>Nachdem das geschafft war haben die Kinder verschiedene Aufgaben bekommen, w\u00e4hrend einige im Garten das Unkraut mit weggemacht haben, haben andere den selbst verursachten Schmutz bereinigt, danach konnten die Kinder wieder etwas spielen bevor es auch schon wieder Mittagessen gab. Kurz nachdem alle mit essen fertig waren kam schon wieder ein Einsatz rein. Gemeldet war ein Verkehrsunfall mit Personenschaden, doch als wir am Einsatzort ankamen wurden zwei Personen vermisst, zwei lagen verletzt in einem Abrollcontainer und eine Person (Dummy) lag unter diesem. Die eine Besatzung hat sich um die Verletzten im Container und den verwirrten Fahrer gek\u00fcmmert, eine andere hat sich um einen Brand direkt am Container gek\u00fcmmert, die n\u00e4chste hat die verschwundene Person gesucht und erfolgreich gefunden. Der Trupp auf dem RTW hat sich um den Verletzten unter dem Container gek\u00fcmmert w\u00e4hrend der Container mit Hilfe des TLK angehoben wurde. Nach Behandlung der im Container Verletzten Personen wurden sie z\u00fcgig \u00fcber eine Leiter bzw. mithilfe einer Trage aus dem Container befreit. Als alle Einsatzstellen erfolgreich abgeschlossen waren konnten wir wieder ins Ger\u00e4tehaus einr\u00fccken.<\/p>\n\n\n\n<p>Nach diesem Einsatz konnten die Kinder wieder spielen gehen, bevor die Eltern kurze Zeit sp\u00e4ter zum Grillen vorbei kamen. Alle Eltern haben etwas zu dem sch\u00f6nen Abend beigetragen. F\u00fcr einige war es das erste Mal, f\u00fcr andre war es sch\u00f6n auch mal die anderen Eltern bzw. Ausbilder wieder zusehen oder kennenzulernen. Als alle Eltern wieder gegangen waren sind die Kinder ins Bett gegangen.<\/p>\n\n\n\n<p>Am Letzen morgen dieses sch\u00f6nen Tages gab es wie am Vortag ein leckeres Fr\u00fchst\u00fcck doch diesmal mussten die Kinder danach wieder ihre Sachen zusammenpacken.<\/p>\n\n\n\n<p>Zum Abschluss dies sch\u00f6nen Wochenendes sind einige Ausbilder mit den Kindern nach Mei\u00dfen gefahren um dort mit anderen Jugendfeuerwehren ein Film ihrer Wahl zu schauen. Nach ende der Filme wurden Kinder dann von ihren Eltern abgeholt.<\/p>\n<\/div>\n<\/div>\n\n\n\n<p><\/p>\n","protected":false},"excerpt":{"rendered":"<p>Winterfestmachung bei der Feuerwehr Am Samstag, den 29.10.2022, trafen sich die Kameraden der Jugendfeuerwehr, der aktiven Abteilung und der Alters- und Ehrenabteilung zur Winterfestmachung. Um acht Uhr hie\u00df es f\u00fcr alle Kameraden und Kameradinnen antreten und verteilen der Aufgaben. Ein Gro\u00dfteil der Kameraden hat sich um das ausr\u00e4umen, putzen und waschen der Fahrzeuge gek\u00fcmmert. Zudem &hellip; <\/p>\n<p class=\"link-more\"><a href=\"https:\/\/feuerwehr-weinboehla.de\/?page_id=3687\" class=\"more-link\"><span class=\"screen-reader-text\">\u201eNews aus der Feuerwehr\u201c <\/span>weiterlesen<\/a><\/p>\n","protected":false},"author":1,"featured_media":0,"parent":0,"menu_order":0,"comment_status":"closed","ping_status":"closed","template":"","meta":{"footnotes":""},"class_list":["post-3687","page","type-page","status-publish","hentry"],"_links":{"self":[{"href":"https:\/\/feuerwehr-weinboehla.de\/index.php?rest_route=\/wp\/v2\/pages\/3687","targetHints":{"allow":["GET"]}}],"collection":[{"href":"https:\/\/feuerwehr-weinboehla.de\/index.php?rest_route=\/wp\/v2\/pages"}],"about":[{"href":"https:\/\/feuerwehr-weinboehla.de\/index.php?rest_route=\/wp\/v2\/types\/page"}],"author":[{"embeddable":true,"href":"https:\/\/feuerwehr-weinboehla.de\/index.php?rest_route=\/wp\/v2\/users\/1"}],"replies":[{"embeddable":true,"href":"https:\/\/feuerwehr-weinboehla.de\/index.php?rest_route=%2Fwp%2Fv2%2Fcomments&post=3687"}],"version-history":[{"count":96,"href":"https:\/\/feuerwehr-weinboehla.de\/index.php?rest_route=\/wp\/v2\/pages\/3687\/revisions"}],"predecessor-version":[{"id":5030,"href":"https:\/\/feuerwehr-weinboehla.de\/index.php?rest_route=\/wp\/v2\/pages\/3687\/revisions\/5030"}],"wp:attachment":[{"href":"https:\/\/feuerwehr-weinboehla.de\/index.php?rest_route=%2Fwp%2Fv2%2Fmedia&parent=3687"}],"curies":[{"name":"wp","href":"https:\/\/api.w.org\/{rel}","templated":true}]}}