{"id":402,"date":"2019-07-19T13:46:36","date_gmt":"2019-07-19T13:46:36","guid":{"rendered":"http:\/\/fw-wbl.feuerwehr-weinboehla.de\/?page_id=402"},"modified":"2026-01-10T20:34:06","modified_gmt":"2026-01-10T20:34:06","slug":"bambinifeuerwehr-2","status":"publish","type":"page","link":"https:\/\/feuerwehr-weinboehla.de\/?page_id=402","title":{"rendered":"Bambinifeuerwehr"},"content":{"rendered":"\n<figure class=\"wp-block-video\"><video height=\"720\" style=\"aspect-ratio: 1280 \/ 720;\" width=\"1280\" autoplay controls loop muted src=\"https:\/\/feuerwehr-weinboehla.de\/wp-content\/uploads\/2024\/04\/Bambinis-\u2013-Mit-Clipchamp-erstellt-1.mp4\"><\/video><\/figure>\n\n\n\n<hr class=\"wp-block-separator has-text-color has-black-color has-alpha-channel-opacity has-black-background-color has-background is-style-dots\"\/>\n\n\n\n<p style=\"font-size:30px\">Die Kinder der Bambinifeuerwehr Weinb\u00f6hla<\/p>\n\n\n\n<p>Die Kinder erlernen spielerisch wie man Feuer l\u00f6scht und anderen Menschen hilft. Gemeinsam bilden sie ein starkes Team und nehmen an Wettk\u00e4mpfen teil. Die M\u00e4dchen und Jungen sind Feuer und Flamme alles genauer unter die Lupe zu nehmen. Ihre Anwesenheit zeigen die Kinder der Bambinifeuerwehr Weinb\u00f6hla auch bei Veranstaltungen, wie zum Beispiel dem Maibaumstellen.<\/p>\n\n\n\n<p>Wir treffen uns einmal die Woche, aller 14 Tage au\u00dferhalb der Ferien f\u00fcr 1,5 h.<\/p>\n\n\n\n<p>Wenn du auch zur Bambinifeuerwehr m\u00f6chtest, musst du dich sehr schnell melden, da die Pl\u00e4tze sehr beliebt sind und somit mit einer l\u00e4ngeren Wartezeit gerechnet werden muss. Unter diesem Link kannst du mit deinen Eltern direkt den Kontakt zur Bambinifeuerwehr aufnehmen und dich somit auf die Warteliste eintragen lassen.<\/p>\n\n\n\n<div class=\"wp-block-columns is-layout-flex wp-container-core-columns-is-layout-9d6595d7 wp-block-columns-is-layout-flex\">\n<div class=\"wp-block-column is-layout-flow wp-block-column-is-layout-flow\" style=\"flex-basis:66.66%\">\n<div class=\"wp-block-jetpack-contact-info\">\n<div class=\"wp-block-jetpack-email\"><a href=\"mailto:bambini@feuerwehr-weinboehla.de\">bambini@feuerwehr-weinboehla.de<\/a><\/div>\n<\/div>\n<\/div>\n<\/div>\n\n\n\n<p class=\"has-black-color has-text-color has-link-color wp-elements-26fd3f72d2b882c4660544cc509fb10d\" style=\"font-size:15px\"><strong>Derzeit ist die Warteliste der Bambinifeuerwehr so lang, dass wir Sie bitten von Anfragen abzusehen. Schon jetzt haben wir keinen Platz mehr in der Bambinifeuerwehr und die Warteliste w\u00e4chst immer weiter. Daher m\u00fcssen wir im Moment leider jegliche Anfragen ablehnen und bitten um Ihr Verst\u00e4ndnis diesbez\u00fcglich.<\/strong><\/p>\n\n\n\n<hr class=\"wp-block-separator has-text-color has-black-color has-alpha-channel-opacity has-black-background-color has-background is-style-dots\"\/>\n\n\n\n<div class=\"wp-block-columns is-layout-flex wp-container-core-columns-is-layout-9d6595d7 wp-block-columns-is-layout-flex\">\n<div class=\"wp-block-column is-layout-flow wp-block-column-is-layout-flow\"><div class=\"wp-block-image is-style-rounded\">\n<figure class=\"aligncenter size-large is-resized\"><img loading=\"lazy\" decoding=\"async\" width=\"2558\" height=\"2560\" src=\"https:\/\/feuerwehr-weinboehla.de\/wp-content\/uploads\/2023\/02\/D56_2564-edited-scaled.jpg\" alt=\"\" class=\"wp-image-5191\" style=\"width:205px;height:auto\" srcset=\"https:\/\/feuerwehr-weinboehla.de\/wp-content\/uploads\/2023\/02\/D56_2564-edited-scaled.jpg 2558w, https:\/\/feuerwehr-weinboehla.de\/wp-content\/uploads\/2023\/02\/D56_2564-edited-300x300.jpg 300w, https:\/\/feuerwehr-weinboehla.de\/wp-content\/uploads\/2023\/02\/D56_2564-edited-1024x1024.jpg 1024w, https:\/\/feuerwehr-weinboehla.de\/wp-content\/uploads\/2023\/02\/D56_2564-edited-150x150.jpg 150w, https:\/\/feuerwehr-weinboehla.de\/wp-content\/uploads\/2023\/02\/D56_2564-edited-768x768.jpg 768w, https:\/\/feuerwehr-weinboehla.de\/wp-content\/uploads\/2023\/02\/D56_2564-edited-1536x1536.jpg 1536w\" sizes=\"auto, (max-width: 767px) 89vw, (max-width: 1000px) 54vw, (max-width: 1071px) 543px, 580px\" \/><figcaption class=\"wp-element-caption\">Bambiniwart<br>Sebastian Rabis<\/figcaption><\/figure>\n<\/div><\/div>\n\n\n\n<div class=\"wp-block-column is-layout-flow wp-block-column-is-layout-flow\"><div class=\"wp-block-image is-style-rounded\">\n<figure class=\"aligncenter size-large is-resized\"><img loading=\"lazy\" decoding=\"async\" width=\"2560\" height=\"2560\" src=\"https:\/\/feuerwehr-weinboehla.de\/wp-content\/uploads\/2023\/02\/D56_2560-edited-scaled.jpg\" alt=\"\" class=\"wp-image-5189\" style=\"width:205px\" srcset=\"https:\/\/feuerwehr-weinboehla.de\/wp-content\/uploads\/2023\/02\/D56_2560-edited-scaled.jpg 2560w, https:\/\/feuerwehr-weinboehla.de\/wp-content\/uploads\/2023\/02\/D56_2560-edited-300x300.jpg 300w, https:\/\/feuerwehr-weinboehla.de\/wp-content\/uploads\/2023\/02\/D56_2560-edited-1024x1024.jpg 1024w, https:\/\/feuerwehr-weinboehla.de\/wp-content\/uploads\/2023\/02\/D56_2560-edited-150x150.jpg 150w, https:\/\/feuerwehr-weinboehla.de\/wp-content\/uploads\/2023\/02\/D56_2560-edited-768x768.jpg 768w, https:\/\/feuerwehr-weinboehla.de\/wp-content\/uploads\/2023\/02\/D56_2560-edited-1536x1536.jpg 1536w, https:\/\/feuerwehr-weinboehla.de\/wp-content\/uploads\/2023\/02\/D56_2560-edited-2048x2048.jpg 2048w\" sizes=\"auto, (max-width: 767px) 89vw, (max-width: 1000px) 54vw, (max-width: 1071px) 543px, 580px\" \/><figcaption class=\"wp-element-caption\">stellv. Bambiniwartin<br>Gina Maria Eisenbl\u00e4tter<\/figcaption><\/figure>\n<\/div><\/div>\n<\/div>\n\n\n\n<hr class=\"wp-block-separator has-text-color has-black-color has-alpha-channel-opacity has-black-background-color has-background is-style-wide\"\/>\n\n\n\n<p style=\"font-size:26px\">Anf\u00e4nge der Bambinifeuerwehr<\/p>\n\n\n\n<details class=\"wp-block-details is-layout-flow wp-block-details-is-layout-flow\"><summary>Nach reichhaltiger Planung und Organisation im Jahr 2010 durch die Kameraden<br>Christin Teucher, Sebastian Rabis und Jens Meusel, war es am 13.01.2011<br>so weit. Die neu ger\u00fcndete Bambini-Feuerwehr Weinb\u00f6hla traf sich zum<br>allerersten Dienst.<\/summary>\n<p>Kameradin Teucher C. und Wehrleiter H\u00e4\u00dfler E. legten den Eltern die Grundidee nochmals nahe und informierten \u00fcber die Vorhaben im Jahr 2011. Derweil f\u00fchrten die Kameraden Rabis S. und Meusel J. die aufgeregte Kindermeute durchs Ger\u00e4tehaus. Vorerst bestand die<br>Bambinifeuerwehr aus 10 Kindern im Alter von 6-10 Jahren. Ziel war und ist es, als eine Art erweiterte Brandschutzerziehung, die Kinder spielerisch an Fragen des Brandschutzes heranzuf\u00fchren. Dazu treffen sich die Bambinis seitdem 14t\u00e4gig zum Dienst im Ger\u00e4tehaus der Freiwilligen Feuerwehr Weinb\u00f6hla.<\/p>\n<\/details>\n\n\n\n<hr class=\"wp-block-separator has-text-color has-black-color has-alpha-channel-opacity has-black-background-color has-background is-style-wide\"\/>\n\n\n\n<p style=\"font-size:25px\">Neues von den Bambinis<\/p>\n\n\n\n<details class=\"wp-block-details is-layout-flow wp-block-details-is-layout-flow\"><summary>Berichte von 2024<\/summary>\n<p><\/p>\n\n\n\n<details class=\"wp-block-details is-layout-flow wp-block-details-is-layout-flow\"><summary><strong><strong>Wettkampf der Bambinifeuerwehren aus dem Landkreis Mei\u00dfen in K\u00f6nigsstein<\/strong><\/strong><br>Am 15.06.2024 nahmen wir mit unseren Bambinis an dem vom Landkreis Mei\u00dfen organisierten Wettkampf der Bambini- und Kinderfeuerwehren teil. Dieser fand dieses Jahr rund um den Sportplatz in K\u00f6nigsstein OT Pfaffendorf statt.<\/summary>\n<p>Treffen in der Feuerwehr war bereits 6.30 Uhr, da wir gemeinsam mit der Bambinifeuerwehr Mei\u00dfen und der Kinderfeuerwehr Niederau in einem Bus der Verkehrsgesellschaft Mei\u00dfen nach K\u00f6nigsstein gefahren sind.<br>Beginn in K\u00f6nigsstein war 8.30 Uhr.<br>Nach einer kurzen Begr\u00fc\u00dfung durch den Ortswehrleiter und einer Vertreterin des Stadtrats galt es 16 Stationen zu meistern.<br>Zu den Stationen geh\u00f6rte unteranderem:<br>Knoten binden,<br>Ger\u00e4tesuche auf einem Feuerwehrfahrzeug mit anschlie\u00dfender Erkl\u00e4rung wozu es benutzt wird,<br>einen Golfball durch einen Schlauch wandern lassen,<br>mit 3 Schl\u00e4uchen einen Zopf flechten,<br>Memory und Sands\u00e4ckchen f\u00fcllen,<br>1. Hilfe mit der stabilen Seitenlage.<br><\/p>\n\n\n\n<p>Auch die Betreuer mussten f\u00fcr die eigene Mannschaft Punkte erk\u00e4mpfen. So mussten wir in der Diebsh\u00f6hle ein verschwundenes Kleinkind finden. Nat\u00fcrlich waren wir nur mit einem Helm ausgestattet. Die H\u00f6hle geht ca. 13m tief in den Felsen hinein und war stockdunkel. Nur durch Ertasten musste man das Kind suchen. Nach 3 Minuten bekamen wir eine Taschenlampe und haben sofort die Puppe gefunden. Die Puppe ist \u00fcber uns in einen Felsspalt gekrabbelt.<br>Leider hat es Petrus nicht so gut mit uns gemeint und er schickte uns Regen. Daraufhin wurde der Wettkampf kurz unterbrochen und geschaut, welche Stationen wir im trockenen noch durchf\u00fchren k\u00f6nnen. Die Regenpause nutzten wir, um uns mit Kartoffelsuppe aus der Gulaschkanone zu st\u00e4rken.<br>Als alles umgebaut und umorganisiert war ging es weiter. Das Highlight f\u00fcr die Kinder war sicherlich die Station Gummib\u00e4rchen erraten. Die Kinder bekamen die Augen verbunden und mussten blind die Farbe der Gummib\u00e4rchen erraten die sie bekommen haben. Dies war aber f\u00fcr unsere Bambinis kein Problem und wir haben hier volle Punktzahl bekommen.<br>Auch mussten die Bambinis ihr Allgemeinwissen unter Beweis stellen und anhand der Samen von 10 Pflanzen die Pflanze bestimmen. Es waren einfache K\u00f6rner wie Mais und K\u00fcrbis dabei aber auch schwere Samen wie Sesam, Hafer und Ringelblume. Auch hier haben wir sehr gut abgeschnitten.<br>Dann hie\u00df es gespannt auf die Siegerehrung zu warten.<br>Unsere Bambinis waren stark und haben den 3. Platz von 8 Mannschaften erk\u00e4mpft. Der 2. Platz ging an die Kinderfeuerwehr aus Niederau und die Blaulichtkids aus K\u00f6nigsstein haben den Sieg erk\u00e4mpft. Knapp hinter uns lag die Bambinifeuerwehr Mei\u00dfen.<br>Wir sind sehr stolz auf unsere Bambinis und Danken der Feuerwehr K\u00f6nigsstein f\u00fcr die Einladung und sehr gute Organisation des Wettkampfes. Ein Dank geht auch an Kameraden Frank Ricklin, der uns mit dem Bus nach K\u00f6nigsstein gefahren hat und sich als Vorsitzender des Kreisfeuerwehrverbandes Mei\u00dfen einen Eindruck vom Wettkampf machen konnte.<\/p>\n\n\n\n<p>Die Platzierungen sind wie folgt:<br>1. &nbsp;Platz K\u00f6nigsstein (73 Punkte)<br>2. Platz Niederau (67 Punkte)<br>3. Platz Weinb\u00f6hla (66 Punkte)<br>4. Platz Mei\u00dfen (65 Punkte)<br>5. Platz Glaubitz und K\u00f6nigswartha (63 Punkte)<br>6. Platz Friedewald (56 Punkte)<br>7. Platz Radeburg (51 Punkte)<\/p>\n<\/details>\n\n\n\n<details class=\"wp-block-details is-layout-flow wp-block-details-is-layout-flow\"><summary><strong>Gemeinsamer Bambinidienst mit Niederau und Mei\u00dfen<\/strong><br>Am Samstag, den 25.05.2024 trafen sich die Kinderfeuerwehren aus Niederau, Mei\u00dfen und Weinb\u00f6hla im Ger\u00e4tehaus der Feuerwehr Weinb\u00f6hla, um einen gemeinsamen Ausbildungsdienst zu erleben.<br><\/summary>\n<p>Dienstbeginn war 8.30 Uhr. Das hie\u00df f\u00fcr alle zeitig aufstehen. Nach einer kleinen Begr\u00fc\u00dfung ging es auch schon an die Stationsarbeit. Die Kinder wurden gemischt in kleine Gruppen, \u00e1 6 Kinder, eingeteilt. Ziel der Gruppeneinteilung war es, den Kindern zu zeigen, dass wir Feuerwehren nur Ortsfeuerwehr \u00fcbergreifend bei gr\u00f6\u00dferen Eins\u00e4tzen zusammenarbeiten k\u00f6nnen und sich auch nur so ein Einsatzerfolg erzielen l\u00e4sst.<br>Dies zeigte sich auch schon an der ersten Station. Hier bestand die Aufgabe darin, mit einer Holzplatte, an der F\u00e4den befestigt sind einen Turm mit Holzsteinen zu bauen. Dazu durften die Holzsteine nicht angefasst werden, sondern nur mit der Holzplatte bewegt werden. Die Bambinis mussten auch strategisch vorgehen, da am Ende auf dem Turm noch ein Ball platziert werden musste. Dies ging aber nur bei 2 der Steine. Jeder der 4 Gruppen hat diese Aufgabe unterschiedlich und erfolgreich gemeistert.<br>Als n\u00e4chste Station, war der Rettungswagen dran. Ein gro\u00dfer Dank geht hier an den Sanit\u00e4tsdienst Mei\u00dfen der Johanniter Unfallhilfe Kreisverband Mei\u00dfen\/Mittelsachsen, die uns den Rettungswagen mit Personal zur Verf\u00fcgung gestellt haben. Im RTW konnten die Kinder sich umschauen und ihnen wurde alles genaustens erkl\u00e4rt. Dies soll ihnen die Angst vor dem Rettungsdienst nehmen.<br>Nach der Station mit dem Rettungsdienst, ging es an die Station Erste Hilfe. Hier ging es darum, eine Person in die Stabile Seitenlage zu bringen und anschlie\u00dfend einen kleinen Verband anzulegen. Dies kann den Kindern auch im h\u00e4uslichen Umfeld mal passieren, wenn zum Beispiel die Gro\u00dfeltern mit im Haus wohnen. So versuchen wir, den Kindern die Angst vor einer solchen Stresssituation zu nehmen und die Kinder k\u00f6nnen sicherer damit umgehen.<br>Als letzte Station gab es noch Fahrzeug- und Ger\u00e4tekunde. Durch Erf\u00fchlen mussten die Kinder Einsatzgegenst\u00e4nde benennen. Die Gegenst\u00e4nde waren unter einer Decke versteckt. Dies haben alle auch ohne Probleme geschafft.<br>Nach diesem anstrengenden Dienst, musste sich alle noch st\u00e4rken. P\u00fcnktlich 11.30 Uhr kam die Pizzalieferung auf den Hof und alle st\u00fcrzten sich auf die Partypizzen.<br>12:15 Uhr waren alle Kinder und Betreuer satt und geschafft und wir konnten den Dienst beenden. Den Ausbildern aller 3 Feuerwehren hat der gemeinsame Dienst wieder sehr viel Freude bereitet und wir konnten uns wieder rege untereinander austauschen, wie die Arbeit mit den Bambinis in den einzelnen Wehren funktioniert und l\u00e4uft. Jeder hat dabei seine eigenen kleinen Baustellen.<br>Vielen Danke auch an alle Eltern, die uns einen Kuchen oder Muffins zur Verf\u00fcgung gestellt haben.<\/p>\n\n\n\n<figure class=\"wp-block-gallery has-nested-images columns-default is-cropped wp-block-gallery-1 is-layout-flex wp-block-gallery-is-layout-flex\">\n<figure class=\"wp-block-image size-large is-style-rounded\"><img loading=\"lazy\" decoding=\"async\" width=\"1024\" height=\"458\" data-id=\"5905\" src=\"https:\/\/feuerwehr-weinboehla.de\/wp-content\/uploads\/2024\/07\/IMG-20240527-WA0021-1-1024x458.jpg\" alt=\"\" class=\"wp-image-5905\" srcset=\"https:\/\/feuerwehr-weinboehla.de\/wp-content\/uploads\/2024\/07\/IMG-20240527-WA0021-1-1024x458.jpg 1024w, https:\/\/feuerwehr-weinboehla.de\/wp-content\/uploads\/2024\/07\/IMG-20240527-WA0021-1-300x134.jpg 300w, https:\/\/feuerwehr-weinboehla.de\/wp-content\/uploads\/2024\/07\/IMG-20240527-WA0021-1-768x344.jpg 768w, https:\/\/feuerwehr-weinboehla.de\/wp-content\/uploads\/2024\/07\/IMG-20240527-WA0021-1-1536x687.jpg 1536w, https:\/\/feuerwehr-weinboehla.de\/wp-content\/uploads\/2024\/07\/IMG-20240527-WA0021-1.jpg 1600w\" sizes=\"auto, (max-width: 767px) 89vw, (max-width: 1000px) 54vw, (max-width: 1071px) 543px, 580px\" \/><\/figure>\n\n\n\n<figure class=\"wp-block-image size-large is-style-rounded\"><img loading=\"lazy\" decoding=\"async\" width=\"1024\" height=\"458\" data-id=\"5903\" src=\"https:\/\/feuerwehr-weinboehla.de\/wp-content\/uploads\/2024\/07\/IMG-20240527-WA0023-1-1024x458.jpg\" alt=\"\" class=\"wp-image-5903\" srcset=\"https:\/\/feuerwehr-weinboehla.de\/wp-content\/uploads\/2024\/07\/IMG-20240527-WA0023-1-1024x458.jpg 1024w, https:\/\/feuerwehr-weinboehla.de\/wp-content\/uploads\/2024\/07\/IMG-20240527-WA0023-1-300x134.jpg 300w, https:\/\/feuerwehr-weinboehla.de\/wp-content\/uploads\/2024\/07\/IMG-20240527-WA0023-1-768x344.jpg 768w, https:\/\/feuerwehr-weinboehla.de\/wp-content\/uploads\/2024\/07\/IMG-20240527-WA0023-1-1536x687.jpg 1536w, https:\/\/feuerwehr-weinboehla.de\/wp-content\/uploads\/2024\/07\/IMG-20240527-WA0023-1.jpg 1600w\" sizes=\"auto, (max-width: 767px) 89vw, (max-width: 1000px) 54vw, (max-width: 1071px) 543px, 580px\" \/><\/figure>\n\n\n\n<figure class=\"wp-block-image size-large is-style-rounded\"><img loading=\"lazy\" decoding=\"async\" width=\"739\" height=\"739\" data-id=\"5906\" src=\"https:\/\/feuerwehr-weinboehla.de\/wp-content\/uploads\/2024\/07\/IMG-20240527-WA0065-1-edited.jpg\" alt=\"\" class=\"wp-image-5906\" srcset=\"https:\/\/feuerwehr-weinboehla.de\/wp-content\/uploads\/2024\/07\/IMG-20240527-WA0065-1-edited.jpg 739w, https:\/\/feuerwehr-weinboehla.de\/wp-content\/uploads\/2024\/07\/IMG-20240527-WA0065-1-edited-300x300.jpg 300w, https:\/\/feuerwehr-weinboehla.de\/wp-content\/uploads\/2024\/07\/IMG-20240527-WA0065-1-edited-150x150.jpg 150w, https:\/\/feuerwehr-weinboehla.de\/wp-content\/uploads\/2024\/07\/IMG-20240527-WA0065-1-edited-100x100.jpg 100w\" sizes=\"auto, (max-width: 739px) 100vw, 739px\" \/><\/figure>\n<\/figure>\n<\/details>\n\n\n\n<details class=\"wp-block-details is-layout-flow wp-block-details-is-layout-flow\"><summary><strong>Rettungswagen statt Feuerwehr<\/strong><br>Zum Dienst am 12.03.24 war etwas anders zum Bambinidienst.<\/summary>\n<p>Es stand ein Rettungswagen aus unserem Landkreis auf dem Hof des Ger\u00e4tehauses.<br>Ziel war es, das den Bambinis die Angst vor dem Rettungsdienst zu nehmen und zu zeigen, was mit einem Rettungswagen alles m\u00f6glich ist. Auf dem Hof hatten die Kinder die einmalige Gelegenheit, sich den RTW von innen und au\u00dfen in Ruhe genaustens an zu schauen und Fragen zu stellen.<br>Es wurde erkl\u00e4rt, wozu dieser da ist und was man mit dem Auto machen kann. Alle h\u00f6rten interessiert zu. Zwischendrin erz\u00e4hlten die Kinder auch ihre eigenen Erfahrungen mit dem Rettungsdienst<\/p>\n\n\n\n<figure class=\"wp-block-gallery has-nested-images columns-default is-cropped wp-block-gallery-2 is-layout-flex wp-block-gallery-is-layout-flex\">\n<figure class=\"wp-block-image size-large is-style-rounded\"><img loading=\"lazy\" decoding=\"async\" width=\"768\" height=\"1024\" data-id=\"5694\" src=\"https:\/\/feuerwehr-weinboehla.de\/wp-content\/uploads\/2024\/03\/IMG-20240319-WA0000249-1-768x1024.jpg\" alt=\"\" class=\"wp-image-5694\" srcset=\"https:\/\/feuerwehr-weinboehla.de\/wp-content\/uploads\/2024\/03\/IMG-20240319-WA0000249-1-768x1024.jpg 768w, https:\/\/feuerwehr-weinboehla.de\/wp-content\/uploads\/2024\/03\/IMG-20240319-WA0000249-1-225x300.jpg 225w, https:\/\/feuerwehr-weinboehla.de\/wp-content\/uploads\/2024\/03\/IMG-20240319-WA0000249-1-1152x1536.jpg 1152w, https:\/\/feuerwehr-weinboehla.de\/wp-content\/uploads\/2024\/03\/IMG-20240319-WA0000249-1.jpg 1524w\" sizes=\"auto, (max-width: 767px) 89vw, (max-width: 1000px) 54vw, (max-width: 1071px) 543px, 580px\" \/><\/figure>\n\n\n\n<figure class=\"wp-block-image size-large is-style-rounded\"><img loading=\"lazy\" decoding=\"async\" width=\"1024\" height=\"768\" data-id=\"5695\" src=\"https:\/\/feuerwehr-weinboehla.de\/wp-content\/uploads\/2024\/03\/IMG-20240319-WA0002250-1-1024x768.jpg\" alt=\"\" class=\"wp-image-5695\" srcset=\"https:\/\/feuerwehr-weinboehla.de\/wp-content\/uploads\/2024\/03\/IMG-20240319-WA0002250-1-1024x768.jpg 1024w, https:\/\/feuerwehr-weinboehla.de\/wp-content\/uploads\/2024\/03\/IMG-20240319-WA0002250-1-300x225.jpg 300w, https:\/\/feuerwehr-weinboehla.de\/wp-content\/uploads\/2024\/03\/IMG-20240319-WA0002250-1-768x576.jpg 768w, https:\/\/feuerwehr-weinboehla.de\/wp-content\/uploads\/2024\/03\/IMG-20240319-WA0002250-1-1536x1152.jpg 1536w, https:\/\/feuerwehr-weinboehla.de\/wp-content\/uploads\/2024\/03\/IMG-20240319-WA0002250-1.jpg 2000w\" sizes=\"auto, (max-width: 767px) 89vw, (max-width: 1000px) 54vw, (max-width: 1071px) 543px, 580px\" \/><\/figure>\n<\/figure>\n<\/details>\n<\/details>\n\n\n\n<details class=\"wp-block-details is-layout-flow wp-block-details-is-layout-flow\"><summary>Berichte von 2023<\/summary>\n<p><\/p>\n\n\n\n<details class=\"wp-block-details is-layout-flow wp-block-details-is-layout-flow\"><summary><strong>Gemeinsamer Dienst der Kinderfeuerwehren mit Mei\u00dfen und Niederau<\/strong><br>Am 17.06.2023 vormittags trafen sich die Bambinifeuerwehren aus Weinb\u00f6hla, Niederau und Mei\u00dfen in der Feuerwehrwache der Freiwilligen Feuerwehr Mei\u00dfen um einen gemeinsamen Dienst zu erleben.&nbsp; <br>Der Grund daf\u00fcr ist einfach, &#8230;<\/summary>\n<p>&#8230;da die Kinder lernen sollen und m\u00fcssen, sich, wenn sie sp\u00e4ter einmal Feuerwehrfrauen \/ und -m\u00e4nner sind, es auch passieren wird, dass sie mit anderen Kameraden zusammenarbeiten m\u00fcssen. So wurden die Kinder in 6 Gruppen zu je 6 Kindern eingeteilt. Danach ging es an die Stationsarbeit. Behandelt wurden die Themen 1. Hilfe, L\u00f6schangriff mit dem Kinderkleinl\u00f6schfahrzeug der Feuerwehr Mei\u00dfen, Funk und einen Einblick gewinnen in den Einsatz mit Hebekissen.&nbsp;&nbsp;<br>Die Stationen Funk waren f\u00fcr die Kinder besonders interessant, da sie einer anderen Gruppe \u00fcber Funk erkl\u00e4ren sollten, welches kleine Geb\u00e4ude sie mit Legosteinen gebaut haben. Die andere Gruppe hatte die Aufgabe, das Gebilde genau nach den Anweisungen der Gruppe 1 nachzubauen. In der H\u00f6he und der Farbe der Steine waren die meisten Geb\u00e4ude gleich, jedoch die Ausrichtung der Steine wurde immer unterschiedlich ausgelegt. Dies geht auch den gro\u00dfen Aktiven Feuerwehrkameraden manchmal so, wenn sie im Einsatz \u00fcber Funk anderen Trupps oder Kr\u00e4ften ihren Plan beschreiben m\u00fcssen.&nbsp;&nbsp;<br>Eine Mittagsverpflegung gab es auch f\u00fcr allen Kinder und Betreuer. Die Eltern aus Mei\u00dfen haben flei\u00dfig gebacken und gekocht, sodass jedes Kind \u00fcbervoll den Heimweg antreten konnte.&nbsp;&nbsp;<br>Wir danken der Bambinifeuerwehr Mei\u00dfen f\u00fcr die wundervolle Vorbereitung und Umsetzung des Dienstes. So etwas werden wir nun wieder regelm\u00e4\u00dfig durchf\u00fchren.<\/p>\n<\/details>\n\n\n\n<details class=\"wp-block-details is-layout-flow wp-block-details-is-layout-flow\"><summary><strong>Wettkampf der Bambini- und Kinderfeuerwehren in Glaubitz<\/strong><br>Am 10.06.2023 fand der Wettkampf der Bambini- und Kinderfeuerwehren im Waldbad Glaubitz statt.<br>An den Start gingen 13 Mannschaften aus dem gesamten Landkreis Mei\u00dfen und&#8230;<\/summary>\n<p>&#8230;benachbarten Landkreisen S\u00e4chsische Schweiz\/ Osterzgebirge und dem Landkreis Bautzen.<br>Bei dem Wettkampf mussten unter anderem Stationen wie Knotenkunde der Feuerwehr, Schlauchbootziehen \u00fcber das Waldbad, Erste Hilfe, Parcourslauf und erraten der Feuerwehrger\u00e4te bew\u00e4ltigt werden. Bei den einzelnen Stationen kam es unter anderem auf Schnelligkeit und Teamgeist an. Den schon die Kleinsten in der Feuerwehr sollen lernen, dass sie nur als Team erfolgreich sein werden.<br>Alle Bambinis zeigten einen sehr starken Wettkampfgeist und erzielten damit den 2. Platz mit 113 Punkten. Der diesj\u00e4hrige Sieger Niederau hat 114 Punkte. Jeder Teilnehmer bekam anschlie\u00dfend eine Medaille. Der 3. Platz ging an die Kinderfeuerwehr Nauwalde mit 110 Punkten.<br>Wir danke der Feuerwehr Glaubitz und dem Kreisfeuerwehrverband f\u00fcr die sehr gute Vorbereitung und Durchf\u00fchrung des Wettkampfes. Dies ist f\u00fcr uns immer ein H\u00f6hepunkt im Dienstjahr und die Kinder k\u00f6nnen ihr Wissen und K\u00f6nnen unter Beweis stellen.<br>Wir hoffen, dass wir es n\u00e4chstes Jahr schaffen und den Wanderpokal wieder einmal nach Weinb\u00f6hla holen.<br><\/p>\n\n\n\n<figure class=\"wp-block-image size-large is-resized is-style-rounded\"><img loading=\"lazy\" decoding=\"async\" width=\"1024\" height=\"583\" src=\"https:\/\/feuerwehr-weinboehla.de\/wp-content\/uploads\/2023\/12\/PXL_20230610_1107579331-scaled-e1712246471708-1024x583.jpg\" alt=\"\" class=\"wp-image-5487\" style=\"width:674px;height:auto\" srcset=\"https:\/\/feuerwehr-weinboehla.de\/wp-content\/uploads\/2023\/12\/PXL_20230610_1107579331-scaled-e1712246471708-1024x583.jpg 1024w, https:\/\/feuerwehr-weinboehla.de\/wp-content\/uploads\/2023\/12\/PXL_20230610_1107579331-scaled-e1712246471708-300x171.jpg 300w, https:\/\/feuerwehr-weinboehla.de\/wp-content\/uploads\/2023\/12\/PXL_20230610_1107579331-scaled-e1712246471708-768x437.jpg 768w, https:\/\/feuerwehr-weinboehla.de\/wp-content\/uploads\/2023\/12\/PXL_20230610_1107579331-scaled-e1712246471708-1536x875.jpg 1536w, https:\/\/feuerwehr-weinboehla.de\/wp-content\/uploads\/2023\/12\/PXL_20230610_1107579331-scaled-e1712246471708.jpg 1902w\" sizes=\"auto, (max-width: 767px) 89vw, (max-width: 1000px) 54vw, (max-width: 1071px) 543px, 580px\" \/><\/figure>\n<\/details>\n\n\n\n<details class=\"wp-block-details is-layout-flow wp-block-details-is-layout-flow\"><summary><strong>\u201eIn der Weihnachtsb\u00e4ckerei, \u2026\u201c<\/strong><br>Zu kleinen Weihnachtsb\u00e4ckern sind die Kinder\u2026<\/summary>\n<p>\u2026der Bambini- und Jugendfeuerwehr am 21.11. und 23.11. geworden. Statt eines Ausbildungsdienstes nutzen die kleinsten Abteilungen ihre Dienstzeit in dieser Woche zum Pl\u00e4tzchenbacken. Viele Pl\u00e4tzchen wurden gebacken und dekoriert und ein oder zwei wurden vielleicht auch probiert. Doch all das dient auch schon der Vorbereitung f\u00fcr das J\u00e4hrliche Kalendert\u00fcrchen \u00f6ffnen.<br>Ein Riesen Dank gilt hierbei der B\u00e4ckerei Liebscher, die uns ihr Backstube, den Teig, die bunten Streusel und ihren Ofen zur Verf\u00fcgung stellten.<br>Wenn ihr Pl\u00e4tzchen also genauso gerne habt wie die j\u00fcngsten der Feuerwehr, dann kommt doch gerne am 07.12.23 um 18 Uhr bei der Feuerwehr Weinb\u00f6hla vorbei. Neben den Pl\u00e4tzchen gibt es nat\u00fcrlich auch noch anderes sehenswertes.<\/p>\n<\/details>\n\n\n\n<details class=\"wp-block-details is-layout-flow wp-block-details-is-layout-flow\"><summary><strong>Eisrettung auf dem Hof der Feuerwehr<\/strong><br>Am 24.01.23 trafen sich die Bambinis zum 2. Dienst im Jahre 2023. Wir haben mit den Kindern eine praktische \u00dcbung zur Eisrettung gemacht,&#8230;<\/summary>\n<p>&#8230;um den Kindern das Handeln bei einem Notfall im privaten Bereich n\u00e4her zu bringen und den Kindern daf\u00fcr Sicherheit zu geben. Die Bambinis durften selbst mit 2 Steckleiterteilen die Handhabung erproben. Anschlie\u00dfend konnten sie mit einer Arbeitsleine das Zuwerfen einer Leine zu einer im Eis eingebrochenen \u00fcben. Einige Kinder waren dabei sehr zielsicher. In diesem Zusammenhang konnten wir auch gleich noch mit den Kindern durchsprechen, was sie beim absetzen eines Notrufes zu beachten haben.<\/p>\n\n\n\n<figure class=\"wp-block-gallery has-nested-images columns-default is-cropped wp-block-gallery-3 is-layout-flex wp-block-gallery-is-layout-flex\">\n<figure class=\"wp-block-image size-large is-style-rounded\"><img loading=\"lazy\" decoding=\"async\" width=\"768\" height=\"1024\" data-id=\"5146\" src=\"https:\/\/feuerwehr-weinboehla.de\/wp-content\/uploads\/2023\/01\/WhatsApp-Image-2023-01-26-at-08.35.51-768x1024.jpeg\" alt=\"\" class=\"wp-image-5146\" srcset=\"https:\/\/feuerwehr-weinboehla.de\/wp-content\/uploads\/2023\/01\/WhatsApp-Image-2023-01-26-at-08.35.51-768x1024.jpeg 768w, https:\/\/feuerwehr-weinboehla.de\/wp-content\/uploads\/2023\/01\/WhatsApp-Image-2023-01-26-at-08.35.51-225x300.jpeg 225w, https:\/\/feuerwehr-weinboehla.de\/wp-content\/uploads\/2023\/01\/WhatsApp-Image-2023-01-26-at-08.35.51-1152x1536.jpeg 1152w, https:\/\/feuerwehr-weinboehla.de\/wp-content\/uploads\/2023\/01\/WhatsApp-Image-2023-01-26-at-08.35.51.jpeg 1500w\" sizes=\"auto, (max-width: 767px) 89vw, (max-width: 1000px) 54vw, (max-width: 1071px) 543px, 580px\" \/><\/figure>\n\n\n\n<figure class=\"wp-block-image size-large is-style-rounded\"><img loading=\"lazy\" decoding=\"async\" width=\"768\" height=\"1024\" data-id=\"5145\" src=\"https:\/\/feuerwehr-weinboehla.de\/wp-content\/uploads\/2023\/01\/WhatsApp-Image-2023-01-26-at-08.35.50-768x1024.jpeg\" alt=\"\" class=\"wp-image-5145\" srcset=\"https:\/\/feuerwehr-weinboehla.de\/wp-content\/uploads\/2023\/01\/WhatsApp-Image-2023-01-26-at-08.35.50-768x1024.jpeg 768w, https:\/\/feuerwehr-weinboehla.de\/wp-content\/uploads\/2023\/01\/WhatsApp-Image-2023-01-26-at-08.35.50-225x300.jpeg 225w, https:\/\/feuerwehr-weinboehla.de\/wp-content\/uploads\/2023\/01\/WhatsApp-Image-2023-01-26-at-08.35.50-1152x1536.jpeg 1152w, https:\/\/feuerwehr-weinboehla.de\/wp-content\/uploads\/2023\/01\/WhatsApp-Image-2023-01-26-at-08.35.50.jpeg 1500w\" sizes=\"auto, (max-width: 767px) 89vw, (max-width: 1000px) 54vw, (max-width: 1071px) 543px, 580px\" \/><\/figure>\n\n\n\n<figure class=\"wp-block-image size-large is-style-rounded\"><img loading=\"lazy\" decoding=\"async\" width=\"768\" height=\"1024\" data-id=\"5143\" src=\"https:\/\/feuerwehr-weinboehla.de\/wp-content\/uploads\/2023\/01\/WhatsApp-Image-2023-01-26-at-08.35.50-1-768x1024.jpeg\" alt=\"\" class=\"wp-image-5143\" srcset=\"https:\/\/feuerwehr-weinboehla.de\/wp-content\/uploads\/2023\/01\/WhatsApp-Image-2023-01-26-at-08.35.50-1-768x1024.jpeg 768w, https:\/\/feuerwehr-weinboehla.de\/wp-content\/uploads\/2023\/01\/WhatsApp-Image-2023-01-26-at-08.35.50-1-225x300.jpeg 225w, https:\/\/feuerwehr-weinboehla.de\/wp-content\/uploads\/2023\/01\/WhatsApp-Image-2023-01-26-at-08.35.50-1-1152x1536.jpeg 1152w, https:\/\/feuerwehr-weinboehla.de\/wp-content\/uploads\/2023\/01\/WhatsApp-Image-2023-01-26-at-08.35.50-1.jpeg 1500w\" sizes=\"auto, (max-width: 767px) 89vw, (max-width: 1000px) 54vw, (max-width: 1071px) 543px, 580px\" \/><\/figure>\n<\/figure>\n<\/details>\n<\/details>\n\n\n\n<details class=\"wp-block-details is-layout-flow wp-block-details-is-layout-flow\"><summary>Berichte von 2022<\/summary>\n<p><\/p>\n\n\n\n<details class=\"wp-block-details is-layout-flow wp-block-details-is-layout-flow\"><summary><strong>Bambiniwettkampf 2022<\/strong><br>Liebe Kameraden\/-innen, liebe Feuerwehrbegeisterte am heutigen Tag den 03.09.2022 haben die Kinder der Bambinifeuerwehr Weinb\u00f6hla im Bambinifeuerwehrwettkampf in Mei\u00dfen einen hervorragenden 2. Platz erk\u00e4mpft&#8230;<\/summary>\n<p>In den Disziplinen Feuerwehrknoten wurden 9 von 10 Punkten erreicht&#8230; Beim Stapeln eines Holzturmes mit Grillzange konnten die Kinder die volle Punktzahl erreichen, auch beim Weitwurf des Leinenbeutel konnten spitzenm\u00e4\u00dfige 85 Punkte geworfen werden&#8230; Bei der Verkehrserziehung, die durch die Polizei erfolgte wurden bis auf einen Zusatzpunkt alle m\u00f6glichen Punkte erreicht&#8230; Unsere Bambinis waren ebenfalls in den Disziplinen Ger\u00e4tekunde und Hindernislauf hervorragend&#8230; Die Station der ersten Hilfe wurde durch die Johanniter-Unfall-Hilfe betreut, unsere kleinen Feuerwehrm\u00e4nner und -frau konnten hier ebenfalls volle Punktzahl erreichen, da kann sich so mancher Rettungsdienstler eine Scheibe abschneiden&#8230; Die Station Sandsack Bef\u00fcllung und diese stapeln wurde in der Zeit von 4,07 min. bew\u00e4ltigt, auch der Rundkurs einer fiktiven Einsatzfahrt der durch die Verkehrswacht unterst\u00fctzt wurde, wurde in einer unglaublichen Zeit von 0,36min. bew\u00e4ltigt&#8230; Dieses tolle Ergebnis ist dank der guten Ausbildung durch die Bambini Ausbilder S. Rabis, G. Eisenbl\u00e4tter sowie M. Arnold, C. Bahrke und T. J\u00e4ger erreicht wurden&#8230;<br>Die Kameraden und Kameradinnen der Ffw Weinb\u00f6hla sind stolz auf dieses hervorragende Ergebnis.<\/p>\n\n\n\n<figure class=\"wp-block-gallery has-nested-images columns-default is-cropped wp-block-gallery-4 is-layout-flex wp-block-gallery-is-layout-flex\">\n<figure class=\"wp-block-image size-large is-style-rounded\"><img loading=\"lazy\" decoding=\"async\" width=\"766\" height=\"1024\" data-id=\"5749\" src=\"https:\/\/feuerwehr-weinboehla.de\/wp-content\/uploads\/2024\/04\/IMG-20220903-WA0014-766x1024.jpg\" alt=\"\" class=\"wp-image-5749\" srcset=\"https:\/\/feuerwehr-weinboehla.de\/wp-content\/uploads\/2024\/04\/IMG-20220903-WA0014-766x1024.jpg 766w, https:\/\/feuerwehr-weinboehla.de\/wp-content\/uploads\/2024\/04\/IMG-20220903-WA0014-224x300.jpg 224w, https:\/\/feuerwehr-weinboehla.de\/wp-content\/uploads\/2024\/04\/IMG-20220903-WA0014-768x1027.jpg 768w, https:\/\/feuerwehr-weinboehla.de\/wp-content\/uploads\/2024\/04\/IMG-20220903-WA0014-1149x1536.jpg 1149w, https:\/\/feuerwehr-weinboehla.de\/wp-content\/uploads\/2024\/04\/IMG-20220903-WA0014.jpg 1532w\" sizes=\"auto, (max-width: 706px) 89vw, (max-width: 767px) 82vw, 740px\" \/><\/figure>\n\n\n\n<figure class=\"wp-block-image size-large is-style-rounded\"><img loading=\"lazy\" decoding=\"async\" width=\"768\" height=\"1024\" data-id=\"5750\" src=\"https:\/\/feuerwehr-weinboehla.de\/wp-content\/uploads\/2024\/04\/IMG-20220903-WA0032-768x1024.jpg\" alt=\"\" class=\"wp-image-5750\" srcset=\"https:\/\/feuerwehr-weinboehla.de\/wp-content\/uploads\/2024\/04\/IMG-20220903-WA0032-768x1024.jpg 768w, https:\/\/feuerwehr-weinboehla.de\/wp-content\/uploads\/2024\/04\/IMG-20220903-WA0032-225x300.jpg 225w, https:\/\/feuerwehr-weinboehla.de\/wp-content\/uploads\/2024\/04\/IMG-20220903-WA0032-1152x1536.jpg 1152w, https:\/\/feuerwehr-weinboehla.de\/wp-content\/uploads\/2024\/04\/IMG-20220903-WA0032.jpg 1536w\" sizes=\"auto, (max-width: 767px) 89vw, (max-width: 1000px) 54vw, (max-width: 1071px) 543px, 580px\" \/><\/figure>\n\n\n\n<figure class=\"wp-block-image size-large is-style-rounded\"><img loading=\"lazy\" decoding=\"async\" width=\"1024\" height=\"768\" data-id=\"5751\" src=\"https:\/\/feuerwehr-weinboehla.de\/wp-content\/uploads\/2024\/04\/IMG-20220903-WA0043-1024x768.jpg\" alt=\"\" class=\"wp-image-5751\" srcset=\"https:\/\/feuerwehr-weinboehla.de\/wp-content\/uploads\/2024\/04\/IMG-20220903-WA0043-1024x768.jpg 1024w, https:\/\/feuerwehr-weinboehla.de\/wp-content\/uploads\/2024\/04\/IMG-20220903-WA0043-300x225.jpg 300w, https:\/\/feuerwehr-weinboehla.de\/wp-content\/uploads\/2024\/04\/IMG-20220903-WA0043-768x576.jpg 768w, https:\/\/feuerwehr-weinboehla.de\/wp-content\/uploads\/2024\/04\/IMG-20220903-WA0043-1536x1152.jpg 1536w, https:\/\/feuerwehr-weinboehla.de\/wp-content\/uploads\/2024\/04\/IMG-20220903-WA0043.jpg 1600w\" sizes=\"auto, (max-width: 767px) 89vw, (max-width: 1000px) 54vw, (max-width: 1071px) 543px, 580px\" \/><\/figure>\n\n\n\n<figure class=\"wp-block-image size-large is-style-rounded\"><img loading=\"lazy\" decoding=\"async\" width=\"1054\" height=\"789\" data-id=\"5752\" src=\"https:\/\/feuerwehr-weinboehla.de\/wp-content\/uploads\/2024\/04\/IMG-20220903-WA0009-edited.jpg\" alt=\"\" class=\"wp-image-5752\" srcset=\"https:\/\/feuerwehr-weinboehla.de\/wp-content\/uploads\/2024\/04\/IMG-20220903-WA0009-edited.jpg 1054w, https:\/\/feuerwehr-weinboehla.de\/wp-content\/uploads\/2024\/04\/IMG-20220903-WA0009-edited-300x225.jpg 300w, https:\/\/feuerwehr-weinboehla.de\/wp-content\/uploads\/2024\/04\/IMG-20220903-WA0009-edited-1024x767.jpg 1024w, https:\/\/feuerwehr-weinboehla.de\/wp-content\/uploads\/2024\/04\/IMG-20220903-WA0009-edited-768x575.jpg 768w\" sizes=\"auto, (max-width: 767px) 89vw, (max-width: 1000px) 54vw, (max-width: 1071px) 543px, 580px\" \/><\/figure>\n<\/figure>\n<\/details>\n\n\n\n<details class=\"wp-block-details is-layout-flow wp-block-details-is-layout-flow\"><summary><strong>Wimpel Weihe der Bambinifeuerwehr<\/strong><br>Am 13.01.2011 wurde unsere Bambinifeuerwehr gegr\u00fcndet. Aufgrund des 10-j\u00e4hrigen Jubil\u00e4ums im letzten Jahr hat sich die Bambinifeuerwehr\u2026<\/summary>\n<p>\u2026 dazu entschieden einen eigenen Wimpel anschaffen zu wollen. Der Wimpel soll ein Symbol f\u00fcr Zusammengeh\u00f6rigkeit sein. Gleichzeitig steht er aber auch f\u00fcr die Verpflichtung und Ehre der Bambinifeuerwehr. Wegen der Pandemie musste dieses Ereignis leider um ein Jahr verschoben werden, weshalb es nun am 13.05.22 stattfand.<br>Bei diesem Ereignis sind zahlreiche G\u00e4ste erschienen. Darunter unser B\u00fcrgermeister, Herr Zenker, der Vorsitzende des Kreisfeuerwehrverbandes Mei\u00dfen, Kamerad Frank Ricklin und der Landesjugendfeuerwehrwart, Kamerad Frank Pfeiffer mit Kameradin Kathleen Klotsche. Au\u00dferdem waren auch Vertreter von den Bambinifeuerwehr aus Niederau, Mei\u00dfen sowie von befreundeten Bambini-Wehren aus K\u00f6nigsstein (S\u00e4chsische Schweiz) und K\u00f6nigswartha (Oberlausitz) da. Aufgrund von Erkrankung musste sich Pfarrer, Rei\u00dfmann leider entschuldigen und konnte bei diesem Ereignis nicht dabei sein.<br>Er\u00f6ffnet wurde die Weihe durch den Spielmannszug. Nach der Begr\u00fc\u00dfung durch den Kameraden Detlef Arnold richtete sich zuerst Herr Zenker, im Anschluss unser Wehrleiter, Kamerad H\u00e4\u00dfler und zum Schluss der Landesjugendfeuerwehrwart an die Bambinis.<br>Kamerad Detlef Arnold hat noch einmal ein Dank an alle diejenigen gerichtet, welche zur Anschaffung des Wimpels, welcher immerhin 1200\u20ac kostete, beigetragen haben. Dabei wurden 440\u20ac von den Eltern und 320\u20ac von der Kameradschaft beigetragen. Die noch \u00fcbriggebliebenen kosten wurden von dem F\u00f6rderverein der Freiwilligen Feuerwehr Weinb\u00f6hla \u00fcbernommen.<br>Zum eigentlichen Weihe-Akt wurde der Leiter der Bambini-Feuerwehr, Kamerad Sebastian Rabis, ans Rednerpult gebeten. Mit einem Lied des Spielmannszugs und dem Kommando \u201eWimpel holen!\u201c wurde der Bambini Wimpel von den Bambini-Ausbildern zum Rednerpult gebracht. Mit dem Kommando \u201eWimpel enth\u00fcllen\u201c wurde der neue Wimpel unserer Feuerwehr enth\u00fcllt. Und mit dem letzten Kommando \u201eWimpel auf!\u201c wurde der Bambini Wimpel erhoben. Der Wimpel hat eine Orts- und eine Feuerwehrseite. Die erste Seite hat einen weinroten Untergrund und ist mit dem Bambinifeuerwehr Logo sowie dem Gr\u00fcndungsjahr unserer Bambinifeuerwehr versehen. Die andere Seite ist die Ortsseite und hat einen blauen Untergrund und spiegelt mit der Weintraube das offizielle Wappen unserer Gemeinde wider. Durch die Wimpel Farben ist der Wimpel identisch zu der gro\u00dfen Fahne der Feuerwehr und dem Wimpel der Jugendfeuerwehr, welcher nun der Partnerwimpel ist. Mit dem Weihespruch, welcher eigentlich von Pfarrer, Rei\u00dfmann verlesen werden sollte, war der Wimpel endg\u00fcltig eingeweiht.<\/p>\n\n\n\n<p><em>\u201eWir weihen die Fahne und tragen sie stolz, die Liebe zu unserer Kinderfeuerwehr ist ihr Symbol.<\/em> <em>M\u00f6ge sie unser Bambinis in eine gute Zukunft tragen.\u201c<\/em><\/p>\n\n\n\n<p>Im Anschluss ergriffen noch die G\u00e4ste aus den Nachbar- und befreundeten Wehren das Wort und begl\u00fcckw\u00fcnschten die Bambinis zu ihrem tollen Wimpel und w\u00fcnschten ihnen viel Spa\u00df damit.<br>Damit ist die Bambinifeuerwehr von Weinb\u00f6hla die erste in ganz Sachsen mit einem eigenen Wimpel.<\/p>\n\n\n\n<div class=\"wp-block-group\"><div class=\"wp-block-group__inner-container is-layout-constrained wp-block-group-is-layout-constrained\">\n<div class=\"wp-block-columns is-layout-flex wp-container-core-columns-is-layout-9d6595d7 wp-block-columns-is-layout-flex\">\n<div class=\"wp-block-column is-layout-flow wp-block-column-is-layout-flow\" style=\"flex-basis:100%\">\n<figure class=\"wp-block-gallery has-nested-images columns-default is-cropped wp-block-gallery-5 is-layout-flex wp-block-gallery-is-layout-flex\">\n<figure class=\"wp-block-image size-large is-style-rounded\"><img loading=\"lazy\" decoding=\"async\" width=\"883\" height=\"589\" data-id=\"5769\" src=\"https:\/\/feuerwehr-weinboehla.de\/wp-content\/uploads\/2024\/04\/Wimpelweihe-edited.jpg\" alt=\"\" class=\"wp-image-5769\" srcset=\"https:\/\/feuerwehr-weinboehla.de\/wp-content\/uploads\/2024\/04\/Wimpelweihe-edited.jpg 883w, https:\/\/feuerwehr-weinboehla.de\/wp-content\/uploads\/2024\/04\/Wimpelweihe-edited-300x200.jpg 300w, https:\/\/feuerwehr-weinboehla.de\/wp-content\/uploads\/2024\/04\/Wimpelweihe-edited-768x512.jpg 768w\" sizes=\"auto, (max-width: 767px) 89vw, (max-width: 1000px) 54vw, (max-width: 1071px) 543px, 580px\" \/><\/figure>\n<\/figure>\n<\/div>\n<\/div>\n<\/div><\/div>\n<\/details>\n\n\n\n<details class=\"wp-block-details is-layout-flow wp-block-details-is-layout-flow\"><summary><strong>Endlich geht es wieder f\u00fcr den Nachwuchs weiter<\/strong><br>Seit dieser Woche (28.02.22-06.03.22) d\u00fcrfen sowohl die Bambinifeuerwehr als auch die Jugendfeuerwehr wieder Dienste durchf\u00fchren.<\/summary>\n<p>Etwa ein viertel Jahr mussten die kleinsten Abteilungen aufgrund der Pandemie ihre Dienste einstellen. Umso erfreuter waren die Kinder, Jugendlichen und Ausbilder als sie erfuhren, dass sie ab M\u00e4rz wieder mit den Diensten beginnen k\u00f6nnten.<br>Am Dienstag, den 01.03.22, hatten die Bambinis ihren ersten Dienst nach der langen Pause. Zu Beginn folgte wie jedes Jahr, zum ersten Dienst, die Belehrung. Im Anschluss daran wurden Gruppenspiele gespielt. Den Notruf abzusetzen und zu \u00fcben war ein weiterer wichtiger Bestandteil dieses Dienstes. Dabei kam es auf die Notrufnummer 112 an als auch auf die f\u00fcnf W-Fragen die da lauten Wer?, Wo?, Was?, Wieviel? und Warten?.<br>Die Jugendfeuerwehr startete am 03.03.22 wieder mit ihren Diensten. Bei ihnen ging es Haupts\u00e4chlich um die Fahrzeugkunde, aber auch die dazugeh\u00f6rige Feuerwehrdienstvorschrift 3, welche sich mit dem L\u00f6schen von Br\u00e4nden besch\u00e4ftigt. Die Fahrzeugkunde wurde sowohl an unserm LF16 als auch an unserm TLF3000 durchgef\u00fchrt, dabei konnten die Kinder unter Beweis stellen was sie nach so langer Zeit noch konnten, aber auch neu Informationen gewinnen. Bei beiden Abteilungen kann man sagen, dass die Freude der wieder anlaufenden Dienste riesig war und die Freude Freunde wieder zutreffen.<\/p>\n<\/details>\n<\/details>\n\n\n\n<hr class=\"wp-block-separator has-text-color has-black-color has-alpha-channel-opacity has-black-background-color has-background is-style-wide\"\/>\n","protected":false},"excerpt":{"rendered":"<p>Die Kinder der Bambinifeuerwehr Weinb\u00f6hla Die Kinder erlernen spielerisch wie man Feuer l\u00f6scht und anderen Menschen hilft. Gemeinsam bilden sie ein starkes Team und nehmen an Wettk\u00e4mpfen teil. Die M\u00e4dchen und Jungen sind Feuer und Flamme alles genauer unter die Lupe zu nehmen. Ihre Anwesenheit zeigen die Kinder der Bambinifeuerwehr Weinb\u00f6hla auch bei Veranstaltungen, wie &hellip; <\/p>\n<p class=\"link-more\"><a href=\"https:\/\/feuerwehr-weinboehla.de\/?page_id=402\" class=\"more-link\"><span class=\"screen-reader-text\">\u201eBambinifeuerwehr\u201c <\/span>weiterlesen<\/a><\/p>\n","protected":false},"author":1,"featured_media":0,"parent":0,"menu_order":0,"comment_status":"closed","ping_status":"closed","template":"","meta":{"footnotes":""},"class_list":["post-402","page","type-page","status-publish","hentry"],"_links":{"self":[{"href":"https:\/\/feuerwehr-weinboehla.de\/index.php?rest_route=\/wp\/v2\/pages\/402","targetHints":{"allow":["GET"]}}],"collection":[{"href":"https:\/\/feuerwehr-weinboehla.de\/index.php?rest_route=\/wp\/v2\/pages"}],"about":[{"href":"https:\/\/feuerwehr-weinboehla.de\/index.php?rest_route=\/wp\/v2\/types\/page"}],"author":[{"embeddable":true,"href":"https:\/\/feuerwehr-weinboehla.de\/index.php?rest_route=\/wp\/v2\/users\/1"}],"replies":[{"embeddable":true,"href":"https:\/\/feuerwehr-weinboehla.de\/index.php?rest_route=%2Fwp%2Fv2%2Fcomments&post=402"}],"version-history":[{"count":77,"href":"https:\/\/feuerwehr-weinboehla.de\/index.php?rest_route=\/wp\/v2\/pages\/402\/revisions"}],"predecessor-version":[{"id":6230,"href":"https:\/\/feuerwehr-weinboehla.de\/index.php?rest_route=\/wp\/v2\/pages\/402\/revisions\/6230"}],"wp:attachment":[{"href":"https:\/\/feuerwehr-weinboehla.de\/index.php?rest_route=%2Fwp%2Fv2%2Fmedia&parent=402"}],"curies":[{"name":"wp","href":"https:\/\/api.w.org\/{rel}","templated":true}]}}