{"id":427,"date":"2019-07-19T12:18:26","date_gmt":"2019-07-19T12:18:26","guid":{"rendered":"http:\/\/fw-wbl.feuerwehr-weinboehla.de\/?page_id=427"},"modified":"2026-01-20T18:06:41","modified_gmt":"2026-01-20T18:06:41","slug":"aktive-abteilung","status":"publish","type":"page","link":"https:\/\/feuerwehr-weinboehla.de\/?page_id=427","title":{"rendered":"Aktive Abteilung"},"content":{"rendered":"\n<div class=\"wp-block-cover\"><img loading=\"lazy\" decoding=\"async\" width=\"1600\" height=\"1200\" class=\"wp-block-cover__image-background wp-image-635\" alt=\"\" src=\"https:\/\/feuerwehr-weinboehla.de\/wp-content\/uploads\/2019\/07\/20190622_042241000_iOS.jpg\" data-object-fit=\"cover\" srcset=\"https:\/\/feuerwehr-weinboehla.de\/wp-content\/uploads\/2019\/07\/20190622_042241000_iOS.jpg 1600w, https:\/\/feuerwehr-weinboehla.de\/wp-content\/uploads\/2019\/07\/20190622_042241000_iOS-300x225.jpg 300w, https:\/\/feuerwehr-weinboehla.de\/wp-content\/uploads\/2019\/07\/20190622_042241000_iOS-768x576.jpg 768w, https:\/\/feuerwehr-weinboehla.de\/wp-content\/uploads\/2019\/07\/20190622_042241000_iOS-1024x768.jpg 1024w\" sizes=\"auto, (max-width: 767px) 89vw, (max-width: 1000px) 54vw, (max-width: 1071px) 543px, 580px\" \/><span aria-hidden=\"true\" class=\"wp-block-cover__background has-background-dim\"><\/span><div class=\"wp-block-cover__inner-container is-layout-flow wp-block-cover-is-layout-flow\">\n<p class=\"has-text-align-center has-large-font-size\"><\/p>\n<\/div><\/div>\n\n\n\n<hr class=\"wp-block-separator has-css-opacity\"\/>\n\n\n\n<div class=\"wp-block-columns is-layout-flex wp-container-core-columns-is-layout-9d6595d7 wp-block-columns-is-layout-flex\">\n<div class=\"wp-block-column is-layout-flow wp-block-column-is-layout-flow\" style=\"flex-basis:33.33%\">\n<figure class=\"wp-block-image size-large is-resized\"><img loading=\"lazy\" decoding=\"async\" width=\"1024\" height=\"768\" src=\"https:\/\/feuerwehr-weinboehla.de\/wp-content\/uploads\/2020\/01\/ef2f1865-07fa-44b3-b0a3-f48741195800-1024x768.jpg\" alt=\"\" class=\"wp-image-970\" style=\"width:370px;height:277px\" srcset=\"https:\/\/feuerwehr-weinboehla.de\/wp-content\/uploads\/2020\/01\/ef2f1865-07fa-44b3-b0a3-f48741195800-1024x768.jpg 1024w, https:\/\/feuerwehr-weinboehla.de\/wp-content\/uploads\/2020\/01\/ef2f1865-07fa-44b3-b0a3-f48741195800-300x225.jpg 300w, https:\/\/feuerwehr-weinboehla.de\/wp-content\/uploads\/2020\/01\/ef2f1865-07fa-44b3-b0a3-f48741195800-768x576.jpg 768w, https:\/\/feuerwehr-weinboehla.de\/wp-content\/uploads\/2020\/01\/ef2f1865-07fa-44b3-b0a3-f48741195800-1536x1152.jpg 1536w, https:\/\/feuerwehr-weinboehla.de\/wp-content\/uploads\/2020\/01\/ef2f1865-07fa-44b3-b0a3-f48741195800.jpg 1600w\" sizes=\"auto, (max-width: 767px) 89vw, (max-width: 1000px) 54vw, (max-width: 1071px) 543px, 580px\" \/><\/figure>\n<\/div>\n\n\n\n<div class=\"wp-block-column is-layout-flow wp-block-column-is-layout-flow\" style=\"flex-basis:66.66%\">\n<h1 class=\"wp-block-heading\">Die aktive Abteilung&#8230;<\/h1>\n\n\n\n<h6 class=\"wp-block-heading\">&#8230; der Freiwilligen Feuerwehr Weinb\u00f6hla steht Ihnen 24 Stunden, Sieben Tage in der Woche, sowie 365 Tage im Jahr zur Seite, sollten Sie einen Notfall haben. Damit wir Ihnen schnell und rechtzeitig helfen k\u00f6nnen f\u00fchren wir regelm\u00e4\u00dfig strukturierte und ausf\u00fchrlich geplante \u00dcbungsdienste durch. Denn unsere Aufgabe ist es schon lange nicht mehr nur Feuer zu l\u00f6schen. Nebenbei \u00fcben wir regelm\u00e4\u00dfig Technische Hilfeleistung f\u00fcr T\u00fcr\u00f6ffnungen, Verkehrsunf\u00e4lle und noch vieles mehr. Zus\u00e4tzlich besteht regelm\u00e4\u00dfig f\u00fcr alle Feuerwehrfrauen und M\u00e4nner die M\u00f6glichkeit die unterschiedlichsten Lehrg\u00e4nge besuchen zu k\u00f6nnen.<\/h6>\n<\/div>\n<\/div>\n\n\n\n<div class=\"wp-block-columns is-layout-flex wp-container-core-columns-is-layout-9d6595d7 wp-block-columns-is-layout-flex\">\n<div class=\"wp-block-column is-layout-flow wp-block-column-is-layout-flow\" style=\"flex-basis:66.66%\">\n<h1 class=\"wp-block-heading\">Unser Ehrenamt f\u00fcr Sie.<\/h1>\n\n\n\n<h6 class=\"wp-block-heading\">Unter Ehrenamt versteht man zuerst mal nur, dass jemand etwas freiwillig f\u00fcr andere macht. Dass jemand sich f\u00fcr andere einsetzt und ihnen wohlm\u00f6glich helfen m\u00f6chte. Doch damit geholfen werden kann braucht es eine gute Organisation. Hierf\u00fcr gibt es in unserer Feuerwehr noch jeweilige Teams die neben den Eins\u00e4tzen sich regel\u00e4\u00dfig zusammenfinden. Zum Beispiel gibt es da die Kleiderkammer, welche alle Kameraden mit der notwendigen Schutzausr\u00fcstung f\u00fcr den Einsatz versorgt. Es gibt ein Team, welches daf\u00fcr verantwortlich ist, dass unser Alarmierung auf Handy und Pager gut problemlos funktioniert. Au\u00dferdem gibt es zum Beispiel noch das Team \u00d6ffentlichkeitsarbeit, welches daf\u00fcr sorgt, dass Sie immer die Brandneuen News bekommen. Das ist nur ein Bruchteil der Teams und Gruppen, welche sich in unserer Feuerwehr noch nebenbei engagieren. Es steckt viel Arbeit in unserem Ehrenamt, welche wir aber sehr gerne unter anderem f\u00fcr Ihren Schutz \u00fcbernehmen.<\/h6>\n<\/div>\n\n\n\n<div class=\"wp-block-column is-layout-flow wp-block-column-is-layout-flow\" style=\"flex-basis:33.33%\">\n<figure class=\"wp-block-image size-large is-resized\"><img loading=\"lazy\" decoding=\"async\" width=\"768\" height=\"1024\" src=\"https:\/\/feuerwehr-weinboehla.de\/wp-content\/uploads\/2020\/09\/IMG-20200915-WA0023-768x1024.jpg\" alt=\"\" class=\"wp-image-1710\" style=\"width:369px;height:492px\" srcset=\"https:\/\/feuerwehr-weinboehla.de\/wp-content\/uploads\/2020\/09\/IMG-20200915-WA0023-768x1024.jpg 768w, https:\/\/feuerwehr-weinboehla.de\/wp-content\/uploads\/2020\/09\/IMG-20200915-WA0023-225x300.jpg 225w, https:\/\/feuerwehr-weinboehla.de\/wp-content\/uploads\/2020\/09\/IMG-20200915-WA0023-1152x1536.jpg 1152w, https:\/\/feuerwehr-weinboehla.de\/wp-content\/uploads\/2020\/09\/IMG-20200915-WA0023.jpg 1200w\" sizes=\"auto, (max-width: 767px) 89vw, (max-width: 1000px) 54vw, (max-width: 1071px) 543px, 580px\" \/><\/figure>\n<\/div>\n<\/div>\n\n\n\n<hr class=\"wp-block-separator has-alpha-channel-opacity is-style-wide\"\/>\n\n\n\n<div class=\"wp-block-columns is-layout-flex wp-container-core-columns-is-layout-9d6595d7 wp-block-columns-is-layout-flex\">\n<div class=\"wp-block-column is-layout-flow wp-block-column-is-layout-flow\">\n<h2 class=\"wp-block-heading has-text-align-center has-large-font-size\"><strong>Berichte der aktiven Abteilung<\/strong><\/h2>\n<\/div>\n<\/div>\n\n\n\n<hr class=\"wp-block-separator has-alpha-channel-opacity is-style-wide\"\/>\n\n\n\n<p><strong><u><strong>Ereignisreiche Weihnachtszeit<\/strong><\/u><\/strong><\/p>\n\n\n\n<p>Wir hoffen Sie sind gut, entspannt und Unfallfrei durch die Weihnachtszeit gekommen.<br>Angefangen am 23.12., 05:32 Uhr mit einen Unfall auf der K\u00f6hlerstra\u00dfe mit einen PKW und einer entgleisten Stra\u00dfenbahn. Bei diesen Einsatz waren nur erste Ma\u00dfnahmen von N\u00f6ten. Das Eingleisen der Stra\u00dfenbahn \u00fcbernahm dann die Berufsfeuerwehr Dresden im Auftrag der DVB. Dazu war die K\u00f6hlerstra\u00dfe bis zum Mittag im Bereich des Unfalls voll gesperrt.<br>Dann erreichten uns erreichten ein paar Zeilen die wir gern ver\u00f6ffentlichen wollen:<br>Ein Feuerwehreinsatz als kleines Weihnachtswunder&#8230;<br>Als ich mit meiner besten Freundin, die schon sehr lange Jahre bei der Feuerwehr Weinb\u00f6hla ist, unterwegs war bekam sie einen Anruf von ihren Kameraden. &#8222;Es hat sich ein Pferd im Stall festgelegen. K\u00f6nnt ihr vorbeikommen und unterst\u00fctzen?&#8220;. Nat\u00fcrlich ist es uns eine Herzenssache Tieren zu helfen und vor allem Pferden.<br>Mit Sachverstand und Pferdekenntnis haben wir uns ein \u00dcberblick verschafft und einen Plan gemacht wie wir dem nicht gerade kleinen und leichten Shire Horse Pferd helfen k\u00f6nnen wieder auf seine alten kranken Beine zu kommen. Aber aufgeben war zu keinem Zeitpunkt ein Gedanke, denn es ist Weihnachten! Zus\u00e4tzlich kam ein Satz w\u00e4hrend der Rettung von Gina-Maria \u00fcber die Lippen: &#8222;Schakira hat mich zum Schulanfang gefahren wir m\u00fcssen weiter machen und k\u00f6nnen nicht aufgeben&#8220;. Als w\u00e4re es Zufall oder Bestimmung gewesen, dass wir in diesem Jahr ein Ausbildungsthema \u201eUmgang mit Pferden und Gro\u00dftieren\u201c hatten. Genau dabei haben wir die Herangehensweise an Pferd durch unsere Kameradin Gina-Maria kennenlernen d\u00fcrfen.<br>2\u00bd h haben wir zusammen Hand in Hand versucht dem Pferd auf die Beine zu helfen und \u00fcberlegt welche M\u00f6glichkeiten zur Rettung und Unterst\u00fctzung m\u00f6glich sind. Am Ende hatten wir durch die gute Zusammenarbeit zwischen den Kameraden und den anwesenden Pferdefreunden es geschafft mit viel ziehen und heben durch den Hoflader das geschw\u00e4chte Tier aus seiner Misslichen Lage zu befreien und auf die Beine zu stellen.<br>Nun hie\u00df es schnell alles wegr\u00e4umen damit es nicht wieder zu Boden f\u00e4llt. Aber nach einer kurzen Haferst\u00e4rkung und etwas den Kreislauf stabilisieren durch klopfen und streicheln war es wieder fit genug und frohen Mutes den Weg auf die Koppel zu seinen Pferdekumpels anzutreten und den Weihnachtstag entgegen zu laufen.<br>Liebe Schakira wir w\u00fcnschen dir noch viele sch\u00f6ne Momente und noch viel Zeit hier im Weinb\u00f6hla.<br>Danke an die Feuerwehr Weinb\u00f6hla f\u00fcr dieses Weihnachtswunder, ich werde noch sehr lange von diesem Erfolgserlebnis zehren und mich dar\u00fcber freuen wie toll diese Gemeinschaft, auch in nicht allt\u00e4glichen Eins\u00e4tzen, funktioniert.<br>LG Theresa<\/p>\n\n\n\n<hr class=\"wp-block-separator has-alpha-channel-opacity is-style-wide\"\/>\n\n\n\n<p><strong><u>Winterfestmachung bei der Feuerwehr<\/u><\/strong><\/p>\n\n\n\n<p>Am Samstag, den 26.10.2024, trafen sich die Kameraden der Jugendfeuerwehr, der Aktiven- sowie der Alters- und Ehrenabteilung zur Winterfestmachung. Um acht Uhr hie\u00df es f\u00fcr alle Kameraden und Kameradinnen antreten und verteilen der Aufgaben. Ein Gro\u00dfteil der Kameraden hat sich um das ausr\u00e4umen, putzen und waschen der Fahrzeuge gek\u00fcmmert. Des Weiteren k\u00fcmmerten sich die Kameraden um die Gr\u00fcnanlagen und Gartenpflege. Andere r\u00e4umten Regale und Staur\u00e4ume der Feuerwehr auf und sortierten diese auch geleichzeitig aus. Kurz nach neun Uhr hie\u00df es dann erstmal Pause, wobei sich einige Kameraden um die Verpflegung und das Leibliche k\u00fcmmerten. Nach dieser kurzen Pause haben alle die Arbeit wieder aufgenommen. Damit jegliche Aufgaben m\u00f6glichst schnell und ordentlich beendet werden konnten, haben sich alle Kameraden gegenseitig unterst\u00fctzt. Gegen 11 Uhr wurden die Kameraden zum Mittag gerufen, damit es dann gest\u00e4rkt in den Endspurt gehen konnte. Zum Schluss haben alle Kameraden ihre Spinde noch ges\u00e4ubert und aufger\u00e4umt. Circa 13 Uhr waren alle Aufgaben erledigt. Alle Fahrzeuge standen wieder Sauber und ordentlich in ihren Hallen, die Gartenfl\u00e4chen sahen wieder gepflegt aus und es wurde wieder Platz geschaffen in einigen Bereichen des Ger\u00e4tehauses und den Hallen.<\/p>\n\n\n\n<hr class=\"wp-block-separator has-text-color has-black-color has-alpha-channel-opacity has-black-background-color has-background is-style-wide\"\/>\n\n\n\n<p class=\"has-black-color has-text-color has-link-color has-medium-font-size wp-elements-c70693715dd879dbe6e9f7b5f5fda538\"><strong>100 Jahre Freiwillige Feuerwehr Oftersheim<\/strong><\/p>\n\n\n\n<p class=\"has-black-color has-text-color has-link-color wp-elements-a1adb77a9b74c0d3118b7447e67cb767\">In diesem Jahr feierte unsere Partnerfeuerwehr aus Oftersheim ihr 100-J\u00e4hriges Bestehen. Um diesen Anlass geb\u00fchrend zu feiern fand vom 20.09.-22.09. ein Festwochenende statt. Eine Delegation aus Kameraden hatte das Vergn\u00fcgen bei diesem Anlass dabei sein zu d\u00fcrfen. Der Freitag startet mit einem Gang zum Friedhof um den verstorbenen Kameraden zu ehren. Im Anschluss fand die Festveranstaltung statt. Hier wurden die vergangenen 100 Jahre Revue passiert und viele Gl\u00fcckw\u00fcnsche, Geschenke und Worte des Lobes an die Kameraden gerichtet.<\/p>\n\n\n\n<p class=\"has-black-color has-text-color has-link-color wp-elements-3c18580fc4e3534be36ea35a758f1753\">Samstags ging es mit einem Ausflug an dem Dom von Speyer weiter und einem gem\u00fctlichen Stadtrundgang mit anschlie\u00dfendem Mittagessen. Am Nachmittag verbrachten wir Zeit mit den befreundeten Kameraden, tauschten uns aus und schauten uns bei der gebotenen Fahrzeugschau etwas um. Nach kurzer Verschnaufpause ging es am fr\u00fchen Abend mit der Party los. Bis in den n\u00e4chsten Tag wurde hier gefeiert.<\/p>\n\n\n\n<p class=\"has-black-color has-text-color has-link-color wp-elements-dc1cc6f7da03ea2deb1906b565e0ea9a\">Bereits um 10 Uhr ging es am Sonntagmorgen zum Gottesdienst mit anschlie\u00dfendem Wei\u00dfwurst \u2013 Fr\u00fchschoppen. Der letzte Punkt an diesem Wochenende sollte ein Festumzug sein, an dem nat\u00fcrlich auch wir teilnahmen. Wir wurden sehr fr\u00f6hlich und herzlich von den B\u00fcrgern begr\u00fc\u00dft. Als der Festumzug geschafft war Liesen wir den Sonntag gemeinsam ausklingen und machten uns am Montagmorgen, mit vielen Gr\u00fc\u00dfen der Partnerfeuerwehr wieder auf den Heimweg.<\/p>\n\n\n\n<p class=\"has-black-color has-text-color has-link-color wp-elements-b52c6275fdda84e41599c209e131019e\">Wir bedanken uns sehr bei allen Kameraden aus Oftersheim f\u00fcr dieses tolle Wochenende.<\/p>\n\n\n\n<figure class=\"wp-block-gallery has-nested-images columns-default is-cropped wp-block-gallery-1 is-layout-flex wp-block-gallery-is-layout-flex\">\n<figure class=\"wp-block-image size-large\"><img loading=\"lazy\" decoding=\"async\" width=\"1024\" height=\"683\" data-id=\"5977\" src=\"https:\/\/feuerwehr-weinboehla.de\/wp-content\/uploads\/2024\/10\/D56_4450-1-1024x683.jpg\" alt=\"\" class=\"wp-image-5977\" srcset=\"https:\/\/feuerwehr-weinboehla.de\/wp-content\/uploads\/2024\/10\/D56_4450-1-1024x683.jpg 1024w, https:\/\/feuerwehr-weinboehla.de\/wp-content\/uploads\/2024\/10\/D56_4450-1-300x200.jpg 300w, https:\/\/feuerwehr-weinboehla.de\/wp-content\/uploads\/2024\/10\/D56_4450-1-768x512.jpg 768w, https:\/\/feuerwehr-weinboehla.de\/wp-content\/uploads\/2024\/10\/D56_4450-1-1536x1024.jpg 1536w, https:\/\/feuerwehr-weinboehla.de\/wp-content\/uploads\/2024\/10\/D56_4450-1-2048x1365.jpg 2048w\" sizes=\"auto, (max-width: 767px) 89vw, (max-width: 1000px) 54vw, (max-width: 1071px) 543px, 580px\" \/><\/figure>\n\n\n\n<figure class=\"wp-block-image size-large\"><img loading=\"lazy\" decoding=\"async\" width=\"1024\" height=\"683\" data-id=\"5978\" src=\"https:\/\/feuerwehr-weinboehla.de\/wp-content\/uploads\/2024\/10\/D56_4453-1-1024x683.jpg\" alt=\"\" class=\"wp-image-5978\" srcset=\"https:\/\/feuerwehr-weinboehla.de\/wp-content\/uploads\/2024\/10\/D56_4453-1-1024x683.jpg 1024w, https:\/\/feuerwehr-weinboehla.de\/wp-content\/uploads\/2024\/10\/D56_4453-1-300x200.jpg 300w, https:\/\/feuerwehr-weinboehla.de\/wp-content\/uploads\/2024\/10\/D56_4453-1-768x512.jpg 768w, https:\/\/feuerwehr-weinboehla.de\/wp-content\/uploads\/2024\/10\/D56_4453-1-1536x1024.jpg 1536w, https:\/\/feuerwehr-weinboehla.de\/wp-content\/uploads\/2024\/10\/D56_4453-1-2048x1365.jpg 2048w\" sizes=\"auto, (max-width: 767px) 89vw, (max-width: 1000px) 54vw, (max-width: 1071px) 543px, 580px\" \/><\/figure>\n\n\n\n<figure class=\"wp-block-image size-large\"><img loading=\"lazy\" decoding=\"async\" width=\"1024\" height=\"683\" data-id=\"5976\" src=\"https:\/\/feuerwehr-weinboehla.de\/wp-content\/uploads\/2024\/10\/D56_4549-1-1024x683.jpg\" alt=\"\" class=\"wp-image-5976\" srcset=\"https:\/\/feuerwehr-weinboehla.de\/wp-content\/uploads\/2024\/10\/D56_4549-1-1024x683.jpg 1024w, https:\/\/feuerwehr-weinboehla.de\/wp-content\/uploads\/2024\/10\/D56_4549-1-300x200.jpg 300w, https:\/\/feuerwehr-weinboehla.de\/wp-content\/uploads\/2024\/10\/D56_4549-1-768x512.jpg 768w, https:\/\/feuerwehr-weinboehla.de\/wp-content\/uploads\/2024\/10\/D56_4549-1-1536x1024.jpg 1536w, https:\/\/feuerwehr-weinboehla.de\/wp-content\/uploads\/2024\/10\/D56_4549-1-2048x1365.jpg 2048w\" sizes=\"auto, (max-width: 767px) 89vw, (max-width: 1000px) 54vw, (max-width: 1071px) 543px, 580px\" \/><\/figure>\n\n\n\n<figure class=\"wp-block-image size-large\"><img loading=\"lazy\" decoding=\"async\" width=\"1024\" height=\"683\" data-id=\"5975\" src=\"https:\/\/feuerwehr-weinboehla.de\/wp-content\/uploads\/2024\/10\/D56_4516-1-1024x683.jpg\" alt=\"\" class=\"wp-image-5975\" srcset=\"https:\/\/feuerwehr-weinboehla.de\/wp-content\/uploads\/2024\/10\/D56_4516-1-1024x683.jpg 1024w, https:\/\/feuerwehr-weinboehla.de\/wp-content\/uploads\/2024\/10\/D56_4516-1-300x200.jpg 300w, https:\/\/feuerwehr-weinboehla.de\/wp-content\/uploads\/2024\/10\/D56_4516-1-768x512.jpg 768w, https:\/\/feuerwehr-weinboehla.de\/wp-content\/uploads\/2024\/10\/D56_4516-1-1536x1024.jpg 1536w, https:\/\/feuerwehr-weinboehla.de\/wp-content\/uploads\/2024\/10\/D56_4516-1-2048x1365.jpg 2048w\" sizes=\"auto, (max-width: 767px) 89vw, (max-width: 1000px) 54vw, (max-width: 1071px) 543px, 580px\" \/><\/figure>\n<\/figure>\n\n\n\n<p class=\"has-medium-font-size\"><strong>Partnerbesuch bei der Feuerwehr<\/strong><\/p>\n\n\n\n<p>Vom 09.05. bis zum 12.05.24 hatten wir besuch von unserer Partnerfeuerwehr aus Oftersheim.<br>Nach ihrer Ankunft, am M\u00e4nnertag, besuchten die Kameraden die Gegend in und um Weinb\u00f6hla.<br>Am 10.05. fuhren einige unserer Kameraden zusammen mit unserem Besuch zur Festung K\u00f6nigstein. Nach einer kleinen St\u00e4rkung vor Ort bekamen wir eine F\u00fchrung in und um die Festung sowie dessen Gel\u00e4nde. Am Abend traf sich einige Kameraden, zum Austausch mit den Kameraden aus Oftersheim zum Gemeinsamen Abendessen und Beisammensein in der Dorfschenke.<\/p>\n\n\n<div class=\"wp-block-image is-style-rounded\">\n<figure class=\"aligncenter size-large is-resized\"><img loading=\"lazy\" decoding=\"async\" width=\"1284\" height=\"722\" src=\"https:\/\/feuerwehr-weinboehla.de\/wp-content\/uploads\/2024\/05\/IMG-20240512-WA0013-edited.jpg\" alt=\"\" class=\"wp-image-5849\" style=\"width:474px;height:auto\" srcset=\"https:\/\/feuerwehr-weinboehla.de\/wp-content\/uploads\/2024\/05\/IMG-20240512-WA0013-edited.jpg 1284w, https:\/\/feuerwehr-weinboehla.de\/wp-content\/uploads\/2024\/05\/IMG-20240512-WA0013-edited-300x169.jpg 300w, https:\/\/feuerwehr-weinboehla.de\/wp-content\/uploads\/2024\/05\/IMG-20240512-WA0013-edited-1024x576.jpg 1024w, https:\/\/feuerwehr-weinboehla.de\/wp-content\/uploads\/2024\/05\/IMG-20240512-WA0013-edited-768x432.jpg 768w\" sizes=\"auto, (max-width: 767px) 89vw, (max-width: 1000px) 54vw, (max-width: 1071px) 543px, 580px\" \/><\/figure>\n<\/div>\n\n\n<p>Auch der Samstag hatte f\u00fcr unsere G\u00e4ste so einiges zu bieten. Wir besuchten Dresden und seine Sehensw\u00fcrdigkeiten. Dazu geh\u00f6rten die Frauenkirche, die Semperoper, den Zwinger, das Residenzschloss usw. Wir besuchten au\u00dferdem das Verkehrsmuseum und bekamen einen kleinen Einblick ins Rudolf-Harbig Stadion.<br>Beim gemeinsamen Grillen konnten sich alle noch besser kennenlernen und austauschen. Es war ein sch\u00f6ner Abend mit tollen Gespr\u00e4chen, gemeinsamen singen und mit viel Gel\u00e4chter.<br>Am Sonntag hie\u00df es dann auch schon wieder Abschied nehmen.<br>Wir bedanken uns bei den Kameraden aus Oftersheim f\u00fcr den Besuch und dem Laubenschl\u00f6sschen f\u00fcr die tolle Unterbringung unserer G\u00e4ste.<br>Bereits im September werden wir uns in Oftersheim zum 100-j\u00e4hrigen Jubil\u00e4um ihrer Feuerwehr wiedersehen.<\/p>\n\n\n\n<hr class=\"wp-block-separator has-text-color has-black-color has-alpha-channel-opacity has-black-background-color has-background is-style-wide\"\/>\n\n\n\n<p class=\"has-text-align-center has-medium-font-size\"><strong>Maibaumstellen 2024<\/strong><\/p>\n\n\n\n<figure class=\"wp-block-embed is-type-video is-provider-youtube wp-block-embed-youtube wp-embed-aspect-16-9 wp-has-aspect-ratio\"><div class=\"wp-block-embed__wrapper\">\n<iframe loading=\"lazy\" hcb-fetch-image-from=\"https:\/\/youtu.be\/bE0yLwb7UwQ?feature=shared\" title=\"Maibaumstellen 2024\" width=\"525\" height=\"295\" src=\"https:\/\/www.youtube.com\/embed\/bE0yLwb7UwQ?feature=oembed\" frameborder=\"0\" allow=\"accelerometer; autoplay; clipboard-write; encrypted-media; gyroscope; picture-in-picture; web-share\" referrerpolicy=\"strict-origin-when-cross-origin\" allowfullscreen><\/iframe>\n<\/div><\/figure>\n\n\n\n<hr class=\"wp-block-separator has-text-color has-black-color has-alpha-channel-opacity has-black-background-color has-background is-style-wide\"\/>\n\n\n\n<div class=\"wp-block-columns is-layout-flex wp-container-core-columns-is-layout-9d6595d7 wp-block-columns-is-layout-flex\">\n<div class=\"wp-block-column is-layout-flow wp-block-column-is-layout-flow\">\n<div class=\"wp-block-group\"><div class=\"wp-block-group__inner-container is-layout-constrained wp-block-group-is-layout-constrained\">\n<div class=\"wp-block-jetpack-slideshow aligncenter\" data-effect=\"slide\"><div class=\"wp-block-jetpack-slideshow_container swiper\"><ul class=\"wp-block-jetpack-slideshow_swiper-wrapper swiper-wrapper\"><li class=\"wp-block-jetpack-slideshow_slide swiper-slide\"><figure><img loading=\"lazy\" decoding=\"async\" width=\"496\" height=\"662\" alt=\"\" class=\"wp-block-jetpack-slideshow_image wp-image-5347\" data-id=\"5347\" src=\"https:\/\/feuerwehr-weinboehla.de\/wp-content\/uploads\/2023\/08\/1.jpg\" srcset=\"https:\/\/feuerwehr-weinboehla.de\/wp-content\/uploads\/2023\/08\/1.jpg 496w, https:\/\/feuerwehr-weinboehla.de\/wp-content\/uploads\/2023\/08\/1-225x300.jpg 225w\" sizes=\"auto, (max-width: 496px) 100vw, 496px\" \/><\/figure><\/li><li class=\"wp-block-jetpack-slideshow_slide swiper-slide\"><figure><img loading=\"lazy\" decoding=\"async\" width=\"786\" height=\"589\" alt=\"\" class=\"wp-block-jetpack-slideshow_image wp-image-5349\" data-id=\"5349\" src=\"https:\/\/feuerwehr-weinboehla.de\/wp-content\/uploads\/2023\/08\/2.jpg\" srcset=\"https:\/\/feuerwehr-weinboehla.de\/wp-content\/uploads\/2023\/08\/2.jpg 786w, https:\/\/feuerwehr-weinboehla.de\/wp-content\/uploads\/2023\/08\/2-300x225.jpg 300w, https:\/\/feuerwehr-weinboehla.de\/wp-content\/uploads\/2023\/08\/2-768x576.jpg 768w\" sizes=\"auto, (max-width: 767px) 89vw, (max-width: 1000px) 54vw, (max-width: 1071px) 543px, 580px\" \/><\/figure><\/li><li class=\"wp-block-jetpack-slideshow_slide swiper-slide\"><figure><img loading=\"lazy\" decoding=\"async\" width=\"664\" height=\"498\" alt=\"\" class=\"wp-block-jetpack-slideshow_image wp-image-5350\" data-id=\"5350\" src=\"https:\/\/feuerwehr-weinboehla.de\/wp-content\/uploads\/2023\/08\/3.jpg\" srcset=\"https:\/\/feuerwehr-weinboehla.de\/wp-content\/uploads\/2023\/08\/3.jpg 664w, https:\/\/feuerwehr-weinboehla.de\/wp-content\/uploads\/2023\/08\/3-300x225.jpg 300w\" sizes=\"auto, (max-width: 664px) 100vw, 664px\" \/><\/figure><\/li><li class=\"wp-block-jetpack-slideshow_slide swiper-slide\"><figure><img loading=\"lazy\" decoding=\"async\" width=\"648\" height=\"486\" alt=\"\" class=\"wp-block-jetpack-slideshow_image wp-image-5351\" data-id=\"5351\" src=\"https:\/\/feuerwehr-weinboehla.de\/wp-content\/uploads\/2023\/08\/4.jpg\" srcset=\"https:\/\/feuerwehr-weinboehla.de\/wp-content\/uploads\/2023\/08\/4.jpg 648w, https:\/\/feuerwehr-weinboehla.de\/wp-content\/uploads\/2023\/08\/4-300x225.jpg 300w\" sizes=\"auto, (max-width: 648px) 100vw, 648px\" \/><\/figure><\/li><li class=\"wp-block-jetpack-slideshow_slide swiper-slide\"><figure><img loading=\"lazy\" decoding=\"async\" width=\"701\" height=\"526\" alt=\"\" class=\"wp-block-jetpack-slideshow_image wp-image-5348\" data-id=\"5348\" src=\"https:\/\/feuerwehr-weinboehla.de\/wp-content\/uploads\/2023\/08\/5.jpg\" srcset=\"https:\/\/feuerwehr-weinboehla.de\/wp-content\/uploads\/2023\/08\/5.jpg 701w, https:\/\/feuerwehr-weinboehla.de\/wp-content\/uploads\/2023\/08\/5-300x225.jpg 300w\" sizes=\"auto, (max-width: 701px) 100vw, 701px\" \/><\/figure><\/li><li class=\"wp-block-jetpack-slideshow_slide swiper-slide\"><figure><img loading=\"lazy\" decoding=\"async\" width=\"701\" height=\"526\" alt=\"\" class=\"wp-block-jetpack-slideshow_image wp-image-5352\" data-id=\"5352\" src=\"https:\/\/feuerwehr-weinboehla.de\/wp-content\/uploads\/2023\/08\/6.jpg\" srcset=\"https:\/\/feuerwehr-weinboehla.de\/wp-content\/uploads\/2023\/08\/6.jpg 701w, https:\/\/feuerwehr-weinboehla.de\/wp-content\/uploads\/2023\/08\/6-300x225.jpg 300w\" sizes=\"auto, (max-width: 701px) 100vw, 701px\" \/><\/figure><\/li><\/ul><a class=\"wp-block-jetpack-slideshow_button-prev swiper-button-prev swiper-button-white\" role=\"button\"><\/a><a class=\"wp-block-jetpack-slideshow_button-next swiper-button-next swiper-button-white\" role=\"button\"><\/a><a aria-label=\"Pause Slideshow\" class=\"wp-block-jetpack-slideshow_button-pause\" role=\"button\"><\/a><div class=\"wp-block-jetpack-slideshow_pagination swiper-pagination swiper-pagination-white\"><\/div><\/div><\/div>\n<\/div><\/div>\n<\/div>\n\n\n\n<div class=\"wp-block-column is-layout-flow wp-block-column-is-layout-flow\">\n<p class=\"has-medium-font-size\"><strong><u>Technische Hilfe Ausbildung<\/u><\/strong><\/p>\n\n\n\n<p>Am Donnerstag, den 06.07., fand ein Dienst zum Thema Technische Hilfeleistung, Schwerpunkt auf Verkehrsunf\u00e4lle. Daf\u00fcr hatten wir zwei alte Autos an welchen wir Dinge wie Sicherung und Schnitt-\/ Sicherungstechniken \u00fcben konnten. An dem einen Fahrzeug wurde das Sichern vorm Wegrollen, Umkippen oder sonstigem Wackeln ge\u00fcbt. Das andere Fahrzeug wurde zum \u00fcben der Hydraulischen Rettungsger\u00e4te genutzt. Mit diesen Trainierten wir eine gro\u00dfe Seiten\u00f6ffnung, das Wegdr\u00fccken des Armaturenbrettes und das wegziehen des Gaspedals.<\/p>\n<\/div>\n<\/div>\n\n\n\n<div class=\"wp-block-columns is-layout-flex wp-container-core-columns-is-layout-9d6595d7 wp-block-columns-is-layout-flex\">\n<div class=\"wp-block-column is-layout-flow wp-block-column-is-layout-flow\">\n<p><\/p>\n\n\n\n<p class=\"has-medium-font-size\"><strong><u>150 Jahre Freiwillige Feuerwehr K\u00f6nigsbr\u00fcck<\/u><\/strong><\/p>\n\n\n\n<p>Wir wurden zu diesem Ereignis nach K\u00f6nigsbr\u00fcck eingeladen. Am 24.06 fand eine Technikschau mit anschlie\u00dfendem Festumzug statt. Zusammen mit 14 Kammerad*innen, dem S4000, Opel Blitz und unserer TLK nahmen wir daran teil.<\/p>\n<\/div>\n\n\n\n<div class=\"wp-block-column is-layout-flow wp-block-column-is-layout-flow\"><\/div>\n<\/div>\n\n\n\n<hr class=\"wp-block-separator has-text-color has-black-color has-alpha-channel-opacity has-black-background-color has-background is-style-wide\"\/>\n\n\n\n<div class=\"wp-block-columns is-layout-flex wp-container-core-columns-is-layout-9d6595d7 wp-block-columns-is-layout-flex\">\n<div class=\"wp-block-column is-layout-flow wp-block-column-is-layout-flow\">\n<div class=\"wp-block-columns is-layout-flex wp-container-core-columns-is-layout-9d6595d7 wp-block-columns-is-layout-flex\">\n<div class=\"wp-block-column is-layout-flow wp-block-column-is-layout-flow\">\n<div class=\"wp-block-jetpack-slideshow aligncenter\" data-effect=\"slide\"><div class=\"wp-block-jetpack-slideshow_container swiper\"><ul class=\"wp-block-jetpack-slideshow_swiper-wrapper swiper-wrapper\"><li class=\"wp-block-jetpack-slideshow_slide swiper-slide\"><figure><img loading=\"lazy\" decoding=\"async\" width=\"752\" height=\"564\" alt=\"\" class=\"wp-block-jetpack-slideshow_image wp-image-5360\" data-id=\"5360\" src=\"https:\/\/feuerwehr-weinboehla.de\/wp-content\/uploads\/2023\/08\/13.jpg\" srcset=\"https:\/\/feuerwehr-weinboehla.de\/wp-content\/uploads\/2023\/08\/13.jpg 752w, https:\/\/feuerwehr-weinboehla.de\/wp-content\/uploads\/2023\/08\/13-300x225.jpg 300w\" sizes=\"auto, (max-width: 706px) 89vw, (max-width: 767px) 82vw, 740px\" \/><\/figure><\/li><li class=\"wp-block-jetpack-slideshow_slide swiper-slide\"><figure><img loading=\"lazy\" decoding=\"async\" width=\"798\" height=\"599\" alt=\"\" class=\"wp-block-jetpack-slideshow_image wp-image-5361\" data-id=\"5361\" src=\"https:\/\/feuerwehr-weinboehla.de\/wp-content\/uploads\/2023\/08\/14.jpg\" srcset=\"https:\/\/feuerwehr-weinboehla.de\/wp-content\/uploads\/2023\/08\/14.jpg 798w, https:\/\/feuerwehr-weinboehla.de\/wp-content\/uploads\/2023\/08\/14-300x225.jpg 300w, https:\/\/feuerwehr-weinboehla.de\/wp-content\/uploads\/2023\/08\/14-768x576.jpg 768w\" sizes=\"auto, (max-width: 767px) 89vw, (max-width: 1000px) 54vw, (max-width: 1071px) 543px, 580px\" \/><\/figure><\/li><li class=\"wp-block-jetpack-slideshow_slide swiper-slide\"><figure><img loading=\"lazy\" decoding=\"async\" width=\"856\" height=\"642\" alt=\"\" class=\"wp-block-jetpack-slideshow_image wp-image-5362\" data-id=\"5362\" src=\"https:\/\/feuerwehr-weinboehla.de\/wp-content\/uploads\/2023\/08\/15.jpg\" srcset=\"https:\/\/feuerwehr-weinboehla.de\/wp-content\/uploads\/2023\/08\/15.jpg 856w, https:\/\/feuerwehr-weinboehla.de\/wp-content\/uploads\/2023\/08\/15-300x225.jpg 300w, https:\/\/feuerwehr-weinboehla.de\/wp-content\/uploads\/2023\/08\/15-768x576.jpg 768w\" sizes=\"auto, (max-width: 767px) 89vw, (max-width: 1000px) 54vw, (max-width: 1071px) 543px, 580px\" \/><\/figure><\/li><li class=\"wp-block-jetpack-slideshow_slide swiper-slide\"><figure><img loading=\"lazy\" decoding=\"async\" width=\"780\" height=\"585\" alt=\"\" class=\"wp-block-jetpack-slideshow_image wp-image-5363\" data-id=\"5363\" src=\"https:\/\/feuerwehr-weinboehla.de\/wp-content\/uploads\/2023\/08\/16.jpg\" srcset=\"https:\/\/feuerwehr-weinboehla.de\/wp-content\/uploads\/2023\/08\/16.jpg 780w, https:\/\/feuerwehr-weinboehla.de\/wp-content\/uploads\/2023\/08\/16-300x225.jpg 300w, https:\/\/feuerwehr-weinboehla.de\/wp-content\/uploads\/2023\/08\/16-768x576.jpg 768w\" sizes=\"auto, (max-width: 767px) 89vw, (max-width: 1000px) 54vw, (max-width: 1071px) 543px, 580px\" \/><\/figure><\/li><\/ul><a class=\"wp-block-jetpack-slideshow_button-prev swiper-button-prev swiper-button-white\" role=\"button\"><\/a><a class=\"wp-block-jetpack-slideshow_button-next swiper-button-next swiper-button-white\" role=\"button\"><\/a><a aria-label=\"Pause Slideshow\" class=\"wp-block-jetpack-slideshow_button-pause\" role=\"button\"><\/a><div class=\"wp-block-jetpack-slideshow_pagination swiper-pagination swiper-pagination-white\"><\/div><\/div><\/div>\n<\/div>\n\n\n\n<div class=\"wp-block-column is-layout-flow wp-block-column-is-layout-flow\">\n<p><\/p>\n\n\n\n<p class=\"has-medium-font-size\"><strong>\u00dcbungseinsatz f\u00fcr die aktive Abteilung<\/strong><\/p>\n\n\n\n<p>Am 29.06 war wieder Ausbildungsabend bei der aktiven Abteilung der Feuerwehr.<\/p>\n\n\n\n<p>Zu diesem Zweck sind wir in das Elbgaubad gefahren und haben dort einen Fl\u00e4chenbrand simuliert, der an 2 Stellen ausgebrochen ist.<\/p>\n\n\n\n<p>Ziel der Ausbildung war es die Brandbek\u00e4mpfung an mehreren Stellen gleichzeitig abzuarbeiten und die Grundt\u00e4tigkeiten zu \u00fcben die bei einem Vegetationsbrand erforderlich sind.<\/p>\n\n\n\n<p>Ebenso wurde die TS 8 eingesetzt, was eine mobile Pumpe f\u00fcr die Wasserentnahme aus offenen Gew\u00e4ssern ist, eingesetzt.<\/p>\n<\/div>\n<\/div>\n<\/div>\n<\/div>\n\n\n\n<hr class=\"wp-block-separator has-text-color has-black-color has-alpha-channel-opacity has-black-background-color has-background is-style-wide\"\/>\n\n\n\n<div class=\"wp-block-columns is-layout-flex wp-container-core-columns-is-layout-9d6595d7 wp-block-columns-is-layout-flex\">\n<div class=\"wp-block-column is-layout-flow wp-block-column-is-layout-flow\" style=\"flex-basis:66.66%\">\n<p class=\"has-text-align-center has-medium-font-size\"><strong>Der Maibaum 2023 steht!<\/strong><\/p>\n\n\n\n<p>Am 30.04.2023 um 18.30 Uhr erklang wie fast jedes Jahr die Sirene und der 21. Maibaum setzte sich in Bewegung. Wie auch in den Vorjahren f\u00fchrte der Spielmannszug den Marsch zum Rathausplatz an. Hinten dran liefen unser kleinsten (Bambinis) mit den Fahnen, gefolgt von der Jugend mit dem Mini-Maibaum und der Aktiven Abteilung mit dem gro\u00dfen. Ganz hinten trugen drei Kameradinnen den Kranz bis nach vorne.<\/p>\n\n\n\n<p>Der Prozess des Maibaumstellens wurde von Frank Ricklin und Jens Meusel moderiert. W\u00e4hrend des Stellens stellten Sie neben einigen Fakten zum Maibaum auch einige Kameraden vor. Nach und nach kamen die einzelnen St\u00fctzen zum Einsatz. Mit viel Men- und Frauenpower erreichte der Baum schlie\u00dflich 45\u00b0 und letzten Endes auch seine 90\u00b0. Nachdem der Baum ordentlich verkeilt wurde, haben zwei Kameradinnen die Ranke um den Baum gewickelt, w\u00e4hrend zwei weitere Kameraden die Schilder der Feuerwehr, der Gemeinde Weinb\u00f6hla, der Sparkasse Mei\u00dfen und der Weinbau Gemeinschaft Weinb\u00f6hla anbrachten.&nbsp;<\/p>\n\n\n\n<p>Zum letzten traditionellen Akt musste nur noch der Mini-Maibaum der Jugendfeuerwehr versteigert werden. Das dort eingenommene Geld kommt der Bambini- und Jugendfeuerwehr zugute. Da es das 21. Maibaumstellen war, lag das Anfangsgebot bei 210&nbsp;\u20ac. Die Versteigerung begann nur ziemlich schleppend, es gab zwar den ein oder andern Interessenten, aber so richtig wollte keiner mit steigern. Doch auf einmal wollten drei Leute den Maibaum, einer davon war sogar per Telefonie zugeschaltet und pl\u00f6tzlich lag der Preis bei 1100&nbsp;\u20ac. Allein das war eine unglaubliche Summe, doch auf einmal kam ein Vater von einem Kind aus der Jugendfeuerwehr und bot 2000&nbsp;\u20ac. Doch nicht nur er wollte den Maibaum sein Eigen nennen. So boten die beiden bis zu einer denkw\u00fcrdigen Summe von 2500&nbsp;\u20ac und einigten sich schlie\u00dflich den Maibaum zu teilen. Damit haben Frau Isabel Zabel-B\u00e4tz und Herr Marco Michell den bisher teuersten Jugend-Maibaum von Weinb\u00f6hla ersteigert. Daf\u00fcr bedankt sich die Feuerwehr Weinb\u00f6hla, aber vor allem die Bambini- und Jugendfeuerwehr f\u00fcr diese enorme Spende.<\/p>\n\n\n\n<p>Im Anschluss wurde mit Essen, Getr\u00e4nken und Musik in den Mai getanzt.<\/p>\n\n\n\n<p>Am 1. Mai trafen sich Kameradinnen und Kameraden nur noch um den Rathausplatz wieder sauberzumachen.Die Feuerwehr Weinb\u00f6hla bedankt sich f\u00fcr all die zahlreichen Besucher und f\u00fcr ein sch\u00f6nes und friedliches Maibaumstellen.<\/p>\n<\/div>\n\n\n\n<div class=\"wp-block-column is-layout-flow wp-block-column-is-layout-flow\" style=\"flex-basis:33.33%\">\n<figure class=\"wp-block-gallery has-nested-images columns-default is-cropped wp-block-gallery-2 is-layout-flex wp-block-gallery-is-layout-flex\">\n<figure class=\"wp-block-image size-large\"><img loading=\"lazy\" decoding=\"async\" width=\"456\" height=\"304\" data-id=\"5266\" src=\"https:\/\/feuerwehr-weinboehla.de\/wp-content\/uploads\/2023\/05\/Bild_3.jpg\" alt=\"\" class=\"wp-image-5266\" srcset=\"https:\/\/feuerwehr-weinboehla.de\/wp-content\/uploads\/2023\/05\/Bild_3.jpg 456w, https:\/\/feuerwehr-weinboehla.de\/wp-content\/uploads\/2023\/05\/Bild_3-300x200.jpg 300w, https:\/\/feuerwehr-weinboehla.de\/wp-content\/uploads\/2023\/05\/Bild_3-306x205.jpg 306w\" sizes=\"auto, (max-width: 456px) 100vw, 456px\" \/><\/figure>\n<\/figure>\n\n\n\n<figure class=\"wp-block-image size-large\"><img loading=\"lazy\" decoding=\"async\" width=\"359\" height=\"479\" src=\"https:\/\/feuerwehr-weinboehla.de\/wp-content\/uploads\/2023\/05\/Bild_1.jpg\" alt=\"\" class=\"wp-image-5268\" srcset=\"https:\/\/feuerwehr-weinboehla.de\/wp-content\/uploads\/2023\/05\/Bild_1.jpg 359w, https:\/\/feuerwehr-weinboehla.de\/wp-content\/uploads\/2023\/05\/Bild_1-225x300.jpg 225w\" sizes=\"auto, (max-width: 359px) 100vw, 359px\" \/><\/figure>\n\n\n\n<figure class=\"wp-block-image size-large\"><img loading=\"lazy\" decoding=\"async\" width=\"718\" height=\"479\" src=\"https:\/\/feuerwehr-weinboehla.de\/wp-content\/uploads\/2023\/05\/Bild_2.jpg\" alt=\"\" class=\"wp-image-5267\" srcset=\"https:\/\/feuerwehr-weinboehla.de\/wp-content\/uploads\/2023\/05\/Bild_2.jpg 718w, https:\/\/feuerwehr-weinboehla.de\/wp-content\/uploads\/2023\/05\/Bild_2-300x200.jpg 300w, https:\/\/feuerwehr-weinboehla.de\/wp-content\/uploads\/2023\/05\/Bild_2-306x205.jpg 306w\" sizes=\"auto, (max-width: 718px) 100vw, 718px\" \/><\/figure>\n<\/div>\n<\/div>\n\n\n\n<hr class=\"wp-block-separator has-text-color has-black-color has-alpha-channel-opacity has-black-background-color has-background is-style-wide\"\/>\n\n\n\n<p class=\"has-large-font-size\"><strong>Fr\u00fchjahrsputz 2023<\/strong><\/p>\n\n\n\n<p>Die Mitglieder der Aktiven und Jugend-Abteilung trafen sich am ersten April zum j\u00e4hrlichen Fr\u00fchjahrsputz.<\/p>\n\n\n\n<p>Um acht Uhr begann der Dienst, dort folgten nach einigen Worten des Wehrleiters die Einteilung auf die verschiedenen Fahrzeuge und Aufgaben. So haben einige Kameraden die Fahrzeuge ausger\u00e4umt, -gekehrt und -gewischt. W\u00e4hrend andere die Fahrzeuge in der Waschhalle von au\u00dfen wieder zum Gl\u00e4nzen brachten. Einige andere haben daf\u00fcr gesorgt, dass die Fenster in den Autos, aber auch im Ger\u00e4tehaus wie sauber sind. Weiter Kameraden haben sich um das Gartenst\u00fcck bei unserem Carport gek\u00fcmmert. Zwei Jugendliche haben den Baum f\u00fcr unser Vogelschie\u00dfen sowie den Jugendmaibaum, welchen Sie am 30.04. wieder ersteigern k\u00f6nnen, gesch\u00e4lt. Zwischen all der Arbeit gab es nat\u00fcrlich auch eine Pause gegen 10.30 Uhr, bei welcher uns auch Herr Zenker besucht hat. Hier k\u00fcmmerten sich ein paar Kameraden um das leibliche Wohl, es gab Gulasch sowie Knacker und Bockw\u00fcrste f\u00fcr alle. Nach dieser Pause wurden die noch \u00fcbrigen Aufgaben erledigt.<\/p>\n\n\n\n<p>Gegen 12.30 Uhr waren alle Aufgabe abgeschlossen und die Fahrzeuge konnten wieder zur\u00fcck auf ihre Pl\u00e4tze.<\/p>\n\n\n\n<hr class=\"wp-block-separator has-alpha-channel-opacity is-style-wide\"\/>\n\n\n\n<hr class=\"wp-block-separator has-text-color has-black-color has-alpha-channel-opacity has-black-background-color has-background is-style-wide\"\/>\n\n\n\n<p class=\"has-large-font-size\"><strong><span style=\"text-decoration: underline;\">\u201eDas Feuer ist aus\u201c &#8211; was passiert jetzt?<\/span><\/strong><\/p>\n\n\n\n<p>Am Donnerstag, den 19.01.2023, waren Frau Nossol und Herr Gr\u00fcnert zu Besuch bei der aktiven Abteilung der Feuerwehr. Frau Nossol und Herr Gr\u00fcnert sind zwei von sechs Brandursachenermittlern zwischen Riesa und der S\u00e4chsischen Schweiz.<\/p>\n\n\n\n<p>Bei diesem Dienst wurde uns zum einen die Arbeit der Brandursachenermittlung (BUE) n\u00e4her gebracht und zum anderen wie wir als Feuerwehr dies Arbeit erleichtern k\u00f6nnen.&nbsp;<\/p>\n\n\n\n<p>So wurden uns zu Beginn einige rechtliche Dinge erl\u00e4utert, darunter die Rechte von Feuerwehr und Polizei, aber auch das Brandstiftungsgesetzt (\u00a7\u00a7 306-306f) und die Aufgaben der Brandursachenermittlern.&nbsp; &nbsp; &nbsp; &nbsp; Schon im Absatz vorher!!!<\/p>\n\n\n\n<p>Weiter ging es mit dem Ablauf. Was die BUE als Vorbereitende Ma\u00dfnahmen machen, am Brandort selbst und danach. In diesem Zusammenhang wurden uns die Einsatz- und Hilfsmittel vorgestellt sowie Spezialkr\u00e4fte, welche unterst\u00fctzend wirkend und welche Spuren die Brandursachenermittler sammeln.<\/p>\n\n\n\n<p>Im zweiten Teil wurden uns Beispiele gezeigt und Dinge, auf die auch wir als Einsatzkr\u00e4fte achten sollten. Unter den Beispielen waren Gro\u00dfbr\u00e4nde, technische Defekte, K\u00fcchenbr\u00e4nde, zweifelhafte und skurrile Br\u00e4nde.<\/p>\n\n\n\n<p>Am Ende konnten die Kameradinnen und Kameraden noch \u00fcbrige Frage stellen.&nbsp;<\/p>\n\n\n\n<p>Wir bedanken uns bei Frau Nossol und Herr Gr\u00fcnert und hoffen, durch die gewonnenen Informationen die Arbeit f\u00fcr alle leichter machen zu k\u00f6nnen.<\/p>\n\n\n\n<hr class=\"wp-block-separator has-alpha-channel-opacity is-style-wide\"\/>\n\n\n\n<p class=\"has-large-font-size\"><span style=\"text-decoration: underline;\"><strong>Der alte und neue Wehrleiter im Interview<\/strong> <strong>mit Melinda Irmer<\/strong><\/span><strong> <\/strong><\/p>\n\n\n\n<p>Nach 30 Jahre, 3 Monate und 3 Tage Wehrleitert\u00e4tigkeit des Kameraden Eckhard H\u00e4\u00dfler \u00fcbergibt er dieses Amt seinem Nachfolger Robert Schlapp.<\/p>\n\n\n\n<p>Bereits Anfang Oktober waren die Wahlen zur neuen Wehrleitung (sowie Ausschuss und Jugendfeuerwehrleitung). Bevor die neuen und wiedergew\u00e4hlten Kameraden ihren Aufgaben nachgehen konnten mussten sie noch vom Gemeinderat best\u00e4tigt werden, dies geschah am 07.12.22.&nbsp;<\/p>\n\n\n\n<p>Aufgrund dessen, dass nach \u00fcber 30 Jahren ein neuer Wehrleiter gew\u00e4hlt wurde, hat die \u00d6ffentlichkeitsarbeit sowohl mit dem abgel\u00f6sten Wehrleiter als auch mit dem neuen ein Interview gef\u00fchrt, welches Sie hier nun lesen k\u00f6nnen.<\/p>\n\n\n\n<p>Ehemaliger Wehrleiter: Eckhard H\u00e4\u00dfler<\/p>\n\n\n\n<p class=\"has-medium-font-size\"><strong><em>Was hast du zusammen mit anderen Kameraden an Projekten und Anschaffungen umgesetzt, worauf du nach drei\u00dfig Jahren als Wehrleiter stolz bist?<\/em><\/strong><\/p>\n\n\n\n<p>Als Wehrleiter ist man so ziemlich an allen Projekten beteiligt, nicht selten federf\u00fchrend.<\/p>\n\n\n\n<p>Wichtige Anschaffungen im Fahrzeugbereich waren: TLF (1991), VRW (1996), LF16 und MTW (1998), TLK (2012), KdoW (2013). Hinzu kamen weitere Ausr\u00fcstungsgegenst\u00e4nde f\u00fcr die Fahrzeuge.<\/p>\n\n\n\n<p>Weiterer hin haben wir pers\u00f6nliche Schutzausr\u00fcstung ausgew\u00e4hlt und beschafft.<\/p>\n\n\n\n<p>Des Weiteren haben wir die Erweiterung und den Umbau des Ger\u00e4tehauses geplant und dessen Umsetzung begleitet.<\/p>\n\n\n\n<p>Stolz bin ich au\u00dferdem auf die Kinder- und Jugendarbeit, welche sich in meiner Zeit als Wehrleiter entwickelte. Damit meine ich nat\u00fcrlich die Gr\u00fcndung der Jugendfeuerwehr 1992 und der Bambinifeuerwehr 2011, welche bis heute gut besetzt sind.<\/p>\n\n\n\n<p class=\"has-medium-font-size\"><strong><em>Was ist dir in den Jahren als Wehrleiter schwergefallen bzw. nicht so leicht?<\/em><\/strong><\/p>\n\n\n\n<p>Schwer zu verkraften waren meistens Pers\u00f6nliche Schicksalsschl\u00e4ge in der Kameradschaft oder wenn ein Kamerad im Einsatz verstirbt. Hier macht man sich schon Gedanken, hat Zweifel und Fragen und vieles mehr.<\/p>\n\n\n\n<p class=\"has-medium-font-size\"><strong><em>Was war, dass sch\u00f6nste in den drei\u00dfig Jahren als Wehrleiter?<\/em><\/strong><\/p>\n\n\n\n<p>Das Sch\u00f6nste in der Wehr ist die Kameradschaft, die uns gemeinsam durch alle H\u00f6hen und Tiefen gebracht hat und sicherlich auch noch weiterbringen wird.<\/p>\n\n\n\n<p class=\"has-medium-font-size\"><strong><em>Wie w\u00fcrdest du die Zeit als Wehrleiter r\u00fcckblickend bezeichnen und was h\u00e4ttest du in den drei\u00dfig Jahren anders gemacht mit dem heutigen Erfahrungsstand?<\/em><\/strong><\/p>\n\n\n\n<p>Die Zeit als Wehrleiter war nicht immer einfach, aber in der \u00fcbergro\u00dfen Mehrzahl erfolgreich. Das pers\u00f6nliche Umfeld erm\u00f6glichte es mir, das Ehrenamt \u00fcber einen so langen Zeitraum erfolgreich auszu\u00fcben (Familie, Kameradschaft, Gemeindeverwaltung).<\/p>\n\n\n\n<p>Mit den Erfahrungen von heute h\u00e4tte ich sicherlich manche wichtigen, notwendigen Entscheidungen mit noch mehr Nachdruck durchgesetzt, damit Sie zum Wohle der Wehr und der Gemeinde Weinb\u00f6hla schneller und gezielter umgesetzt und wirksam geworden w\u00e4ren (Ausr\u00fcstung, Ger\u00e4tehaus, PSA usw.).<\/p>\n\n\n\n<p class=\"has-medium-font-size\"><strong><em>Wof\u00fcr und wem bist du nach drei\u00dfig Jahren Wehrleiter dankbar?<\/em><\/strong><\/p>\n\n\n\n<p>Ich bin allen meinen Mitstreitern dankbar, egal ob Kameradin oder Kamerad. Vor allen Dingen aber meiner Frau Helga die (fast) immer Verst\u00e4ndnis aufgebracht und mir den R\u00fccken die letzten 20 Jahre freigehalten hat.<\/p>\n\n\n\n<p class=\"has-medium-font-size\"><strong><em>Was w\u00fcnschst du dem neuen Wehrleiter?<\/em><\/strong><\/p>\n\n\n\n<p>Ich w\u00fcnsche dem neuen Wehrleiter, dass er sich schnell einarbeitet und immer ein gl\u00fcckliches H\u00e4ndchen bei seinen Entscheidungen hat. Auf meine Hilfe kann er dabei immer z\u00e4hlen.<\/p>\n\n\n\n<p>Neugew\u00e4hlter Wehrleiter: Robert Schlapp<\/p>\n\n\n\n<p class=\"has-medium-font-size\"><strong><em>Was waren deine Gr\u00fcnde dich als Wehrleiter zur Wahl zu stellen?<\/em><\/strong><\/p>\n\n\n\n<p>Als ich 1998 in die Jugendfeuerwehr eingetreten bin und 2000 die Grundausbildung absolviert hatte, durfte ich dann auch endlich Anderen in der Not helfen. Durch die vielen Eins\u00e4tze und Dienste ist die Kameradschaft eher zu einer gro\u00dfen zweiten Familie f\u00fcr mich herangewachsen. Ich habe mich als Wehrleiter zu Wahl gestellt, weil es f\u00fcr mich eine Ehre ist, eine so gro\u00dfartige Truppe zu leiten und daf\u00fcr zu sorgen, dass wir f\u00fcr Andere in der Not da sein k\u00f6nnen.<\/p>\n\n\n\n<p class=\"has-medium-font-size\"><strong><em>Was sind deine Pl\u00e4ne als neuer Wehrleiter?<\/em><\/strong><\/p>\n\n\n\n<p>Die Kameradschaft und damit der Zusammenhalt steht f\u00fcr mich an oberster Stelle. Dies ist nicht immer unbedingt einfach, da durch Bambini- &amp; Jugendfeuerwehr j\u00e4hrlich Nachwuchs in die Aktive Abteilung nachr\u00fcckt sowie auch Quereinsteiger und Aktive aus anderen Wehren durch Umzug zu uns sto\u00dfen. Es gilt immer neu Charaktere und pers\u00f6nliche Einstellungen unter einen Hut zu bekommen und f\u00fcr eine positive Grundstimmung zu sorgen. Allerdings ist mir dies ein Herzenswunsch, da wir aufeinander angewiesen sind, wenn es ernst wird.<\/p>\n\n\n\n<p>Zu alldem geh\u00f6rt auch der Fortbestand unserer hervorragenden Ausbildung zu den \u00dcbungsdiensten. Ideen f\u00fcr m\u00f6gliche Anschaffungen im Geb\u00e4ude, Ausr\u00fcstung oder f\u00fcr die pers\u00f6nliche Schutzausr\u00fcstung sind da, m\u00fcssen aber in der Gemeinschaft diskutiert und ggf. umgesetzt werden. Weiterhin m\u00f6chte ich, dass der Stand der Technik in einigen Bereichen verbessert wird. Dazu sind aber auch Planungen im mittel- bzw. langfristigen Bereich mit der Gemeinde notwendig.<\/p>\n\n\n\n<p class=\"has-medium-font-size\"><strong><em>Wovor hast du an der Aufgabe als Wehrleiter Respekt?<\/em><\/strong><\/p>\n\n\n\n<p>Es ist wahrscheinlich die Anzahl an Aufgaben &amp; Terminen vor denen ich Respekt habe. Zum einen Familie, Arbeit, Freunde und Feuerwehr unter einem Hut zu bekommen und zum anderen die neuen Aufgaben in der Wehr technisch und\/oder wirtschaftlich zu pr\u00fcfen und zu koordinieren.<\/p>\n\n\n\n<p class=\"has-medium-font-size\"><strong><em>Worauf freust du dich als Wehrleiter?<\/em><\/strong><\/p>\n\n\n\n<p>Ich freue mich auf die Zusammenarbeit in den verschiedensten Bereichen wie der Gemeinde, den Nachbarwehren und auch darauf, f\u00fcr jeden als Ansprechpartner da zu sein.<\/p>\n\n\n\n<p class=\"has-medium-font-size\"><strong><em>Was erhofft du dir f\u00fcr die Zukunft unsere Wehr?<\/em><\/strong><\/p>\n\n\n\n<p>Ich hoffe, dass der Zusammenhalt in der Truppe stark bleibt, wir immer Spa\u00df und Freude bei all unseren Treffen haben und jeder von uns nach jedem Einsatz gesund zu unseren Familien zur\u00fcckkehren.<\/p>\n\n\n\n<p>Die Kameraden der Feuerwehr bedanken sich bei Eckhard H\u00e4\u00dfler&nbsp; f\u00fcr seine langj\u00e4hrige Wehrleitert\u00e4tigkeit und w\u00fcnschen dem neuen Wehrleiter viel Erfolg bei der Bew\u00e4ltigung seiner Aufgaben<\/p>\n\n\n\n<hr class=\"wp-block-separator has-text-color has-vivid-red-color has-alpha-channel-opacity has-vivid-red-background-color has-background is-style-wide\"\/>\n\n\n\n<p><strong><span style=\"text-decoration: underline;\">Wahlen der Wehrleitung, des Feuerwehrausschusses und der Jugendfeuerwehrleitung<\/span><\/strong><\/p>\n\n\n\n<p>Am 06.10.22 hatten wir eine Hauptversammlung, da die neue Wehrleitung sowie ein neuer Ausschuss und Jugendwarte gew\u00e4hlt wurden. Daf\u00fcr trafen sich die Mitglieder der Aktiven sowie der Alters- und Ehrenabteilung 19:30 Uhr, in Tuchuniform, im Schulungsraum der Feuerwehr. Um die Wahl auch durchf\u00fchren zu k\u00f6nnen musste die H\u00e4lfte der Aktiven und der Alters- und Ehrenabteilung vertreten sein, mit 51 beteiligten Kameraden war dies auch gew\u00e4hrleistet. Er\u00f6ffnet wurde dieser Dienst wie viele andere auch von unserm Wehrleiter Eckhard H\u00e4\u00dfler. Dieser stellte zun\u00e4chst die Ordnungsamt Chefin Frau Sch\u00fctt vor, welche daf\u00fcr sorgte, dass die Wahl ordnungsgem\u00e4\u00df durchgef\u00fchrt wurde. Anschlie\u00dfend wurden Eckhard H\u00e4\u00dfler und Sebastian Rabis als Beisitzer der Wahl durch die Mehrheit best\u00e4tigt. Zum weiter lesen <mark style=\"background-color:rgba(0, 0, 0, 0)\" class=\"has-inline-color has-vivid-red-color\"><strong><a href=\"https:\/\/feuerwehr-weinboehla.de\/?page_id=3687\">hier Klicken<\/a><\/strong><\/mark><\/p>\n\n\n\n<hr class=\"wp-block-separator has-text-color has-vivid-red-color has-alpha-channel-opacity has-vivid-red-background-color has-background is-style-wide\"\/>\n\n\n\n<div class=\"wp-block-columns is-layout-flex wp-container-core-columns-is-layout-9d6595d7 wp-block-columns-is-layout-flex\">\n<div class=\"wp-block-column is-layout-flow wp-block-column-is-layout-flow\">\n<p><\/p>\n\n\n\n<p><img decoding=\"async\" alt=\"\" src=\"https:\/\/feuerwehr-weinboehla.de\/wp-content\/uploads\/2022\/11\/262986aa-85f0-4e77-9184-c140fac3fe0b-1024x768.jpg\"><\/p>\n\n\n\n<p><\/p>\n<\/div>\n\n\n\n<div class=\"wp-block-column is-layout-flow wp-block-column-is-layout-flow\">\n<p class=\"has-medium-font-size\"><span style=\"text-decoration: underline;\">Alternative Antriebe<\/span><\/p>\n\n\n\n<p>Am Donnerstag, den 10.11.22,<\/p>\n\n\n\n<p> trafen sich die Kameraden der Aktiven Wehr schon 18:15Uhr zum Dienst.    Dieser Dienst besch\u00e4ftigte sich mit alternativen Antrieben. Daf\u00fcr sind wir extra nach Radebeul zum Autohaus &#8211; Hammer Gefahren. Dort wurden uns zwei reine Elektroautos und ein Wasserstoff Fahrzeug vorgestellt, und was im Fall eines Unfalls mit solchen Autos zu beachten ist.<\/p>\n\n\n\n<p>Begleitet wurde der Dienst von der S\u00e4chsichen Zeitung.  Um Artikel zu lesen           <a href=\"https:\/\/www.saechsische.de\/radebeul\/lokales\/wie-loescht-man-ein-elektrofahrzeug-radebeul-5781333-plus.html\"><strong>hier  Klicken<\/strong><\/a><\/p>\n\n\n\n<p>Wir Bedanken uns noch einmal rechtherzlich bei dem Team vom <strong><a href=\"https:\/\/autohammer.de\/\">Auto Hammer Radebeul<\/a><\/strong> f\u00fcr diesen tollen und aufschlussreichen Dienst. <\/p>\n<\/div>\n<\/div>\n\n\n\n<div class=\"wp-block-columns is-layout-flex wp-container-core-columns-is-layout-9d6595d7 wp-block-columns-is-layout-flex\">\n<div class=\"wp-block-column is-layout-flow wp-block-column-is-layout-flow\">\n<p class=\"has-medium-font-size\"><strong><span style=\"text-decoration: underline;\">Saalwache \/ Brandwache<\/span><\/strong><\/p>\n\n\n\n<p>Was viele B\u00fcrger vileicht noch nicht wussten, Auch Brandwachen geh\u00f6ren zu den Aufgaben unserer Feuerwehr. Zum Beispiel die \u00dc30 Party am 05.11.2022 oder die Prunksitzung des Karnevalverein am 12.11 genauso wie die Silvesterveranstaltung am 31.12 2022<\/p>\n<\/div>\n\n\n\n<div class=\"wp-block-column is-layout-flow wp-block-column-is-layout-flow\" style=\"flex-basis:66.66%\">\n<figure class=\"wp-block-gallery has-nested-images columns-default is-cropped wp-block-gallery-3 is-layout-flex wp-block-gallery-is-layout-flex\">\n<figure class=\"wp-block-image size-large\"><img loading=\"lazy\" decoding=\"async\" width=\"2048\" height=\"1536\" data-id=\"5080\" src=\"https:\/\/feuerwehr-weinboehla.de\/wp-content\/uploads\/2022\/11\/IMG_4376.jpeg\" alt=\"\" class=\"wp-image-5080\" srcset=\"https:\/\/feuerwehr-weinboehla.de\/wp-content\/uploads\/2022\/11\/IMG_4376.jpeg 2048w, https:\/\/feuerwehr-weinboehla.de\/wp-content\/uploads\/2022\/11\/IMG_4376-300x225.jpeg 300w, https:\/\/feuerwehr-weinboehla.de\/wp-content\/uploads\/2022\/11\/IMG_4376-1024x768.jpeg 1024w, https:\/\/feuerwehr-weinboehla.de\/wp-content\/uploads\/2022\/11\/IMG_4376-768x576.jpeg 768w, https:\/\/feuerwehr-weinboehla.de\/wp-content\/uploads\/2022\/11\/IMG_4376-1536x1152.jpeg 1536w\" sizes=\"auto, (max-width: 767px) 89vw, (max-width: 1000px) 54vw, (max-width: 1071px) 543px, 580px\" \/><\/figure>\n\n\n\n<figure class=\"wp-block-image size-large\"><img loading=\"lazy\" decoding=\"async\" width=\"2048\" height=\"1536\" data-id=\"5079\" src=\"https:\/\/feuerwehr-weinboehla.de\/wp-content\/uploads\/2022\/11\/IMG_4380.jpeg\" alt=\"\" class=\"wp-image-5079\" srcset=\"https:\/\/feuerwehr-weinboehla.de\/wp-content\/uploads\/2022\/11\/IMG_4380.jpeg 2048w, https:\/\/feuerwehr-weinboehla.de\/wp-content\/uploads\/2022\/11\/IMG_4380-300x225.jpeg 300w, https:\/\/feuerwehr-weinboehla.de\/wp-content\/uploads\/2022\/11\/IMG_4380-1024x768.jpeg 1024w, https:\/\/feuerwehr-weinboehla.de\/wp-content\/uploads\/2022\/11\/IMG_4380-768x576.jpeg 768w, https:\/\/feuerwehr-weinboehla.de\/wp-content\/uploads\/2022\/11\/IMG_4380-1536x1152.jpeg 1536w\" sizes=\"auto, (max-width: 767px) 89vw, (max-width: 1000px) 54vw, (max-width: 1071px) 543px, 580px\" \/><\/figure>\n\n\n\n<figure class=\"wp-block-image size-large\"><img loading=\"lazy\" decoding=\"async\" width=\"2048\" height=\"1536\" data-id=\"5078\" src=\"https:\/\/feuerwehr-weinboehla.de\/wp-content\/uploads\/2022\/11\/IMG_4378.jpeg\" alt=\"\" class=\"wp-image-5078\" srcset=\"https:\/\/feuerwehr-weinboehla.de\/wp-content\/uploads\/2022\/11\/IMG_4378.jpeg 2048w, https:\/\/feuerwehr-weinboehla.de\/wp-content\/uploads\/2022\/11\/IMG_4378-300x225.jpeg 300w, https:\/\/feuerwehr-weinboehla.de\/wp-content\/uploads\/2022\/11\/IMG_4378-1024x768.jpeg 1024w, https:\/\/feuerwehr-weinboehla.de\/wp-content\/uploads\/2022\/11\/IMG_4378-768x576.jpeg 768w, https:\/\/feuerwehr-weinboehla.de\/wp-content\/uploads\/2022\/11\/IMG_4378-1536x1152.jpeg 1536w\" sizes=\"auto, (max-width: 767px) 89vw, (max-width: 1000px) 54vw, (max-width: 1071px) 543px, 580px\" \/><\/figure>\n<\/figure>\n<\/div>\n<\/div>\n\n\n\n<hr class=\"wp-block-separator has-alpha-channel-opacity is-style-wide\"\/>\n\n\n\n<p class=\"has-medium-font-size\"><strong><u>Winterfestmachung bei der Feuerweh<\/u><\/strong><\/p>\n\n\n\n<p> Am Samstag, den 29.10.2022, trafen sich die Kameraden der Jugendfeuerwehr, der aktiven Abteilung und der Alters- und Ehrenabteilung zur Winterfestmachung. Um acht Uhr hie\u00df es f\u00fcr alle Kameraden und Kameradinnen antreten zum weiter lesen<a href=\"https:\/\/feuerwehr-weinboehla.de\/?page_id=3687\"> <mark style=\"background-color:rgba(0, 0, 0, 0)\" class=\"has-inline-color has-vivid-red-color\"><strong>Hier klicken<\/strong><\/mark><\/a><\/p>\n","protected":false},"excerpt":{"rendered":"<p>Die aktive Abteilung&#8230; &#8230; der Freiwilligen Feuerwehr Weinb\u00f6hla steht Ihnen 24 Stunden, Sieben Tage in der Woche, sowie 365 Tage im Jahr zur Seite, sollten Sie einen Notfall haben. Damit wir Ihnen schnell und rechtzeitig helfen k\u00f6nnen f\u00fchren wir regelm\u00e4\u00dfig strukturierte und ausf\u00fchrlich geplante \u00dcbungsdienste durch. Denn unsere Aufgabe ist es schon lange nicht mehr &hellip; <\/p>\n<p class=\"link-more\"><a href=\"https:\/\/feuerwehr-weinboehla.de\/?page_id=427\" class=\"more-link\"><span class=\"screen-reader-text\">\u201eAktive Abteilung\u201c <\/span>weiterlesen<\/a><\/p>\n","protected":false},"author":1,"featured_media":0,"parent":0,"menu_order":0,"comment_status":"closed","ping_status":"closed","template":"","meta":{"footnotes":""},"class_list":["post-427","page","type-page","status-publish","hentry"],"_links":{"self":[{"href":"https:\/\/feuerwehr-weinboehla.de\/index.php?rest_route=\/wp\/v2\/pages\/427","targetHints":{"allow":["GET"]}}],"collection":[{"href":"https:\/\/feuerwehr-weinboehla.de\/index.php?rest_route=\/wp\/v2\/pages"}],"about":[{"href":"https:\/\/feuerwehr-weinboehla.de\/index.php?rest_route=\/wp\/v2\/types\/page"}],"author":[{"embeddable":true,"href":"https:\/\/feuerwehr-weinboehla.de\/index.php?rest_route=\/wp\/v2\/users\/1"}],"replies":[{"embeddable":true,"href":"https:\/\/feuerwehr-weinboehla.de\/index.php?rest_route=%2Fwp%2Fv2%2Fcomments&post=427"}],"version-history":[{"count":43,"href":"https:\/\/feuerwehr-weinboehla.de\/index.php?rest_route=\/wp\/v2\/pages\/427\/revisions"}],"predecessor-version":[{"id":6238,"href":"https:\/\/feuerwehr-weinboehla.de\/index.php?rest_route=\/wp\/v2\/pages\/427\/revisions\/6238"}],"wp:attachment":[{"href":"https:\/\/feuerwehr-weinboehla.de\/index.php?rest_route=%2Fwp%2Fv2%2Fmedia&parent=427"}],"curies":[{"name":"wp","href":"https:\/\/api.w.org\/{rel}","templated":true}]}}