{"id":6204,"date":"2026-01-08T17:25:50","date_gmt":"2026-01-08T17:25:50","guid":{"rendered":"https:\/\/feuerwehr-weinboehla.de\/?page_id=6204"},"modified":"2026-04-23T18:53:50","modified_gmt":"2026-04-23T18:53:50","slug":"einsatze-2026","status":"publish","type":"page","link":"https:\/\/feuerwehr-weinboehla.de\/?page_id=6204","title":{"rendered":"Einsatze 2026"},"content":{"rendered":"\n<div class=\"wp-block-columns is-layout-flex wp-container-core-columns-is-layout-9d6595d7 wp-block-columns-is-layout-flex\">\n<div class=\"wp-block-column is-layout-flow wp-block-column-is-layout-flow\">\n<div class=\"wp-block-group has-black-color has-text-color has-link-color has-medium-font-size wp-elements-2a84ca9e47fb5ccae7162fc65e7118b5 is-vertical is-content-justification-stretch is-layout-flex wp-container-core-group-is-layout-b16ad781 wp-block-group-is-layout-flex\">\n<p class=\"has-text-align-center has-black-color has-vivid-red-background-color has-text-color has-background has-link-color has-small-font-size wp-elements-b0d5a84b18e599cf58e064547dca03e8\"><strong>Brand<\/strong><\/p>\n\n\n\n<p class=\"has-text-align-center has-vivid-green-cyan-background-color has-background has-small-font-size\"><strong>BMA<\/strong><\/p>\n<\/div>\n<\/div>\n\n\n\n<div class=\"wp-block-column is-layout-flow wp-block-column-is-layout-flow\">\n<div class=\"wp-block-group has-black-color has-text-color has-link-color has-medium-font-size wp-elements-a44650f5bc2bfc798ef60ef2ad2a9db3 is-vertical is-content-justification-stretch is-layout-flex wp-container-core-group-is-layout-b16ad781 wp-block-group-is-layout-flex\">\n<p class=\"has-text-align-center has-black-color has-vivid-cyan-blue-background-color has-text-color has-background has-link-color has-small-font-size wp-elements-ccd7b8bf10663f6c282bec59de140a97\"><strong>Technische Hilfeleistung<\/strong><\/p>\n\n\n\n<p class=\"has-text-align-center has-vivid-purple-background-color has-background has-small-font-size\"><strong>Kein Handlungsbedarf f\u00fcr FF Wbl. \/ Abbruch<\/strong><\/p>\n<\/div>\n<\/div>\n\n\n\n<div class=\"wp-block-column is-layout-flow wp-block-column-is-layout-flow\">\n<div class=\"wp-block-group has-black-color has-text-color has-link-color has-medium-font-size wp-elements-fbbb9b298442f6bc6ab5ee9edb6869e5 is-vertical is-content-justification-stretch is-layout-flex wp-container-core-group-is-layout-b16ad781 wp-block-group-is-layout-flex\">\n<p class=\"has-text-align-center has-black-color has-luminous-vivid-orange-background-color has-text-color has-background has-link-color has-small-font-size wp-elements-0f1beca27a0c03991d833a4f04f6ccbf\"><strong>Ger\u00e4tewagen-Atemschutz<\/strong><\/p>\n\n\n\n<p class=\"has-text-align-center has-luminous-vivid-amber-background-color has-background has-small-font-size\"><strong>\u00dcbung<\/strong><\/p>\n<\/div>\n<\/div>\n<\/div>\n\n\n\n<p class=\"has-large-font-size\">April<\/p>\n\n\n\n<div class=\"wp-block-columns alignwide is-layout-flex wp-container-core-columns-is-layout-9d6595d7 wp-block-columns-is-layout-flex\">\n<div class=\"wp-block-column is-layout-flow wp-block-column-is-layout-flow\">\n<p class=\"has-luminous-vivid-orange-color has-text-color has-link-color has-medium-font-size wp-elements-af8530cd37934024757685f44938e536\"><strong>Brand Keller<\/strong><\/p>\n\n\n\n<p class=\"has-black-color has-text-color has-link-color wp-elements-0f3be523f2f7400cc376052a4dae6e45\">Einsatz Nr.: 16<br>Einsatzdatum: 12.04.2026<br>Einsatzort: Dresdner Str., 01468 Moritzburg<br>Einsatzdauer: 10:15 Uhr bis 11:30 Uhr<br>Fahrzeuge: GWA<br>weitere Kr\u00e4fte: FF Moritzburg, Boxdorf, Reichenberg, Radebeul Wahnsdorf, RTW<\/p>\n<\/div>\n<\/div>\n\n\n\n<p class=\"has-large-font-size\">M\u00e4rz<\/p>\n\n\n\n<div class=\"wp-block-columns alignwide is-layout-flex wp-container-core-columns-is-layout-9d6595d7 wp-block-columns-is-layout-flex\">\n<div class=\"wp-block-column is-layout-flow wp-block-column-is-layout-flow\">\n<p class=\"has-vivid-cyan-blue-color has-text-color has-link-color has-medium-font-size wp-elements-70a946806aff9b82c84ae166e9ee32d5\"><strong>\u00d6lspur<\/strong><\/p>\n\n\n\n<p class=\"has-black-color has-text-color has-link-color wp-elements-d5ac864528618e3a29a2b7503313e3cb\">Einsatz Nr.: 15<br>Einsatzdatum: 28.03.2026<br>Einsatzort: Rathausplatz, 01689 Weinb\u00f6hla<br>Einsatzdauer: 16:32 Uhr bis 17:22 Uhr<br>Fahrzeuge: VRW<br><\/p>\n<\/div>\n\n\n\n<div class=\"wp-block-column is-layout-flow wp-block-column-is-layout-flow\">\n<p class=\"has-vivid-red-color has-text-color has-link-color has-medium-font-size wp-elements-dcf3c0e06f45fd5d019b529c06d44a3a\"><strong><mark style=\"background-color:rgba(0, 0, 0, 0)\" class=\"has-inline-color has-vivid-cyan-blue-color\">T\u00fcr\u00f6ffnung<\/mark><\/strong><\/p>\n\n\n\n<p class=\"has-black-color has-text-color has-link-color wp-elements-ef78d21238116b50ef9b1101e09a1c38\">Einsatz Nr.: 14<br>Einsatzdatum: 27.03.2026<br>Einsatzort: D\u00f6ringstr., 01689 Weinb\u00f6hla<br>Einsatzdauer: 13:43 Uhr bis 14:15 Uhr<br>Fahrzeuge: VRW<br>weitere Kr\u00e4fte: RTW<\/p>\n<\/div>\n<\/div>\n\n\n\n<div class=\"wp-block-columns alignwide is-layout-flex wp-container-core-columns-is-layout-9d6595d7 wp-block-columns-is-layout-flex\">\n<div class=\"wp-block-column is-layout-flow wp-block-column-is-layout-flow\">\n<p class=\"has-vivid-cyan-blue-color has-text-color has-link-color has-medium-font-size wp-elements-ce111f3402079a20cd17ae5ff59f2c29\"><strong>Tragehilfe<\/strong><\/p>\n\n\n\n<p class=\"has-black-color has-text-color has-link-color wp-elements-7269442fd77d60684173d091d1559ff1\">Einsatz Nr.: 13<br>Einsatzdatum: 26.03.2026<br>Einsatzort: Neuer Anbau, 01689 Weinb\u00f6hla <br>Einsatzdauer: 20:50 Uhr bis 21:30 Uhr<br>Fahrzeuge: LF16<br>weitere Kr\u00e4fte: Rettungsdienst<\/p>\n<\/div>\n\n\n\n<div class=\"wp-block-column is-layout-flow wp-block-column-is-layout-flow\">\n<p class=\"has-vivid-red-color has-text-color has-link-color has-medium-font-size wp-elements-ec687242737c930d086f127d07ae1630\"><strong>\u00d6dland\/ Wiese<\/strong><\/p>\n\n\n\n<p class=\"has-black-color has-text-color has-link-color wp-elements-d7e2af025d27b6acc6e74bf925cb3431\">Einsatz Nr.: 12<br>Einsatzdatum: 24.03.2026<br>Einsatzort: Mittelweg\/ Zaschendorferweg, 01689 Weinb\u00f6hla <br>Einsatzdauer: 18:37 Uhr bis 20:00 Uhr<br>Fahrzeuge: LF16, TLF 3000 St., TLK23\/12, KdoW<\/p>\n<\/div>\n\n\n\n<div class=\"wp-block-column is-layout-flow wp-block-column-is-layout-flow\">\n<p class=\"has-vivid-red-color has-text-color has-link-color has-medium-font-size wp-elements-be42def98b121818f8cf8c964e71deae\"><strong><mark style=\"background-color:rgba(0, 0, 0, 0)\" class=\"has-inline-color has-vivid-cyan-blue-color\">Tragehilfe<\/mark><\/strong><\/p>\n\n\n\n<p class=\"has-black-color has-text-color has-link-color wp-elements-9c6e2aee937ca07a5ffd87adb7c05b59\">Einsatz Nr.: 11<br>Einsatzdatum: 22.03.2026<br>Einsatzort: Gustav-Adolf-Str., 01689 Weinb\u00f6hla<br>Einsatzdauer: 09:05 Uhr bis 09:30 Uhr<br>Fahrzeuge: LF16<br>weitere Kr\u00e4fte: Rettungsdienst<\/p>\n<\/div>\n<\/div>\n\n\n\n<div class=\"wp-block-columns alignwide is-layout-flex wp-container-core-columns-is-layout-9d6595d7 wp-block-columns-is-layout-flex\">\n<div class=\"wp-block-column is-layout-flow wp-block-column-is-layout-flow\">\n<p class=\"has-vivid-red-color has-text-color has-link-color has-medium-font-size wp-elements-ec687242737c930d086f127d07ae1630\"><strong>\u00d6dland\/ Wiese<\/strong><\/p>\n\n\n\n<p class=\"has-black-color has-text-color has-link-color wp-elements-65376e542beafc2b03f51164aa459109\">Einsatz Nr.: 10<br>Einsatzdatum: 13.03.2026<br>Einsatzort: Hafenstr., 01662 Mei\u00dfen<br>Einsatzdauer: 15:14 Uhr bis 16:15 Uhr<br>Fahrzeuge: LF16, TLF 3000 St.<br>weitere Kr\u00e4fte: FF Mei\u00dfen, Niederau, RTW, Polizei<\/p>\n<\/div>\n\n\n\n<div class=\"wp-block-column is-layout-flow wp-block-column-is-layout-flow\">\n<p class=\"has-vivid-red-color has-text-color has-link-color has-medium-font-size wp-elements-a014bd20044bf3a256141480a5d25611\"><strong>Wohnung<\/strong><\/p>\n\n\n\n<p class=\"has-black-color has-text-color has-link-color wp-elements-4ff911b4caa757a65b8fd63f63203e2b\">Einsatz Nr.: 9<br>Einsatzdatum: 11.03.2026<br>Einsatzort: Altzaschendorf, 01662 Mei\u00dfen<br>Einsatzdauer: 11:22 Uhr bis 11:35 Uhr<br>Fahrzeuge: TLK 23\/12<\/p>\n<\/div>\n\n\n\n<div class=\"wp-block-column is-layout-flow wp-block-column-is-layout-flow\">\n<p class=\"has-vivid-red-color has-text-color has-link-color has-medium-font-size wp-elements-41c591206c8b4944ef0cff88fc9fde50\"><strong>Dachstuhl<\/strong><\/p>\n\n\n\n<p class=\"has-black-color has-text-color has-link-color wp-elements-a9c12b747b9ad7da81c3913701a346af\">Einsatz Nr.: 8<br>Einsatzdatum: 10.03.2026 bis 11.03.2026<br>Einsatzort: Willsdrufer Str., 01662 Mei\u00dfen<br>Einsatzdauer: 20:55 Uhr bis 00:55 Uhr<br>Fahrzeuge: TLF 3000 St., TLK23\/12<br>weitere Kr\u00e4fte: FF Mei\u00dfen, Niederau, B\u00e4rnsdorf, Notarzt, RTW<\/p>\n<\/div>\n<\/div>\n\n\n\n<p class=\"has-large-font-size\">Februar<\/p>\n\n\n\n<div class=\"wp-block-columns alignwide is-layout-flex wp-container-core-columns-is-layout-9d6595d7 wp-block-columns-is-layout-flex\">\n<div class=\"wp-block-column is-layout-flow wp-block-column-is-layout-flow\">\n<p class=\"has-vivid-cyan-blue-color has-text-color has-link-color has-medium-font-size wp-elements-ce111f3402079a20cd17ae5ff59f2c29\"><strong>Tragehilfe<\/strong><\/p>\n\n\n\n<p class=\"has-black-color has-text-color has-link-color wp-elements-57df55aec19e60a88abbdc1796398c0c\">Einsatz Nr.: 7<br>Einsatzdatum: 16.02.2026<br>Einsatzort: S\u00f6rnewitzer Str., 01689 Weinb\u00f6hla<br>Einsatzdauer: 15:57 Uhr bis 16:25 Uhr<br>Fahrzeuge: LF16<br>weitere Kr\u00e4fte: RTW<\/p>\n<\/div>\n\n\n\n<div class=\"wp-block-column is-layout-flow wp-block-column-is-layout-flow\">\n<p class=\"has-vivid-cyan-blue-color has-text-color has-link-color has-medium-font-size wp-elements-70a946806aff9b82c84ae166e9ee32d5\"><strong>\u00d6lspur<\/strong><\/p>\n\n\n\n<p class=\"has-black-color has-text-color has-link-color wp-elements-4e52faba6e6cfe993111c00e47aa3643\">Einsatz Nr.: 6<br>Einsatzdatum: 13.02.2026<br>Einsatzort: Moritzburger Str., 01689 Weinb\u00f6hla<br>Einsatzdauer: 11:52 Uhr bis 12:45 Uhr<br>Fahrzeuge: VRW, TLF 3000St.<\/p>\n<\/div>\n\n\n\n<div class=\"wp-block-column is-layout-flow wp-block-column-is-layout-flow\">\n<p class=\"has-vivid-cyan-blue-color has-text-color has-link-color has-medium-font-size wp-elements-ce111f3402079a20cd17ae5ff59f2c29\"><strong>Tragehilfe<\/strong><\/p>\n\n\n\n<p class=\"has-black-color has-text-color has-link-color wp-elements-8073e36a75599101d975b7002285bff6\">Einsatz Nr.: 5<br>Einsatzdatum: 12.02.2026<br>Einsatzort: August-Bebel-Str., 01689 Weinb\u00f6hla<br>Einsatzdauer: 08:54 Uhr bis 09:32 Uhr<br>Fahrzeuge: LF16<br>weitere Kr\u00e4fte: RTW<\/p>\n<\/div>\n<\/div>\n\n\n\n<p class=\"has-large-font-size\">Januar<\/p>\n\n\n\n<div class=\"wp-block-columns is-layout-flex wp-container-core-columns-is-layout-9d6595d7 wp-block-columns-is-layout-flex\">\n<div class=\"wp-block-column is-layout-flow wp-block-column-is-layout-flow\">\n<div class=\"wp-block-columns alignwide is-layout-flex wp-container-core-columns-is-layout-9d6595d7 wp-block-columns-is-layout-flex\">\n<div class=\"wp-block-column is-layout-flow wp-block-column-is-layout-flow\">\n<p class=\"has-vivid-purple-color has-text-color has-link-color has-medium-font-size wp-elements-69cc897eda18b0c016049589fb206b89\"><strong>Person in Notlage<\/strong><\/p>\n\n\n\n<p class=\"has-black-color has-text-color has-link-color wp-elements-03ea9775b66fcd1b63e3337703d37299\">Einsatz Nr.: 4<br>Einsatzdatum: 29.01.2026<br>Einsatzort: Annenstr., 01689 Weinb\u00f6hla<br>Einsatzdauer: 13:55 Uhr bis 14:19 Uhr<br>Fahrzeuge: VRW<br>weitere Kr\u00e4fte: Rettungsdienst<\/p>\n<\/div>\n<\/div>\n\n\n\n<div class=\"wp-block-columns alignwide is-layout-flex wp-container-core-columns-is-layout-9d6595d7 wp-block-columns-is-layout-flex\">\n<div class=\"wp-block-column is-layout-flow wp-block-column-is-layout-flow\">\n<p class=\"has-luminous-vivid-orange-color has-text-color has-link-color has-medium-font-size wp-elements-b517da715ee9a419d6663cd2717b2f3c\"><strong>Wohnungsbrand<\/strong><\/p>\n\n\n\n<p class=\"has-black-color has-text-color has-link-color wp-elements-22a8d30806dd4ae63dd8cbc4470e6e7c\">Einsatz Nr.: 3<br>Einsatzdatum: 16.01.2026<br>Einsatzort: Waldheimer Str., 01683 Nossen<br>Einsatzdauer: 15:14 Uhr bis 17:50 Uhr<br>Fahrzeuge: GWA<\/p>\n<\/div>\n\n\n\n<div class=\"wp-block-column is-layout-flow wp-block-column-is-layout-flow\">\n<p class=\"has-vivid-purple-color has-text-color has-link-color has-medium-font-size wp-elements-69cc897eda18b0c016049589fb206b89\"><strong>Person in Notlage<\/strong><\/p>\n\n\n\n<p class=\"has-black-color has-text-color has-link-color wp-elements-9421c8fad762d0ff08f9779f12ece473\">Einsatz Nr.: 2<br>Einsatzdatum: 10.01.2026<br>Einsatzort: Dresdner Str., 01689 Weinb\u00f6hla<br>Einsatzdauer: 16:21 Uhr bis 17:00 Uhr<br>Fahrzeuge: VRW, TLF 3000 St.<\/p>\n<\/div>\n\n\n\n<div class=\"wp-block-column is-layout-flow wp-block-column-is-layout-flow\">\n<p class=\"has-vivid-red-color has-text-color has-link-color has-medium-font-size wp-elements-bc2151b6b94b323c56537539a067f6af\"><strong>M\u00fclltonne &amp; Holzstapel<\/strong><\/p>\n\n\n\n<p class=\"has-black-color has-text-color has-link-color wp-elements-d9c55c5310970bbfc05cc66b60181bd2\">Einsatz Nr.: 1<br>Einsatzdatum:07 .01.2026<br>Einsatzort: Weinb\u00f6hlaer Str., 01486 Auer<br>Einsatzdauer: 09:24 Uhr bis 10:50 Uhr<br>Fahrzeuge: LF 16, TLF 3000 St., TLK 23\/12<br>weitere Kr\u00e4fte: FF Moritzburg<\/p>\n<\/div>\n<\/div>\n<\/div>\n<\/div>\n","protected":false},"excerpt":{"rendered":"<p>Brand BMA Technische Hilfeleistung Kein Handlungsbedarf f\u00fcr FF Wbl. \/ Abbruch Ger\u00e4tewagen-Atemschutz \u00dcbung April Brand Keller Einsatz Nr.: 16Einsatzdatum: 12.04.2026Einsatzort: Dresdner Str., 01468 MoritzburgEinsatzdauer: 10:15 Uhr bis 11:30 UhrFahrzeuge: GWAweitere Kr\u00e4fte: FF Moritzburg, Boxdorf, Reichenberg, Radebeul Wahnsdorf, RTW M\u00e4rz \u00d6lspur Einsatz Nr.: 15Einsatzdatum: 28.03.2026Einsatzort: Rathausplatz, 01689 Weinb\u00f6hlaEinsatzdauer: 16:32 Uhr bis 17:22 UhrFahrzeuge: VRW T\u00fcr\u00f6ffnung Einsatz &hellip; <\/p>\n<p class=\"link-more\"><a href=\"https:\/\/feuerwehr-weinboehla.de\/?page_id=6204\" class=\"more-link\"><span class=\"screen-reader-text\">\u201eEinsatze 2026\u201c <\/span>weiterlesen<\/a><\/p>\n","protected":false},"author":1,"featured_media":0,"parent":0,"menu_order":0,"comment_status":"closed","ping_status":"closed","template":"","meta":{"footnotes":""},"class_list":["post-6204","page","type-page","status-publish","hentry"],"_links":{"self":[{"href":"https:\/\/feuerwehr-weinboehla.de\/index.php?rest_route=\/wp\/v2\/pages\/6204","targetHints":{"allow":["GET"]}}],"collection":[{"href":"https:\/\/feuerwehr-weinboehla.de\/index.php?rest_route=\/wp\/v2\/pages"}],"about":[{"href":"https:\/\/feuerwehr-weinboehla.de\/index.php?rest_route=\/wp\/v2\/types\/page"}],"author":[{"embeddable":true,"href":"https:\/\/feuerwehr-weinboehla.de\/index.php?rest_route=\/wp\/v2\/users\/1"}],"replies":[{"embeddable":true,"href":"https:\/\/feuerwehr-weinboehla.de\/index.php?rest_route=%2Fwp%2Fv2%2Fcomments&post=6204"}],"version-history":[{"count":10,"href":"https:\/\/feuerwehr-weinboehla.de\/index.php?rest_route=\/wp\/v2\/pages\/6204\/revisions"}],"predecessor-version":[{"id":6412,"href":"https:\/\/feuerwehr-weinboehla.de\/index.php?rest_route=\/wp\/v2\/pages\/6204\/revisions\/6412"}],"wp:attachment":[{"href":"https:\/\/feuerwehr-weinboehla.de\/index.php?rest_route=%2Fwp%2Fv2%2Fmedia&parent=6204"}],"curies":[{"name":"wp","href":"https:\/\/api.w.org\/{rel}","templated":true}]}}