{"id":677,"date":"2019-07-23T13:36:34","date_gmt":"2019-07-23T13:36:34","guid":{"rendered":"http:\/\/fw-wbl.feuerwehr-weinboehla.de\/?page_id=677"},"modified":"2019-07-23T16:45:00","modified_gmt":"2019-07-23T16:45:00","slug":"einsatz-80-2019","status":"publish","type":"page","link":"https:\/\/feuerwehr-weinboehla.de\/?page_id=677","title":{"rendered":"Einsatz 80 &#8211; 2019"},"content":{"rendered":"\n<table class=\"wp-block-table has-subtle-light-gray-background-color has-fixed-layout has-background is-style-stripes\"><tbody><tr><td>Einsatzart<\/td><td>Brand<\/td><\/tr><tr><td>Einsatzstichwort<\/td><td>Geb\u00e4ude<\/td><\/tr><tr><td>Einsatzort<\/td><td>Baderberg, Mei\u00dfen<\/td><\/tr><tr><td>Einsatzbeginn<\/td><td>10.07.2019 17:53<\/td><\/tr><tr><td>Einsatzende<\/td><td>10.07.2019 21:00<\/td><\/tr><tr><td>Einsatzkr\u00e4fte<\/td><td>10<\/td><\/tr><tr><td>Fahrzeuge<\/td><td>KdoW, LF, TLK, TLF, MTW<\/td><\/tr><tr><td>Weitere Kr\u00e4fte<\/td><td>FF Mei\u00dfen, FF Niederau, B-Dienst<\/td><\/tr><tr><td>Einsatzbericht<\/td><td>Aus derzeit ungekl\u00e4rter Ursache kam es in einem Abriss-\/Renovierungshaus (ehm. Druckhaus) in Mei\u00dfen zu einem Brand. Beim Ersteintreffen der FF Mei\u00dfen gab es einen lautstarken Knall und Flammen schlugen aus dem Dach. Sofortige Nachalarmierung weiterer Kr\u00e4fte. \u00dcber den Hubsteiger und die Drehleiter wurde der Brand von au\u00dfen bek\u00e4mpft. Des weiteren waren die Kr\u00e4fte im Innenangriff t\u00e4tig. Da sich das Feuer in die Zwischendecke durchgek\u00e4mpft hatte, musste die Diehlung ge\u00f6ffnet werden und an Glutnester zu gelangen.<\/td><\/tr><tr><td>Links<\/td><td>&#8212;<\/td><\/tr><\/tbody><\/table>\n\n\n\n<iframe loading=\"lazy\" src=\"https:\/\/www.google.com\/maps\/embed?pb=!1m18!1m12!1m3!1d3094.8596542161945!2d13.468917716094758!3d51.16471537958039!2m3!1f0!2f0!3f0!3m2!1i1024!2i768!4f13.1!3m3!1m2!1s0x4709d5f8db722f2b%3A0x8c8566a9459e621f!2sBaderberg%2C+01662+Mei%C3%9Fen!5e1!3m2!1sde!2sde!4v1563888981955!5m2!1sde!2sde\" width=\"600\" height=\"450\" frameborder=\"0\" style=\"border:0\" allowfullscreen=\"\"><\/iframe>\n","protected":false},"excerpt":{"rendered":"<p>Einsatzart Brand Einsatzstichwort Geb\u00e4ude Einsatzort Baderberg, Mei\u00dfen Einsatzbeginn 10.07.2019 17:53 Einsatzende 10.07.2019 21:00 Einsatzkr\u00e4fte 10 Fahrzeuge KdoW, LF, TLK, TLF, MTW Weitere Kr\u00e4fte FF Mei\u00dfen, FF Niederau, B-Dienst Einsatzbericht Aus derzeit ungekl\u00e4rter Ursache kam es in einem Abriss-\/Renovierungshaus (ehm. Druckhaus) in Mei\u00dfen zu einem Brand. Beim Ersteintreffen der FF Mei\u00dfen gab es einen lautstarken Knall &hellip; <\/p>\n<p class=\"link-more\"><a href=\"https:\/\/feuerwehr-weinboehla.de\/?page_id=677\" class=\"more-link\"><span class=\"screen-reader-text\">\u201eEinsatz 80 &#8211; 2019\u201c <\/span>weiterlesen<\/a><\/p>\n","protected":false},"author":1,"featured_media":0,"parent":0,"menu_order":0,"comment_status":"closed","ping_status":"closed","template":"","meta":{"footnotes":""},"class_list":["post-677","page","type-page","status-publish","hentry"],"_links":{"self":[{"href":"https:\/\/feuerwehr-weinboehla.de\/index.php?rest_route=\/wp\/v2\/pages\/677","targetHints":{"allow":["GET"]}}],"collection":[{"href":"https:\/\/feuerwehr-weinboehla.de\/index.php?rest_route=\/wp\/v2\/pages"}],"about":[{"href":"https:\/\/feuerwehr-weinboehla.de\/index.php?rest_route=\/wp\/v2\/types\/page"}],"author":[{"embeddable":true,"href":"https:\/\/feuerwehr-weinboehla.de\/index.php?rest_route=\/wp\/v2\/users\/1"}],"replies":[{"embeddable":true,"href":"https:\/\/feuerwehr-weinboehla.de\/index.php?rest_route=%2Fwp%2Fv2%2Fcomments&post=677"}],"version-history":[{"count":2,"href":"https:\/\/feuerwehr-weinboehla.de\/index.php?rest_route=\/wp\/v2\/pages\/677\/revisions"}],"predecessor-version":[{"id":697,"href":"https:\/\/feuerwehr-weinboehla.de\/index.php?rest_route=\/wp\/v2\/pages\/677\/revisions\/697"}],"wp:attachment":[{"href":"https:\/\/feuerwehr-weinboehla.de\/index.php?rest_route=%2Fwp%2Fv2%2Fmedia&parent=677"}],"curies":[{"name":"wp","href":"https:\/\/api.w.org\/{rel}","templated":true}]}}